{"id":48554,"date":"2026-04-27T08:01:10","date_gmt":"2026-04-27T06:01:10","guid":{"rendered":"https:\/\/santapola.es\/procesos\/pla-de-sostenibilitat-turistica-en-desti-pstd-de-santa-pola\/"},"modified":"2026-04-27T09:27:05","modified_gmt":"2026-04-27T07:27:05","slug":"pla-de-sostenibilitat-turistica-en-desti-pstd-de-santa-pola","status":"publish","type":"project","link":"https:\/\/santapola.es\/ca\/procesos\/pla-de-sostenibilitat-turistica-en-desti-pstd-de-santa-pola\/","title":{"rendered":"Pla de Sostenibilitat Tur\u00edstica en Dest\u00ed (PSTD) de Santa Pola"},"content":{"rendered":"<p>[et_pb_section fb_built=&#8221;1&#8243; disabled_on=&#8221;off|off|off&#8221; admin_label=&#8221;Secci\u00f3n fondo cabecera&#8221; _builder_version=&#8221;4.27.4&#8243; _module_preset=&#8221;default&#8221; background_image=&#8221;https:\/\/santapola.es\/wp-content\/uploads\/2025\/05\/BannerParticipacion.jpg&#8221; background_position=&#8221;center_left&#8221; background_horizontal_offset=&#8221;0%&#8221; height=&#8221;250px&#8221; custom_css_main_element=&#8221;display: flex;||justify-content: center;&#8221; global_colors_info=&#8221;{}&#8221;][\/et_pb_section][et_pb_section fb_built=&#8221;1&#8243; inner_shadow=&#8221;on&#8221; custom_padding_last_edited=&#8221;on|desktop&#8221; admin_label=&#8221;Secci\u00f3n cuerpo P\u00e1gina principal&#8221; _builder_version=&#8221;4.20.0&#8243; background_color=&#8221;#ffffff&#8221; width=&#8221;100%&#8221; custom_margin=&#8221;-5px||||false|false&#8221; custom_margin_tablet=&#8221;-5px||||false|false&#8221; custom_margin_phone=&#8221;-5px||||false|false&#8221; custom_margin_last_edited=&#8221;on|phone&#8221; custom_padding=&#8221;0px|0px|50px|0px|false|false&#8221; custom_padding_tablet=&#8221;0px|0|50px|0|false|false&#8221; custom_padding_phone=&#8221;|0|50px|0|false|false&#8221; custom_css_main_element=&#8221;display:flex;||flex-wrap:wrap;&#8221; transparent_background=&#8221;off&#8221; make_fullwidth=&#8221;off&#8221; use_custom_width=&#8221;off&#8221; width_unit=&#8221;on&#8221; custom_width_px=&#8221;1080px&#8221; custom_width_percent=&#8221;80%&#8221; global_colors_info=&#8221;{}&#8221;][et_pb_row use_custom_gutter=&#8221;on&#8221; gutter_width=&#8221;2&#8243; make_equal=&#8221;on&#8221; admin_label=&#8221;Fila contenidor frase col\u00b7laboraci\u00f3&#8221; _builder_version=&#8221;4.27.4&#8243; _module_preset=&#8221;_initial&#8221; width=&#8221;100%&#8221; width_last_edited=&#8221;off|phone&#8221; max_width=&#8221;65%&#8221; max_width_tablet=&#8221;80%&#8221; max_width_phone=&#8221;80%&#8221; max_width_last_edited=&#8221;on|phone&#8221; custom_margin=&#8221;75px|auto|20px|auto|false|false&#8221; custom_margin_tablet=&#8221;50px|auto|0px|auto|false|false&#8221; custom_margin_phone=&#8221;50px|auto|0px|auto|false|false&#8221; custom_margin_last_edited=&#8221;on|desktop&#8221; custom_padding=&#8221;||||false|false&#8221; custom_css_main_element=&#8221;padding:5px 0;&#8221; make_fullwidth=&#8221;on&#8221; use_custom_width=&#8221;off&#8221; width_unit=&#8221;off&#8221; custom_width_px=&#8221;1080px&#8221; custom_width_percent=&#8221;80%&#8221; global_colors_info=&#8221;{}&#8221; custom_css_main_element_last_edited=&#8221;off|tablet&#8221; custom_css_main_element_tablet=&#8221;padding:5px 0;&#8221;][et_pb_column type=&#8221;4_4&#8243; admin_label=&#8221;Columna 1&#8243; _builder_version=&#8221;4.24.3&#8243; _module_preset=&#8221;default&#8221; custom_padding=&#8221;||||false|false&#8221; global_colors_info=&#8221;{}&#8221;][et_pb_text content_tablet=&#8221;<\/p>\n<h2>\u00c0rees<\/h2>\n<p>&#8221; content_phone=&#8221;<\/p>\n<h2>\u00c0rees<\/h2>\n<p>&#8221; content_last_edited=&#8221;off|desktop&#8221; admin_label=&#8221;T\u00edtulo Tu colaboraci\u00f3n impulsa el cambio&#8221; _builder_version=&#8221;4.27.4&#8243; _module_preset=&#8221;default&#8221; text_font=&#8221;|600|||||||&#8221; text_text_color=&#8221;#124159&#8243; header_text_color=&#8221;#123159&#8243; header_2_font=&#8221;|600||on|||||&#8221; header_2_text_align=&#8221;center&#8221; header_2_text_color=&#8221;#124159&#8243; header_2_font_size=&#8221;2vw&#8221; custom_margin=&#8221;||||false|false&#8221; custom_margin_phone=&#8221;50px||||false|false&#8221; custom_margin_last_edited=&#8221;off|desktop&#8221; custom_padding=&#8221;||||false|false&#8221; animation_style=&#8221;slide&#8221; header_2_font_size_tablet=&#8221;3vh&#8221; header_2_font_size_phone=&#8221;25px&#8221; header_2_font_size_last_edited=&#8221;on|desktop&#8221; header_2_text_shadow_style=&#8221;preset5&#8243; header_2_text_shadow_color=&#8221;rgba(18,65,89,0.32)&#8221; border_color_bottom=&#8221;rgba(18,65,89,0.45)&#8221; global_colors_info=&#8221;{}&#8221;]<\/p>\n<h2>&#8220;La teua col\u00b7laboraci\u00f3 impulsa el canvi&#8221;<\/h2>\n<p>[\/et_pb_text][\/et_pb_column][\/et_pb_row][et_pb_row admin_label=&#8221;Fila contenidor Migas de pan&#8221; _builder_version=&#8221;4.20.0&#8243; _module_preset=&#8221;_initial&#8221; width_tablet=&#8221;&#8221; width_phone=&#8221;&#8221; width_last_edited=&#8221;on|phone&#8221; max_width=&#8221;65%&#8221; max_width_tablet=&#8221;80%&#8221; max_width_phone=&#8221;80%&#8221; max_width_last_edited=&#8221;on|desktop&#8221; custom_margin=&#8221;15px|auto|0px|auto|false|false&#8221; custom_margin_tablet=&#8221;5px|auto|0px|auto|false|false&#8221; custom_margin_phone=&#8221;15px|auto|0px|auto|false|false&#8221; custom_padding=&#8221;0px||0px||false|false&#8221; make_fullwidth=&#8221;on&#8221; use_custom_width=&#8221;off&#8221; width_unit=&#8221;off&#8221; custom_width_px=&#8221;1080px&#8221; custom_width_percent=&#8221;80%&#8221; global_colors_info=&#8221;{}&#8221; custom_css_main_element_last_edited=&#8221;on|desktop&#8221; custom_css_main_element_phone=&#8221;order:1;&#8221;][et_pb_column type=&#8221;4_4&#8243; admin_label=&#8221;Columna 1&#8243; _builder_version=&#8221;4.20.0&#8243; custom_padding=&#8221;|||&#8221; global_colors_info=&#8221;{}&#8221; custom_padding__hover=&#8221;|||&#8221;][et_pb_code admin_label=&#8221;Migas de pan&#8221; _builder_version=&#8221;4.20.0&#8243; _module_preset=&#8221;default&#8221; custom_margin=&#8221;||||false|false&#8221; custom_padding=&#8221;||||false|false&#8221; global_colors_info=&#8221;{}&#8221;]<pee><span><span><a href=\"https:\/\/santapola.es\/ca\/\">Inici<\/a><\/span><\/span><\/pee>[\/et_pb_code][\/et_pb_column][\/et_pb_row][et_pb_row column_structure=&#8221;1_2,1_2&#8243; make_equal=&#8221;on&#8221; column_padding_mobile=&#8221;on&#8221; disabled_on=&#8221;off|off|off&#8221; admin_label=&#8221;Fila contenidor principal&#8221; module_class=&#8221;una-columna&#8221; _builder_version=&#8221;4.27.4&#8243; _module_preset=&#8221;_initial&#8221; background_size=&#8221;initial&#8221; background_position=&#8221;top_left&#8221; background_repeat=&#8221;repeat&#8221; width_tablet=&#8221;80%&#8221; width_phone=&#8221;80%&#8221; width_last_edited=&#8221;off|desktop&#8221; max_width=&#8221;65%&#8221; max_width_tablet=&#8221;80%&#8221; max_width_phone=&#8221;80%&#8221; max_width_last_edited=&#8221;on|tablet&#8221; custom_margin=&#8221;20px||30px||false|false&#8221; custom_margin_tablet=&#8221;|auto|15px|auto|false|false&#8221; custom_margin_phone=&#8221;|auto|15px|auto|false|false&#8221; custom_margin_last_edited=&#8221;off|desktop&#8221; custom_padding=&#8221;|30px||30px|false|false&#8221; custom_css_main_element=&#8221;display: flex;||align-items: center;&#8221; border_radii=&#8221;on|3px|3px|3px|3px&#8221; border_width_all=&#8221;1px&#8221; border_color_all=&#8221;rgba(18,65,89,0.45)&#8221; border_color_top=&#8221;rgba(18,65,89,0.45)&#8221; box_shadow_style=&#8221;preset2&#8243; make_fullwidth=&#8221;on&#8221; use_custom_width=&#8221;off&#8221; width_unit=&#8221;off&#8221; custom_width_px=&#8221;1080px&#8221; custom_width_percent=&#8221;80%&#8221; global_colors_info=&#8221;{}&#8221; custom_css_main_element__hover_enabled=&#8221;off|desktop&#8221; custom_css_main_element_last_edited=&#8221;on|desktop&#8221; custom_css_main_element_phone=&#8221;order:2;&#8221; custom_css_main_element_tablet=&#8221;display: flex;||align-items: center;&#8221;][et_pb_column type=&#8221;1_2&#8243; module_class=&#8221;col-ancho-total&#8221; admin_label=&#8221;Columna 1&#8243; _builder_version=&#8221;4.20.0&#8243; custom_padding=&#8221;|||&#8221; global_colors_info=&#8221;{}&#8221; custom_padding__hover=&#8221;|||&#8221; custom_css_main_element_last_edited=&#8221;on|phone&#8221; custom_css_main_element_phone=&#8221; margin-bottom: 0px;&#8221;][et_pb_text admin_label=&#8221;Cuadro texto. PSTD Santa Pola&#8221; _builder_version=&#8221;4.27.5&#8243; _module_preset=&#8221;default&#8221; text_line_height=&#8221;2.2em&#8221; text_orientation=&#8221;center&#8221; width=&#8221;90%&#8221; module_alignment=&#8221;center&#8221; custom_margin=&#8221;||||false|false&#8221; custom_margin_tablet=&#8221;||0px||false|false&#8221; custom_margin_phone=&#8221;||||false|false&#8221; custom_margin_last_edited=&#8221;off|desktop&#8221; custom_padding=&#8221;|20px||20px|false|false&#8221; global_colors_info=&#8221;{}&#8221;]<\/p>\n<p style=\"font-size: 150%; font-weight: 600; text-align: center; padding-bottom: 0px; color: #124159;\">Pla de Sostenibilitat Tur\u00edstica en Dest\u00ed (PSTD) Santa Pola<\/p>\n<p><\/p>\n<p style=\"font-size: 100%; font-weight: 600; text-align: center; padding-bottom: 20px; color: #124159;\">(Data d&#8217;inici: 27\/04\/2026 &#8211; Data de tancament: 10\/05\/2026)<\/p>\n<p><\/p>\n<p>L&#8217;Ajuntament de Santa Pola est\u00e0 impulsant el <strong>Pla de Sostenibilitat Tur\u00edstica en Dest\u00ed (PSTD), finan\u00e7at amb fons NextGenerationEU en el marc del Pla de Recuperaci\u00f3, Transformaci\u00f3 i Resili\u00e8ncia<\/strong>, amb l&#8217;objectiu d&#8217;avan\u00e7ar en la transformaci\u00f3 del municipi cap a una destinaci\u00f3 tur\u00edstica m\u00e9s sostenible, accessible, digital i intel\u00b7ligent.<\/p>\n<p><\/p>\n<p>Aquest Pla articula un conjunt d&#8217;actuacions orientades a millorar l&#8217;experi\u00e8ncia del visitant, refor\u00e7ar la qualitat urbana i ambiental del dest\u00ed, posar en valor els recursos culturals i naturals del municipi i afavorir una gesti\u00f3 tur\u00edstica m\u00e9s eficient i innovadora.<\/p>\n<p>[\/et_pb_text][\/et_pb_column][et_pb_column type=&#8221;1_2&#8243; module_class=&#8221;col-ancho-total&#8221; admin_label=&#8221;Columna 1&#8243; _builder_version=&#8221;4.27.4&#8243; custom_padding=&#8221;|||&#8221; global_colors_info=&#8221;{}&#8221; custom_padding__hover=&#8221;|||&#8221; custom_css_main_element_last_edited=&#8221;on|phone&#8221; custom_css_main_element_phone=&#8221; margin-bottom: 0px;&#8221;][et_pb_image src=&#8221;https:\/\/santapola.es\/wp-content\/uploads\/2026\/04\/Playa-Varadero-Aerea.jpg&#8221; title_text=&#8221; Platja-Varadero-Aeria&#8221; url_new_window=&#8221;on&#8221; show_bottom_space=&#8221;off&#8221; align=&#8221;center&#8221; admin_label=&#8221;Imagen. PSTD Santa Pola&#8221; _builder_version=&#8221;4.27.5&#8243; _module_preset=&#8221;default&#8221; background_enable_image=&#8221;off&#8221; height_last_edited=&#8221;off|desktop&#8221; max_height=&#8221;35vh&#8221; max_height_tablet=&#8221;35vh&#8221; max_height_last_edited=&#8221;off|desktop&#8221; custom_margin=&#8221;||||false|false&#8221; custom_margin_last_edited=&#8221;off|desktop&#8221; custom_padding=&#8221;||||false|false&#8221; custom_padding_tablet=&#8221;||||false|false&#8221; custom_padding_phone=&#8221;20px||||false|false&#8221; custom_padding_last_edited=&#8221;on|phone&#8221; global_colors_info=&#8221;{}&#8221;][\/et_pb_image][\/et_pb_column][\/et_pb_row][et_pb_row column_padding_mobile=&#8221;on&#8221; admin_label=&#8221;Fila contenidor principal&#8221; _builder_version=&#8221;4.27.4&#8243; _module_preset=&#8221;_initial&#8221; background_size=&#8221;initial&#8221; background_position=&#8221;top_left&#8221; background_repeat=&#8221;repeat&#8221; width=&#8221;100%&#8221; width_tablet=&#8221;80%&#8221; width_phone=&#8221;80%&#8221; width_last_edited=&#8221;on|desktop&#8221; max_width=&#8221;65%&#8221; max_width_tablet=&#8221;80%&#8221; max_width_phone=&#8221;80%&#8221; max_width_last_edited=&#8221;on|tablet&#8221; custom_margin=&#8221;0px|auto|15px|auto|false|false&#8221; custom_margin_tablet=&#8221;|auto|15px|auto|false|false&#8221; custom_margin_phone=&#8221;|auto|15px|auto|false|false&#8221; custom_margin_last_edited=&#8221;on|phone&#8221; custom_padding=&#8221;10px|15px|0px|0px|false|false&#8221; make_fullwidth=&#8221;on&#8221; use_custom_width=&#8221;off&#8221; width_unit=&#8221;off&#8221; custom_width_px=&#8221;1080px&#8221; custom_width_percent=&#8221;80%&#8221; global_colors_info=&#8221;{}&#8221; custom_css_main_element__hover_enabled=&#8221;off|desktop&#8221; custom_css_main_element_last_edited=&#8221;on|phone&#8221; custom_css_main_element_phone=&#8221;order:2;&#8221;][et_pb_column type=&#8221;4_4&#8243; module_class=&#8221;col-ancho-total&#8221; admin_label=&#8221;Columna 1&#8243; _builder_version=&#8221;4.20.0&#8243; custom_padding=&#8221;|||&#8221; global_colors_info=&#8221;{}&#8221; custom_padding__hover=&#8221;|||&#8221; custom_css_main_element_last_edited=&#8221;on|phone&#8221; custom_css_main_element_phone=&#8221; margin-bottom: 0px;&#8221;][et_pb_text content_last_edited=&#8221;off|desktop&#8221; admin_label=&#8221;T\u00edtulo. Encuesta de participaci\u00f3n&#8221; module_id=&#8221;Unidad&#8221; _builder_version=&#8221;4.27.4&#8243; _module_preset=&#8221;default&#8221; text_font=&#8221;|600|||||||&#8221; text_text_color=&#8221;#124159&#8243; text_font_size=&#8221;150%&#8221; text_line_height=&#8221;1.8em&#8221; header_text_color=&#8221;#123159&#8243; header_2_font=&#8221;|600|||||||&#8221; header_2_text_color=&#8221;#124159&#8243; header_2_font_size=&#8221;22px&#8221; custom_margin=&#8221;0px||30px||false|false&#8221; custom_padding=&#8221;0px||0px|||&#8221; border_width_bottom=&#8221;1px&#8221; border_color_bottom=&#8221;rgba(18,65,89,0.45)&#8221; global_colors_info=&#8221;{}&#8221;]<\/p>\n<p>Proc\u00e9s Participatiu<\/p>\n<p>[\/et_pb_text][et_pb_tabs active_tab_background_color=&#8221;#2c67a5&#8243; inactive_tab_background_color=&#8221;#E9F0F6&#8243; active_tab_text_color=&#8221;#FFFFFF&#8221; admin_label=&#8221;Pesta\u00f1as. Acceso a la encuesta&#8221; _builder_version=&#8221;4.27.5&#8243; _module_preset=&#8221;e82c1aeb-ddd6-4eb3-8c81-191420891355&#8243; tab_text_color=&#8221;#124159&#8243; tab_font_size=&#8221;100%&#8221; display_conditions=&#8221;W10=&#8221; border_radii=&#8221;on|4px|4px|4px|4px&#8221; box_shadow_style=&#8221;preset3&#8243; global_colors_info=&#8221;%91%93&#8243;][et_pb_tab title=&#8221;Enquesta de Participaci\u00f3&#8221; _builder_version=&#8221;4.27.5&#8243; _module_preset=&#8221;default&#8221; global_colors_info=&#8221;{}&#8221;]<\/p>\n<p><strong>Agra\u00efm que et prengues un moment per a respondre aquesta enquesta. <\/strong>La teua participaci\u00f3 \u00e9s fonamental per a avaluar la repercussi\u00f3 de les actuacions impulsades en el municipi i, sobretot, identificar noves prioritats per a continuar avan\u00e7ant cap a un model tur\u00edstic m\u00e9s sostenible i intel\u00b7ligent.<\/p>\n<p><\/p>\n<p style=\"text-align: center;\">La teua opini\u00f3 \u00e9s molt important per a nosaltres!<\/p>\n<p><\/p>\n<p style=\"text-align: center;\"><a href='https:\/\/encuestas.santapola.es\/' class='small-button smallblue' target=\"_blank\">PARTICIPA!<\/a><\/p>\n<p>[\/et_pb_tab][et_pb_tab title=&#8221;L\u00ednies de treball&#8221; _builder_version=&#8221;4.27.5&#8243; _module_preset=&#8221;default&#8221; global_colors_info=&#8221;{}&#8221;]Entre les<strong> l\u00ednies de treball del PSTD de Santa Pola<\/strong> s&#8217;inclouen, entre altres:<\/p>\n<ul>\n<li style=\"margin-left:25px;\">Millora ambiental i adaptaci\u00f3 clim\u00e0tica del dest\u00ed.<\/li>\n<li style=\"margin-left:25px;\">Actuacions de mobilitat per als vianants i connexi\u00f3 entre espais tur\u00edstics.<\/li>\n<li style=\"margin-left:25px;\">Digitalitzaci\u00f3 de la informaci\u00f3 i dels serveis tur\u00edstics.<\/li>\n<li style=\"margin-left:25px;\">Implantaci\u00f3 de solucions de destinaci\u00f3 tur\u00edstica intel\u00b7ligent.<\/li>\n<li style=\"margin-left:25px;\">Millora de l&#8217;accessibilitat.<\/li>\n<li style=\"margin-left:25px;\">Posada en valor del patrimoni cultural, natural i paisatg\u00edstic.<\/li>\n<li style=\"margin-left:25px;\">Millora d&#8217;equipaments, senyal\u00edstica i interpretaci\u00f3 de recursos tur\u00edstics.<br \/>\nParticipaci\u00f3 ciutadana<\/li>\n<\/ul>\n<p>En el marc del PSTD, l&#8217;Ajuntament de Santa Pola impulsa tamb\u00e9 accions de participaci\u00f3 dirigides a con\u00e9ixer la percepci\u00f3 de la ciutadania i dels diferents agents del municipi sobre l&#8217;impacte de les actuacions desenvolupades.[\/et_pb_tab][\/et_pb_tabs][\/et_pb_column][\/et_pb_row][\/et_pb_section]<\/p>\n","protected":false},"excerpt":{"rendered":"<p>&#8220;La teua col\u00b7laboraci\u00f3 impulsa el canvi&#8221;<span><span><a href=\"https:\/\/santapola.es\/ca\/\">Inici<\/a><\/span><\/span>Pla de Sostenibilitat Tur\u00edstica en Dest\u00ed (PSTD) Santa Pola(Data d&#8217;inici: 27\/04\/2026 &#8211; Data de tancament: 10\/05\/2026)L&#8217;Ajuntament de Santa Pola est\u00e0 impulsant el Pla de Sostenibilitat Tur\u00edstica en Dest\u00ed (PSTD), finan\u00e7at amb fons NextGenerationEU en el marc del Pla de Recuperaci\u00f3, Transformaci\u00f3 i Resili\u00e8ncia, amb l&#8217;objectiu d&#8217;avan\u00e7ar en la transformaci\u00f3 del [&hellip;]<\/p>\n","protected":false},"author":95,"featured_media":48550,"comment_status":"closed","ping_status":"closed","template":"","meta":{"_et_pb_use_builder":"on","_et_pb_old_content":"","_et_gb_content_width":"","footnotes":""},"project_category":[1766,1765],"project_tag":[],"class_list":["post-48554","project","type-project","status-publish","has-post-thumbnail","hentry","project_category-2026-ca","project_category-proces-obert"],"yoast_head":"<!-- This site is optimized with the Yoast SEO plugin v27.4 - https:\/\/yoast.com\/product\/yoast-seo-wordpress\/ -->\n<title>Pla de Sostenibilitat Tur\u00edstica en Dest\u00ed (PSTD) de Santa Pola - Ajuntament de Santa Pola<\/title>\n<meta name=\"robots\" content=\"noindex, follow\" \/>\n<meta property=\"og:locale\" content=\"ca_ES\" \/>\n<meta property=\"og:type\" content=\"article\" \/>\n<meta property=\"og:title\" content=\"Pla de Sostenibilitat Tur\u00edstica en Dest\u00ed (PSTD) de Santa Pola - Ajuntament de Santa Pola\" \/>\n<meta property=\"og:description\" content=\"&quot;La teua col\u00b7laboraci\u00f3 impulsa el canvi&quot;Pla de Sostenibilitat Tur\u00edstica en Dest\u00ed (PSTD) Santa Pola(Data d&#039;inici: 27\/04\/2026 - Data de tancament: 10\/05\/2026)L&#039;Ajuntament de Santa Pola est\u00e0 impulsant el Pla de Sostenibilitat Tur\u00edstica en Dest\u00ed (PSTD), finan\u00e7at amb fons NextGenerationEU en el marc del Pla de Recuperaci\u00f3, Transformaci\u00f3 i Resili\u00e8ncia, amb l&#039;objectiu d&#039;avan\u00e7ar en la transformaci\u00f3 del [&hellip;]\" \/>\n<meta property=\"og:url\" content=\"https:\/\/santapola.es\/ca\/procesos\/pla-de-sostenibilitat-turistica-en-desti-pstd-de-santa-pola\/\" \/>\n<meta property=\"og:site_name\" content=\"Ajuntament de Santa Pola\" \/>\n<meta property=\"article:publisher\" content=\"https:\/\/www.facebook.com\/AyuntamientoSantaPola\/\" \/>\n<meta property=\"article:modified_time\" content=\"2026-04-27T07:27:05+00:00\" \/>\n<meta property=\"og:image\" content=\"https:\/\/santapola.es\/wp-content\/uploads\/2026\/04\/Playa-Varadero-Aerea.jpg\" \/>\n\t<meta property=\"og:image:width\" content=\"900\" \/>\n\t<meta property=\"og:image:height\" content=\"600\" \/>\n\t<meta property=\"og:image:type\" content=\"image\/jpeg\" \/>\n<meta name=\"twitter:card\" content=\"summary_large_image\" \/>\n<meta name=\"twitter:site\" content=\"@SantaPolaAyunt\" \/>\n<script type=\"application\/ld+json\" class=\"yoast-schema-graph\">{\"@context\":\"https:\\\/\\\/schema.org\",\"@graph\":[{\"@type\":\"WebPage\",\"@id\":\"https:\\\/\\\/santapola.es\\\/ca\\\/procesos\\\/pla-de-sostenibilitat-turistica-en-desti-pstd-de-santa-pola\\\/\",\"url\":\"https:\\\/\\\/santapola.es\\\/ca\\\/procesos\\\/pla-de-sostenibilitat-turistica-en-desti-pstd-de-santa-pola\\\/\",\"name\":\"Pla de Sostenibilitat Tur\u00edstica en Dest\u00ed (PSTD) de Santa Pola - Ajuntament de Santa Pola\",\"isPartOf\":{\"@id\":\"https:\\\/\\\/santapola.es\\\/ca\\\/#website\"},\"primaryImageOfPage\":{\"@id\":\"https:\\\/\\\/santapola.es\\\/ca\\\/procesos\\\/pla-de-sostenibilitat-turistica-en-desti-pstd-de-santa-pola\\\/#primaryimage\"},\"image\":{\"@id\":\"https:\\\/\\\/santapola.es\\\/ca\\\/procesos\\\/pla-de-sostenibilitat-turistica-en-desti-pstd-de-santa-pola\\\/#primaryimage\"},\"thumbnailUrl\":\"https:\\\/\\\/santapola.es\\\/wp-content\\\/uploads\\\/2026\\\/04\\\/Playa-Varadero-Aerea.jpg\",\"datePublished\":\"2026-04-27T06:01:10+00:00\",\"dateModified\":\"2026-04-27T07:27:05+00:00\",\"breadcrumb\":{\"@id\":\"https:\\\/\\\/santapola.es\\\/ca\\\/procesos\\\/pla-de-sostenibilitat-turistica-en-desti-pstd-de-santa-pola\\\/#breadcrumb\"},\"inLanguage\":\"ca\",\"potentialAction\":[{\"@type\":\"ReadAction\",\"target\":[\"https:\\\/\\\/santapola.es\\\/ca\\\/procesos\\\/pla-de-sostenibilitat-turistica-en-desti-pstd-de-santa-pola\\\/\"]}]},{\"@type\":\"ImageObject\",\"inLanguage\":\"ca\",\"@id\":\"https:\\\/\\\/santapola.es\\\/ca\\\/procesos\\\/pla-de-sostenibilitat-turistica-en-desti-pstd-de-santa-pola\\\/#primaryimage\",\"url\":\"https:\\\/\\\/santapola.es\\\/wp-content\\\/uploads\\\/2026\\\/04\\\/Playa-Varadero-Aerea.jpg\",\"contentUrl\":\"https:\\\/\\\/santapola.es\\\/wp-content\\\/uploads\\\/2026\\\/04\\\/Playa-Varadero-Aerea.jpg\",\"width\":900,\"height\":600},{\"@type\":\"BreadcrumbList\",\"@id\":\"https:\\\/\\\/santapola.es\\\/ca\\\/procesos\\\/pla-de-sostenibilitat-turistica-en-desti-pstd-de-santa-pola\\\/#breadcrumb\",\"itemListElement\":[{\"@type\":\"ListItem\",\"position\":1,\"name\":\"Inici\",\"item\":\"https:\\\/\\\/santapola.es\\\/ca\\\/\"},{\"@type\":\"ListItem\",\"position\":2,\"name\":\"Processos participatius\",\"item\":\"https:\\\/\\\/santapola.es\\\/ca\\\/procesos\\\/\"},{\"@type\":\"ListItem\",\"position\":3,\"name\":\"Pla de Sostenibilitat Tur\u00edstica en Dest\u00ed (PSTD) de Santa Pola\"}]},{\"@type\":\"WebSite\",\"@id\":\"https:\\\/\\\/santapola.es\\\/ca\\\/#website\",\"url\":\"https:\\\/\\\/santapola.es\\\/ca\\\/\",\"name\":\"Ayuntamiento de Santa Pola\",\"description\":\"Web de l'Ajuntament de Santa Pola\",\"potentialAction\":[{\"@type\":\"SearchAction\",\"target\":{\"@type\":\"EntryPoint\",\"urlTemplate\":\"https:\\\/\\\/santapola.es\\\/ca\\\/?s={search_term_string}\"},\"query-input\":{\"@type\":\"PropertyValueSpecification\",\"valueRequired\":true,\"valueName\":\"search_term_string\"}}],\"inLanguage\":\"ca\"}]}<\/script>\n<!-- \/ Yoast SEO plugin. -->","yoast_head_json":{"title":"Pla de Sostenibilitat Tur\u00edstica en Dest\u00ed (PSTD) de Santa Pola - Ajuntament de Santa Pola","robots":{"index":"noindex","follow":"follow"},"og_locale":"ca_ES","og_type":"article","og_title":"Pla de Sostenibilitat Tur\u00edstica en Dest\u00ed (PSTD) de Santa Pola - Ajuntament de Santa Pola","og_description":"\"La teua col\u00b7laboraci\u00f3 impulsa el canvi\"Pla de Sostenibilitat Tur\u00edstica en Dest\u00ed (PSTD) Santa Pola(Data d'inici: 27\/04\/2026 - Data de tancament: 10\/05\/2026)L'Ajuntament de Santa Pola est\u00e0 impulsant el Pla de Sostenibilitat Tur\u00edstica en Dest\u00ed (PSTD), finan\u00e7at amb fons NextGenerationEU en el marc del Pla de Recuperaci\u00f3, Transformaci\u00f3 i Resili\u00e8ncia, amb l'objectiu d'avan\u00e7ar en la transformaci\u00f3 del [&hellip;]","og_url":"https:\/\/santapola.es\/ca\/procesos\/pla-de-sostenibilitat-turistica-en-desti-pstd-de-santa-pola\/","og_site_name":"Ajuntament de Santa Pola","article_publisher":"https:\/\/www.facebook.com\/AyuntamientoSantaPola\/","article_modified_time":"2026-04-27T07:27:05+00:00","og_image":[{"width":900,"height":600,"url":"https:\/\/santapola.es\/wp-content\/uploads\/2026\/04\/Playa-Varadero-Aerea.jpg","type":"image\/jpeg"}],"twitter_card":"summary_large_image","twitter_site":"@SantaPolaAyunt","schema":{"@context":"https:\/\/schema.org","@graph":[{"@type":"WebPage","@id":"https:\/\/santapola.es\/ca\/procesos\/pla-de-sostenibilitat-turistica-en-desti-pstd-de-santa-pola\/","url":"https:\/\/santapola.es\/ca\/procesos\/pla-de-sostenibilitat-turistica-en-desti-pstd-de-santa-pola\/","name":"Pla de Sostenibilitat Tur\u00edstica en Dest\u00ed (PSTD) de Santa Pola - Ajuntament de Santa Pola","isPartOf":{"@id":"https:\/\/santapola.es\/ca\/#website"},"primaryImageOfPage":{"@id":"https:\/\/santapola.es\/ca\/procesos\/pla-de-sostenibilitat-turistica-en-desti-pstd-de-santa-pola\/#primaryimage"},"image":{"@id":"https:\/\/santapola.es\/ca\/procesos\/pla-de-sostenibilitat-turistica-en-desti-pstd-de-santa-pola\/#primaryimage"},"thumbnailUrl":"https:\/\/santapola.es\/wp-content\/uploads\/2026\/04\/Playa-Varadero-Aerea.jpg","datePublished":"2026-04-27T06:01:10+00:00","dateModified":"2026-04-27T07:27:05+00:00","breadcrumb":{"@id":"https:\/\/santapola.es\/ca\/procesos\/pla-de-sostenibilitat-turistica-en-desti-pstd-de-santa-pola\/#breadcrumb"},"inLanguage":"ca","potentialAction":[{"@type":"ReadAction","target":["https:\/\/santapola.es\/ca\/procesos\/pla-de-sostenibilitat-turistica-en-desti-pstd-de-santa-pola\/"]}]},{"@type":"ImageObject","inLanguage":"ca","@id":"https:\/\/santapola.es\/ca\/procesos\/pla-de-sostenibilitat-turistica-en-desti-pstd-de-santa-pola\/#primaryimage","url":"https:\/\/santapola.es\/wp-content\/uploads\/2026\/04\/Playa-Varadero-Aerea.jpg","contentUrl":"https:\/\/santapola.es\/wp-content\/uploads\/2026\/04\/Playa-Varadero-Aerea.jpg","width":900,"height":600},{"@type":"BreadcrumbList","@id":"https:\/\/santapola.es\/ca\/procesos\/pla-de-sostenibilitat-turistica-en-desti-pstd-de-santa-pola\/#breadcrumb","itemListElement":[{"@type":"ListItem","position":1,"name":"Inici","item":"https:\/\/santapola.es\/ca\/"},{"@type":"ListItem","position":2,"name":"Processos participatius","item":"https:\/\/santapola.es\/ca\/procesos\/"},{"@type":"ListItem","position":3,"name":"Pla de Sostenibilitat Tur\u00edstica en Dest\u00ed (PSTD) de Santa Pola"}]},{"@type":"WebSite","@id":"https:\/\/santapola.es\/ca\/#website","url":"https:\/\/santapola.es\/ca\/","name":"Ayuntamiento de Santa Pola","description":"Web de l'Ajuntament de Santa Pola","potentialAction":[{"@type":"SearchAction","target":{"@type":"EntryPoint","urlTemplate":"https:\/\/santapola.es\/ca\/?s={search_term_string}"},"query-input":{"@type":"PropertyValueSpecification","valueRequired":true,"valueName":"search_term_string"}}],"inLanguage":"ca"}]}},"_links":{"self":[{"href":"https:\/\/santapola.es\/ca\/wp-json\/wp\/v2\/project\/48554","targetHints":{"allow":["GET"]}}],"collection":[{"href":"https:\/\/santapola.es\/ca\/wp-json\/wp\/v2\/project"}],"about":[{"href":"https:\/\/santapola.es\/ca\/wp-json\/wp\/v2\/types\/project"}],"author":[{"embeddable":true,"href":"https:\/\/santapola.es\/ca\/wp-json\/wp\/v2\/users\/95"}],"replies":[{"embeddable":true,"href":"https:\/\/santapola.es\/ca\/wp-json\/wp\/v2\/comments?post=48554"}],"version-history":[{"count":2,"href":"https:\/\/santapola.es\/ca\/wp-json\/wp\/v2\/project\/48554\/revisions"}],"predecessor-version":[{"id":48556,"href":"https:\/\/santapola.es\/ca\/wp-json\/wp\/v2\/project\/48554\/revisions\/48556"}],"wp:featuredmedia":[{"embeddable":true,"href":"https:\/\/santapola.es\/ca\/wp-json\/wp\/v2\/media\/48550"}],"wp:attachment":[{"href":"https:\/\/santapola.es\/ca\/wp-json\/wp\/v2\/media?parent=48554"}],"wp:term":[{"taxonomy":"project_category","embeddable":true,"href":"https:\/\/santapola.es\/ca\/wp-json\/wp\/v2\/project_category?post=48554"},{"taxonomy":"project_tag","embeddable":true,"href":"https:\/\/santapola.es\/ca\/wp-json\/wp\/v2\/project_tag?post=48554"}],"curies":[{"name":"wp","href":"https:\/\/api.w.org\/{rel}","templated":true}]}}