{"id":40347,"date":"2024-06-26T12:11:06","date_gmt":"2024-06-26T10:11:06","guid":{"rendered":"https:\/\/santapola.es\/prtr\/"},"modified":"2026-04-27T13:38:13","modified_gmt":"2026-04-27T11:38:13","slug":"prtr","status":"publish","type":"page","link":"https:\/\/santapola.es\/ca\/prtr\/","title":{"rendered":"PRTR"},"content":{"rendered":"<p>[et_pb_section fb_built=&#8221;1&#8243; disabled_on=&#8221;off|off|off&#8221; admin_label=&#8221;Secci\u00f3n fondo cabecera&#8221; _builder_version=&#8221;4.24.3&#8243; _module_preset=&#8221;default&#8221; background_color=&#8221;#002d72&#8243; background_enable_image=&#8221;off&#8221; background_position=&#8221;center_left&#8221; background_horizontal_offset=&#8221;0%&#8221; height=&#8221;250px&#8221; custom_css_main_element=&#8221;display: flex;||justify-content: center;&#8221; global_colors_info=&#8221;{}&#8221;][et_pb_row admin_label=&#8221;Fila cap\u00e7alera&#8221; _builder_version=&#8221;4.24.3&#8243; _module_preset=&#8221;c058b923-922c-4136-ad09-c0e7a4d225ab&#8221; background_color=&#8221;RGBA(255,255,255,0)&#8221; width=&#8221;95%&#8221; custom_margin=&#8221;||||false|false&#8221; custom_padding=&#8221;5px||5px||false|false&#8221; global_colors_info=&#8221;{}&#8221;][et_pb_column type=&#8221;4_4&#8243; _builder_version=&#8221;4.24.3&#8243; _module_preset=&#8221;default&#8221; global_colors_info=&#8221;{}&#8221;][et_pb_image src=&#8221;https:\/\/santapola.es\/wp-content\/uploads\/2024\/05\/Banner-WEB-PRTR-AZUL.png&#8221; title_text=&#8221;B\u00e0ner WEB PRTR BLAU&#8221; _builder_version=&#8221;4.24.3&#8243; _module_preset=&#8221;default&#8221; global_colors_info=&#8221;{}&#8221;][\/et_pb_image][\/et_pb_column][\/et_pb_row][\/et_pb_section][et_pb_section fb_built=&#8221;1&#8243; inner_shadow=&#8221;on&#8221; custom_padding_last_edited=&#8221;on|desktop&#8221; admin_label=&#8221;Secci\u00f3n cuerpo P\u00e1gina principal&#8221; _builder_version=&#8221;4.20.0&#8243; background_color=&#8221;#ffffff&#8221; width=&#8221;100%&#8221; custom_margin=&#8221;-5px||||false|false&#8221; custom_margin_tablet=&#8221;-5px||||false|false&#8221; custom_margin_phone=&#8221;-5px||||false|false&#8221; custom_margin_last_edited=&#8221;on|phone&#8221; custom_padding=&#8221;0px|0px|50px|0px|false|false&#8221; custom_padding_tablet=&#8221;0px|0|50px|0|false|false&#8221; custom_padding_phone=&#8221;|0|50px|0|false|false&#8221; custom_css_main_element=&#8221;display:flex;||flex-wrap:wrap;&#8221; transparent_background=&#8221;off&#8221; make_fullwidth=&#8221;off&#8221; use_custom_width=&#8221;off&#8221; width_unit=&#8221;on&#8221; custom_width_px=&#8221;1080px&#8221; custom_width_percent=&#8221;80%&#8221; global_colors_info=&#8221;{}&#8221;][et_pb_row column_structure=&#8221;1_2,1_2&#8243; use_custom_gutter=&#8221;on&#8221; gutter_width=&#8221;2&#8243; make_equal=&#8221;on&#8221; admin_label=&#8221;Fila contenidor botons enlla\u00e7os&#8221; _builder_version=&#8221;4.24.3&#8243; _module_preset=&#8221;_initial&#8221; width=&#8221;100%&#8221; width_last_edited=&#8221;off|phone&#8221; max_width=&#8221;65%&#8221; max_width_tablet=&#8221;80%&#8221; max_width_phone=&#8221;80%&#8221; max_width_last_edited=&#8221;on|phone&#8221; custom_margin=&#8221;75px|auto|0px|auto|false|false&#8221; custom_margin_tablet=&#8221;|auto||auto|false|false&#8221; custom_margin_phone=&#8221;-15px|auto||auto|false|false&#8221; custom_margin_last_edited=&#8221;on|phone&#8221; custom_padding=&#8221;||||false|false&#8221; custom_css_main_element=&#8221;padding:5px 0;&#8221; make_fullwidth=&#8221;on&#8221; use_custom_width=&#8221;off&#8221; width_unit=&#8221;off&#8221; custom_width_px=&#8221;1080px&#8221; custom_width_percent=&#8221;80%&#8221; global_colors_info=&#8221;{}&#8221; custom_css_main_element_last_edited=&#8221;on|phone&#8221; custom_css_main_element_phone=&#8221;order: 4;&#8221; custom_css_main_element_tablet=&#8221;padding:5px 0;&#8221;][et_pb_column type=&#8221;1_2&#8243; admin_label=&#8221;Columna 1&#8243; _builder_version=&#8221;4.24.3&#8243; _module_preset=&#8221;default&#8221; custom_padding=&#8221;||||false|false&#8221; global_colors_info=&#8221;{}&#8221;][et_pb_button button_url=&#8221;https:\/\/planderecuperacion.gob.es\/&#8221; url_new_window=&#8221;on&#8221; button_text=&#8221;Pla de Recuperaci\u00f3&#8221; button_alignment=&#8221;center&#8221; admin_label=&#8221;Plan de Recuperaci\u00f3n&#8221; _builder_version=&#8221;4.24.3&#8243; _module_preset=&#8221;default&#8221; custom_button=&#8221;on&#8221; button_text_size=&#8221;115%&#8221; button_text_color=&#8221;#124159&#8243; button_border_width=&#8221;1px&#8221; button_border_color=&#8221;RGBA(18,65,89,0.45)&#8221; button_border_radius=&#8221;0px&#8221; button_font=&#8221;||||||||&#8221; button_icon=&#8221;&#xf124;||fa||900&#8243; button_icon_color=&#8221;#6997bf&#8221; button_icon_placement=&#8221;left&#8221; button_on_hover=&#8221;off&#8221; custom_margin=&#8221;||||false|false&#8221; custom_padding=&#8221;15px||15px||false|false&#8221; custom_padding_tablet=&#8221;15px||15px||false|false&#8221; custom_padding_phone=&#8221;15px||15px||false|false&#8221; custom_padding_last_edited=&#8221;on|desktop&#8221; custom_css_main_element=&#8221;width:100%;&#8221; box_shadow_style=&#8221;preset3&#8243; global_colors_info=&#8221;{}&#8221;][\/et_pb_button][et_pb_button button_url=&#8221;https:\/\/www.fondoseuropeos.hacienda.gob.es\/sitios\/sgfe\/es-ES\/Paginas\/inicio.aspx&#8221; url_new_window=&#8221;on&#8221; button_text=&#8221;Secretaria General de Fons Europeus&#8221; button_alignment=&#8221;center&#8221; admin_label=&#8221;Fondos Europeos&#8221; _builder_version=&#8221;4.24.3&#8243; _module_preset=&#8221;default&#8221; custom_button=&#8221;on&#8221; button_text_size=&#8221;115%&#8221; button_text_color=&#8221;#124159&#8243; button_border_width=&#8221;1px&#8221; button_border_color=&#8221;RGBA(18,65,89,0.45)&#8221; button_border_radius=&#8221;0px&#8221; button_font=&#8221;||||||||&#8221; button_icon=&#8221;&#xe033;||divi||400&#8243; button_icon_color=&#8221;#6997bf&#8221; button_icon_placement=&#8221;left&#8221; button_on_hover=&#8221;off&#8221; custom_margin=&#8221;||||false|false&#8221; custom_padding=&#8221;15px||15px||false|false&#8221; custom_padding_tablet=&#8221;15px||15px||false|false&#8221; custom_padding_phone=&#8221;15px||15px||false|false&#8221; custom_padding_last_edited=&#8221;on|desktop&#8221; custom_css_main_element=&#8221;width:100%;&#8221; box_shadow_style=&#8221;preset3&#8243; global_colors_info=&#8221;{}&#8221;][\/et_pb_button][\/et_pb_column][et_pb_column type=&#8221;1_2&#8243; admin_label=&#8221;Columna 2&#8243; _builder_version=&#8221;4.24.3&#8243; _module_preset=&#8221;default&#8221; custom_padding=&#8221;||||false|false&#8221; custom_css_main_element=&#8221;margin-bottom:10px!important;&#8221; global_colors_info=&#8221;{}&#8221;][et_pb_button button_url=&#8221;https:\/\/planderecuperacion.gob.es\/identidad-visual&#8221; url_new_window=&#8221;on&#8221; button_text=&#8221;Identitat Visual&#8221; button_alignment=&#8221;center&#8221; admin_label=&#8221;Manual de Identidad Visual&#8221; _builder_version=&#8221;4.24.3&#8243; _module_preset=&#8221;default&#8221; custom_button=&#8221;on&#8221; button_text_size=&#8221;115%&#8221; button_text_color=&#8221;#124159&#8243; button_border_width=&#8221;1px&#8221; button_border_color=&#8221;RGBA(18,65,89,0.45)&#8221; button_border_radius=&#8221;0px&#8221; button_letter_spacing=&#8221;0px&#8221; button_font=&#8221;||||||||&#8221; button_icon=&#8221;&#xf03e;||fa||400&#8243; button_icon_color=&#8221;#6997bf&#8221; button_icon_placement=&#8221;left&#8221; button_on_hover=&#8221;off&#8221; custom_margin=&#8221;||||false|false&#8221; custom_padding=&#8221;15px||15px||false|false&#8221; custom_css_main_element=&#8221;width:100%;&#8221; box_shadow_style=&#8221;preset3&#8243; global_colors_info=&#8221;{}&#8221;][\/et_pb_button][et_pb_button button_url=&#8221;https:\/\/commission.europa.eu\/strategy-and-policy\/recovery-plan-europe_es&#8221; url_new_window=&#8221;on&#8221; button_text=&#8221;Comissi\u00f3 Europea&#8221; button_alignment=&#8221;center&#8221; admin_label=&#8221;Comisi\u00f3n Europea&#8221; _builder_version=&#8221;4.24.3&#8243; _module_preset=&#8221;default&#8221; custom_button=&#8221;on&#8221; button_text_size=&#8221;115%&#8221; button_text_color=&#8221;#124159&#8243; button_border_width=&#8221;1px&#8221; button_border_color=&#8221;RGBA(18,65,89,0.45)&#8221; button_border_radius=&#8221;0px&#8221; button_letter_spacing=&#8221;0px&#8221; button_font=&#8221;||||||||&#8221; button_icon=&#8221;&#xf7a2;||fa||900&#8243; button_icon_color=&#8221;#6997bf&#8221; button_icon_placement=&#8221;left&#8221; button_on_hover=&#8221;off&#8221; custom_margin=&#8221;||||false|false&#8221; custom_padding=&#8221;15px||15px||false|false&#8221; custom_css_main_element=&#8221;width:100%;&#8221; box_shadow_style=&#8221;preset3&#8243; global_colors_info=&#8221;{}&#8221;][\/et_pb_button][\/et_pb_column][\/et_pb_row][et_pb_row admin_label=&#8221;Fila contenidor Migas de pan&#8221; _builder_version=&#8221;4.20.0&#8243; _module_preset=&#8221;_initial&#8221; width_tablet=&#8221;&#8221; width_phone=&#8221;&#8221; width_last_edited=&#8221;on|phone&#8221; max_width=&#8221;65%&#8221; max_width_tablet=&#8221;80%&#8221; max_width_phone=&#8221;80%&#8221; max_width_last_edited=&#8221;on|desktop&#8221; custom_margin=&#8221;15px|auto|0px|auto|false|false&#8221; custom_margin_tablet=&#8221;5px|auto|0px|auto|false|false&#8221; custom_margin_phone=&#8221;15px|auto|0px|auto|false|false&#8221; custom_padding=&#8221;0px||0px||false|false&#8221; make_fullwidth=&#8221;on&#8221; use_custom_width=&#8221;off&#8221; width_unit=&#8221;off&#8221; custom_width_px=&#8221;1080px&#8221; custom_width_percent=&#8221;80%&#8221; global_colors_info=&#8221;{}&#8221; custom_css_main_element_last_edited=&#8221;on|desktop&#8221; custom_css_main_element_phone=&#8221;order:1;&#8221;][et_pb_column type=&#8221;4_4&#8243; admin_label=&#8221;Columna 1&#8243; _builder_version=&#8221;4.20.0&#8243; custom_padding=&#8221;|||&#8221; global_colors_info=&#8221;{}&#8221; custom_padding__hover=&#8221;|||&#8221;][et_pb_code admin_label=&#8221;Migas de pan&#8221; _builder_version=&#8221;4.20.0&#8243; _module_preset=&#8221;default&#8221; custom_margin=&#8221;||||false|false&#8221; custom_padding=&#8221;||||false|false&#8221; global_colors_info=&#8221;{}&#8221;]<span><span><a href=\"https:\/\/santapola.es\/ca\/\">Inici<\/a><\/span><\/span>[\/et_pb_code][\/et_pb_column][\/et_pb_row][et_pb_row column_structure=&#8221;3_4,1_4&#8243; column_padding_mobile=&#8221;on&#8221; admin_label=&#8221;Fila contenidor principal&#8221; _builder_version=&#8221;4.24.2&#8243; _module_preset=&#8221;_initial&#8221; background_size=&#8221;initial&#8221; background_position=&#8221;top_left&#8221; background_repeat=&#8221;repeat&#8221; width=&#8221;100%&#8221; width_tablet=&#8221;80%&#8221; width_phone=&#8221;80%&#8221; width_last_edited=&#8221;on|desktop&#8221; max_width=&#8221;65%&#8221; max_width_tablet=&#8221;80%&#8221; max_width_phone=&#8221;80%&#8221; max_width_last_edited=&#8221;on|tablet&#8221; custom_margin=&#8221;0px|auto|15px|auto|false|false&#8221; custom_margin_tablet=&#8221;|auto|15px|auto|false|false&#8221; custom_margin_phone=&#8221;|auto|15px|auto|false|false&#8221; custom_margin_last_edited=&#8221;on|phone&#8221; custom_padding=&#8221;10px|15px|0px|0px|false|false&#8221; make_fullwidth=&#8221;on&#8221; use_custom_width=&#8221;off&#8221; width_unit=&#8221;off&#8221; custom_width_px=&#8221;1080px&#8221; custom_width_percent=&#8221;80%&#8221; global_colors_info=&#8221;{}&#8221; custom_css_main_element__hover_enabled=&#8221;off|desktop&#8221; custom_css_main_element_last_edited=&#8221;on|phone&#8221; custom_css_main_element_phone=&#8221;order:2;&#8221;][et_pb_column type=&#8221;3_4&#8243; module_class=&#8221;col-ancho-total&#8221; admin_label=&#8221;Columna 1&#8243; _builder_version=&#8221;4.24.2&#8243; custom_padding=&#8221;||25px||false|false&#8221; custom_padding_last_edited=&#8221;off|tablet&#8221; global_colors_info=&#8221;{}&#8221; custom_padding__hover=&#8221;|||&#8221; custom_css_main_element_last_edited=&#8221;on|phone&#8221; custom_css_main_element_phone=&#8221; margin-bottom: 0px;&#8221;][et_pb_text content_last_edited=&#8221;off|desktop&#8221; admin_label=&#8221;T\u00edtulo. Relaci\u00f3n de convocatorias&#8221; _builder_version=&#8221;4.24.3&#8243; _module_preset=&#8221;default&#8221; text_font=&#8221;|600|||||||&#8221; text_text_color=&#8221;#124159&#8243; text_font_size=&#8221;150%&#8221; text_line_height=&#8221;1.8em&#8221; header_text_color=&#8221;#123159&#8243; header_2_font=&#8221;|600|||||||&#8221; header_2_text_color=&#8221;#124159&#8243; header_2_font_size=&#8221;22px&#8221; custom_margin=&#8221;0px||30px||false|false&#8221; custom_padding=&#8221;0px||0px|||&#8221; border_width_bottom=&#8221;1px&#8221; border_color_bottom=&#8221;rgba(18,65,89,0.45)&#8221; global_colors_info=&#8221;{}&#8221;]<\/p>\n<p>Relaci\u00f3 de convocat\u00f2ries<\/p>\n<p>[\/et_pb_text][et_pb_tabs active_tab_background_color=&#8221;#2c67a5&#8243; inactive_tab_background_color=&#8221;#E9F0F6&#8243; active_tab_text_color=&#8221;#FFFFFF&#8221; admin_label=&#8221;Pesta\u00f1as. Convocatorias&#8221; _builder_version=&#8221;4.24.3&#8243; _module_preset=&#8221;e82c1aeb-ddd6-4eb3-8c81-191420891355&#8243; tab_text_color=&#8221;#124159&#8243; tab_font_size=&#8221;100%&#8221; display_conditions=&#8221;W10=&#8221; border_radii=&#8221;on|4px|4px|4px|4px&#8221; box_shadow_style=&#8221;preset3&#8243; global_colors_info=&#8221;%91%93&#8243;][et_pb_tab title=&#8221;Convocat\u00f2ries&#8221; _builder_version=&#8221;4.24.3&#8243; _module_preset=&#8221;default&#8221; global_colors_info=&#8221;{}&#8221;]<\/p>\n<p><a class=\"externo\" title=\"Convocatoria 2022 (C11.I3, del PRTR). Enlace externo\" href=\"https:\/\/mpt.gob.es\/prtr\/transformacion_digital_modernizacion\/ayudas_de_transformacion_digital_modernizacion\/convocatoria2022.html\" target=\"_blank\" rel=\"noopener\">Convocat\u00f2ria 2022 de subvencions destinades a la transformaci\u00f3 digital i modernitzaci\u00f3 de les administracions de les Entitats Locals (C11.I3, del PRTR)<\/a><\/p>\n<p>[\/et_pb_tab][\/et_pb_tabs][et_pb_text content_last_edited=&#8221;off|desktop&#8221; admin_label=&#8221;T\u00edtulo. Componente 11. Inversi\u00f3n 3, del PRTR&#8221; _builder_version=&#8221;4.24.3&#8243; _module_preset=&#8221;default&#8221; text_font=&#8221;|600|||||||&#8221; text_text_color=&#8221;#124159&#8243; text_font_size=&#8221;150%&#8221; text_line_height=&#8221;1.8em&#8221; header_text_color=&#8221;#123159&#8243; header_2_font=&#8221;|600|||||||&#8221; header_2_text_color=&#8221;#124159&#8243; header_2_font_size=&#8221;22px&#8221; custom_margin=&#8221;0px||30px||false|false&#8221; custom_padding=&#8221;0px||0px|||&#8221; border_width_bottom=&#8221;1px&#8221; border_color_bottom=&#8221;rgba(18,65,89,0.45)&#8221; global_colors_info=&#8221;{}&#8221;]<\/p>\n<p>Component 11. Inversi\u00f3 3, del PRTR<\/p>\n<p>[\/et_pb_text][et_pb_image src=&#8221;https:\/\/santapola.es\/wp-content\/uploads\/2025\/06\/Banner-PRTRAYTO.png&#8221; title_text=&#8221;Banner PRTR+AYTO&#8221; _builder_version=&#8221;4.27.4&#8243; _module_preset=&#8221;default&#8221; global_colors_info=&#8221;{}&#8221;][\/et_pb_image][et_pb_pricing_tables admin_label=&#8221;Tabla importes subvenci\u00f3n&#8221; _builder_version=&#8221;4.24.3&#8243; _module_preset=&#8221;default&#8221; custom_css_pricing_content=&#8221;display:none;||&#8221; global_colors_info=&#8221;{}&#8221; custom_css_pricing_item_last_edited=&#8221;off|desktop&#8221;][et_pb_pricing_table title=&#8221;Import Sol\u00b7licitat&#8221; sum=&#8221;336.726,69 \u20ac &#8221; header_background_color=&#8221;#0c71c3&#8243; _builder_version=&#8221;4.24.3&#8243; _module_preset=&#8221;default&#8221; price_text_color=&#8221;#0C71C3&#8243; header_font=&#8221;|600|||||||&#8221; header_font_size=&#8221;1em&#8221; subheader_font_size=&#8221;14px&#8221; price_font=&#8221;|600|||||||&#8221; price_font_size=&#8221;15px&#8221; price_line_height=&#8221;0.9em&#8221; currency_frequency_line_height=&#8221;1.4em&#8221; custom_padding=&#8221;||||false|false&#8221; custom_css_pricing_top=&#8221;border-bottom:0px!important;||padding-top:20px;||padding-bottom:0px;||margin-bottom:-10px;&#8221; custom_css_pricing_content=&#8221;||&#8221; custom_css_pricing_item=&#8221;||&#8221; custom_css_pricing_item_excluded=&#8221;||&#8221; border_radii=&#8221;on|2px|2px|2px|2px&#8221; border_color_all=&#8221;rgba(129,165,193,0.65)&#8221; global_colors_info=&#8221;{}&#8221; sticky_transition=&#8221;on&#8221;][\/et_pb_pricing_table][et_pb_pricing_table title=&#8221;Import Concedit&#8221; sum=&#8221;277.642,88 \u20ac&#8221; header_background_color=&#8221;#0c71c3&#8243; _builder_version=&#8221;4.24.3&#8243; _module_preset=&#8221;default&#8221; price_text_color=&#8221;#0C71C3&#8243; header_font=&#8221;|600|||||||&#8221; header_font_size=&#8221;1em&#8221; subheader_font_size=&#8221;14px&#8221; price_font=&#8221;|600|||||||&#8221; price_font_size=&#8221;15px&#8221; price_line_height=&#8221;0.9em&#8221; currency_frequency_line_height=&#8221;1.4em&#8221; custom_padding=&#8221;||||false|false&#8221; custom_css_pricing_top=&#8221;border-bottom:0px!important;||padding-top:20px;||padding-bottom:0px;||margin-bottom:-10px;&#8221; custom_css_pricing_content=&#8221;||&#8221; custom_css_pricing_item=&#8221;||&#8221; custom_css_pricing_item_excluded=&#8221;||&#8221; border_radii=&#8221;on|2px|2px|2px|2px&#8221; border_color_all=&#8221;rgba(129,165,193,0.65)&#8221; global_colors_info=&#8221;{}&#8221; sticky_transition=&#8221;on&#8221;][\/et_pb_pricing_table][\/et_pb_pricing_tables][et_pb_accordion open_toggle_text_color=&#8221;#0C71C3&#8243; closed_toggle_background_color=&#8221;#E9F0F6&#8243; admin_label=&#8221;Acorde\u00f3n. Componente 11. Inversi\u00f3n 3, del PRTR&#8221; _builder_version=&#8221;4.27.2&#8243; _module_preset=&#8221;default&#8221; toggle_text_color=&#8221;#124159&#8243; toggle_font=&#8221;|600|||||||&#8221; toggle_font_size=&#8221;15px&#8221; toggle_line_height=&#8221;1.3em&#8221; custom_margin=&#8221;||||false|false&#8221; custom_padding=&#8221;|12px||12px|false|false&#8221; custom_css_free_form=&#8221;selector .tablasubvencion{ \/*Definimos la anchura de la tabla*\/||  \tmax-width:90%!important;||    margin: 0 auto!important;||    border-collapse: collapse!important;||    border: 1px solid #8eb2b3!important;||  \ttext-align:center!important;||}||||selector .tablasubvencion th{||    border-right: 1px solid #fff; \/*definimos los bordes*\/||    background-color: #e9f0f6; \/*aplicamos un fondo a las celdas*\/||}||||selector .tablasubvencion th:last-child{||    border-right:1px solid #8eb2b3;||}||||selector .tablasubvencion td{||    color:#124159;||    border:1px dashed #ccd6e0;||}||||selector hr{||  border: 1px dashed #ccd6e0;||  margin:20px 0 15px 0;||}||||@media screen and (max-width: 767px) {||||  selector .tablasubvencion th{||  display: none;||  }||  ||selector .tablasubvencion td{||  display: block;||  text-align:right;||  }||  ||  selector .tablasubvencion td:before{||    content: attr(data-label);||    float: left;||    font-weight: bold;||  }||}&#8221; custom_css_toggle=&#8221;margin-bottom:18px&#8221; custom_css_toggle_title=&#8221;padding:5px 12px 5px 12px;||background-color:#E9F0F6;&#8221; border_radii=&#8221;on|6px|6px|6px|6px&#8221; border_color_all=&#8221;rgba(129,165,193,0.65)&#8221; box_shadow_style=&#8221;preset3&#8243; global_colors_info=&#8221;{}&#8221;][et_pb_accordion_item title=&#8221;BLANC&#8221; open=&#8221;on&#8221; _builder_version=&#8221;4.21.0&#8243; _module_preset=&#8221;default&#8221; custom_css_main_element=&#8221;display:none;&#8221; global_colors_info=&#8221;{}&#8221;][\/et_pb_accordion_item][et_pb_accordion_item title=&#8221;L\u00ednia 4. Infraestructures Digitals&#8221; _builder_version=&#8221;4.27.2&#8243; _module_preset=&#8221;default&#8221; custom_margin=&#8221;||20px||false|false&#8221; global_colors_info=&#8221;{}&#8221; open=&#8221;off&#8221;]<\/p>\n<table class=\"tablasubvencion\">\n<thead>\n<tr>\n<th scope=\"col\">Import Sol\u00b7licitat<\/th>\n<th scope=\"col\">Import Concedit<\/th>\n<th scope=\"col\">Estat<\/th>\n<\/tr>\n<\/thead>\n<tbody>\n<tr>\n<td data-label=\"Import Sol\u00b7licitat\">239.163,03\u20ac<\/td>\n<td data-label=\"Import Concedit\">180.079,22\u20ac<\/td>\n<td data-label=\"Estat\">Finalitzat<\/td>\n<\/tr>\n<\/tbody>\n<\/table>\n<p><\/p>\n<hr \/>\n<p><\/p>\n<blockquote>\n<p><strong>Projecte &#8220;Implantaci\u00f3 i actualitzaci\u00f3 d&#8217;Infraestructures Tecnol\u00f2giques i Recursos Digitals&#8221;<\/strong><\/p>\n<\/blockquote>\n<p><\/p>\n<p>Aquest projecte t\u00e9 com a objectius, incrementar l&#8217;efici\u00e8ncia en els serveis prestats a l&#8217;Ajuntament, augmentar la seguretat dels sistemes inform\u00e0tics, reduir el consum energ\u00e8tic i facilitar als ciutadans l&#8217;acc\u00e9s a l&#8217;administraci\u00f3. Per a aix\u00f2, es duran a terme les seg\u00fcents actuacions:<\/p>\n<p><\/p>\n<p><div class='et-learn-more clearfix'>\n\t\t\t\t\t<h3 class='heading-more'>Actualitzaci\u00f3 de la infraestructura de Processament de dades (Estat: Finalitzat)<span class='et_learnmore_arrow'><span><\/span><\/span><\/h3>\n\t\t\t\t\t<div class='learn-more-content'>Actualitzar la infraestructura de Processament de dades amb l&#8217;adquisici\u00f3 d&#8217;equipament inform\u00e0tic que incremente l&#8217;efici\u00e8ncia en el treball, augmente la seguretat davant ciberatacs i redu\u00efsca el consum energ\u00e8tic.<\/div>\n\t\t\t\t<\/div><div class='et-learn-more clearfix'>\n\t\t\t\t\t<h3 class='heading-more'>Optimitzaci\u00f3 de llocs de treball. (Estat: Finalitzat)<span class='et_learnmore_arrow'><span><\/span><\/span><\/h3>\n\t\t\t\t\t<div class='learn-more-content'>Optimitzar els llocs de treball dels empleats p\u00fablics mitjan\u00e7ant equipament energ\u00e8ticament eficient i disminuir aix\u00ed el consum el\u00e8ctric. D&#8217;altra banda, facilitar la mobilitat d&#8217;uns certs llocs de treball.<\/div>\n\t\t\t\t<\/div><div class='et-learn-more clearfix'>\n\t\t\t\t\t<h3 class='heading-more'>Reducci\u00f3 de la bretxa digital amb el ciutad\u00e0. (Estat: Finalitzat)<span class='et_learnmore_arrow'><span><\/span><\/span><\/h3>\n\t\t\t\t\t<div class='learn-more-content'>Proporcionar al ciutad\u00e0 l&#8217;ambient adequat per a disminuir la bretxa digital existent, permetre l&#8217;acc\u00e9s a les noves tecnologies i la possibilitat de realitzar gestions en l\u00ednia, promovent aix\u00ed l&#8217;\u00fas de l&#8217;administraci\u00f3 electr\u00f2nica.<\/div>\n\t\t\t\t<\/div><div class='et-learn-more clearfix'>\n\t\t\t\t\t<h3 class='heading-more'>Creaci\u00f3 d&#039;una infraestructura de xarxa sense fil en els edificis municipals. (Estat: Finalitzat)<span class='et_learnmore_arrow'><span><\/span><\/span><\/h3>\n\t\t\t\t\t<div class='learn-more-content'>Crear una infraestructura sense fil en els edificis municipals per a facilitar la mobilitat en el treball dels empleats i d&#8217;igual mode, proporcionar al ciutad\u00e0 l&#8217;oportunitat de connexi\u00f3 amb equips m\u00f2bils per a l&#8217;acc\u00e9s a internet i per tractar-se d&#8217;instal\u00b7lacions municipals, l&#8217;acc\u00e9s a l&#8217;administraci\u00f3 electr\u00f2nica.<\/div>\n\t\t\t\t<\/div><\/p>\n<p>[\/et_pb_accordion_item][et_pb_accordion_item title=&#8221;L\u00ednia 5. Interoperabilitat de Serveis B\u00e0sics d&apos;Administraci\u00f3 Digital&#8221; _builder_version=&#8221;4.27.2&#8243; _module_preset=&#8221;default&#8221; custom_margin=&#8221;||20px||false|false&#8221; global_colors_info=&#8221;{}&#8221; open=&#8221;off&#8221;]<\/p>\n<table class=\"tablasubvencion\">\n<thead>\n<tr>\n<th scope=\"col\">Import Sol\u00b7licitat<\/th>\n<th scope=\"col\">Import Concedit<\/th>\n<th scope=\"col\">Estat<\/th>\n<\/tr>\n<\/thead>\n<tbody>\n<tr>\n<td data-label=\"Import Sol\u00b7licitat\">97.563,66 \u20ac<\/td>\n<td data-label=\"Import Concedit\">97.563,66 \u20ac<\/td>\n<td data-label=\"Estat\">Finalitzat<\/td>\n<\/tr>\n<\/tbody>\n<\/table>\n<p><\/p>\n<hr \/>\n<p><\/p>\n<blockquote>\n<p><strong>Projecte &#8220;Desenvolupament d&#8217;Integraci\u00f3 amb Carpeta Ciutadana&#8221;<\/strong><\/p>\n<\/blockquote>\n<p><\/p>\n<p>A trav\u00e9s del servei \u201cLa meua carpeta ciutadana\u201d de l&#8217;Administraci\u00f3 General de l&#8217;Estat, el ciutad\u00e0 pot comunicar-se des d&#8217;un \u00fanic punt virtual amb les Administracions P\u00fabliques i, a m\u00e9s, consultar diferents dades personals i cites pr\u00e8vies, accedir a informaci\u00f3 sobre diversos procediments, informar-se sobre les teues notificacions pendents de llegir i de l&#8217;estat dels expedients en tr\u00e0mit.<\/p>\n<p><\/p>\n<p>Amb aquest projecte, l&#8217;Ajuntament pret\u00e9n integrar la gesti\u00f3 d&#8217;expedients municipal amb el servei \u201cLa meua carpeta ciutadana\u201d de l&#8217;Administraci\u00f3 General de l&#8217;Estat. D&#8217;aquestes forma, els interessats podran consultar a trav\u00e9s d&#8217;aquest servei l&#8217;estat de tramitaci\u00f3 dels seus expedients a l&#8217;Ajuntament de Santa Pola.<\/p>\n<p><\/p>\n<p><strong>Publicitat:<\/strong><\/p>\n<p><\/p>\n<p style=\"padding-left: 40px;\"><a class=\"pdf\" title=\"Nota de prensa Carpeta Ciudadana\" href=\"https:\/\/santapola.es\/wp-content\/uploads\/2024\/06\/20240430-NPrensa-CarpetaCiudadana.pdf\" target=\"_blank\" rel=\"noopener\">Nota de Premsa<\/a><\/p>\n<p><\/p>\n<p style=\"padding-left: 40px;\"><a class=\"imagen\" title=\"Imagen para las redes Sociales\" href=\"https:\/\/santapola.es\/wp-content\/uploads\/2024\/06\/RRSS-CarpetaCiudadana.png\" target=\"_blank\" rel=\"noopener\">Imatge per a les Xarxes Socials<\/a><\/p>\n<p><\/p>\n<p style=\"padding-left: 40px;\"><a class=\"video\" title=\"Video Carpeta Ciudadana\" href=\"https:\/\/santapola.es\/wp-content\/uploads\/2024\/06\/Video-CarpetaCiudadana.mp4\" target=\"_blank\" rel=\"noopener\">V\u00eddeo Publicitari<\/a><\/p>\n<p><\/p>\n<p style=\"padding-left: 40px;\"><a class=\"pdf\" title=\"Folleto Carpeta Ciudadana. Archivo pdf\" href=\"https:\/\/santapola.es\/wp-content\/uploads\/2024\/06\/Folleto-CarpetaCiudadana.pdf\" target=\"_blank\" rel=\"noopener\">Tr\u00edptic informatiu.<\/a><\/p>\n<p>[\/et_pb_accordion_item][\/et_pb_accordion][\/et_pb_column][et_pb_column type=&#8221;1_4&#8243; module_class=&#8221;col-ancho-total&#8221; admin_label=&#8221;Columna 2&#8243; _builder_version=&#8221;4.20.0&#8243; custom_padding=&#8221;|||&#8221; global_colors_info=&#8221;{}&#8221; custom_padding__hover=&#8221;|||&#8221;][et_pb_text content_last_edited=&#8221;off|desktop&#8221; admin_label=&#8221;T\u00edtulo. Te interesa&#8221; _builder_version=&#8221;4.24.3&#8243; _module_preset=&#8221;default&#8221; text_font=&#8221;|600|||||||&#8221; text_text_color=&#8221;#124159&#8243; text_font_size=&#8221;150%&#8221; text_line_height=&#8221;1.8em&#8221; header_text_color=&#8221;#123159&#8243; header_2_font=&#8221;|600|||||||&#8221; header_2_text_color=&#8221;#124159&#8243; header_2_font_size=&#8221;22px&#8221; custom_margin=&#8221;||30px||false|false&#8221; custom_padding=&#8221;0px||0px|||&#8221; border_width_bottom=&#8221;1px&#8221; border_color_bottom=&#8221;rgba(18,65,89,0.45)&#8221; global_colors_info=&#8221;{}&#8221;]<\/p>\n<p>Not\u00edcies relacionades&#8230;<\/p>\n<p>[\/et_pb_text][et_pb_blog fullwidth=&#8221;off&#8221; posts_number=&#8221;3&#8243; include_categories=&#8221;1854&#8243; meta_date=&#8221;d\/m\/Y&#8221; use_manual_excerpt=&#8221;off&#8221; excerpt_length=&#8221;100&#8243; show_author=&#8221;off&#8221; show_categories=&#8221;off&#8221; show_excerpt=&#8221;off&#8221; _builder_version=&#8221;4.27.5&#8243; _module_preset=&#8221;default&#8221; header_level=&#8221;h5&#8243; header_text_color=&#8221;#124159&#8243; header_line_height=&#8221;1.2em&#8221; custom_margin=&#8221;||||false|false&#8221; custom_padding=&#8221;||||false|false&#8221; hover_enabled=&#8221;0&#8243; box_shadow_style=&#8221;preset2&#8243; global_colors_info=&#8221;{}&#8221; sticky_enabled=&#8221;0&#8243;][\/et_pb_blog][\/et_pb_column][\/et_pb_row][\/et_pb_section]<\/p>\n","protected":false},"excerpt":{"rendered":"<p><span><span><a href=\"https:\/\/santapola.es\/ca\/\">Inici<\/a><\/span><\/span>Relaci\u00f3 de convocat\u00f2riesConvocat\u00f2ria 2022 de subvencions destinades a la transformaci\u00f3 digital i modernitzaci\u00f3 de les administracions de les Entitats Locals (C11.I3, del PRTR)Component 11. Inversi\u00f3 3, del PRTR Import Sol\u00b7licitat Import Concedit Estat 239.163,03\u20ac 180.079,22\u20ac Finalitzat Projecte &#8220;Implantaci\u00f3 i actualitzaci\u00f3 d&#8217;Infraestructures Tecnol\u00f2giques i Recursos Digitals&#8221; Aquest projecte t\u00e9 com a objectius, incrementar l&#8217;efici\u00e8ncia en els [&hellip;]<\/p>\n","protected":false},"author":95,"featured_media":0,"parent":0,"menu_order":0,"comment_status":"closed","ping_status":"closed","template":"","meta":{"_et_pb_use_builder":"on","_et_pb_old_content":"","_et_gb_content_width":"","footnotes":""},"class_list":["post-40347","page","type-page","status-publish","hentry"],"yoast_head":"<!-- This site is optimized with the Yoast SEO plugin v27.4 - https:\/\/yoast.com\/product\/yoast-seo-wordpress\/ -->\n<title>PRTR - Ajuntament de Santa Pola<\/title>\n<meta name=\"robots\" content=\"index, follow, max-snippet:-1, max-image-preview:large, max-video-preview:-1\" \/>\n<link rel=\"canonical\" href=\"https:\/\/santapola.es\/ca\/prtr\/\" \/>\n<meta property=\"og:locale\" content=\"ca_ES\" \/>\n<meta property=\"og:type\" content=\"article\" \/>\n<meta property=\"og:title\" content=\"PRTR - Ajuntament de Santa Pola\" \/>\n<meta property=\"og:description\" content=\"Relaci\u00f3 de convocat\u00f2riesConvocat\u00f2ria 2022 de subvencions destinades a la transformaci\u00f3 digital i modernitzaci\u00f3 de les administracions de les Entitats Locals (C11.I3, del PRTR)Component 11. Inversi\u00f3 3, del PRTR Import Sol\u00b7licitat Import Concedit Estat 239.163,03\u20ac 180.079,22\u20ac Finalitzat Projecte &quot;Implantaci\u00f3 i actualitzaci\u00f3 d&#039;Infraestructures Tecnol\u00f2giques i Recursos Digitals&quot; Aquest projecte t\u00e9 com a objectius, incrementar l&#039;efici\u00e8ncia en els [&hellip;]\" \/>\n<meta property=\"og:url\" content=\"https:\/\/santapola.es\/ca\/prtr\/\" \/>\n<meta property=\"og:site_name\" content=\"Ajuntament de Santa Pola\" \/>\n<meta property=\"article:publisher\" content=\"https:\/\/www.facebook.com\/AyuntamientoSantaPola\/\" \/>\n<meta property=\"article:modified_time\" content=\"2026-04-27T11:38:13+00:00\" \/>\n<meta name=\"twitter:card\" content=\"summary_large_image\" \/>\n<meta name=\"twitter:site\" content=\"@SantaPolaAyunt\" \/>\n<script type=\"application\/ld+json\" class=\"yoast-schema-graph\">{\"@context\":\"https:\\\/\\\/schema.org\",\"@graph\":[{\"@type\":\"WebPage\",\"@id\":\"https:\\\/\\\/santapola.es\\\/ca\\\/prtr\\\/\",\"url\":\"https:\\\/\\\/santapola.es\\\/ca\\\/prtr\\\/\",\"name\":\"PRTR - Ajuntament de Santa Pola\",\"isPartOf\":{\"@id\":\"https:\\\/\\\/santapola.es\\\/ca\\\/#website\"},\"datePublished\":\"2024-06-26T10:11:06+00:00\",\"dateModified\":\"2026-04-27T11:38:13+00:00\",\"breadcrumb\":{\"@id\":\"https:\\\/\\\/santapola.es\\\/ca\\\/prtr\\\/#breadcrumb\"},\"inLanguage\":\"ca\",\"potentialAction\":[{\"@type\":\"ReadAction\",\"target\":[\"https:\\\/\\\/santapola.es\\\/ca\\\/prtr\\\/\"]}]},{\"@type\":\"BreadcrumbList\",\"@id\":\"https:\\\/\\\/santapola.es\\\/ca\\\/prtr\\\/#breadcrumb\",\"itemListElement\":[{\"@type\":\"ListItem\",\"position\":1,\"name\":\"Inici\",\"item\":\"https:\\\/\\\/santapola.es\\\/ca\\\/\"},{\"@type\":\"ListItem\",\"position\":2,\"name\":\"PRTR\"}]},{\"@type\":\"WebSite\",\"@id\":\"https:\\\/\\\/santapola.es\\\/ca\\\/#website\",\"url\":\"https:\\\/\\\/santapola.es\\\/ca\\\/\",\"name\":\"Ayuntamiento de Santa Pola\",\"description\":\"Web de l'Ajuntament de Santa Pola\",\"potentialAction\":[{\"@type\":\"SearchAction\",\"target\":{\"@type\":\"EntryPoint\",\"urlTemplate\":\"https:\\\/\\\/santapola.es\\\/ca\\\/?s={search_term_string}\"},\"query-input\":{\"@type\":\"PropertyValueSpecification\",\"valueRequired\":true,\"valueName\":\"search_term_string\"}}],\"inLanguage\":\"ca\"}]}<\/script>\n<!-- \/ Yoast SEO plugin. -->","yoast_head_json":{"title":"PRTR - Ajuntament de Santa Pola","robots":{"index":"index","follow":"follow","max-snippet":"max-snippet:-1","max-image-preview":"max-image-preview:large","max-video-preview":"max-video-preview:-1"},"canonical":"https:\/\/santapola.es\/ca\/prtr\/","og_locale":"ca_ES","og_type":"article","og_title":"PRTR - Ajuntament de Santa Pola","og_description":"Relaci\u00f3 de convocat\u00f2riesConvocat\u00f2ria 2022 de subvencions destinades a la transformaci\u00f3 digital i modernitzaci\u00f3 de les administracions de les Entitats Locals (C11.I3, del PRTR)Component 11. Inversi\u00f3 3, del PRTR Import Sol\u00b7licitat Import Concedit Estat 239.163,03\u20ac 180.079,22\u20ac Finalitzat Projecte \"Implantaci\u00f3 i actualitzaci\u00f3 d'Infraestructures Tecnol\u00f2giques i Recursos Digitals\" Aquest projecte t\u00e9 com a objectius, incrementar l'efici\u00e8ncia en els [&hellip;]","og_url":"https:\/\/santapola.es\/ca\/prtr\/","og_site_name":"Ajuntament de Santa Pola","article_publisher":"https:\/\/www.facebook.com\/AyuntamientoSantaPola\/","article_modified_time":"2026-04-27T11:38:13+00:00","twitter_card":"summary_large_image","twitter_site":"@SantaPolaAyunt","schema":{"@context":"https:\/\/schema.org","@graph":[{"@type":"WebPage","@id":"https:\/\/santapola.es\/ca\/prtr\/","url":"https:\/\/santapola.es\/ca\/prtr\/","name":"PRTR - Ajuntament de Santa Pola","isPartOf":{"@id":"https:\/\/santapola.es\/ca\/#website"},"datePublished":"2024-06-26T10:11:06+00:00","dateModified":"2026-04-27T11:38:13+00:00","breadcrumb":{"@id":"https:\/\/santapola.es\/ca\/prtr\/#breadcrumb"},"inLanguage":"ca","potentialAction":[{"@type":"ReadAction","target":["https:\/\/santapola.es\/ca\/prtr\/"]}]},{"@type":"BreadcrumbList","@id":"https:\/\/santapola.es\/ca\/prtr\/#breadcrumb","itemListElement":[{"@type":"ListItem","position":1,"name":"Inici","item":"https:\/\/santapola.es\/ca\/"},{"@type":"ListItem","position":2,"name":"PRTR"}]},{"@type":"WebSite","@id":"https:\/\/santapola.es\/ca\/#website","url":"https:\/\/santapola.es\/ca\/","name":"Ayuntamiento de Santa Pola","description":"Web de l'Ajuntament de Santa Pola","potentialAction":[{"@type":"SearchAction","target":{"@type":"EntryPoint","urlTemplate":"https:\/\/santapola.es\/ca\/?s={search_term_string}"},"query-input":{"@type":"PropertyValueSpecification","valueRequired":true,"valueName":"search_term_string"}}],"inLanguage":"ca"}]}},"_links":{"self":[{"href":"https:\/\/santapola.es\/ca\/wp-json\/wp\/v2\/pages\/40347","targetHints":{"allow":["GET"]}}],"collection":[{"href":"https:\/\/santapola.es\/ca\/wp-json\/wp\/v2\/pages"}],"about":[{"href":"https:\/\/santapola.es\/ca\/wp-json\/wp\/v2\/types\/page"}],"author":[{"embeddable":true,"href":"https:\/\/santapola.es\/ca\/wp-json\/wp\/v2\/users\/95"}],"replies":[{"embeddable":true,"href":"https:\/\/santapola.es\/ca\/wp-json\/wp\/v2\/comments?post=40347"}],"version-history":[{"count":4,"href":"https:\/\/santapola.es\/ca\/wp-json\/wp\/v2\/pages\/40347\/revisions"}],"predecessor-version":[{"id":48595,"href":"https:\/\/santapola.es\/ca\/wp-json\/wp\/v2\/pages\/40347\/revisions\/48595"}],"wp:attachment":[{"href":"https:\/\/santapola.es\/ca\/wp-json\/wp\/v2\/media?parent=40347"}],"curies":[{"name":"wp","href":"https:\/\/api.w.org\/{rel}","templated":true}]}}