{"id":34567,"date":"2024-03-26T19:54:30","date_gmt":"2024-03-26T18:54:30","guid":{"rendered":"https:\/\/www.desarrollo.santapola.es\/telefons\/"},"modified":"2025-05-29T12:42:04","modified_gmt":"2025-05-29T10:42:04","slug":"telefons","status":"publish","type":"page","link":"https:\/\/santapola.es\/ca\/telefons\/","title":{"rendered":"Tel\u00e8fons"},"content":{"rendered":"<p>[et_pb_section fb_built=&#8221;1&#8243; disabled_on=&#8221;off|off|off&#8221; admin_label=&#8221;Secci\u00f3n fondo cabecera&#8221; _builder_version=&#8221;4.24.2&#8243; _module_preset=&#8221;default&#8221; background_image=&#8221;https:\/\/santapola.es\/wp-content\/uploads\/2021\/05\/Castillo_SantaPola.jpg&#8221; background_position=&#8221;center_right&#8221; background_horizontal_offset=&#8221;0%&#8221; height=&#8221;250px&#8221; hover_enabled=&#8221;0&#8243; custom_css_main_element=&#8221;display: flex;||justify-content: center;&#8221; global_colors_info=&#8221;{}&#8221; title_text=&#8221;Castillo_SantaPola&#8221; sticky_enabled=&#8221;0&#8243;][et_pb_row admin_label=&#8221;Fila cap\u00e7alera&#8221; _builder_version=&#8221;4.20.0&#8243; _module_preset=&#8221;c058b923-922c-4136-ad09-c0e7a4d225ab&#8221; background_color=&#8221;RGBA(255,255,255,0)&#8221; global_colors_info=&#8221;{}&#8221;][et_pb_column type=&#8221;4_4&#8243; _builder_version=&#8221;4.20.0&#8243; _module_preset=&#8221;default&#8221; global_colors_info=&#8221;{}&#8221;][et_pb_text admin_label=&#8221;Texto t\u00edtulo de cabecera&#8221; _builder_version=&#8221;4.24.2&#8243; _module_preset=&#8221;default&#8221; text_font=&#8221;|600|||||||&#8221; text_text_color=&#8221;#FFFFFF&#8221; text_font_size=&#8221;550%&#8221; text_line_height=&#8221;0.9em&#8221; background_color=&#8221;RGBA(255,255,255,0)&#8221; text_orientation=&#8221;center&#8221; hover_enabled=&#8221;0&#8243; text_font_size_tablet=&#8221;500%&#8221; text_font_size_phone=&#8221;400%&#8221; text_font_size_last_edited=&#8221;on|phone&#8221; text_line_height_tablet=&#8221;0.9em&#8221; text_line_height_phone=&#8221;0.9em&#8221; text_line_height_last_edited=&#8221;off|desktop&#8221; text_text_shadow_style=&#8221;preset2&#8243; text_text_shadow_color=&#8221;#000000&#8243; global_colors_info=&#8221;{}&#8221; sticky_enabled=&#8221;0&#8243;]<\/p>\n<p>Tel\u00e8fons<\/p>\n<p>[\/et_pb_text][\/et_pb_column][\/et_pb_row][\/et_pb_section][et_pb_section fb_built=&#8221;1&#8243; inner_shadow=&#8221;on&#8221; custom_padding_last_edited=&#8221;on|desktop&#8221; admin_label=&#8221;Secci\u00f3n cuerpo P\u00e1gina principal&#8221; _builder_version=&#8221;4.20.0&#8243; background_color=&#8221;#ffffff&#8221; width=&#8221;100%&#8221; custom_margin=&#8221;-5px||||false|false&#8221; custom_margin_tablet=&#8221;-5px||||false|false&#8221; custom_margin_phone=&#8221;-5px||||false|false&#8221; custom_margin_last_edited=&#8221;on|phone&#8221; custom_padding=&#8221;0px|0px|50px|0px|false|false&#8221; custom_padding_tablet=&#8221;0px|0|50px|0|false|false&#8221; custom_padding_phone=&#8221;|0|50px|0|false|false&#8221; custom_css_main_element=&#8221;display:flex;||flex-wrap:wrap;&#8221; transparent_background=&#8221;off&#8221; make_fullwidth=&#8221;off&#8221; use_custom_width=&#8221;off&#8221; width_unit=&#8221;on&#8221; custom_width_px=&#8221;1080px&#8221; custom_width_percent=&#8221;80%&#8221; global_colors_info=&#8221;{}&#8221;][et_pb_row admin_label=&#8221;Fila contenidor cercador&#8221; _builder_version=&#8221;4.20.0&#8243; _module_preset=&#8221;default&#8221; global_colors_info=&#8221;%91%93&#8243;][et_pb_column type=&#8221;4_4&#8243; _builder_version=&#8221;4.20.0&#8243; _module_preset=&#8221;default&#8221; global_colors_info=&#8221;{}&#8221;][et_pb_search placeholder=&#8221;En qu\u00e8 podem ajudar-lo?&#8221; button_color=&#8221;#124159&#8243; placeholder_color=&#8221;#999999&#8243; _builder_version=&#8221;4.20.0&#8243; _module_preset=&#8221;default&#8221; form_field_background_color=&#8221;#FFFFFF&#8221; form_field_text_color=&#8221;#0c71c3&#8243; form_field_focus_background_color=&#8221;#FFFFFF&#8221; form_field_focus_text_color=&#8221;#124159&#8243; button_text_color=&#8221;#FFFFFF&#8221; form_field_font=&#8221;|600|||||||&#8221; form_field_text_align=&#8221;center&#8221; background_color=&#8221;RGBA(255,255,255,0)&#8221; text_orientation=&#8221;center&#8221; border_color_all=&#8221;#2c67a5&#8243; box_shadow_style=&#8221;preset4&#8243; box_shadow_horizontal=&#8221;7px&#8221; box_shadow_vertical=&#8221;8px&#8221; box_shadow_color=&#8221;rgba(109,137,165,0.26)&#8221; global_colors_info=&#8221;{}&#8221;][\/et_pb_search][\/et_pb_column][\/et_pb_row][et_pb_row admin_label=&#8221;Fila contenidor Migas de pan&#8221; _builder_version=&#8221;4.20.0&#8243; _module_preset=&#8221;_initial&#8221; width_tablet=&#8221;&#8221; width_phone=&#8221;&#8221; width_last_edited=&#8221;on|phone&#8221; max_width=&#8221;65%&#8221; max_width_tablet=&#8221;80%&#8221; max_width_phone=&#8221;80%&#8221; max_width_last_edited=&#8221;on|desktop&#8221; custom_margin=&#8221;15px|auto|0px|auto|false|false&#8221; custom_margin_tablet=&#8221;5px|auto|0px|auto|false|false&#8221; custom_margin_phone=&#8221;15px|auto|0px|auto|false|false&#8221; custom_padding=&#8221;0px||0px||false|false&#8221; make_fullwidth=&#8221;on&#8221; use_custom_width=&#8221;off&#8221; width_unit=&#8221;off&#8221; custom_width_px=&#8221;1080px&#8221; custom_width_percent=&#8221;80%&#8221; global_colors_info=&#8221;{}&#8221; custom_css_main_element_last_edited=&#8221;on|desktop&#8221; custom_css_main_element_phone=&#8221;order:1;&#8221;][et_pb_column type=&#8221;4_4&#8243; admin_label=&#8221;Columna 1&#8243; _builder_version=&#8221;4.20.0&#8243; custom_padding=&#8221;|||&#8221; global_colors_info=&#8221;{}&#8221; custom_padding__hover=&#8221;|||&#8221;][et_pb_code admin_label=&#8221;Migas de pan&#8221; _builder_version=&#8221;4.20.0&#8243; _module_preset=&#8221;default&#8221; custom_margin=&#8221;||||false|false&#8221; custom_padding=&#8221;||||false|false&#8221; global_colors_info=&#8221;{}&#8221;]<pee><span><span><a href=\"https:\/\/santapola.es\/ca\/\">Inici<\/a><\/span><\/span><\/pee>[\/et_pb_code][\/et_pb_column][\/et_pb_row][et_pb_row column_padding_mobile=&#8221;on&#8221; admin_label=&#8221;Fila contenidor principal&#8221; _builder_version=&#8221;4.21.0&#8243; _module_preset=&#8221;_initial&#8221; background_size=&#8221;initial&#8221; background_position=&#8221;top_left&#8221; background_repeat=&#8221;repeat&#8221; width=&#8221;100%&#8221; width_tablet=&#8221;80%&#8221; width_phone=&#8221;80%&#8221; width_last_edited=&#8221;on|desktop&#8221; max_width=&#8221;65%&#8221; max_width_tablet=&#8221;80%&#8221; max_width_phone=&#8221;80%&#8221; max_width_last_edited=&#8221;on|tablet&#8221; custom_margin=&#8221;0px|auto|15px|auto|false|false&#8221; custom_margin_tablet=&#8221;|auto|15px|auto|false|false&#8221; custom_margin_phone=&#8221;|auto|15px|auto|false|false&#8221; custom_margin_last_edited=&#8221;on|phone&#8221; custom_padding=&#8221;10px|15px|0px|0px|false|false&#8221; make_fullwidth=&#8221;on&#8221; use_custom_width=&#8221;off&#8221; width_unit=&#8221;off&#8221; custom_width_px=&#8221;1080px&#8221; custom_width_percent=&#8221;80%&#8221; global_colors_info=&#8221;{}&#8221; custom_css_main_element__hover_enabled=&#8221;off|desktop&#8221; custom_css_main_element_last_edited=&#8221;on|phone&#8221; custom_css_main_element_phone=&#8221;order:2;&#8221;][et_pb_column type=&#8221;4_4&#8243; module_class=&#8221;col-ancho-total&#8221; admin_label=&#8221;Columna 1&#8243; _builder_version=&#8221;4.20.0&#8243; custom_padding=&#8221;|||&#8221; global_colors_info=&#8221;{}&#8221; custom_padding__hover=&#8221;|||&#8221; custom_css_main_element_last_edited=&#8221;on|phone&#8221; custom_css_main_element_phone=&#8221; margin-bottom: 0px;&#8221;][et_pb_text content_last_edited=&#8221;off|desktop&#8221; admin_label=&#8221;T\u00edtulo. Tel\u00e9fonos&#8221; _builder_version=&#8221;4.24.2&#8243; _module_preset=&#8221;default&#8221; text_font=&#8221;|600|||||||&#8221; text_text_color=&#8221;#124159&#8243; text_font_size=&#8221;150%&#8221; text_line_height=&#8221;1.8em&#8221; header_text_color=&#8221;#123159&#8243; header_2_font=&#8221;|600|||||||&#8221; header_2_text_color=&#8221;#124159&#8243; header_2_font_size=&#8221;22px&#8221; custom_margin=&#8221;0px||30px||false|false&#8221; custom_padding=&#8221;0px||0px|||&#8221; hover_enabled=&#8221;0&#8243; border_width_bottom=&#8221;1px&#8221; border_color_bottom=&#8221;rgba(18,65,89,0.45)&#8221; global_colors_info=&#8221;{}&#8221; sticky_enabled=&#8221;0&#8243;]<\/p>\n<p>Tel\u00e8fons d&#8217;inter\u00e9s<\/p>\n<p>[\/et_pb_text][et_pb_accordion open_toggle_text_color=&#8221;#0C71C3&#8243; closed_toggle_background_color=&#8221;#E9F0F6&#8243; _builder_version=&#8221;4.24.2&#8243; _module_preset=&#8221;default&#8221; toggle_text_color=&#8221;#124159&#8243; toggle_font=&#8221;|600|||||||&#8221; toggle_font_size=&#8221;15px&#8221; toggle_line_height=&#8221;1.3em&#8221; custom_margin=&#8221;||||false|false&#8221; custom_padding=&#8221;|12px||12px|false|false&#8221; hover_enabled=&#8221;0&#8243; custom_css_toggle=&#8221;margin-bottom:18px&#8221; custom_css_toggle_title=&#8221;padding:5px 12px 5px 12px;||background-color:#E9F0F6;&#8221; border_radii=&#8221;on|6px|6px|6px|6px&#8221; border_color_all=&#8221;rgba(129,165,193,0.65)&#8221; box_shadow_style=&#8221;preset3&#8243; global_colors_info=&#8221;{}&#8221; sticky_enabled=&#8221;0&#8243; admin_label=&#8221;Pesta\u00f1as tel\u00e9fono&#8221;][et_pb_accordion_item title=&#8221;BLANC&#8221; open=&#8221;off&#8221; _builder_version=&#8221;4.21.0&#8243; _module_preset=&#8221;default&#8221; custom_css_main_element=&#8221;display:none;&#8221; global_colors_info=&#8221;{}&#8221;][\/et_pb_accordion_item][et_pb_accordion_item title=&#8221;Ajuntament&#8221; _builder_version=&#8221;4.24.2&#8243; _module_preset=&#8221;default&#8221; custom_margin=&#8221;||20px||false|false&#8221; global_colors_info=&#8221;{}&#8221; open=&#8221;off&#8221;]<\/p>\n<p>Pl. Constituci\u00f3. N\u00fam. 1 &#8211; <strong>Tlf: 965 411 100<\/strong><\/p>\n<p>[\/et_pb_accordion_item][et_pb_accordion_item title=&#8221;Acuari&#8221; _builder_version=&#8221;4.24.2&#8243; _module_preset=&#8221;default&#8221; custom_margin=&#8221;||20px||false|false&#8221; global_colors_info=&#8221;{}&#8221; open=&#8221;off&#8221;]<\/p>\n<p>Pza. Fern\u00e1ndez Ord\u00f3\u00f1ez, s\/n\u00a0 &#8211;\u00a0 <strong>Tlf: 965 416 916<\/strong><\/p>\n<p>[\/et_pb_accordion_item][et_pb_accordion_item title=&#8221;Ag\u00e8ncia de Desenvolupament Local&#8221; _builder_version=&#8221;4.24.2&#8243; _module_preset=&#8221;default&#8221; custom_margin=&#8221;||20px||false|false&#8221; global_colors_info=&#8221;{}&#8221; open=&#8221;off&#8221;]<\/p>\n<p>C\/ Astilleros, n\u00ba 4\u00a0 &#8211;\u00a0 <strong>Tlf: 965 417 136<\/strong><\/p>\n<p>[\/et_pb_accordion_item][et_pb_accordion_item title=&#8221;Hidraqua&#8221; _builder_version=&#8221;4.24.2&#8243; _module_preset=&#8221;default&#8221; custom_margin=&#8221;||20px||false|false&#8221; global_colors_info=&#8221;{}&#8221; open=&#8221;off&#8221;]<\/p>\n<p>Pza. Diputaci\u00f3n. s\/n\u00a0 \u00a0&#8211;\u00a0 \u00a0<strong>Tlf: 965 414 124<\/strong><\/p>\n<p>[\/et_pb_accordion_item][et_pb_accordion_item title=&#8221;Biblioteca&#8221; _builder_version=&#8221;4.24.2&#8243; _module_preset=&#8221;default&#8221; custom_margin=&#8221;||20px||false|false&#8221; global_colors_info=&#8221;{}&#8221; open=&#8221;off&#8221;]<\/p>\n<p>C\/ Elche, n\u00ba 24\u00a0 \u00a0 &#8211;\u00a0 \u00a0 <strong>Tlf: 966 692 773<\/strong><\/p>\n<p>[\/et_pb_accordion_item][et_pb_accordion_item title=&#8221;Biblioteca Gran Alacant&#8221; _builder_version=&#8221;4.24.2&#8243; _module_preset=&#8221;default&#8221; custom_margin=&#8221;||20px||false|false&#8221; global_colors_info=&#8221;{}&#8221; open=&#8221;off&#8221;]<\/p>\n<p>Avda. Escandinavia, n\u00ba 35\u00a0 \u00a0&#8211;\u00a0 \u00a0<strong>Tlf: 966 697 110<\/strong><\/p>\n<p>[\/et_pb_accordion_item][et_pb_accordion_item title=&#8221;Biblioteca Infantil y Juvenil&#8221; _builder_version=&#8221;4.24.2&#8243; _module_preset=&#8221;default&#8221; custom_margin=&#8221;||20px||false|false&#8221; global_colors_info=&#8221;{}&#8221; open=&#8221;off&#8221;]<\/p>\n<p>C\/ Casta\u00f1os, n\u00ba 10-12\u00a0 \u00a0 &#8211;\u00a0 \u00a0<strong>Tlf: 966 694 008<\/strong><\/p>\n<p>[\/et_pb_accordion_item][et_pb_accordion_item title=&#8221;Bombers&#8221; _builder_version=&#8221;4.24.2&#8243; _module_preset=&#8221;default&#8221; custom_margin=&#8221;||20px||false|false&#8221; global_colors_info=&#8221;{}&#8221; open=&#8221;off&#8221;]<\/p>\n<p><strong>Tlf. Emerg\u00e8ncies: 112<\/strong><\/p>\n<p>Allacant \u2013 Jaime II. C\/ Pozo,n\u00ba 14\u00a0 \u00a0&#8211;\u00a0 <strong>Tlf: 965 988 900<\/strong><\/p>\n<p>Elx \u2013 LLano de San Jos\u00e9, s\/n\u00a0 \u00a0 &#8211;\u00a0 \u00a0<strong>Tlf: 965 675 697<\/strong><\/p>\n<p>[\/et_pb_accordion_item][et_pb_accordion_item title=&#8221;Casa de la Cultura&#8221; _builder_version=&#8221;4.24.2&#8243; _module_preset=&#8221;default&#8221; custom_margin=&#8221;||20px||false|false&#8221; global_colors_info=&#8221;{}&#8221; open=&#8221;off&#8221;]<\/p>\n<p>C\/ Elx, n\u00ba 24\u00a0 \u00a0&#8211;\u00a0 <strong>Tlf: 966 692 776<\/strong><\/p>\n<p>[\/et_pb_accordion_item][et_pb_accordion_item title=&#8221;Cementeri&#8221; _builder_version=&#8221;4.24.2&#8243; _module_preset=&#8221;default&#8221; custom_margin=&#8221;||20px||false|false&#8221; global_colors_info=&#8221;{}&#8221; open=&#8221;off&#8221;]<\/p>\n<p>Ctra. Elx-Santa Pola, n\u00ba 5\u00a0 \u00a0&#8211;\u00a0 \u00a0<strong>Tlf: 966 692 775<\/strong><\/p>\n<p>[\/et_pb_accordion_item][et_pb_accordion_item title=&#8221;Cementeri Nou&#8221; _builder_version=&#8221;4.24.2&#8243; _module_preset=&#8221;default&#8221; custom_margin=&#8221;||20px||false|false&#8221; global_colors_info=&#8221;{}&#8221; open=&#8221;off&#8221;]<\/p>\n<p>Cam\u00ed del Cementeri nou de Sta. Pola \u00a0&#8211;\u00a0 \u00a0<strong>Tlf: 965 971 411<\/strong><\/p>\n<p>[\/et_pb_accordion_item][et_pb_accordion_item title=&#8221;Cementeri Nou&#8221; _builder_version=&#8221;4.24.2&#8243; _module_preset=&#8221;default&#8221; custom_margin=&#8221;||20px||false|false&#8221; global_colors_info=&#8221;{}&#8221; open=&#8221;off&#8221;]<\/p>\n<p>Cam\u00ed del Cementeri nou de Sta. Pola \u00a0&#8211;\u00a0 \u00a0<strong>Tlf: 965 971 411<\/strong><\/p>\n<p>[\/et_pb_accordion_item][et_pb_accordion_item title=&#8221;Centre C\u00edvic i Social&#8221; _builder_version=&#8221;4.24.2&#8243; _module_preset=&#8221;default&#8221; custom_margin=&#8221;||20px||false|false&#8221; global_colors_info=&#8221;{}&#8221; open=&#8221;off&#8221;]<\/p>\n<p>C\/ Casta\u00f1os n\u00ba 10-12\u00a0 \u00a0&#8211;\u00a0 \u00a0<strong>Tlf: 966 690 745<\/strong><\/p>\n<p>[\/et_pb_accordion_item][et_pb_accordion_item title=&#8221;Centre Social Comunitari Ag\u00e8ncia de Mediaci\u00f3 i Integraci\u00f3 Cultural AMICS&#8221; _builder_version=&#8221;4.24.2&#8243; _module_preset=&#8221;default&#8221; custom_margin=&#8221;||20px||false|false&#8221; global_colors_info=&#8221;{}&#8221; open=&#8221;off&#8221;]<\/p>\n<p>C\/ Espoz y Mina, n\u00ba 55\u00a0 \u00a0&#8211;\u00a0 <strong>Tlf: 966 69 66020 <\/strong><\/p>\n<p>[\/et_pb_accordion_item][et_pb_accordion_item title=&#8221;CEIP Azor\u00edn&#8221; _builder_version=&#8221;4.24.2&#8243; _module_preset=&#8221;default&#8221; custom_margin=&#8221;||20px||false|false&#8221; global_colors_info=&#8221;{}&#8221; open=&#8221;off&#8221;]<\/p>\n<p><strong>Tlf: 966 616 070<\/strong><\/p>\n<p>[\/et_pb_accordion_item][et_pb_accordion_item title=&#8221;CEIP Cervantes&#8221; _builder_version=&#8221;4.24.2&#8243; _module_preset=&#8221;default&#8221; custom_margin=&#8221;||20px||false|false&#8221; global_colors_info=&#8221;{}&#8221; open=&#8221;off&#8221;]<\/p>\n<p><strong>Tlf: 966 915 135<\/strong><\/p>\n<p>[\/et_pb_accordion_item][et_pb_accordion_item title=&#8221;CEIP Hispanidad&#8221; _builder_version=&#8221;4.24.2&#8243; _module_preset=&#8221;default&#8221; custom_margin=&#8221;||20px||false|false&#8221; global_colors_info=&#8221;{}&#8221; open=&#8221;off&#8221;]<\/p>\n<p><strong>Tlf: 966 616 035<\/strong><\/p>\n<p>[\/et_pb_accordion_item][et_pb_accordion_item title=&#8221;CEIP Joanot Martorell&#8221; _builder_version=&#8221;4.24.2&#8243; _module_preset=&#8221;default&#8221; custom_margin=&#8221;||20px||false|false&#8221; global_colors_info=&#8221;{}&#8221; open=&#8221;off&#8221;]<\/p>\n<p><strong>Tlf: 966 912 025<\/strong><\/p>\n<p>[\/et_pb_accordion_item][et_pb_accordion_item title=&#8221;CEIP Ram\u00f3n Cuesta&#8221; _builder_version=&#8221;4.24.2&#8243; _module_preset=&#8221;default&#8221; custom_margin=&#8221;||20px||false|false&#8221; global_colors_info=&#8221;{}&#8221; open=&#8221;off&#8221;]<\/p>\n<p><strong>Tlf: 966 913 145<\/strong><\/p>\n<p>[\/et_pb_accordion_item][et_pb_accordion_item title=&#8221;CEIP Vicenta Ruso&#8221; _builder_version=&#8221;4.24.2&#8243; _module_preset=&#8221;default&#8221; custom_margin=&#8221;||20px||false|false&#8221; global_colors_info=&#8221;{}&#8221; open=&#8221;off&#8221;]<\/p>\n<p><strong>Tlf: 966 695 396<\/strong><\/p>\n<p>[\/et_pb_accordion_item][et_pb_accordion_item title=&#8221;CEIP Virgen de Loreto&#8221; _builder_version=&#8221;4.24.2&#8243; _module_preset=&#8221;default&#8221; custom_margin=&#8221;||20px||false|false&#8221; global_colors_info=&#8221;{}&#8221; open=&#8221;off&#8221;]<\/p>\n<p><strong>Tlf: 966 616 040<\/strong><\/p>\n<p>[\/et_pb_accordion_item][et_pb_accordion_item title=&#8221;Centre de Persones Majors 3a Edat %22La Senia%22&#8243; _builder_version=&#8221;4.24.2&#8243; _module_preset=&#8221;default&#8221; custom_margin=&#8221;||20px||false|false&#8221; global_colors_info=&#8221;{}&#8221; open=&#8221;off&#8221;]<\/p>\n<p>C\/Elche, n\u00ba 55 Bajo\u00a0 \u00a0&#8211;\u00a0 \u00a0<strong>Tlf: <\/strong><strong>966 692 274<\/strong><\/p>\n<p>[\/et_pb_accordion_item][et_pb_accordion_item title=&#8221;Centre de Salut i Urg\u00e8ncies&#8221; _builder_version=&#8221;4.24.2&#8243; _module_preset=&#8221;default&#8221; custom_margin=&#8221;||20px||false|false&#8221; global_colors_info=&#8221;{}&#8221; open=&#8221;off&#8221;]<\/p>\n<p>Av. Albacete, s\/n\u00a0 \u00a0&#8211;\u00a0 \u00a0<strong>Tlf: 966 915 300<\/strong><\/p>\n<p><strong>Tlf. Urg\u00e8ncies: 965 41 63 61<\/strong><\/p>\n<p>[\/et_pb_accordion_item][et_pb_accordion_item title=&#8221;Centre de Salut Gran Alacant&#8221; _builder_version=&#8221;4.24.2&#8243; _module_preset=&#8221;default&#8221; custom_margin=&#8221;||20px||false|false&#8221; global_colors_info=&#8221;{}&#8221; open=&#8221;off&#8221;]<\/p>\n<p>Av. de Escandinavia, n\u00ba 31\u00a0 \u00a0&#8211;\u00a0 \u00a0<strong>Tlf: 966 91 23 60<\/strong><\/p>\n<p>[\/et_pb_accordion_item][et_pb_accordion_item title=&#8221;Confraria de Pescadors&#8221; _builder_version=&#8221;4.24.2&#8243; _module_preset=&#8221;default&#8221; custom_margin=&#8221;||20px||false|false&#8221; global_colors_info=&#8221;{}&#8221; open=&#8221;off&#8221;]<\/p>\n<p>C\/Muelle, n\u00ba 35\u00a0 &#8211;\u00a0 <strong>Tlf: 965 411 292<\/strong><\/p>\n<p>[\/et_pb_accordion_item][et_pb_accordion_item title=&#8221;Colegi Alonai&#8221; _builder_version=&#8221;4.24.2&#8243; _module_preset=&#8221;default&#8221; custom_margin=&#8221;||20px||false|false&#8221; global_colors_info=&#8221;{}&#8221; open=&#8221;off&#8221;]<\/p>\n<p>C\/Rambla, n\u00ba1\u00a0 &#8211;\u00a0 <strong>Tlf: 965 412 534<\/strong><\/p>\n<p>[\/et_pb_accordion_item][et_pb_accordion_item title=&#8221;Correus&#8221; _builder_version=&#8221;4.24.2&#8243; _module_preset=&#8221;default&#8221; custom_margin=&#8221;||20px||false|false&#8221; global_colors_info=&#8221;{}&#8221; open=&#8221;off&#8221;]<\/p>\n<p>Av. Fernando P\u00e9rez Ojeda, n\u00ba 7\u00a0 &#8211;\u00a0 <strong>Tlf: 965 413 037<\/strong><\/p>\n<p>[\/et_pb_accordion_item][et_pb_accordion_item title=&#8221;Correus Gran Alacant&#8221; _builder_version=&#8221;4.24.2&#8243; _module_preset=&#8221;default&#8221; custom_margin=&#8221;||20px||false|false&#8221; global_colors_info=&#8221;{}&#8221; open=&#8221;off&#8221;]<\/p>\n<p>Av. Escandinavia, n\u00ba6\u00a0 &#8211;\u00a0 <strong>Tlf: 902 197 197<\/strong><\/p>\n<p>[\/et_pb_accordion_item][et_pb_accordion_item title=&#8221;Creu Roja i urg\u00e8ncies&#8221; _builder_version=&#8221;4.24.2&#8243; _module_preset=&#8221;default&#8221; custom_margin=&#8221;||20px||false|false&#8221; global_colors_info=&#8221;{}&#8221; open=&#8221;off&#8221;]<\/p>\n<p><strong>Tlf: 965 41 69 36<\/strong><\/p>\n<p>Tlf. Urg\u00e8ncies: <strong>965 41 63 61<\/strong><\/p>\n<p>[\/et_pb_accordion_item][et_pb_accordion_item title=&#8221;Estaci\u00f3 d&apos;autobusos&#8221; _builder_version=&#8221;4.24.2&#8243; _module_preset=&#8221;default&#8221; custom_margin=&#8221;||20px||false|false&#8221; global_colors_info=&#8221;{}&#8221; open=&#8221;off&#8221;]<\/p>\n<p><strong>Tlf: 966 69 60 11<\/strong><\/p>\n<p>[\/et_pb_accordion_item][et_pb_accordion_item title=&#8221;Faro de Santa Pola&#8221; _builder_version=&#8221;4.24.2&#8243; _module_preset=&#8221;default&#8221; custom_margin=&#8221;||20px||false|false&#8221; global_colors_info=&#8221;{}&#8221; open=&#8221;off&#8221;]<\/p>\n<p><strong>Tlf: 965 411 776<\/strong><\/p>\n<p>[\/et_pb_accordion_item][et_pb_accordion_item title=&#8221;Gas Butano&#8221; _builder_version=&#8221;4.24.2&#8243; _module_preset=&#8221;default&#8221; custom_margin=&#8221;||20px||false|false&#8221; global_colors_info=&#8221;{}&#8221; open=&#8221;off&#8221;]<\/p>\n<p>Tlf. Repsol: <strong>966 672 911<\/strong><\/p>\n<p>Tlf. Cepsa: <strong>965 10 25 73 \/ 965 10 09 58<\/strong><\/p>\n<p>[\/et_pb_accordion_item][et_pb_accordion_item title=&#8221;Gu\u00e0rdia Civil&#8221; _builder_version=&#8221;4.24.2&#8243; _module_preset=&#8221;default&#8221; custom_margin=&#8221;||20px||false|false&#8221; hover_enabled=&#8221;0&#8243; global_colors_info=&#8221;{}&#8221; open=&#8221;off&#8221; sticky_enabled=&#8221;0&#8243;]<\/p>\n<p>Pza. Diputaci\u00f3n, n\u00ba2\u00a0 &#8211; <strong>\u00a0Tlf: 965 41 12 90<\/strong><\/p>\n<p>[\/et_pb_accordion_item][et_pb_accordion_item title=&#8221;I.E.S. Santa Pola&#8221; _builder_version=&#8221;4.24.2&#8243; _module_preset=&#8221;default&#8221; custom_margin=&#8221;||20px||false|false&#8221; hover_enabled=&#8221;0&#8243; global_colors_info=&#8221;{}&#8221; open=&#8221;off&#8221; sticky_enabled=&#8221;0&#8243;]<\/p>\n<p><strong>Tlf: 965 412 900<\/strong><\/p>\n<p>[\/et_pb_accordion_item][et_pb_accordion_item title=&#8221;I.E.S. Cap de L&apos;Aljub&#8221; _builder_version=&#8221;4.24.2&#8243; _module_preset=&#8221;default&#8221; custom_margin=&#8221;||20px||false|false&#8221; hover_enabled=&#8221;0&#8243; global_colors_info=&#8221;{}&#8221; open=&#8221;off&#8221; sticky_enabled=&#8221;0&#8243;]<\/p>\n<p>Tlf: 965 412 900<\/p>\n<p>[\/et_pb_accordion_item][et_pb_accordion_item title=&#8221;Iberdrola&#8221; _builder_version=&#8221;4.24.2&#8243; _module_preset=&#8221;default&#8221; custom_margin=&#8221;||20px||false|false&#8221; hover_enabled=&#8221;0&#8243; global_colors_info=&#8221;{}&#8221; open=&#8221;off&#8221; sticky_enabled=&#8221;0&#8243;]<\/p>\n<p>Tlf. Atenci\u00f3 al client: <strong>900 225 235<\/strong><\/p>\n<p>Tlf. Assist\u00e8ncia t\u00e8cnica: <strong>900 22 45 22<\/strong><\/p>\n<p>Tlf. Distribuci\u00f3 electrica Averias generals en xarxa. Noves Instal\u00b7lacions de xarxa: <strong>900 171 171<\/strong><\/p>\n<p>[\/et_pb_accordion_item][et_pb_accordion_item title=&#8221;Institut Social de la Marina&#8221; _builder_version=&#8221;4.24.2&#8243; _module_preset=&#8221;default&#8221; custom_margin=&#8221;||20px||false|false&#8221; hover_enabled=&#8221;0&#8243; global_colors_info=&#8221;{}&#8221; open=&#8221;off&#8221; sticky_enabled=&#8221;0&#8243;]<\/p>\n<p>C\/ Fernando P\u00e9rez Ojeda, n\u00ba 27\u00a0 \u00a0&#8211; Tlf: <strong>965 41 16 42<\/strong><\/p>\n<p>[\/et_pb_accordion_item][et_pb_accordion_item title=&#8221;Jutjat de pau&#8221; _builder_version=&#8221;4.24.2&#8243; _module_preset=&#8221;default&#8221; custom_margin=&#8221;||20px||false|false&#8221; hover_enabled=&#8221;0&#8243; global_colors_info=&#8221;{}&#8221; open=&#8221;off&#8221; sticky_enabled=&#8221;0&#8243;]<\/p>\n<p>C\/ Cervantes, n\u00ba 28\u00a0 \u00a0&#8211;\u00a0 <strong>Tlf: 966 692 384<\/strong><\/p>\n<p>[\/et_pb_accordion_item][et_pb_accordion_item title=&#8221;Llotja de peix&#8221; _builder_version=&#8221;4.24.2&#8243; _module_preset=&#8221;default&#8221; custom_margin=&#8221;||20px||false|false&#8221; hover_enabled=&#8221;0&#8243; global_colors_info=&#8221;{}&#8221; open=&#8221;off&#8221; sticky_enabled=&#8221;0&#8243;]<\/p>\n<p>Tel\u00e8fons: 965 411 205 \/ 965 411 177<\/p>\n<p>[\/et_pb_accordion_item][et_pb_accordion_item title=&#8221;Mercat Central&#8221; _builder_version=&#8221;4.24.2&#8243; _module_preset=&#8221;default&#8221; custom_margin=&#8221;||20px||false|false&#8221; hover_enabled=&#8221;0&#8243; global_colors_info=&#8221;{}&#8221; open=&#8221;off&#8221; sticky_enabled=&#8221;0&#8243;]<\/p>\n<p>Pza. Maestro Quislant. <strong>Tlf: 966 693 648<\/strong><\/p>\n<p>[\/et_pb_accordion_item][et_pb_accordion_item title=&#8221;Museu&#8221; _builder_version=&#8221;4.24.2&#8243; _module_preset=&#8221;default&#8221; custom_margin=&#8221;||20px||false|false&#8221; hover_enabled=&#8221;0&#8243; global_colors_info=&#8221;{}&#8221; open=&#8221;off&#8221; sticky_enabled=&#8221;0&#8243;]<\/p>\n<p>Castell de Santa Pola. &#8211;\u00a0 \u00a0<strong>Tlf: 966 692 772<\/strong><\/p>\n<p>[\/et_pb_accordion_item][et_pb_accordion_item title=&#8221;Notari Juan Antonio Fern\u00e1ndez Ciudad&#8221; _builder_version=&#8221;4.24.2&#8243; _module_preset=&#8221;default&#8221; custom_margin=&#8221;||20px||false|false&#8221; hover_enabled=&#8221;0&#8243; global_colors_info=&#8221;{}&#8221; open=&#8221;off&#8221; sticky_enabled=&#8221;0&#8243;]<\/p>\n<p>C\/ Santa Isabel, n\u00ba 1 Entlo.\u00a0 \u00a0&#8211;\u00a0 \u00a0<strong>Tlf: 965 412 850<\/strong><\/p>\n<p>[\/et_pb_accordion_item][et_pb_accordion_item title=&#8221;Notari Rafael Fco. Mestre G\u00f3mez&#8221; _builder_version=&#8221;4.24.2&#8243; _module_preset=&#8221;default&#8221; custom_margin=&#8221;||20px||false|false&#8221; hover_enabled=&#8221;0&#8243; global_colors_info=&#8221;{}&#8221; open=&#8221;off&#8221; sticky_enabled=&#8221;0&#8243;]<\/p>\n<p>C\/ Santa Isabel, n\u00ba 6 Entlo. <strong>Tel\u00e8fons: 966 694 038 \/ 608 600 008<\/strong><\/p>\n<p>[\/et_pb_accordion_item][et_pb_accordion_item title=&#8221;Nova Casa de la Mar&#8221; _builder_version=&#8221;4.24.2&#8243; _module_preset=&#8221;default&#8221; custom_margin=&#8221;||20px||false|false&#8221; hover_enabled=&#8221;0&#8243; global_colors_info=&#8221;{}&#8221; open=&#8221;on&#8221; sticky_enabled=&#8221;0&#8243;]<\/p>\n<p>Av. P\u00e9rez Ojeda, n\u00ba 27\u00a0 &#8211;\u00a0 <strong>\u00a0Tlf: 965 412 476 \/ 965 416 703<\/strong><\/p>\n<p>[\/et_pb_accordion_item][et_pb_accordion_item title=&#8221;Oficina d&apos;Informaci\u00f3 Municipal Gran Alacant&#8221; _builder_version=&#8221;4.24.2&#8243; _module_preset=&#8221;default&#8221; custom_margin=&#8221;||20px||false|false&#8221; hover_enabled=&#8221;0&#8243; global_colors_info=&#8221;{}&#8221; open=&#8221;off&#8221; sticky_enabled=&#8221;0&#8243;]<\/p>\n<p>Av. Escandinavia, n\u00ba 31\u00a0 \u00a0&#8211;\u00a0<strong> Tlf: 966 697 749<\/strong><\/p>\n<p>[\/et_pb_accordion_item][et_pb_accordion_item title=&#8221;Oficines de Turisme&#8221; _builder_version=&#8221;4.24.2&#8243; _module_preset=&#8221;default&#8221; custom_margin=&#8221;||20px||false|false&#8221; hover_enabled=&#8221;0&#8243; global_colors_info=&#8221;{}&#8221; open=&#8221;off&#8221; sticky_enabled=&#8221;0&#8243;]<\/p>\n<p>Tlf. Oficina situada en el Palmerar: <strong>966 692 276<\/strong><\/p>\n<p>Tlf. Oficina situada a l&#8217;Ajuntament: <strong>966 696 052<\/strong><\/p>\n<p>[\/et_pb_accordion_item][et_pb_accordion_item title=&#8221;OMIC (Atenci\u00f3 al consumidor)&#8221; _builder_version=&#8221;4.24.2&#8243; _module_preset=&#8221;default&#8221; custom_margin=&#8221;||20px||false|false&#8221; hover_enabled=&#8221;0&#8243; global_colors_info=&#8221;{}&#8221; open=&#8221;off&#8221; sticky_enabled=&#8221;0&#8243;]<\/p>\n<p>C\/ Casta\u00f1os, n\u00ba19\u00a0 &#8211;\u00a0 <strong>Tlf: 966 693 684<\/strong><\/p>\n<p>[\/et_pb_accordion_item][et_pb_accordion_item title=&#8221;ONCE&#8221; _builder_version=&#8221;4.24.2&#8243; _module_preset=&#8221;default&#8221; custom_margin=&#8221;||20px||false|false&#8221; hover_enabled=&#8221;0&#8243; global_colors_info=&#8221;{}&#8221; open=&#8221;off&#8221; sticky_enabled=&#8221;0&#8243;]<\/p>\n<p>C\/ Sant\u00edsima Trinidad, n\u00ba 4\u00a0 &#8211;\u00a0 <strong>Tlf: 966 693 486 <\/strong><\/p>\n<p>[\/et_pb_accordion_item][et_pb_accordion_item title=&#8221;Policia Local&#8221; _builder_version=&#8221;4.24.2&#8243; _module_preset=&#8221;default&#8221; custom_margin=&#8221;||20px||false|false&#8221; hover_enabled=&#8221;0&#8243; global_colors_info=&#8221;{}&#8221; open=&#8221;off&#8221; sticky_enabled=&#8221;0&#8243;]<\/p>\n<p>Ctra, Elche-Santapola, n\u00ba 17\u00a0 &#8211;\u00a0 <strong>Tlf: 965 41 11 03<\/strong><\/p>\n<p>[\/et_pb_accordion_item][et_pb_accordion_item title=&#8221;Polic\u00eda Local Gran Alacant&#8221; _builder_version=&#8221;4.24.2&#8243; _module_preset=&#8221;default&#8221; custom_margin=&#8221;||20px||false|false&#8221; hover_enabled=&#8221;0&#8243; global_colors_info=&#8221;{}&#8221; open=&#8221;off&#8221; sticky_enabled=&#8221;0&#8243;]<\/p>\n<p>Avd, Escandinavia, n\u00ba 31\u00a0 &#8211;\u00a0 <strong>Tlf: 965 41 37 92<\/strong><\/p>\n<p>[\/et_pb_accordion_item][et_pb_accordion_item title=&#8221;Protecci\u00f3 Civil&#8221; _builder_version=&#8221;4.24.2&#8243; _module_preset=&#8221;default&#8221; custom_margin=&#8221;||20px||false|false&#8221; hover_enabled=&#8221;0&#8243; global_colors_info=&#8221;{}&#8221; open=&#8221;off&#8221; sticky_enabled=&#8221;0&#8243;]<\/p>\n<p>Avd, de Ronda, s\/n\u00a0 \u00a0&#8211;\u00a0 \u00a0<strong>Tel\u00e9fonos: 965 41 50 50 \u2013 696 95 04 55<\/strong><\/p>\n<p>[\/et_pb_accordion_item][et_pb_accordion_item title=&#8221;Ports&#8221; _builder_version=&#8221;4.24.2&#8243; _module_preset=&#8221;default&#8221; custom_margin=&#8221;||20px||false|false&#8221; hover_enabled=&#8221;0&#8243; global_colors_info=&#8221;{}&#8221; open=&#8221;off&#8221; sticky_enabled=&#8221;0&#8243;]<\/p>\n<p><strong>Tlf: 965 413 574<\/strong><\/p>\n<p>[\/et_pb_accordion_item][et_pb_accordion_item title=&#8221;Registre de la Propietat&#8221; _builder_version=&#8221;4.24.2&#8243; _module_preset=&#8221;default&#8221; custom_margin=&#8221;||20px||false|false&#8221; hover_enabled=&#8221;0&#8243; global_colors_info=&#8221;{}&#8221; open=&#8221;off&#8221; sticky_enabled=&#8221;0&#8243;]<\/p>\n<p>C\/ Soria, n\u00ba 1\u00a0 &#8211;\u00a0 <strong>Tlf: 965 414 605<\/strong><\/p>\n<p>[\/et_pb_accordion_item][et_pb_accordion_item title=&#8221;Suma&#8221; _builder_version=&#8221;4.24.2&#8243; _module_preset=&#8221;default&#8221; custom_margin=&#8221;||20px||false|false&#8221; hover_enabled=&#8221;0&#8243; global_colors_info=&#8221;{}&#8221; open=&#8221;off&#8221; sticky_enabled=&#8221;0&#8243;]<\/p>\n<p>C\/ Vicente Salinas, n\u00ba 6\u00a0 &#8211;\u00a0 <strong>Tlf: 966 692 250<\/strong><\/p>\n<p>[\/et_pb_accordion_item][et_pb_accordion_item title=&#8221;Tanatori&#8221; _builder_version=&#8221;4.24.2&#8243; _module_preset=&#8221;default&#8221; custom_margin=&#8221;||20px||false|false&#8221; hover_enabled=&#8221;0&#8243; global_colors_info=&#8221;{}&#8221; open=&#8221;off&#8221; sticky_enabled=&#8221;0&#8243;]<\/p>\n<p>C\/ Fontaneros, n\u00ba 15\u00a0 &#8211;\u00a0 <strong>Tel\u00e9fonos: 966 691 720 \/ 966 691 046<\/strong><\/p>\n<p>[\/et_pb_accordion_item][et_pb_accordion_item title=&#8221;Taxis&#8221; _builder_version=&#8221;4.24.2&#8243; _module_preset=&#8221;default&#8221; custom_margin=&#8221;||20px||false|false&#8221; hover_enabled=&#8221;0&#8243; global_colors_info=&#8221;{}&#8221; open=&#8221;off&#8221; sticky_enabled=&#8221;0&#8243;]<\/p>\n<p><strong>Tel\u00e8fons: 965 41 11 11 \/ 965 41 25 25<\/strong><\/p>\n<p>[\/et_pb_accordion_item][et_pb_accordion_item title=&#8221;Urbaser&#8221; _builder_version=&#8221;4.24.2&#8243; _module_preset=&#8221;default&#8221; custom_margin=&#8221;||20px||false|false&#8221; hover_enabled=&#8221;0&#8243; global_colors_info=&#8221;{}&#8221; open=&#8221;off&#8221; sticky_enabled=&#8221;0&#8243;]<\/p>\n<p>C\/ Arrieros, n\u00fam. 9 Pol. Ind. IN-II &#8211; <strong>Tlf: 966 693 955<\/strong><\/p>\n<p>Recollida d&#8217;estris (s\u00f2lo Whatsapp 686 801 323)<\/p>\n<p>[\/et_pb_accordion_item][\/et_pb_accordion][\/et_pb_column][\/et_pb_row][\/et_pb_section]<\/p>\n","protected":false},"excerpt":{"rendered":"<p>Tel\u00e8fons<span><span><a href=\"https:\/\/santapola.es\/ca\/\">Inici<\/a><\/span><\/span>Tel\u00e8fons d&#8217;inter\u00e9sPl. Constituci\u00f3. N\u00fam. 1 &#8211; Tlf: 965 411 100Pza. Fern\u00e1ndez Ord\u00f3\u00f1ez, s\/n\u00a0 &#8211;\u00a0 Tlf: 965 416 916C\/ Astilleros, n\u00ba 4\u00a0 &#8211;\u00a0 Tlf: 965 417 136Pza. Diputaci\u00f3n. s\/n\u00a0 \u00a0&#8211;\u00a0 \u00a0Tlf: 965 414 124C\/ Elche, n\u00ba 24\u00a0 \u00a0 &#8211;\u00a0 \u00a0 Tlf: 966 692 773Avda. Escandinavia, n\u00ba 35\u00a0 \u00a0&#8211;\u00a0 \u00a0Tlf: 966 697 110C\/ Casta\u00f1os, n\u00ba 10-12\u00a0 \u00a0 [&hellip;]<\/p>\n","protected":false},"author":95,"featured_media":0,"parent":0,"menu_order":0,"comment_status":"closed","ping_status":"closed","template":"","meta":{"_et_pb_use_builder":"on","_et_pb_old_content":"","_et_gb_content_width":"","footnotes":""},"class_list":["post-34567","page","type-page","status-publish","hentry"],"yoast_head":"<!-- This site is optimized with the Yoast SEO plugin v27.4 - https:\/\/yoast.com\/product\/yoast-seo-wordpress\/ -->\n<title>Tel\u00e8fons - Ajuntament de Santa Pola<\/title>\n<meta name=\"robots\" content=\"index, follow, max-snippet:-1, max-image-preview:large, max-video-preview:-1\" \/>\n<link rel=\"canonical\" href=\"https:\/\/santapola.es\/ca\/telefons\/\" \/>\n<meta property=\"og:locale\" content=\"ca_ES\" \/>\n<meta property=\"og:type\" content=\"article\" \/>\n<meta property=\"og:title\" content=\"Tel\u00e8fons - Ajuntament de Santa Pola\" \/>\n<meta property=\"og:description\" content=\"Tel\u00e8fonsTel\u00e8fons d&#039;inter\u00e9sPl. Constituci\u00f3. N\u00fam. 1 - Tlf: 965 411 100Pza. Fern\u00e1ndez Ord\u00f3\u00f1ez, s\/n\u00a0 -\u00a0 Tlf: 965 416 916C\/ Astilleros, n\u00ba 4\u00a0 -\u00a0 Tlf: 965 417 136Pza. Diputaci\u00f3n. s\/n\u00a0 \u00a0-\u00a0 \u00a0Tlf: 965 414 124C\/ Elche, n\u00ba 24\u00a0 \u00a0 -\u00a0 \u00a0 Tlf: 966 692 773Avda. Escandinavia, n\u00ba 35\u00a0 \u00a0-\u00a0 \u00a0Tlf: 966 697 110C\/ Casta\u00f1os, n\u00ba 10-12\u00a0 \u00a0 [&hellip;]\" \/>\n<meta property=\"og:url\" content=\"https:\/\/santapola.es\/ca\/telefons\/\" \/>\n<meta property=\"og:site_name\" content=\"Ajuntament de Santa Pola\" \/>\n<meta property=\"article:publisher\" content=\"https:\/\/www.facebook.com\/AyuntamientoSantaPola\/\" \/>\n<meta property=\"article:modified_time\" content=\"2025-05-29T10:42:04+00:00\" \/>\n<meta name=\"twitter:card\" content=\"summary_large_image\" \/>\n<meta name=\"twitter:site\" content=\"@SantaPolaAyunt\" \/>\n<script type=\"application\/ld+json\" class=\"yoast-schema-graph\">{\"@context\":\"https:\\\/\\\/schema.org\",\"@graph\":[{\"@type\":\"WebPage\",\"@id\":\"https:\\\/\\\/santapola.es\\\/ca\\\/telefons\\\/\",\"url\":\"https:\\\/\\\/santapola.es\\\/ca\\\/telefons\\\/\",\"name\":\"Tel\u00e8fons - Ajuntament de Santa Pola\",\"isPartOf\":{\"@id\":\"https:\\\/\\\/santapola.es\\\/ca\\\/#website\"},\"datePublished\":\"2024-03-26T18:54:30+00:00\",\"dateModified\":\"2025-05-29T10:42:04+00:00\",\"breadcrumb\":{\"@id\":\"https:\\\/\\\/santapola.es\\\/ca\\\/telefons\\\/#breadcrumb\"},\"inLanguage\":\"ca\",\"potentialAction\":[{\"@type\":\"ReadAction\",\"target\":[\"https:\\\/\\\/santapola.es\\\/ca\\\/telefons\\\/\"]}]},{\"@type\":\"BreadcrumbList\",\"@id\":\"https:\\\/\\\/santapola.es\\\/ca\\\/telefons\\\/#breadcrumb\",\"itemListElement\":[{\"@type\":\"ListItem\",\"position\":1,\"name\":\"Inici\",\"item\":\"https:\\\/\\\/santapola.es\\\/ca\\\/\"},{\"@type\":\"ListItem\",\"position\":2,\"name\":\"Tel\u00e8fons\"}]},{\"@type\":\"WebSite\",\"@id\":\"https:\\\/\\\/santapola.es\\\/ca\\\/#website\",\"url\":\"https:\\\/\\\/santapola.es\\\/ca\\\/\",\"name\":\"Ayuntamiento de Santa Pola\",\"description\":\"Web de l'Ajuntament de Santa Pola\",\"potentialAction\":[{\"@type\":\"SearchAction\",\"target\":{\"@type\":\"EntryPoint\",\"urlTemplate\":\"https:\\\/\\\/santapola.es\\\/ca\\\/?s={search_term_string}\"},\"query-input\":{\"@type\":\"PropertyValueSpecification\",\"valueRequired\":true,\"valueName\":\"search_term_string\"}}],\"inLanguage\":\"ca\"}]}<\/script>\n<!-- \/ Yoast SEO plugin. -->","yoast_head_json":{"title":"Tel\u00e8fons - Ajuntament de Santa Pola","robots":{"index":"index","follow":"follow","max-snippet":"max-snippet:-1","max-image-preview":"max-image-preview:large","max-video-preview":"max-video-preview:-1"},"canonical":"https:\/\/santapola.es\/ca\/telefons\/","og_locale":"ca_ES","og_type":"article","og_title":"Tel\u00e8fons - Ajuntament de Santa Pola","og_description":"Tel\u00e8fonsTel\u00e8fons d'inter\u00e9sPl. Constituci\u00f3. N\u00fam. 1 - Tlf: 965 411 100Pza. Fern\u00e1ndez Ord\u00f3\u00f1ez, s\/n\u00a0 -\u00a0 Tlf: 965 416 916C\/ Astilleros, n\u00ba 4\u00a0 -\u00a0 Tlf: 965 417 136Pza. Diputaci\u00f3n. s\/n\u00a0 \u00a0-\u00a0 \u00a0Tlf: 965 414 124C\/ Elche, n\u00ba 24\u00a0 \u00a0 -\u00a0 \u00a0 Tlf: 966 692 773Avda. Escandinavia, n\u00ba 35\u00a0 \u00a0-\u00a0 \u00a0Tlf: 966 697 110C\/ Casta\u00f1os, n\u00ba 10-12\u00a0 \u00a0 [&hellip;]","og_url":"https:\/\/santapola.es\/ca\/telefons\/","og_site_name":"Ajuntament de Santa Pola","article_publisher":"https:\/\/www.facebook.com\/AyuntamientoSantaPola\/","article_modified_time":"2025-05-29T10:42:04+00:00","twitter_card":"summary_large_image","twitter_site":"@SantaPolaAyunt","schema":{"@context":"https:\/\/schema.org","@graph":[{"@type":"WebPage","@id":"https:\/\/santapola.es\/ca\/telefons\/","url":"https:\/\/santapola.es\/ca\/telefons\/","name":"Tel\u00e8fons - Ajuntament de Santa Pola","isPartOf":{"@id":"https:\/\/santapola.es\/ca\/#website"},"datePublished":"2024-03-26T18:54:30+00:00","dateModified":"2025-05-29T10:42:04+00:00","breadcrumb":{"@id":"https:\/\/santapola.es\/ca\/telefons\/#breadcrumb"},"inLanguage":"ca","potentialAction":[{"@type":"ReadAction","target":["https:\/\/santapola.es\/ca\/telefons\/"]}]},{"@type":"BreadcrumbList","@id":"https:\/\/santapola.es\/ca\/telefons\/#breadcrumb","itemListElement":[{"@type":"ListItem","position":1,"name":"Inici","item":"https:\/\/santapola.es\/ca\/"},{"@type":"ListItem","position":2,"name":"Tel\u00e8fons"}]},{"@type":"WebSite","@id":"https:\/\/santapola.es\/ca\/#website","url":"https:\/\/santapola.es\/ca\/","name":"Ayuntamiento de Santa Pola","description":"Web de l'Ajuntament de Santa Pola","potentialAction":[{"@type":"SearchAction","target":{"@type":"EntryPoint","urlTemplate":"https:\/\/santapola.es\/ca\/?s={search_term_string}"},"query-input":{"@type":"PropertyValueSpecification","valueRequired":true,"valueName":"search_term_string"}}],"inLanguage":"ca"}]}},"_links":{"self":[{"href":"https:\/\/santapola.es\/ca\/wp-json\/wp\/v2\/pages\/34567","targetHints":{"allow":["GET"]}}],"collection":[{"href":"https:\/\/santapola.es\/ca\/wp-json\/wp\/v2\/pages"}],"about":[{"href":"https:\/\/santapola.es\/ca\/wp-json\/wp\/v2\/types\/page"}],"author":[{"embeddable":true,"href":"https:\/\/santapola.es\/ca\/wp-json\/wp\/v2\/users\/95"}],"replies":[{"embeddable":true,"href":"https:\/\/santapola.es\/ca\/wp-json\/wp\/v2\/comments?post=34567"}],"version-history":[{"count":0,"href":"https:\/\/santapola.es\/ca\/wp-json\/wp\/v2\/pages\/34567\/revisions"}],"wp:attachment":[{"href":"https:\/\/santapola.es\/ca\/wp-json\/wp\/v2\/media?parent=34567"}],"curies":[{"name":"wp","href":"https:\/\/api.w.org\/{rel}","templated":true}]}}