{"id":34491,"date":"2023-07-31T09:00:41","date_gmt":"2023-07-31T07:00:41","guid":{"rendered":"https:\/\/www.desarrollo.santapola.es\/ajuntament\/corporacio-municipal\/"},"modified":"2026-03-30T10:31:44","modified_gmt":"2026-03-30T08:31:44","slug":"corporacio-municipal","status":"publish","type":"page","link":"https:\/\/santapola.es\/ca\/ajuntament\/corporacio-municipal\/","title":{"rendered":"Corporaci\u00f3 Municipal"},"content":{"rendered":"<p>[et_pb_section fb_built=&#8221;1&#8243; admin_label=&#8221;Secci\u00f3n principal&#8221; _builder_version=&#8221;4.20.0&#8243; _module_preset=&#8221;default&#8221; custom_margin=&#8221;||||false|false&#8221; custom_padding=&#8221;0px||||false|false&#8221; global_colors_info=&#8221;{}&#8221;][et_pb_row admin_label=&#8221;Fila contenidor Migas de pan&#8221; module_class=&#8221; et_pb_row_fullwidth&#8221; _builder_version=&#8221;4.20.0&#8243; _module_preset=&#8221;351b8d89-faa7-4045-909e-dc2569d7afc4&#8243; custom_margin=&#8221;15px|auto|0px|auto|false|false&#8221; custom_margin_tablet=&#8221;15px|auto|0px|auto|false|false&#8221; custom_margin_phone=&#8221;15px|auto|0px|auto|false|false&#8221; make_fullwidth=&#8221;on&#8221; use_custom_width=&#8221;off&#8221; width_unit=&#8221;off&#8221; custom_width_px=&#8221;1080px&#8221; custom_width_percent=&#8221;80%&#8221; global_colors_info=&#8221;{}&#8221; custom_css_main_element_last_edited=&#8221;on|desktop&#8221; custom_css_main_element_phone=&#8221;order:1;&#8221;][et_pb_column type=&#8221;4_4&#8243; admin_label=&#8221;Columna 1&#8243; _builder_version=&#8221;4.20.0&#8243; _module_preset=&#8221;default&#8221; custom_padding=&#8221;|||&#8221; global_colors_info=&#8221;{}&#8221; custom_padding__hover=&#8221;|||&#8221;][et_pb_code admin_label=&#8221;Migas de pan&#8221; _builder_version=&#8221;4.20.0&#8243; _module_preset=&#8221;default&#8221; global_colors_info=&#8221;{}&#8221;]<pee><span><span><a href=\"https:\/\/santapola.es\/ca\/\">Inici<\/a><\/span><\/span><\/pee>[\/et_pb_code][\/et_pb_column][\/et_pb_row][et_pb_row column_padding_mobile=&#8221;on&#8221; admin_label=&#8221;Fila t\u00edtol&#8221; module_id=&#8221;corporacion&#8221; _builder_version=&#8221;4.24.3&#8243; _module_preset=&#8221;73e255b0-716e-4b99-8ac7-02f0ade8f533&#8243; background_size=&#8221;initial&#8221; background_position=&#8221;top_left&#8221; background_repeat=&#8221;repeat&#8221; width=&#8221;100%&#8221; width_tablet=&#8221;80%&#8221; width_phone=&#8221;80%&#8221; width_last_edited=&#8221;on|desktop&#8221; max_width=&#8221;65%&#8221; max_width_tablet=&#8221;80%&#8221; max_width_phone=&#8221;80%&#8221; max_width_last_edited=&#8221;on|tablet&#8221; custom_margin=&#8221;5px|auto|25px|auto|false|false&#8221; custom_margin_tablet=&#8221;5px|auto|20px|auto|false|false&#8221; custom_margin_phone=&#8221;5px|auto|15px|auto|false|false&#8221; custom_margin_last_edited=&#8221;on|desktop&#8221; custom_padding=&#8221;10px|15px|0px|0px|false|false&#8221; make_fullwidth=&#8221;on&#8221; use_custom_width=&#8221;off&#8221; width_unit=&#8221;off&#8221; custom_width_px=&#8221;1080px&#8221; custom_width_percent=&#8221;80%&#8221; global_colors_info=&#8221;{}&#8221;][et_pb_column type=&#8221;4_4&#8243; admin_label=&#8221;Columna 1&#8243; _builder_version=&#8221;4.20.0&#8243; _module_preset=&#8221;default&#8221; custom_padding=&#8221;|||&#8221; global_colors_info=&#8221;{}&#8221; custom_padding__hover=&#8221;|||&#8221; custom_css_main_element_last_edited=&#8221;on|phone&#8221; custom_css_main_element_phone=&#8221; margin-bottom: 0px;&#8221;][et_pb_text content_tablet=&#8221;<\/p>\n<h2>\u00c0rees<\/h2>\n<p>&#8221; content_phone=&#8221;<\/p>\n<h2>\u00c0rees<\/h2>\n<p>&#8221; content_last_edited=&#8221;off|desktop&#8221; admin_label=&#8221;T\u00edtulo Gobierno Municipal&#8221; _builder_version=&#8221;4.24.2&#8243; _module_preset=&#8221;default&#8221; text_font=&#8221;|600|||||||&#8221; text_text_color=&#8221;#124159&#8243; header_text_color=&#8221;#123159&#8243; header_2_font=&#8221;|600|||||||&#8221; header_2_text_color=&#8221;#124159&#8243; header_2_font_size=&#8221;22px&#8221; custom_margin_tablet=&#8221;&#8221; custom_margin_phone=&#8221;&#8221; custom_margin_last_edited=&#8221;on|desktop&#8221; custom_padding=&#8221;0px||0px|||&#8221; border_width_bottom=&#8221;1px&#8221; border_color_bottom=&#8221;rgba(18,65,89,0.45)&#8221; global_colors_info=&#8221;{}&#8221;]<\/p>\n<h2>Govern Municipal<\/h2>\n<p>[\/et_pb_text][\/et_pb_column][\/et_pb_row][et_pb_row column_structure=&#8221;1_2,1_2&#8243; admin_label=&#8221;Fila anuncis destacats amb disseny botons&#8221; _builder_version=&#8221;4.24.3&#8243; _module_preset=&#8221;73e255b0-716e-4b99-8ac7-02f0ade8f533&#8243; max_width=&#8221;990px&#8221; custom_margin=&#8221;0px||0px||false|false&#8221; custom_margin_tablet=&#8221;0px||0px||false|false&#8221; custom_margin_phone=&#8221;0px||0px||false|false&#8221; custom_margin_last_edited=&#8221;off|desktop&#8221; custom_padding=&#8221;0px||0px||false|false&#8221; custom_css_main_element=&#8221;white-space:nowrap;||text-overflow:ellipsis;||overflow:hidden;&#8221; global_colors_info=&#8221;{}&#8221;][et_pb_column type=&#8221;1_2&#8243; _builder_version=&#8221;4.20.0&#8243; _module_preset=&#8221;default&#8221; custom_css_main_element=&#8221;margin-bottom:0px;&#8221; global_colors_info=&#8221;{}&#8221;][et_pb_button button_url=&#8221;https:\/\/gobiernoabierto.santapola.es\/t\/grupospoliticos&#8221; url_new_window=&#8221;on&#8221; button_text=&#8221;Dades de la corporaci\u00f3 (Portal Transpar\u00e8ncia)&#8221; button_alignment=&#8221;center&#8221; admin_label=&#8221;Bot\u00f3n Datos de la corporaci\u00f3n&#8221; _builder_version=&#8221;4.24.3&#8243; _module_preset=&#8221;default&#8221; custom_button=&#8221;on&#8221; button_text_size=&#8221;115%&#8221; button_text_color=&#8221;#124159&#8243; button_border_width=&#8221;1px&#8221; button_border_color=&#8221;#6997bf&#8221; button_border_radius=&#8221;0px&#8221; button_font=&#8221;||||||||&#8221; button_icon=&#8221;&#xe109;||divi||400&#8243; button_icon_color=&#8221;#6997bf&#8221; button_icon_placement=&#8221;left&#8221; button_on_hover=&#8221;off&#8221; custom_margin=&#8221;||||false|false&#8221; custom_padding=&#8221;15px||15px||false|false&#8221; custom_padding_tablet=&#8221;15px||15px||false|false&#8221; custom_padding_phone=&#8221;15px||15px||false|false&#8221; custom_padding_last_edited=&#8221;on|desktop&#8221; custom_css_main_element=&#8221;width:100%;&#8221; global_colors_info=&#8221;{}&#8221;][\/et_pb_button][\/et_pb_column][et_pb_column type=&#8221;1_2&#8243; _builder_version=&#8221;4.20.0&#8243; _module_preset=&#8221;default&#8221; custom_css_main_element=&#8221;margin-bottom:0px;&#8221; global_colors_info=&#8221;{}&#8221;][et_pb_button button_url=&#8221;https:\/\/gobiernoabierto.santapola.es\/t\/mociones&#8221; url_new_window=&#8221;on&#8221; button_text=&#8221;Mocions Grups Pol\u00edtics&#8221; button_alignment=&#8221;center&#8221; admin_label=&#8221;Bot\u00f3n Mociones&#8221; _builder_version=&#8221;4.24.3&#8243; _module_preset=&#8221;default&#8221; custom_button=&#8221;on&#8221; button_text_size=&#8221;115%&#8221; button_text_color=&#8221;#124159&#8243; button_border_width=&#8221;1px&#8221; button_border_color=&#8221;#6997bf&#8221; button_border_radius=&#8221;0px&#8221; button_font=&#8221;||||||||&#8221; button_icon=&#8221;&#xf4ad;||fa||400&#8243; button_icon_color=&#8221;#6997bf&#8221; button_icon_placement=&#8221;left&#8221; button_on_hover=&#8221;off&#8221; custom_margin=&#8221;||||false|false&#8221; custom_padding=&#8221;15px||15px||false|false&#8221; custom_padding_tablet=&#8221;15px||15px||false|false&#8221; custom_padding_phone=&#8221;15px||15px||false|false&#8221; custom_padding_last_edited=&#8221;on|desktop&#8221; custom_css_main_element=&#8221;width:100%;&#8221; global_colors_info=&#8221;{}&#8221;][\/et_pb_button][\/et_pb_column][\/et_pb_row][et_pb_row column_padding_mobile=&#8221;on&#8221; admin_label=&#8221;Fila t\u00edtol&#8221; module_id=&#8221;corporacion&#8221; _builder_version=&#8221;4.24.3&#8243; _module_preset=&#8221;73e255b0-716e-4b99-8ac7-02f0ade8f533&#8243; use_background_color_gradient=&#8221;on&#8221; background_color_gradient_stops=&#8221;#86c1f4 0%|#0c71c3 100%&#8221; background_size=&#8221;initial&#8221; background_position=&#8221;top_left&#8221; background_repeat=&#8221;repeat&#8221; width=&#8221;100%&#8221; width_tablet=&#8221;80%&#8221; width_phone=&#8221;80%&#8221; width_last_edited=&#8221;on|desktop&#8221; max_width=&#8221;65%&#8221; max_width_tablet=&#8221;80%&#8221; max_width_phone=&#8221;80%&#8221; max_width_last_edited=&#8221;on|tablet&#8221; custom_margin=&#8221;20px|auto||auto|false|false&#8221; custom_margin_tablet=&#8221;15px|auto|15px|auto|false|false&#8221; custom_margin_phone=&#8221;15px|auto|15px|auto|false|false&#8221; custom_margin_last_edited=&#8221;on|phone&#8221; custom_padding=&#8221;10px|15px|0px|0px|false|false&#8221; border_radii=&#8221;on|10px|10px|10px|10px&#8221; box_shadow_style=&#8221;preset3&#8243; make_fullwidth=&#8221;on&#8221; use_custom_width=&#8221;off&#8221; width_unit=&#8221;off&#8221; custom_width_px=&#8221;1080px&#8221; custom_width_percent=&#8221;80%&#8221; global_colors_info=&#8221;{}&#8221;][et_pb_column type=&#8221;4_4&#8243; admin_label=&#8221;Columna 1&#8243; _builder_version=&#8221;4.24.3&#8243; _module_preset=&#8221;default&#8221; custom_padding=&#8221;|||&#8221; global_colors_info=&#8221;{}&#8221; custom_padding__hover=&#8221;|||&#8221; custom_css_main_element_last_edited=&#8221;on|phone&#8221; custom_css_main_element_phone=&#8221; margin-bottom: 0px;&#8221;][et_pb_text admin_label=&#8221;Texto Partido Popular&#8221; _builder_version=&#8221;4.24.3&#8243; _module_preset=&#8221;default&#8221; text_font=&#8221;|600|||||||&#8221; text_text_color=&#8221;#FFFFFF&#8221; text_font_size=&#8221;155%&#8221; text_orientation=&#8221;center&#8221; custom_padding=&#8221;5px||15px||false|false&#8221; global_colors_info=&#8221;{}&#8221;]<\/p>\n<p>Partit Popular &#8211; PP<\/p>\n<p>[\/et_pb_text][\/et_pb_column][\/et_pb_row][et_pb_row column_structure=&#8221;1_2,1_2&#8243; column_padding_mobile=&#8221;on&#8221; admin_label=&#8221;Fila Mitjans Socials Partit Popular&#8221; module_id=&#8221;corporacion&#8221; _builder_version=&#8221;4.24.3&#8243; _module_preset=&#8221;73e255b0-716e-4b99-8ac7-02f0ade8f533&#8243; background_size=&#8221;initial&#8221; background_position=&#8221;top_left&#8221; background_repeat=&#8221;repeat&#8221; width=&#8221;100%&#8221; width_tablet=&#8221;80%&#8221; width_phone=&#8221;80%&#8221; width_last_edited=&#8221;on|desktop&#8221; max_width=&#8221;65%&#8221; max_width_tablet=&#8221;80%&#8221; max_width_phone=&#8221;80%&#8221; max_width_last_edited=&#8221;on|tablet&#8221; custom_margin=&#8221;|auto|30px|auto|false|false&#8221; custom_margin_tablet=&#8221;5px|auto|15px|auto|false|false&#8221; custom_margin_phone=&#8221;5px|auto|15px|auto|false|false&#8221; custom_margin_last_edited=&#8221;on|desktop&#8221; custom_padding=&#8221;10px|15px|0px|0px|false|false&#8221; border_width_bottom=&#8221;1px&#8221; border_color_bottom=&#8221;rgba(116,186,230,0.52)&#8221; make_fullwidth=&#8221;on&#8221; use_custom_width=&#8221;off&#8221; width_unit=&#8221;off&#8221; custom_width_px=&#8221;1080px&#8221; custom_width_percent=&#8221;80%&#8221; global_colors_info=&#8221;{}&#8221;][et_pb_column type=&#8221;1_2&#8243; admin_label=&#8221;Columna 1&#8243; _builder_version=&#8221;4.24.3&#8243; _module_preset=&#8221;default&#8221; custom_padding=&#8221;|||&#8221; global_colors_info=&#8221;{}&#8221; custom_padding__hover=&#8221;|||&#8221; custom_css_main_element_last_edited=&#8221;on|phone&#8221; custom_css_main_element_phone=&#8221; margin-bottom: 0px;&#8221;][et_pb_text admin_label=&#8221;Web PP Santa Pola&#8221; _builder_version=&#8221;4.24.3&#8243; _module_preset=&#8221;default&#8221; text_font=&#8221;|600|||||||&#8221; text_text_color=&#8221;#124159&#8243; custom_margin=&#8221;5px|||15px|false|false&#8221; custom_margin_tablet=&#8221;|||15px|false|false&#8221; custom_margin_last_edited=&#8221;off|phone&#8221; link_option_url=&#8221;http:\/\/ppsantapola.com&#8221; link_option_url_new_window=&#8221;on&#8221; text_orientation_tablet=&#8221;center&#8221; text_orientation_phone=&#8221;center&#8221; text_orientation_last_edited=&#8221;on|tablet&#8221; global_colors_info=&#8221;{}&#8221;]<\/p>\n<p>Web Partit Popular<\/p>\n<p>[\/et_pb_text][\/et_pb_column][et_pb_column type=&#8221;1_2&#8243; admin_label=&#8221;Columna 1&#8243; _builder_version=&#8221;4.20.0&#8243; _module_preset=&#8221;default&#8221; custom_padding=&#8221;|||&#8221; global_colors_info=&#8221;{}&#8221; custom_padding__hover=&#8221;|||&#8221; custom_css_main_element_last_edited=&#8221;on|phone&#8221; custom_css_main_element_phone=&#8221; margin-bottom: 0px;&#8221;]<\/p>\n<p>[et_pb_social_media_follow admin_label=&#8221;Xarxes Socials&#8221; _builder_version=&#8221;4.24.3&#8243; _module_preset=&#8221;default&#8221; text_orientation=&#8221;right&#8221; custom_margin_tablet=&#8221;||10px||false|false&#8221; custom_margin_phone=&#8221;10px||||false|false&#8221; custom_margin_last_edited=&#8221;on|tablet&#8221; custom_padding=&#8221;||||false|false&#8221; text_orientation_tablet=&#8221;center&#8221; text_orientation_phone=&#8221;center&#8221; text_orientation_last_edited=&#8221;on|tablet&#8221; border_radii=&#8221;on|7px|7px|7px|7px&#8221; border_color_all=&#8221;rgba(12,113,195,0.63)&#8221; global_colors_info=&#8221;{}&#8221;][et_pb_social_media_follow_network social_network=&#8221;facebook&#8221; url=&#8221;https:\/\/www.facebook.com\/ppsantapola&#8221; _builder_version=&#8221;4.24.3&#8243; _module_preset=&#8221;default&#8221; background_color=&#8221;#3b5998&#8243; global_colors_info=&#8221;{}&#8221; follow_button=&#8221;off&#8221; url_new_window=&#8221;on&#8221;]facebook[\/et_pb_social_media_follow_network][et_pb_social_media_follow_network social_network=&#8221;twitter&#8221; url=&#8221;https:\/\/twitter.com\/ppsantapola&#8221; _builder_version=&#8221;4.24.3&#8243; _module_preset=&#8221;default&#8221; background_color=&#8221;#000000&#8243; global_colors_info=&#8221;{}&#8221; follow_button=&#8221;off&#8221; url_new_window=&#8221;on&#8221;]X[\/et_pb_social_media_follow_network][et_pb_social_media_follow_network social_network=&#8221;instagram&#8221; url=&#8221;https:\/\/www.instagram.com\/ppsantapola\/&#8221; _builder_version=&#8221;4.24.3&#8243; _module_preset=&#8221;default&#8221; background_color=&#8221;#ea2c59&#8243; global_colors_info=&#8221;{}&#8221; follow_button=&#8221;off&#8221; url_new_window=&#8221;on&#8221;]instagram[\/et_pb_social_media_follow_network][\/et_pb_social_media_follow]<\/p>\n<p>[\/et_pb_column][\/et_pb_row][et_pb_row column_structure=&#8221;1_4,1_4,1_4,1_4&#8243; use_custom_gutter=&#8221;on&#8221; gutter_width=&#8221;2&#8243; make_equal=&#8221;on&#8221; column_padding_mobile=&#8221;on&#8221; admin_label=&#8221;Fila regidors&#8221; _builder_version=&#8221;4.21.0&#8243; _module_preset=&#8221;73e255b0-716e-4b99-8ac7-02f0ade8f533&#8243; background_size=&#8221;initial&#8221; background_position=&#8221;top_left&#8221; background_repeat=&#8221;repeat&#8221; width_tablet=&#8221;80%&#8221; width_phone=&#8221;80%&#8221; width_last_edited=&#8221;on|desktop&#8221; max_width=&#8221;65%&#8221; max_width_tablet=&#8221;80%&#8221; max_width_phone=&#8221;80%&#8221; max_width_last_edited=&#8221;on|tablet&#8221; custom_margin=&#8221;15px|auto|15px|auto|false|false&#8221; custom_margin_tablet=&#8221;15px|auto|15px|auto|false|false&#8221; custom_margin_phone=&#8221;15px|auto|15px|auto|false|false&#8221; custom_margin_last_edited=&#8221;on|phone&#8221; custom_padding=&#8221;10px||0px|0px|false|false&#8221; custom_css_main_element=&#8221;justify-content:center;&#8221; make_fullwidth=&#8221;on&#8221; use_custom_width=&#8221;off&#8221; width_unit=&#8221;off&#8221; custom_width_px=&#8221;1080px&#8221; custom_width_percent=&#8221;80%&#8221; global_colors_info=&#8221;{}&#8221;][et_pb_column type=&#8221;1_4&#8243; admin_label=&#8221;Columna 1&#8243; _builder_version=&#8221;4.20.0&#8243; _module_preset=&#8221;default&#8221; custom_padding=&#8221;|||&#8221; global_colors_info=&#8221;{}&#8221; custom_padding__hover=&#8221;|||&#8221; custom_css_main_element_last_edited=&#8221;on|phone&#8221; custom_css_main_element_phone=&#8221; margin-bottom: 0px;&#8221;][et_pb_team_member name=&#8221;Mar\u00eda Loreto Serrano Pomares&#8221; position=&#8221;Alcaldessa&#8221; image_url=&#8221;https:\/\/santapola.es\/wp-content\/uploads\/2023\/07\/Loreto.jpeg&#8221; icon_color=&#8221;#124159&#8243; admin_label=&#8221;Loreto Serrano&#8221; _builder_version=&#8221;4.27.4&#8243; _module_preset=&#8221;default&#8221; header_font=&#8221;|700|||||||&#8221; header_text_align=&#8221;center&#8221; header_text_color=&#8221;#124159&#8243; header_line_height=&#8221;1.4em&#8221; body_text_align=&#8221;center&#8221; position_font=&#8221;|600|||||||&#8221; position_text_color=&#8221;#0C71C3&#8243; custom_margin=&#8221;0px||||false|false&#8221; link_option_url_new_window=&#8221;on&#8221; custom_css_main_element=&#8221;border-radius:25px;||overflow: hidden;||margin: 0 auto 30px;||padding:10px 10px 20px 10px;||border-bottom: 4px solid #74bae6;&#8221; custom_css_member_image=&#8221;max-width:75%;||margin:5px auto 20px auto;&#8221; border_radii_image=&#8221;on|65px|65px|65px|65px&#8221; box_shadow_style_image=&#8221;preset1&#8243; global_colors_info=&#8221;{}&#8221;]<\/p>\n<p>Alcaldia. Relacions Institucionals, Protocol i Premsa. Governaci\u00f3 i R\u00e8gim Intern. Planificaci\u00f3 Projectes Europeus. Infraestructura, accessibilitat i Serveis P\u00fablics. Coordinaci\u00f3 d&#8217;Obres i Serveis a executar de les Infraestructures de les diferents Regidories.<\/p>\n<p>[\/et_pb_team_member][\/et_pb_column][et_pb_column type=&#8221;1_4&#8243; admin_label=&#8221;Columna 2&#8243; _builder_version=&#8221;4.21.0&#8243; _module_preset=&#8221;default&#8221; custom_padding=&#8221;|||&#8221; global_colors_info=&#8221;{}&#8221; custom_padding__hover=&#8221;|||&#8221; custom_css_main_element_last_edited=&#8221;on|phone&#8221; custom_css_main_element_phone=&#8221; margin-bottom: 0px;&#8221;][et_pb_team_member name=&#8221;Jos\u00e9 Pedro Mart\u00ednez Gonz\u00e1lez&#8221; position=&#8221;Regidor-Delegat. 1r Tinent d&#039;Alcalde. Portaveu&#8221; image_url=&#8221;https:\/\/santapola.es\/wp-content\/uploads\/2023\/07\/Jose-Pedro.jpeg&#8221; icon_color=&#8221;#124159&#8243; admin_label=&#8221;Jose Pedro Mart\u00ednez&#8221; _builder_version=&#8221;4.27.4&#8243; _module_preset=&#8221;default&#8221; header_font=&#8221;|700|||||||&#8221; header_text_align=&#8221;center&#8221; header_text_color=&#8221;#124159&#8243; header_line_height=&#8221;1.4em&#8221; body_text_align=&#8221;center&#8221; position_font=&#8221;|600|||||||&#8221; position_text_color=&#8221;#0C71C3&#8243; custom_margin=&#8221;0px||||false|false&#8221; link_option_url_new_window=&#8221;on&#8221; custom_css_main_element=&#8221;border-radius:25px;||overflow: hidden;||margin: 0 auto 30px;||padding:10px 10px 20px 10px;||border-bottom: 4px solid #74bae6;&#8221; custom_css_member_image=&#8221;max-width:75%;||margin:5px auto 20px auto;&#8221; border_radii_image=&#8221;on|65px|65px|65px|65px&#8221; box_shadow_style_image=&#8221;preset1&#8243; global_colors_info=&#8221;{}&#8221;]<\/p>\n<p>Hisenda. Contractaci\u00f3 i Patrimoni. Modernitzaci\u00f3, Administraci\u00f3 Electr\u00f2nica i Transpar\u00e8ncia. Arxiu Municipal. ADL, Ocupaci\u00f3 i Foment.<\/p>\n<p>[\/et_pb_team_member][\/et_pb_column][et_pb_column type=&#8221;1_4&#8243; admin_label=&#8221;Columna 3&#8243; _builder_version=&#8221;4.21.0&#8243; _module_preset=&#8221;default&#8221; custom_padding=&#8221;|||&#8221; global_colors_info=&#8221;{}&#8221; custom_padding__hover=&#8221;|||&#8221; custom_css_main_element_last_edited=&#8221;on|phone&#8221; custom_css_main_element_phone=&#8221; margin-bottom: 0px;&#8221;][et_pb_team_member name=&#8221;Trinidad Ortiz G\u00f3mez&#8221; position=&#8221;Regidora-Delegada. 3a Tinenta d&#039;Alcalde&#8221; image_url=&#8221;https:\/\/santapola.es\/wp-content\/uploads\/2023\/07\/Trini.jpeg&#8221; icon_color=&#8221;#124159&#8243; admin_label=&#8221;Trinidad Ort\u00edz&#8221; _builder_version=&#8221;4.27.4&#8243; _module_preset=&#8221;default&#8221; header_font=&#8221;|700|||||||&#8221; header_text_align=&#8221;center&#8221; header_text_color=&#8221;#124159&#8243; header_line_height=&#8221;1.4em&#8221; body_text_align=&#8221;center&#8221; position_font=&#8221;|600|||||||&#8221; position_text_color=&#8221;#0C71C3&#8243; custom_margin=&#8221;0px||||false|false&#8221; link_option_url_new_window=&#8221;on&#8221; custom_css_main_element=&#8221;border-radius:25px;||overflow: hidden;||margin: 0 auto 30px;||padding:10px 10px 20px 10px;||border-bottom: 4px solid #74bae6;&#8221; custom_css_member_image=&#8221;max-width:75%;||margin:5px auto 20px auto;&#8221; border_radii_image=&#8221;on|65px|65px|65px|65px&#8221; box_shadow_style_image=&#8221;preset1&#8243; global_colors_info=&#8221;{}&#8221;]<\/p>\n<p>Urbanisme. Territori i Habitatges (Promoci\u00f3 d&#8217;Habitatges).<\/p>\n<p>[\/et_pb_team_member][\/et_pb_column][et_pb_column type=&#8221;1_4&#8243; admin_label=&#8221;Columna 4&#8243; _builder_version=&#8221;4.21.0&#8243; _module_preset=&#8221;default&#8221; custom_padding=&#8221;|||&#8221; global_colors_info=&#8221;{}&#8221; custom_padding__hover=&#8221;|||&#8221; custom_css_main_element_last_edited=&#8221;on|phone&#8221; custom_css_main_element_phone=&#8221; margin-bottom: 0px;&#8221;][et_pb_team_member name=&#8221;Ana Mar\u00eda Blasco Amor\u00f3s&#8221; position=&#8221;Regidora-Delegada. 2a Tinenta d&#039;Alcalde&#8221; image_url=&#8221;https:\/\/santapola.es\/wp-content\/uploads\/2023\/07\/Ana.jpg&#8221; icon_color=&#8221;#124159&#8243; admin_label=&#8221;Ana Blasco&#8221; _builder_version=&#8221;4.27.4&#8243; _module_preset=&#8221;default&#8221; header_font=&#8221;|700|||||||&#8221; header_text_align=&#8221;center&#8221; header_text_color=&#8221;#124159&#8243; header_line_height=&#8221;1.4em&#8221; body_text_align=&#8221;center&#8221; position_font=&#8221;|600|||||||&#8221; position_text_color=&#8221;#0C71C3&#8243; custom_margin=&#8221;0px||||false|false&#8221; link_option_url_new_window=&#8221;on&#8221; custom_css_main_element=&#8221;border-radius:25px;||overflow: hidden;||margin: 0 auto 30px;||padding:10px 10px 20px 10px;||border-bottom: 4px solid #74bae6;&#8221; custom_css_member_image=&#8221;max-width:75%;||margin:5px auto 20px auto;&#8221; border_radii_image=&#8221;on|65px|65px|65px|65px&#8221; box_shadow_style_image=&#8221;preset1&#8243; global_colors_info=&#8221;{}&#8221;]<\/p>\n<p>Personal. Policia, Seguretat Ciutadana, Tr\u00e0nsit (Taxi). Protecci\u00f3 Civil. Parc M\u00f2bil. Estad\u00edstica. Barri Del Calvari I Pablo Iglesias.<\/p>\n<p>[\/et_pb_team_member][\/et_pb_column][\/et_pb_row][et_pb_row column_structure=&#8221;1_4,1_4,1_4,1_4&#8243; use_custom_gutter=&#8221;on&#8221; gutter_width=&#8221;2&#8243; make_equal=&#8221;on&#8221; column_padding_mobile=&#8221;on&#8221; admin_label=&#8221;Fila regidors&#8221; _builder_version=&#8221;4.21.0&#8243; _module_preset=&#8221;73e255b0-716e-4b99-8ac7-02f0ade8f533&#8243; background_size=&#8221;initial&#8221; background_position=&#8221;top_left&#8221; background_repeat=&#8221;repeat&#8221; width_tablet=&#8221;80%&#8221; width_phone=&#8221;80%&#8221; width_last_edited=&#8221;on|desktop&#8221; max_width=&#8221;65%&#8221; max_width_tablet=&#8221;80%&#8221; max_width_phone=&#8221;80%&#8221; max_width_last_edited=&#8221;on|tablet&#8221; custom_margin=&#8221;15px|auto|15px|auto|false|false&#8221; custom_margin_tablet=&#8221;15px|auto|15px|auto|false|false&#8221; custom_margin_phone=&#8221;15px|auto|15px|auto|false|false&#8221; custom_margin_last_edited=&#8221;on|phone&#8221; custom_padding=&#8221;10px||0px|0px|false|false&#8221; custom_css_main_element=&#8221;justify-content:center;&#8221; make_fullwidth=&#8221;on&#8221; use_custom_width=&#8221;off&#8221; width_unit=&#8221;off&#8221; custom_width_px=&#8221;1080px&#8221; custom_width_percent=&#8221;80%&#8221; global_colors_info=&#8221;{}&#8221;][et_pb_column type=&#8221;1_4&#8243; admin_label=&#8221;Columna 1&#8243; _builder_version=&#8221;4.20.0&#8243; _module_preset=&#8221;default&#8221; custom_padding=&#8221;|||&#8221; global_colors_info=&#8221;{}&#8221; custom_padding__hover=&#8221;|||&#8221; custom_css_main_element_last_edited=&#8221;on|phone&#8221; custom_css_main_element_phone=&#8221; margin-bottom: 0px;&#8221;][et_pb_team_member name=&#8221;\u00d3scar Pedro Valenzuela Acedo&#8221; position=&#8221;Regidor-Delegat. 4t Tinent d&#039;Alcalde&#8221; image_url=&#8221;https:\/\/santapola.es\/wp-content\/uploads\/2023\/07\/Oscar.jpeg&#8221; icon_color=&#8221;#124159&#8243; admin_label=&#8221;Oscar Valenzuela&#8221; _builder_version=&#8221;4.27.4&#8243; _module_preset=&#8221;default&#8221; header_font=&#8221;|700|||||||&#8221; header_text_align=&#8221;center&#8221; header_text_color=&#8221;#124159&#8243; header_line_height=&#8221;1.4em&#8221; body_text_align=&#8221;center&#8221; position_font=&#8221;|600|||||||&#8221; position_text_color=&#8221;#0C71C3&#8243; custom_margin=&#8221;0px||||false|false&#8221; link_option_url_new_window=&#8221;on&#8221; custom_css_main_element=&#8221;border-radius:25px;||overflow: hidden;||margin: 0 auto 30px;||padding:10px 10px 20px 10px;||border-bottom: 4px solid #74bae6;&#8221; custom_css_member_image=&#8221;max-width:75%;||margin:5px auto 20px auto;&#8221; border_radii_image=&#8221;on|65px|65px|65px|65px&#8221; box_shadow_style_image=&#8221;preset1&#8243; global_colors_info=&#8221;{}&#8221;]<\/p>\n<p>Gran Alacant. Educaci\u00f3<\/p>\n<p>[\/et_pb_team_member][\/et_pb_column][et_pb_column type=&#8221;1_4&#8243; admin_label=&#8221;Columna 2&#8243; _builder_version=&#8221;4.21.0&#8243; _module_preset=&#8221;default&#8221; custom_padding=&#8221;|||&#8221; global_colors_info=&#8221;{}&#8221; custom_padding__hover=&#8221;|||&#8221; custom_css_main_element_last_edited=&#8221;on|phone&#8221; custom_css_main_element_phone=&#8221; margin-bottom: 0px;&#8221;][et_pb_team_member name=&#8221;Mar\u00eda Manuela Baile Mart\u00ednez&#8221; position=&#8221;Regidora-Delegada&#8221; image_url=&#8221;https:\/\/santapola.es\/wp-content\/uploads\/2023\/07\/Nely.jpeg&#8221; icon_color=&#8221;#124159&#8243; admin_label=&#8221;Manuela Baile&#8221; _builder_version=&#8221;4.27.4&#8243; _module_preset=&#8221;default&#8221; header_font=&#8221;|700|||||||&#8221; header_text_align=&#8221;center&#8221; header_text_color=&#8221;#124159&#8243; header_line_height=&#8221;1.4em&#8221; body_text_align=&#8221;center&#8221; position_font=&#8221;|600|||||||&#8221; position_text_color=&#8221;#0C71C3&#8243; custom_margin=&#8221;0px||||false|false&#8221; link_option_url_new_window=&#8221;on&#8221; custom_css_main_element=&#8221;border-radius:25px;||overflow: hidden;||margin: 0 auto 30px;||padding:10px 10px 20px 10px;||border-bottom: 4px solid #74bae6;&#8221; custom_css_member_image=&#8221;max-width:75%;||margin:5px auto 20px auto;&#8221; border_radii_image=&#8221;on|65px|65px|65px|65px&#8221; box_shadow_style_image=&#8221;preset1&#8243; global_colors_info=&#8221;{}&#8221;]<\/p>\n<p>Festes. Cultura (Biblioteques, Casa de Cultura, Museu). Jutjat de pau. Normalitzaci\u00f3 Ling\u00fc\u00edstica.<\/p>\n<p>[\/et_pb_team_member][\/et_pb_column][et_pb_column type=&#8221;1_4&#8243; admin_label=&#8221;Columna 3&#8243; _builder_version=&#8221;4.21.0&#8243; _module_preset=&#8221;default&#8221; custom_padding=&#8221;|||&#8221; global_colors_info=&#8221;{}&#8221; custom_padding__hover=&#8221;|||&#8221; custom_css_main_element_last_edited=&#8221;on|phone&#8221; custom_css_main_element_phone=&#8221; margin-bottom: 0px;&#8221;][et_pb_team_member name=&#8221;Mar\u00eda de los \u00c1ngeles Roche Noguera&#8221; position=&#8221;Regidora-Delegada&#8221; image_url=&#8221;https:\/\/santapola.es\/wp-content\/uploads\/2023\/07\/Gela.jpeg&#8221; icon_color=&#8221;#124159&#8243; admin_label=&#8221;\u00c1ngeles Roche&#8221; _builder_version=&#8221;4.27.4&#8243; _module_preset=&#8221;default&#8221; header_font=&#8221;|700|||||||&#8221; header_text_align=&#8221;center&#8221; header_text_color=&#8221;#124159&#8243; header_line_height=&#8221;1.4em&#8221; body_text_align=&#8221;center&#8221; position_font=&#8221;|600|||||||&#8221; position_text_color=&#8221;#0C71C3&#8243; custom_margin=&#8221;0px||||false|false&#8221; link_option_url_new_window=&#8221;on&#8221; custom_css_main_element=&#8221;border-radius:25px;||overflow: hidden;||margin: 0 auto 30px;||padding:10px 10px 20px 10px;||border-bottom: 4px solid #74bae6;&#8221; custom_css_member_image=&#8221;max-width:75%;||margin:5px auto 20px auto;&#8221; border_radii_image=&#8221;on|65px|65px|65px|65px&#8221; box_shadow_style_image=&#8221;preset1&#8243; global_colors_info=&#8221;{}&#8221;]<\/p>\n<p>Serveis Socials. Gesti\u00f3 Centre C\u00edvic. Cooperaci\u00f3 i Solidaritat. Habitatge Social. Tercera Edat. Igualtat, Integraci\u00f3 i Diversitat. Comissi\u00f3 Desnonaments. Barri Santa Pola de l&#8217;Est.<\/p>\n<p>[\/et_pb_team_member][\/et_pb_column][et_pb_column type=&#8221;1_4&#8243; admin_label=&#8221;Columna 4&#8243; _builder_version=&#8221;4.21.0&#8243; _module_preset=&#8221;default&#8221; custom_padding=&#8221;|||&#8221; global_colors_info=&#8221;{}&#8221; custom_padding__hover=&#8221;|||&#8221; custom_css_main_element_last_edited=&#8221;on|phone&#8221; custom_css_main_element_phone=&#8221; margin-bottom: 0px;&#8221;][et_pb_team_member name=&#8221;Encarnaci\u00f3n Mar\u00eda Ram\u00edrez Baeza&#8221; position=&#8221;Regidora-Delegada. 6a Tinenta d&#039;Alcalde&#8221; image_url=&#8221;https:\/\/santapola.es\/wp-content\/uploads\/2023\/07\/Encarni.jpeg&#8221; icon_color=&#8221;#124159&#8243; admin_label=&#8221;Encarnaci\u00f3n Ramirez&#8221; _builder_version=&#8221;4.27.4&#8243; _module_preset=&#8221;default&#8221; header_font=&#8221;|700|||||||&#8221; header_text_align=&#8221;center&#8221; header_text_color=&#8221;#124159&#8243; header_line_height=&#8221;1.4em&#8221; body_text_align=&#8221;center&#8221; position_font=&#8221;|600|||||||&#8221; position_text_color=&#8221;#0C71C3&#8243; custom_margin=&#8221;0px||||false|false&#8221; link_option_url_new_window=&#8221;on&#8221; custom_css_main_element=&#8221;border-radius:25px;||overflow: hidden;||margin: 0 auto 30px;||padding:10px 10px 20px 10px;||border-bottom: 4px solid #74bae6;&#8221; custom_css_member_image=&#8221;max-width:75%;||margin:5px auto 20px auto;&#8221; border_radii_image=&#8221;on|65px|65px|65px|65px&#8221; box_shadow_style_image=&#8221;preset1&#8243; global_colors_info=&#8221;{}&#8221;]<\/p>\n<p>Neteja Vi\u00e0ria i Gesti\u00f3 de Residus. Ecoparc. Cementeris. Parcs i Jardins. Barri Felip II i Poble Llevant\u00ed.<\/p>\n<p>[\/et_pb_team_member][\/et_pb_column][\/et_pb_row][et_pb_row column_structure=&#8221;1_4,1_4,1_4,1_4&#8243; use_custom_gutter=&#8221;on&#8221; gutter_width=&#8221;2&#8243; make_equal=&#8221;on&#8221; column_padding_mobile=&#8221;on&#8221; admin_label=&#8221;Fila regidors&#8221; _builder_version=&#8221;4.21.0&#8243; _module_preset=&#8221;73e255b0-716e-4b99-8ac7-02f0ade8f533&#8243; background_size=&#8221;initial&#8221; background_position=&#8221;top_left&#8221; background_repeat=&#8221;repeat&#8221; width_tablet=&#8221;80%&#8221; width_phone=&#8221;80%&#8221; width_last_edited=&#8221;on|desktop&#8221; max_width=&#8221;65%&#8221; max_width_tablet=&#8221;80%&#8221; max_width_phone=&#8221;80%&#8221; max_width_last_edited=&#8221;on|tablet&#8221; custom_margin=&#8221;15px|auto|15px|auto|false|false&#8221; custom_margin_tablet=&#8221;15px|auto|15px|auto|false|false&#8221; custom_margin_phone=&#8221;15px|auto|15px|auto|false|false&#8221; custom_margin_last_edited=&#8221;on|phone&#8221; custom_padding=&#8221;10px||0px|0px|false|false&#8221; custom_css_main_element=&#8221;justify-content:center;&#8221; make_fullwidth=&#8221;on&#8221; use_custom_width=&#8221;off&#8221; width_unit=&#8221;off&#8221; custom_width_px=&#8221;1080px&#8221; custom_width_percent=&#8221;80%&#8221; global_colors_info=&#8221;{}&#8221;][et_pb_column type=&#8221;1_4&#8243; admin_label=&#8221;Columna 1&#8243; _builder_version=&#8221;4.20.0&#8243; _module_preset=&#8221;default&#8221; custom_padding=&#8221;|||&#8221; global_colors_info=&#8221;{}&#8221; custom_padding__hover=&#8221;|||&#8221; custom_css_main_element_last_edited=&#8221;on|phone&#8221; custom_css_main_element_phone=&#8221; margin-bottom: 0px;&#8221;][et_pb_team_member name=&#8221;\u00c1ngel Piedecausa Amador&#8221; position=&#8221;Regidor-Delegat. 5\u00e9 Tinent d&#039;Alcalde&#8221; image_url=&#8221;https:\/\/santapola.es\/wp-content\/uploads\/2023\/07\/Angel.jpeg&#8221; icon_color=&#8221;#124159&#8243; admin_label=&#8221;\u00c1ngel Piedecausa&#8221; _builder_version=&#8221;4.27.4&#8243; _module_preset=&#8221;default&#8221; header_font=&#8221;|700|||||||&#8221; header_text_align=&#8221;center&#8221; header_text_color=&#8221;#124159&#8243; header_line_height=&#8221;1.4em&#8221; body_text_align=&#8221;center&#8221; position_font=&#8221;|600|||||||&#8221; position_text_color=&#8221;#0C71C3&#8243; custom_margin=&#8221;0px||||false|false&#8221; link_option_url_new_window=&#8221;on&#8221; custom_css_main_element=&#8221;border-radius:25px;||overflow: hidden;||margin: 0 auto 30px;||padding:10px 10px 20px 10px;||border-bottom: 4px solid #74bae6;&#8221; custom_css_member_image=&#8221;max-width:75%;||margin:5px auto 20px auto;&#8221; border_radii_image=&#8221;on|65px|65px|65px|65px&#8221; box_shadow_style_image=&#8221;preset1&#8243; global_colors_info=&#8221;{}&#8221;]<\/p>\n<p>Serveis Generals. Infraestructura, Accessibilitat i Serveis P\u00fablics. Pesca i Agricultura. Platges, Gesti\u00f3 de Qualitat de Platges. medi ambient. Esports. Barri Gran Platja, Platja Llisa i Tamarit. Benestar Animal. Barco pesquer, Aquari.<\/p>\n<p>[\/et_pb_team_member][\/et_pb_column][et_pb_column type=&#8221;1_4&#8243; admin_label=&#8221;Columna 2&#8243; _builder_version=&#8221;4.21.0&#8243; _module_preset=&#8221;default&#8221; custom_padding=&#8221;|||&#8221; global_colors_info=&#8221;{}&#8221; custom_padding__hover=&#8221;|||&#8221; custom_css_main_element_last_edited=&#8221;on|phone&#8221; custom_css_main_element_phone=&#8221; margin-bottom: 0px;&#8221;][et_pb_team_member name=&#8221;Borja Francisco Merino D\u00edaz&#8221; position=&#8221;Regidor-Delegat.&#8221; image_url=&#8221;https:\/\/santapola.es\/wp-content\/uploads\/2023\/07\/Borja.jpeg&#8221; icon_color=&#8221;#124159&#8243; admin_label=&#8221;Borja Merino&#8221; _builder_version=&#8221;4.27.4&#8243; _module_preset=&#8221;default&#8221; header_font=&#8221;|700|||||||&#8221; header_text_align=&#8221;center&#8221; header_text_color=&#8221;#124159&#8243; header_line_height=&#8221;1.4em&#8221; body_text_align=&#8221;center&#8221; position_font=&#8221;|600|||||||&#8221; position_text_color=&#8221;#0C71C3&#8243; custom_margin=&#8221;0px||||false|false&#8221; link_option_url_new_window=&#8221;on&#8221; custom_css_main_element=&#8221;border-radius:25px;||overflow: hidden;||margin: 0 auto 30px;||padding:10px 10px 20px 10px;||border-bottom: 4px solid #74bae6;&#8221; custom_css_member_image=&#8221;max-width:75%;||margin:5px auto 20px auto;&#8221; border_radii_image=&#8221;on|65px|65px|65px|65px&#8221; box_shadow_style_image=&#8221;preset1&#8243; global_colors_info=&#8221;{}&#8221;]<\/p>\n<p>Turisme. Sanitat. Gran Alacant<\/p>\n<p>[\/et_pb_team_member][\/et_pb_column][et_pb_column type=&#8221;1_4&#8243; admin_label=&#8221;Columna 3&#8243; _builder_version=&#8221;4.21.0&#8243; _module_preset=&#8221;default&#8221; custom_padding=&#8221;|||&#8221; global_colors_info=&#8221;{}&#8221; custom_padding__hover=&#8221;|||&#8221; custom_css_main_element_last_edited=&#8221;on|phone&#8221; custom_css_main_element_phone=&#8221; margin-bottom: 0px;&#8221;][et_pb_team_member name=&#8221;Joaqu\u00edn Lozano Alonso&#8221; position=&#8221;Regidor-Delegat&#8221; image_url=&#8221;https:\/\/santapola.es\/wp-content\/uploads\/2023\/07\/Joaquin.jpeg&#8221; icon_color=&#8221;#124159&#8243; admin_label=&#8221;Joaqu\u00edn Lozano&#8221; _builder_version=&#8221;4.27.4&#8243; _module_preset=&#8221;default&#8221; header_font=&#8221;|700|||||||&#8221; header_text_align=&#8221;center&#8221; header_text_color=&#8221;#124159&#8243; header_line_height=&#8221;1.4em&#8221; body_text_align=&#8221;center&#8221; position_font=&#8221;|600|||||||&#8221; position_text_color=&#8221;#0C71C3&#8243; custom_margin=&#8221;0px||||false|false&#8221; link_option_url_new_window=&#8221;on&#8221; custom_css_main_element=&#8221;border-radius:25px;||overflow: hidden;||margin: 0 auto 30px;||padding:10px 10px 20px 10px;||border-bottom: 4px solid #74bae6;&#8221; custom_css_member_image=&#8221;max-width:75%;||margin:5px auto 20px auto;&#8221; border_radii_image=&#8221;on|65px|65px|65px|65px&#8221; box_shadow_style_image=&#8221;preset1&#8243; global_colors_info=&#8221;{}&#8221;]<\/p>\n<p>Obertures i Ocupaci\u00f3 Via P\u00fablica. Atenci\u00f3 i Participaci\u00f3 Ciutadana. Comer\u00e7, Mercats, Mercats ambulants i Consum, Omic. Foment, Emprenedors. Joventut. Ind\u00fastria i Pol\u00edgon Industrial<\/p>\n<p>[\/et_pb_team_member][\/et_pb_column][et_pb_column type=&#8221;1_4&#8243; admin_label=&#8221;Columna 4&#8243; _builder_version=&#8221;4.21.0&#8243; _module_preset=&#8221;default&#8221; custom_padding=&#8221;|||&#8221; global_colors_info=&#8221;{}&#8221; custom_padding__hover=&#8221;|||&#8221; custom_css_main_element_last_edited=&#8221;on|phone&#8221; custom_css_main_element_phone=&#8221; margin-bottom: 0px;&#8221;][\/et_pb_column][\/et_pb_row][et_pb_row column_padding_mobile=&#8221;on&#8221; admin_label=&#8221;Fila t\u00edtol&#8221; module_id=&#8221;corporacion&#8221; _builder_version=&#8221;4.24.3&#8243; _module_preset=&#8221;73e255b0-716e-4b99-8ac7-02f0ade8f533&#8243; use_background_color_gradient=&#8221;on&#8221; background_color_gradient_stops=&#8221;rgba(255,109,109,0.92) 0%|#930814 100%&#8221; background_size=&#8221;initial&#8221; background_position=&#8221;top_left&#8221; background_repeat=&#8221;repeat&#8221; width=&#8221;100%&#8221; width_tablet=&#8221;80%&#8221; width_phone=&#8221;80%&#8221; width_last_edited=&#8221;on|desktop&#8221; max_width=&#8221;65%&#8221; max_width_tablet=&#8221;80%&#8221; max_width_phone=&#8221;80%&#8221; max_width_last_edited=&#8221;on|tablet&#8221; custom_margin=&#8221;35px|auto||auto|false|false&#8221; custom_margin_tablet=&#8221;5px|auto|15px|auto|false|false&#8221; custom_margin_phone=&#8221;5px|auto|15px|auto|false|false&#8221; custom_margin_last_edited=&#8221;on|tablet&#8221; custom_padding=&#8221;10px|15px|0px|0px|false|false&#8221; border_radii=&#8221;on|10px|10px|10px|10px&#8221; box_shadow_style=&#8221;preset3&#8243; make_fullwidth=&#8221;on&#8221; use_custom_width=&#8221;off&#8221; width_unit=&#8221;off&#8221; custom_width_px=&#8221;1080px&#8221; custom_width_percent=&#8221;80%&#8221; global_colors_info=&#8221;{}&#8221;][et_pb_column type=&#8221;4_4&#8243; admin_label=&#8221;Columna 1&#8243; _builder_version=&#8221;4.20.0&#8243; _module_preset=&#8221;default&#8221; custom_padding=&#8221;|||&#8221; global_colors_info=&#8221;{}&#8221; custom_padding__hover=&#8221;|||&#8221; custom_css_main_element_last_edited=&#8221;on|phone&#8221; custom_css_main_element_phone=&#8221; margin-bottom: 0px;&#8221;][et_pb_text admin_label=&#8221;Texto Partido socialista&#8221; _builder_version=&#8221;4.24.3&#8243; _module_preset=&#8221;default&#8221; text_font=&#8221;|600|||||||&#8221; text_text_color=&#8221;#FFFFFF&#8221; text_font_size=&#8221;155%&#8221; text_orientation=&#8221;center&#8221; custom_padding=&#8221;5px||15px||false|false&#8221; global_colors_info=&#8221;{}&#8221;]<\/p>\n<p>Partit Socialista &#8211; PSOE<\/p>\n<p>[\/et_pb_text][\/et_pb_column][\/et_pb_row][et_pb_row column_structure=&#8221;1_2,1_2&#8243; column_padding_mobile=&#8221;on&#8221; admin_label=&#8221;Fila Mitjans Socials Partit Socialista&#8221; module_id=&#8221;corporacion&#8221; _builder_version=&#8221;4.24.3&#8243; _module_preset=&#8221;73e255b0-716e-4b99-8ac7-02f0ade8f533&#8243; background_size=&#8221;initial&#8221; background_position=&#8221;top_left&#8221; background_repeat=&#8221;repeat&#8221; width=&#8221;100%&#8221; width_tablet=&#8221;80%&#8221; width_phone=&#8221;80%&#8221; width_last_edited=&#8221;on|desktop&#8221; max_width=&#8221;65%&#8221; max_width_tablet=&#8221;80%&#8221; max_width_phone=&#8221;80%&#8221; max_width_last_edited=&#8221;on|tablet&#8221; custom_margin=&#8221;|auto|30px|auto|false|false&#8221; custom_margin_tablet=&#8221;5px|auto|15px|auto|false|false&#8221; custom_margin_phone=&#8221;5px|auto|15px|auto|false|false&#8221; custom_margin_last_edited=&#8221;on|desktop&#8221; custom_padding=&#8221;10px|15px|0px|0px|false|false&#8221; border_width_bottom=&#8221;1px&#8221; border_color_bottom=&#8221;rgba(230,116,139,0.52)&#8221; make_fullwidth=&#8221;on&#8221; use_custom_width=&#8221;off&#8221; width_unit=&#8221;off&#8221; custom_width_px=&#8221;1080px&#8221; custom_width_percent=&#8221;80%&#8221; global_colors_info=&#8221;{}&#8221;][et_pb_column type=&#8221;1_2&#8243; admin_label=&#8221;Columna 1&#8243; _builder_version=&#8221;4.24.3&#8243; _module_preset=&#8221;default&#8221; custom_padding=&#8221;|||&#8221; global_colors_info=&#8221;{}&#8221; custom_padding__hover=&#8221;|||&#8221; custom_css_main_element_last_edited=&#8221;on|phone&#8221; custom_css_main_element_phone=&#8221; margin-bottom: 0px;&#8221;][et_pb_text admin_label=&#8221;Web PSOE&#8221; _builder_version=&#8221;4.24.3&#8243; _module_preset=&#8221;default&#8221; text_font=&#8221;|600|||||||&#8221; text_text_color=&#8221;#bf2c24&#8243; custom_margin=&#8221;5px|||15px|false|false&#8221; link_option_url=&#8221;https:\/\/www.pspvpsoe.es\/es\/territorio\/&#8221; link_option_url_new_window=&#8221;on&#8221; text_orientation_tablet=&#8221;center&#8221; text_orientation_phone=&#8221;center&#8221; text_orientation_last_edited=&#8221;on|desktop&#8221; global_colors_info=&#8221;{}&#8221;]<\/p>\n<p>Web Partit Socialista<\/p>\n<p>[\/et_pb_text][\/et_pb_column][et_pb_column type=&#8221;1_2&#8243; admin_label=&#8221;Columna 1&#8243; _builder_version=&#8221;4.20.0&#8243; _module_preset=&#8221;default&#8221; custom_padding=&#8221;|||&#8221; global_colors_info=&#8221;{}&#8221; custom_padding__hover=&#8221;|||&#8221; custom_css_main_element_last_edited=&#8221;on|phone&#8221; custom_css_main_element_phone=&#8221; margin-bottom: 0px;&#8221;]<\/p>\n<p>[et_pb_social_media_follow admin_label=&#8221;Xarxes Socials&#8221; _builder_version=&#8221;4.24.3&#8243; _module_preset=&#8221;default&#8221; text_orientation=&#8221;right&#8221; custom_margin=&#8221;||||false|false&#8221; custom_margin_tablet=&#8221;||10px||false|false&#8221; custom_margin_phone=&#8221;10px||||false|false&#8221; custom_margin_last_edited=&#8221;on|tablet&#8221; text_orientation_tablet=&#8221;center&#8221; text_orientation_phone=&#8221;center&#8221; text_orientation_last_edited=&#8221;on|tablet&#8221; border_radii=&#8221;on|7px|7px|7px|7px&#8221; border_color_all=&#8221;rgba(12,113,195,0.63)&#8221; global_colors_info=&#8221;{}&#8221;][et_pb_social_media_follow_network social_network=&#8221;facebook&#8221; url=&#8221;https:\/\/es-la.facebook.com\/pspvpsoesp&#8221; _builder_version=&#8221;4.24.3&#8243; _module_preset=&#8221;default&#8221; background_color=&#8221;#3b5998&#8243; global_colors_info=&#8221;{}&#8221; follow_button=&#8221;off&#8221; url_new_window=&#8221;on&#8221;]facebook[\/et_pb_social_media_follow_network][et_pb_social_media_follow_network social_network=&#8221;twitter&#8221; url=&#8221;https:\/\/twitter.com\/pspvpsoesp?lang=es&#8221; _builder_version=&#8221;4.24.3&#8243; _module_preset=&#8221;default&#8221; background_color=&#8221;#000000&#8243; global_colors_info=&#8221;{}&#8221; follow_button=&#8221;off&#8221; url_new_window=&#8221;on&#8221;]X[\/et_pb_social_media_follow_network][\/et_pb_social_media_follow]<\/p>\n<p>[\/et_pb_column][\/et_pb_row][et_pb_row column_structure=&#8221;1_4,1_4,1_4,1_4&#8243; use_custom_gutter=&#8221;on&#8221; gutter_width=&#8221;2&#8243; make_equal=&#8221;on&#8221; column_padding_mobile=&#8221;on&#8221; admin_label=&#8221;Fila regidors&#8221; _builder_version=&#8221;4.21.0&#8243; _module_preset=&#8221;73e255b0-716e-4b99-8ac7-02f0ade8f533&#8243; background_size=&#8221;initial&#8221; background_position=&#8221;top_left&#8221; background_repeat=&#8221;repeat&#8221; width_tablet=&#8221;80%&#8221; width_phone=&#8221;80%&#8221; width_last_edited=&#8221;on|desktop&#8221; max_width=&#8221;65%&#8221; max_width_tablet=&#8221;80%&#8221; max_width_phone=&#8221;80%&#8221; max_width_last_edited=&#8221;on|tablet&#8221; custom_margin=&#8221;15px|auto|15px|auto|false|false&#8221; custom_margin_tablet=&#8221;15px|auto|15px|auto|false|false&#8221; custom_margin_phone=&#8221;15px|auto|15px|auto|false|false&#8221; custom_margin_last_edited=&#8221;on|phone&#8221; custom_padding=&#8221;10px||0px|0px|false|false&#8221; custom_css_main_element=&#8221;justify-content:center;&#8221; make_fullwidth=&#8221;on&#8221; use_custom_width=&#8221;off&#8221; width_unit=&#8221;off&#8221; custom_width_px=&#8221;1080px&#8221; custom_width_percent=&#8221;80%&#8221; global_colors_info=&#8221;{}&#8221;][et_pb_column type=&#8221;1_4&#8243; admin_label=&#8221;Columna 1&#8243; _builder_version=&#8221;4.20.0&#8243; _module_preset=&#8221;default&#8221; custom_padding=&#8221;|||&#8221; global_colors_info=&#8221;{}&#8221; custom_padding__hover=&#8221;|||&#8221; custom_css_main_element_last_edited=&#8221;on|phone&#8221; custom_css_main_element_phone=&#8221; margin-bottom: 0px;&#8221;][et_pb_team_member name=&#8221;Yolanda Seva Ru\u00edz&#8221; image_url=&#8221;https:\/\/santapola.es\/wp-content\/uploads\/2023\/07\/Yolanda-Seva-2.jpg&#8221; icon_color=&#8221;#124159&#8243; admin_label=&#8221;Yolanda Seva&#8221; _builder_version=&#8221;4.24.3&#8243; _module_preset=&#8221;default&#8221; header_font=&#8221;|700|||||||&#8221; header_text_align=&#8221;center&#8221; header_text_color=&#8221;#124159&#8243; header_line_height=&#8221;1.4em&#8221; body_text_align=&#8221;center&#8221; custom_margin=&#8221;0px||||false|false&#8221; link_option_url_new_window=&#8221;on&#8221; custom_css_main_element=&#8221;border-radius:25px;||overflow: hidden;||margin: 0 auto 30px;||padding:10px 10px 20px 10px;||border-bottom: 4px solid #e6748b;&#8221; custom_css_member_image=&#8221;max-width:75%;||margin:5px auto 20px auto;&#8221; border_radii_image=&#8221;on|65px|65px|65px|65px&#8221; box_shadow_style_image=&#8221;preset1&#8243; global_colors_info=&#8221;{}&#8221; custom_css_member_image_last_edited=&#8221;off|tablet&#8221;][\/et_pb_team_member][\/et_pb_column][et_pb_column type=&#8221;1_4&#8243; admin_label=&#8221;Columna 2&#8243; _builder_version=&#8221;4.21.0&#8243; _module_preset=&#8221;default&#8221; custom_padding=&#8221;|||&#8221; global_colors_info=&#8221;{}&#8221; custom_padding__hover=&#8221;|||&#8221; custom_css_main_element_last_edited=&#8221;on|phone&#8221; custom_css_main_element_phone=&#8221; margin-bottom: 0px;&#8221;][et_pb_team_member name=&#8221;David Fern\u00e1ndez Ortiz&#8221; image_url=&#8221;https:\/\/santapola.es\/wp-content\/uploads\/2023\/07\/David-Fernandez.jpg&#8221; icon_color=&#8221;#124159&#8243; admin_label=&#8221;David Fern\u00e1ndez&#8221; _builder_version=&#8221;4.24.3&#8243; _module_preset=&#8221;default&#8221; header_font=&#8221;|700|||||||&#8221; header_text_align=&#8221;center&#8221; header_text_color=&#8221;#124159&#8243; header_line_height=&#8221;1.4em&#8221; body_text_align=&#8221;center&#8221; custom_margin=&#8221;0px||||false|false&#8221; link_option_url_new_window=&#8221;on&#8221; custom_css_main_element=&#8221;border-radius:25px;||overflow: hidden;||margin: 0 auto 30px;||padding:10px 10px 20px 10px;||border-bottom: 4px solid #e6748b;&#8221; custom_css_member_image=&#8221;max-width:81%;||margin:5px auto 20px auto;&#8221; border_radii_image=&#8221;on|65px|65px|65px|65px&#8221; box_shadow_style_image=&#8221;preset1&#8243; global_colors_info=&#8221;{}&#8221;][\/et_pb_team_member][\/et_pb_column][et_pb_column type=&#8221;1_4&#8243; admin_label=&#8221;Columna 3&#8243; _builder_version=&#8221;4.21.0&#8243; _module_preset=&#8221;default&#8221; custom_padding=&#8221;|||&#8221; global_colors_info=&#8221;{}&#8221; custom_padding__hover=&#8221;|||&#8221; custom_css_main_element_last_edited=&#8221;on|phone&#8221; custom_css_main_element_phone=&#8221; margin-bottom: 0px;&#8221;][et_pb_team_member name=&#8221;Lorenzo A. Andreu Cervera&#8221; image_url=&#8221;https:\/\/santapola.es\/wp-content\/uploads\/2023\/07\/foto-01.jpeg&#8221; icon_color=&#8221;#124159&#8243; admin_label=&#8221;Lorenzo Andreu&#8221; _builder_version=&#8221;4.24.2&#8243; _module_preset=&#8221;default&#8221; header_font=&#8221;|700|||||||&#8221; header_text_align=&#8221;center&#8221; header_text_color=&#8221;#124159&#8243; header_line_height=&#8221;1.4em&#8221; body_text_align=&#8221;center&#8221; custom_margin=&#8221;0px||||false|false&#8221; link_option_url_new_window=&#8221;on&#8221; custom_css_main_element=&#8221;border-radius:25px;||overflow: hidden;||margin: 0 auto 30px;||padding:10px 10px 20px 10px;||border-bottom: 4px solid #e6748b;&#8221; custom_css_member_image=&#8221;max-width:75%;||margin:5px auto 20px auto;&#8221; border_radii_image=&#8221;on|65px|65px|65px|65px&#8221; box_shadow_style_image=&#8221;preset1&#8243; global_colors_info=&#8221;{}&#8221;][\/et_pb_team_member][\/et_pb_column][et_pb_column type=&#8221;1_4&#8243; admin_label=&#8221;Columna 4&#8243; _builder_version=&#8221;4.21.0&#8243; _module_preset=&#8221;default&#8221; custom_padding=&#8221;|||&#8221; global_colors_info=&#8221;{}&#8221; custom_padding__hover=&#8221;|||&#8221; custom_css_main_element_last_edited=&#8221;on|phone&#8221; custom_css_main_element_phone=&#8221; margin-bottom: 0px;&#8221;][et_pb_team_member name=&#8221;M\u00aa Dolores Tom\u00e1s L\u00f3pez&#8221; image_url=&#8221;https:\/\/santapola.es\/wp-content\/uploads\/2023\/07\/loli.jpg&#8221; icon_color=&#8221;#124159&#8243; admin_label=&#8221;Dolores Tom\u00e1s&#8221; _builder_version=&#8221;4.24.2&#8243; _module_preset=&#8221;default&#8221; header_font=&#8221;|700|||||||&#8221; header_text_align=&#8221;center&#8221; header_text_color=&#8221;#124159&#8243; header_line_height=&#8221;1.4em&#8221; body_text_align=&#8221;center&#8221; custom_margin=&#8221;0px||||false|false&#8221; link_option_url_new_window=&#8221;on&#8221; custom_css_main_element=&#8221;border-radius:25px;||overflow: hidden;||margin: 0 auto 30px;||padding:10px 10px 20px 10px;||border-bottom: 4px solid #e6748b;&#8221; custom_css_member_image=&#8221;max-width:70%;||margin:5px auto 20px auto;&#8221; border_radii_image=&#8221;on|65px|65px|65px|65px&#8221; box_shadow_style_image=&#8221;preset1&#8243; global_colors_info=&#8221;{}&#8221;][\/et_pb_team_member][\/et_pb_column][\/et_pb_row][et_pb_row column_structure=&#8221;1_4,1_4,1_4,1_4&#8243; use_custom_gutter=&#8221;on&#8221; gutter_width=&#8221;2&#8243; make_equal=&#8221;on&#8221; column_padding_mobile=&#8221;on&#8221; admin_label=&#8221;Fila regidors&#8221; _builder_version=&#8221;4.21.0&#8243; _module_preset=&#8221;73e255b0-716e-4b99-8ac7-02f0ade8f533&#8243; background_size=&#8221;initial&#8221; background_position=&#8221;top_left&#8221; background_repeat=&#8221;repeat&#8221; width_tablet=&#8221;80%&#8221; width_phone=&#8221;80%&#8221; width_last_edited=&#8221;on|desktop&#8221; max_width=&#8221;65%&#8221; max_width_tablet=&#8221;80%&#8221; max_width_phone=&#8221;80%&#8221; max_width_last_edited=&#8221;on|tablet&#8221; custom_margin=&#8221;15px|auto|15px|auto|false|false&#8221; custom_margin_tablet=&#8221;15px|auto|15px|auto|false|false&#8221; custom_margin_phone=&#8221;15px|auto|15px|auto|false|false&#8221; custom_margin_last_edited=&#8221;on|phone&#8221; custom_padding=&#8221;10px||0px|0px|false|false&#8221; custom_css_main_element=&#8221;justify-content:center;&#8221; make_fullwidth=&#8221;on&#8221; use_custom_width=&#8221;off&#8221; width_unit=&#8221;off&#8221; custom_width_px=&#8221;1080px&#8221; custom_width_percent=&#8221;80%&#8221; global_colors_info=&#8221;{}&#8221;][et_pb_column type=&#8221;1_4&#8243; admin_label=&#8221;Columna 1&#8243; _builder_version=&#8221;4.20.0&#8243; _module_preset=&#8221;default&#8221; custom_padding=&#8221;|||&#8221; global_colors_info=&#8221;{}&#8221; custom_padding__hover=&#8221;|||&#8221; custom_css_main_element_last_edited=&#8221;on|phone&#8221; custom_css_main_element_phone=&#8221; margin-bottom: 0px;&#8221;][et_pb_team_member name=&#8221;Francisca Garc\u00eda Cerd\u00e1&#8221; image_url=&#8221;https:\/\/santapola.es\/wp-content\/uploads\/2023\/07\/Francisca-Garcia.jpeg&#8221; icon_color=&#8221;#124159&#8243; admin_label=&#8221;Francisca Garc\u00eda&#8221; _builder_version=&#8221;4.24.2&#8243; _module_preset=&#8221;default&#8221; header_font=&#8221;|700|||||||&#8221; header_text_align=&#8221;center&#8221; header_text_color=&#8221;#124159&#8243; header_line_height=&#8221;1.4em&#8221; body_text_align=&#8221;center&#8221; custom_margin=&#8221;0px||||false|false&#8221; link_option_url_new_window=&#8221;on&#8221; custom_css_main_element=&#8221;border-radius:25px;||overflow: hidden;||margin: 0 auto 30px;||padding:10px 10px 20px 10px;||border-bottom: 4px solid #e6748b;&#8221; custom_css_member_image=&#8221;max-width:75%;||margin:5px auto 20px auto;&#8221; border_radii_image=&#8221;on|65px|65px|65px|65px&#8221; box_shadow_style_image=&#8221;preset1&#8243; global_colors_info=&#8221;{}&#8221;][\/et_pb_team_member][\/et_pb_column][et_pb_column type=&#8221;1_4&#8243; admin_label=&#8221;Columna 2&#8243; _builder_version=&#8221;4.21.0&#8243; _module_preset=&#8221;default&#8221; custom_padding=&#8221;|||&#8221; global_colors_info=&#8221;{}&#8221; custom_padding__hover=&#8221;|||&#8221; custom_css_main_element_last_edited=&#8221;on|phone&#8221; custom_css_main_element_phone=&#8221; margin-bottom: 0px;&#8221;][et_pb_team_member name=&#8221;Jos\u00e9 Francisco L\u00f3pez Sempere&#8221; image_url=&#8221;https:\/\/santapola.es\/wp-content\/uploads\/2023\/07\/J.Francisco-Lopez.jpeg&#8221; icon_color=&#8221;#124159&#8243; admin_label=&#8221;Jose Francisco L\u00f3pez&#8221; _builder_version=&#8221;4.24.2&#8243; _module_preset=&#8221;default&#8221; header_font=&#8221;|700|||||||&#8221; header_text_align=&#8221;center&#8221; header_text_color=&#8221;#124159&#8243; header_line_height=&#8221;1.4em&#8221; body_text_align=&#8221;center&#8221; custom_margin=&#8221;0px||||false|false&#8221; link_option_url_new_window=&#8221;on&#8221; custom_css_main_element=&#8221;border-radius:25px;||overflow: hidden;||margin: 0 auto 30px;||padding:10px 10px 20px 10px;||border-bottom: 4px solid #e6748b;&#8221; custom_css_member_image=&#8221;max-width:75%;||margin:5px auto 20px auto;&#8221; border_radii_image=&#8221;on|65px|65px|65px|65px&#8221; box_shadow_style_image=&#8221;preset1&#8243; global_colors_info=&#8221;{}&#8221;][\/et_pb_team_member][\/et_pb_column][et_pb_column type=&#8221;1_4&#8243; admin_label=&#8221;Columna 3&#8243; _builder_version=&#8221;4.21.0&#8243; _module_preset=&#8221;default&#8221; custom_padding=&#8221;|||&#8221; global_colors_info=&#8221;{}&#8221; custom_padding__hover=&#8221;|||&#8221; custom_css_main_element_last_edited=&#8221;on|phone&#8221; custom_css_main_element_phone=&#8221; margin-bottom: 0px;&#8221;][\/et_pb_column][et_pb_column type=&#8221;1_4&#8243; admin_label=&#8221;Columna 4&#8243; _builder_version=&#8221;4.21.0&#8243; _module_preset=&#8221;default&#8221; custom_padding=&#8221;|||&#8221; global_colors_info=&#8221;{}&#8221; custom_padding__hover=&#8221;|||&#8221; custom_css_main_element_last_edited=&#8221;on|phone&#8221; custom_css_main_element_phone=&#8221; margin-bottom: 0px;&#8221;][\/et_pb_column][\/et_pb_row][et_pb_row column_padding_mobile=&#8221;on&#8221; admin_label=&#8221;Fila t\u00edtol&#8221; module_id=&#8221;corporacion&#8221; _builder_version=&#8221;4.24.3&#8243; _module_preset=&#8221;73e255b0-716e-4b99-8ac7-02f0ade8f533&#8243; use_background_color_gradient=&#8221;on&#8221; background_color_gradient_stops=&#8221;rgba(65,168,77,0.74) 0%|#1f7c06 100%&#8221; background_size=&#8221;initial&#8221; background_position=&#8221;top_left&#8221; background_repeat=&#8221;repeat&#8221; width=&#8221;100%&#8221; width_tablet=&#8221;80%&#8221; width_phone=&#8221;80%&#8221; width_last_edited=&#8221;on|desktop&#8221; max_width=&#8221;65%&#8221; max_width_tablet=&#8221;80%&#8221; max_width_phone=&#8221;80%&#8221; max_width_last_edited=&#8221;on|tablet&#8221; custom_margin=&#8221;35px|auto||auto|false|false&#8221; custom_margin_tablet=&#8221;5px|auto|15px|auto|false|false&#8221; custom_margin_phone=&#8221;5px|auto|15px|auto|false|false&#8221; custom_margin_last_edited=&#8221;on|desktop&#8221; custom_padding=&#8221;10px|15px|0px|0px|false|false&#8221; border_radii=&#8221;on|10px|10px|10px|10px&#8221; box_shadow_style=&#8221;preset3&#8243; make_fullwidth=&#8221;on&#8221; use_custom_width=&#8221;off&#8221; width_unit=&#8221;off&#8221; custom_width_px=&#8221;1080px&#8221; custom_width_percent=&#8221;80%&#8221; global_colors_info=&#8221;{}&#8221;][et_pb_column type=&#8221;4_4&#8243; admin_label=&#8221;Columna 1&#8243; _builder_version=&#8221;4.20.0&#8243; _module_preset=&#8221;default&#8221; custom_padding=&#8221;|||&#8221; global_colors_info=&#8221;{}&#8221; custom_padding__hover=&#8221;|||&#8221; custom_css_main_element_last_edited=&#8221;on|phone&#8221; custom_css_main_element_phone=&#8221; margin-bottom: 0px;&#8221;][et_pb_text admin_label=&#8221;Texto VOX&#8221; _builder_version=&#8221;4.21.0&#8243; _module_preset=&#8221;default&#8221; text_font=&#8221;|600|||||||&#8221; text_text_color=&#8221;#FFFFFF&#8221; text_font_size=&#8221;155%&#8221; text_orientation=&#8221;center&#8221; custom_padding=&#8221;5px||15px||false|false&#8221; global_colors_info=&#8221;{}&#8221;]<\/p>\n<p>VOX<\/p>\n<p>[\/et_pb_text][\/et_pb_column][\/et_pb_row][et_pb_row column_structure=&#8221;1_2,1_2&#8243; column_padding_mobile=&#8221;on&#8221; admin_label=&#8221;Fila Mitjans Socials VOX&#8221; module_id=&#8221;corporacion&#8221; _builder_version=&#8221;4.24.3&#8243; _module_preset=&#8221;73e255b0-716e-4b99-8ac7-02f0ade8f533&#8243; background_size=&#8221;initial&#8221; background_position=&#8221;top_left&#8221; background_repeat=&#8221;repeat&#8221; width=&#8221;100%&#8221; width_tablet=&#8221;80%&#8221; width_phone=&#8221;80%&#8221; width_last_edited=&#8221;on|desktop&#8221; max_width=&#8221;65%&#8221; max_width_tablet=&#8221;80%&#8221; max_width_phone=&#8221;80%&#8221; max_width_last_edited=&#8221;on|tablet&#8221; custom_margin=&#8221;|auto|30px|auto|false|false&#8221; custom_margin_tablet=&#8221;5px|auto|15px|auto|false|false&#8221; custom_margin_phone=&#8221;5px|auto|15px|auto|false|false&#8221; custom_margin_last_edited=&#8221;on|desktop&#8221; custom_padding=&#8221;10px|15px|0px|0px|false|false&#8221; border_width_bottom=&#8221;1px&#8221; border_color_bottom=&#8221;rgba(173,230,116,0.88)&#8221; make_fullwidth=&#8221;on&#8221; use_custom_width=&#8221;off&#8221; width_unit=&#8221;off&#8221; custom_width_px=&#8221;1080px&#8221; custom_width_percent=&#8221;80%&#8221; global_colors_info=&#8221;{}&#8221;][et_pb_column type=&#8221;1_2&#8243; admin_label=&#8221;Columna 1&#8243; _builder_version=&#8221;4.24.3&#8243; _module_preset=&#8221;default&#8221; custom_padding=&#8221;|||&#8221; global_colors_info=&#8221;{}&#8221; custom_padding__hover=&#8221;|||&#8221; custom_css_main_element_last_edited=&#8221;on|phone&#8221; custom_css_main_element_phone=&#8221; margin-bottom: 0px;&#8221;][et_pb_text admin_label=&#8221;Web VOX&#8221; _builder_version=&#8221;4.24.3&#8243; _module_preset=&#8221;default&#8221; text_font=&#8221;|600|||||||&#8221; text_text_color=&#8221;#1c9620&#8243; custom_margin=&#8221;5px|||15px|false|false&#8221; link_option_url=&#8221;https:\/\/www.voxespana.es\/alicante&#8221; link_option_url_new_window=&#8221;on&#8221; text_orientation_tablet=&#8221;center&#8221; text_orientation_phone=&#8221;center&#8221; text_orientation_last_edited=&#8221;on|phone&#8221; global_colors_info=&#8221;{}&#8221;]<\/p>\n<p>Web VOX<\/p>\n<p>[\/et_pb_text][\/et_pb_column][et_pb_column type=&#8221;1_2&#8243; admin_label=&#8221;Columna 1&#8243; _builder_version=&#8221;4.20.0&#8243; _module_preset=&#8221;default&#8221; custom_padding=&#8221;|||&#8221; global_colors_info=&#8221;{}&#8221; custom_padding__hover=&#8221;|||&#8221; custom_css_main_element_last_edited=&#8221;on|phone&#8221; custom_css_main_element_phone=&#8221; margin-bottom: 0px;&#8221;]<\/p>\n<p>[et_pb_social_media_follow admin_label=&#8221;Xarxes Socials&#8221; _builder_version=&#8221;4.24.3&#8243; _module_preset=&#8221;default&#8221; text_orientation=&#8221;right&#8221; custom_margin_tablet=&#8221;||10px||false|false&#8221; custom_margin_phone=&#8221;10px||||false|false&#8221; custom_margin_last_edited=&#8221;on|phone&#8221; text_orientation_tablet=&#8221;center&#8221; text_orientation_phone=&#8221;center&#8221; text_orientation_last_edited=&#8221;on|tablet&#8221; border_radii=&#8221;on|7px|7px|7px|7px&#8221; border_color_all=&#8221;rgba(12,113,195,0.63)&#8221; global_colors_info=&#8221;{}&#8221;][et_pb_social_media_follow_network social_network=&#8221;facebook&#8221; url=&#8221;https:\/\/es-es.facebook.com\/VOXSantaPola&#8221; _builder_version=&#8221;4.24.3&#8243; _module_preset=&#8221;default&#8221; background_color=&#8221;#3b5998&#8243; global_colors_info=&#8221;{}&#8221; follow_button=&#8221;off&#8221; url_new_window=&#8221;on&#8221;]facebook[\/et_pb_social_media_follow_network][et_pb_social_media_follow_network social_network=&#8221;twitter&#8221; url=&#8221;https:\/\/twitter.com\/vox_santapola_&#8221; _builder_version=&#8221;4.24.3&#8243; _module_preset=&#8221;default&#8221; background_color=&#8221;#000000&#8243; global_colors_info=&#8221;{}&#8221; follow_button=&#8221;off&#8221; url_new_window=&#8221;on&#8221;]X[\/et_pb_social_media_follow_network][\/et_pb_social_media_follow]<\/p>\n<p>[\/et_pb_column][\/et_pb_row][et_pb_row column_structure=&#8221;1_4,1_4,1_4,1_4&#8243; use_custom_gutter=&#8221;on&#8221; gutter_width=&#8221;2&#8243; make_equal=&#8221;on&#8221; column_padding_mobile=&#8221;on&#8221; admin_label=&#8221;Fila regidors&#8221; _builder_version=&#8221;4.21.0&#8243; _module_preset=&#8221;73e255b0-716e-4b99-8ac7-02f0ade8f533&#8243; background_size=&#8221;initial&#8221; background_position=&#8221;top_left&#8221; background_repeat=&#8221;repeat&#8221; width_tablet=&#8221;80%&#8221; width_phone=&#8221;80%&#8221; width_last_edited=&#8221;on|desktop&#8221; max_width=&#8221;65%&#8221; max_width_tablet=&#8221;80%&#8221; max_width_phone=&#8221;80%&#8221; max_width_last_edited=&#8221;on|tablet&#8221; custom_margin=&#8221;15px|auto|15px|auto|false|false&#8221; custom_margin_tablet=&#8221;15px|auto|15px|auto|false|false&#8221; custom_margin_phone=&#8221;15px|auto|15px|auto|false|false&#8221; custom_margin_last_edited=&#8221;on|phone&#8221; custom_padding=&#8221;10px||0px|0px|false|false&#8221; custom_css_main_element=&#8221;justify-content:center;&#8221; make_fullwidth=&#8221;on&#8221; use_custom_width=&#8221;off&#8221; width_unit=&#8221;off&#8221; custom_width_px=&#8221;1080px&#8221; custom_width_percent=&#8221;80%&#8221; global_colors_info=&#8221;{}&#8221;][et_pb_column type=&#8221;1_4&#8243; admin_label=&#8221;Columna 1&#8243; _builder_version=&#8221;4.20.0&#8243; _module_preset=&#8221;default&#8221; custom_padding=&#8221;|||&#8221; global_colors_info=&#8221;{}&#8221; custom_padding__hover=&#8221;|||&#8221; custom_css_main_element_last_edited=&#8221;on|phone&#8221; custom_css_main_element_phone=&#8221; margin-bottom: 0px;&#8221;][et_pb_team_member name=&#8221;Mireia Moy\u00e1 Lafuente&#8221; image_url=&#8221;https:\/\/santapola.es\/wp-content\/uploads\/2023\/07\/Mireia.jpg&#8221; icon_color=&#8221;#124159&#8243; admin_label=&#8221;Mireia Moy\u00e1&#8221; _builder_version=&#8221;4.24.2&#8243; _module_preset=&#8221;default&#8221; header_font=&#8221;|700|||||||&#8221; header_text_align=&#8221;center&#8221; header_text_color=&#8221;#124159&#8243; header_line_height=&#8221;1.4em&#8221; body_text_align=&#8221;center&#8221; custom_margin=&#8221;0px||||false|false&#8221; link_option_url_new_window=&#8221;on&#8221; custom_css_main_element=&#8221;border-radius:25px;||overflow: hidden;||margin: 0 auto 30px;||padding:10px 10px 20px 10px;||border-bottom: 4px solid #ade674;&#8221; custom_css_member_image=&#8221;max-width:83%;||margin:5px auto 20px auto;&#8221; border_radii_image=&#8221;on|65px|65px|65px|65px&#8221; box_shadow_style_image=&#8221;preset1&#8243; global_colors_info=&#8221;{}&#8221;][\/et_pb_team_member][\/et_pb_column][et_pb_column type=&#8221;1_4&#8243; admin_label=&#8221;Columna 2&#8243; _builder_version=&#8221;4.21.0&#8243; _module_preset=&#8221;default&#8221; custom_padding=&#8221;|||&#8221; global_colors_info=&#8221;{}&#8221; custom_padding__hover=&#8221;|||&#8221; custom_css_main_element_last_edited=&#8221;on|phone&#8221; custom_css_main_element_phone=&#8221; margin-bottom: 0px;&#8221;][et_pb_team_member name=&#8221;Rosa Mar\u00eda Fern\u00e1ndez Amador&#8221; image_url=&#8221;https:\/\/santapola.es\/wp-content\/uploads\/2025\/05\/RosaM.jpg&#8221; icon_color=&#8221;#124159&#8243; admin_label=&#8221;Rosa M\u00aa Fern\u00e1ndez Amador&#8221; _builder_version=&#8221;4.27.4&#8243; _module_preset=&#8221;default&#8221; header_font=&#8221;|700|||||||&#8221; header_text_align=&#8221;center&#8221; header_text_color=&#8221;#124159&#8243; header_line_height=&#8221;1.4em&#8221; body_text_align=&#8221;center&#8221; custom_margin=&#8221;0px||||false|false&#8221; link_option_url_new_window=&#8221;on&#8221; custom_css_main_element=&#8221;border-radius:25px;||overflow: hidden;||margin: 0 auto 30px;||padding:10px 10px 20px 10px;||border-bottom: 4px solid #ade674;&#8221; custom_css_member_image=&#8221;max-width:75%;||margin:5px auto 20px auto;&#8221; border_radii_image=&#8221;on|65px|65px|65px|65px&#8221; box_shadow_style_image=&#8221;preset1&#8243; global_colors_info=&#8221;{}&#8221;][\/et_pb_team_member][\/et_pb_column][et_pb_column type=&#8221;1_4&#8243; admin_label=&#8221;Columna 3&#8243; _builder_version=&#8221;4.21.0&#8243; _module_preset=&#8221;default&#8221; custom_padding=&#8221;|||&#8221; global_colors_info=&#8221;{}&#8221; custom_padding__hover=&#8221;|||&#8221; custom_css_main_element_last_edited=&#8221;on|phone&#8221; custom_css_main_element_phone=&#8221; margin-bottom: 0px;&#8221;][\/et_pb_column][et_pb_column type=&#8221;1_4&#8243; admin_label=&#8221;Columna 4&#8243; _builder_version=&#8221;4.21.0&#8243; _module_preset=&#8221;default&#8221; custom_padding=&#8221;|||&#8221; global_colors_info=&#8221;{}&#8221; custom_padding__hover=&#8221;|||&#8221; custom_css_main_element_last_edited=&#8221;on|phone&#8221; custom_css_main_element_phone=&#8221; margin-bottom: 0px;&#8221;][\/et_pb_column][\/et_pb_row][et_pb_row column_padding_mobile=&#8221;on&#8221; admin_label=&#8221;Fila t\u00edtol&#8221; module_id=&#8221;corporacion&#8221; _builder_version=&#8221;4.21.0&#8243; _module_preset=&#8221;73e255b0-716e-4b99-8ac7-02f0ade8f533&#8243; use_background_color_gradient=&#8221;on&#8221; background_color_gradient_stops=&#8221;rgba(124,239,230,0.98) 0%|#2d9b96 100%&#8221; background_size=&#8221;initial&#8221; background_position=&#8221;top_left&#8221; background_repeat=&#8221;repeat&#8221; width=&#8221;100%&#8221; width_tablet=&#8221;80%&#8221; width_phone=&#8221;80%&#8221; width_last_edited=&#8221;on|desktop&#8221; max_width=&#8221;65%&#8221; max_width_tablet=&#8221;80%&#8221; max_width_phone=&#8221;80%&#8221; max_width_last_edited=&#8221;on|tablet&#8221; custom_margin=&#8221;35px|auto|30px|auto|false|false&#8221; custom_margin_tablet=&#8221;5px|auto|15px|auto|false|false&#8221; custom_margin_phone=&#8221;5px|auto|15px|auto|false|false&#8221; custom_margin_last_edited=&#8221;on|desktop&#8221; custom_padding=&#8221;10px|15px|0px|0px|false|false&#8221; border_radii=&#8221;on|10px|10px|10px|10px&#8221; box_shadow_style=&#8221;preset3&#8243; make_fullwidth=&#8221;on&#8221; use_custom_width=&#8221;off&#8221; width_unit=&#8221;off&#8221; custom_width_px=&#8221;1080px&#8221; custom_width_percent=&#8221;80%&#8221; global_colors_info=&#8221;{}&#8221;][et_pb_column type=&#8221;4_4&#8243; admin_label=&#8221;Columna 1&#8243; _builder_version=&#8221;4.20.0&#8243; _module_preset=&#8221;default&#8221; custom_padding=&#8221;|||&#8221; global_colors_info=&#8221;{}&#8221; custom_padding__hover=&#8221;|||&#8221; custom_css_main_element_last_edited=&#8221;on|phone&#8221; custom_css_main_element_phone=&#8221; margin-bottom: 0px;&#8221;][et_pb_text admin_label=&#8221;Texto Mes Santa Pola&#8221; _builder_version=&#8221;4.21.0&#8243; _module_preset=&#8221;default&#8221; text_font=&#8221;|600|||||||&#8221; text_text_color=&#8221;#FFFFFF&#8221; text_font_size=&#8221;155%&#8221; text_orientation=&#8221;center&#8221; custom_padding=&#8221;5px||15px||false|false&#8221; global_colors_info=&#8221;{}&#8221;]<\/p>\n<p>M\u00e9s Santa Pola<\/p>\n<p>[\/et_pb_text][\/et_pb_column][\/et_pb_row][et_pb_row column_structure=&#8221;1_4,1_4,1_4,1_4&#8243; use_custom_gutter=&#8221;on&#8221; gutter_width=&#8221;2&#8243; make_equal=&#8221;on&#8221; column_padding_mobile=&#8221;on&#8221; admin_label=&#8221;Fila regidors&#8221; _builder_version=&#8221;4.21.0&#8243; _module_preset=&#8221;73e255b0-716e-4b99-8ac7-02f0ade8f533&#8243; background_size=&#8221;initial&#8221; background_position=&#8221;top_left&#8221; background_repeat=&#8221;repeat&#8221; width_tablet=&#8221;80%&#8221; width_phone=&#8221;80%&#8221; width_last_edited=&#8221;on|desktop&#8221; max_width=&#8221;65%&#8221; max_width_tablet=&#8221;80%&#8221; max_width_phone=&#8221;80%&#8221; max_width_last_edited=&#8221;on|tablet&#8221; custom_margin=&#8221;15px|auto|15px|auto|false|false&#8221; custom_margin_tablet=&#8221;15px|auto|15px|auto|false|false&#8221; custom_margin_phone=&#8221;15px|auto|15px|auto|false|false&#8221; custom_margin_last_edited=&#8221;on|phone&#8221; custom_padding=&#8221;10px||0px|0px|false|false&#8221; custom_css_main_element=&#8221;justify-content:center;&#8221; make_fullwidth=&#8221;on&#8221; use_custom_width=&#8221;off&#8221; width_unit=&#8221;off&#8221; custom_width_px=&#8221;1080px&#8221; custom_width_percent=&#8221;80%&#8221; global_colors_info=&#8221;{}&#8221;][et_pb_column type=&#8221;1_4&#8243; admin_label=&#8221;Columna 1&#8243; _builder_version=&#8221;4.20.0&#8243; _module_preset=&#8221;default&#8221; custom_padding=&#8221;|||&#8221; global_colors_info=&#8221;{}&#8221; custom_padding__hover=&#8221;|||&#8221; custom_css_main_element_last_edited=&#8221;on|phone&#8221; custom_css_main_element_phone=&#8221; margin-bottom: 0px;&#8221;][et_pb_team_member name=&#8221;Ana Ant\u00f3n Ruiz&#8221; image_url=&#8221;https:\/\/santapola.es\/wp-content\/uploads\/2023\/07\/Ana-Anton.jpg&#8221; icon_color=&#8221;#124159&#8243; admin_label=&#8221;Ana Ant\u00f3n&#8221; _builder_version=&#8221;4.24.2&#8243; _module_preset=&#8221;default&#8221; header_font=&#8221;|700|||||||&#8221; header_text_align=&#8221;center&#8221; header_text_color=&#8221;#124159&#8243; header_line_height=&#8221;1.4em&#8221; body_text_align=&#8221;center&#8221; custom_margin=&#8221;0px||||false|false&#8221; link_option_url_new_window=&#8221;on&#8221; custom_css_main_element=&#8221;border-radius:25px;||overflow: hidden;||margin: 0 auto 30px;||padding:10px 10px 20px 10px;||border-bottom: 4px solid #74e6d7;&#8221; custom_css_member_image=&#8221;max-width:76%;||margin:5px auto 20px auto;&#8221; border_radii_image=&#8221;on|65px|65px|65px|65px&#8221; box_shadow_style_image=&#8221;preset1&#8243; global_colors_info=&#8221;{}&#8221;][\/et_pb_team_member][\/et_pb_column][et_pb_column type=&#8221;1_4&#8243; admin_label=&#8221;Columna 2&#8243; _builder_version=&#8221;4.21.0&#8243; _module_preset=&#8221;default&#8221; custom_padding=&#8221;|||&#8221; global_colors_info=&#8221;{}&#8221; custom_padding__hover=&#8221;|||&#8221; custom_css_main_element_last_edited=&#8221;on|phone&#8221; custom_css_main_element_phone=&#8221; margin-bottom: 0px;&#8221;][et_pb_team_member name=&#8221;Esteve Ruiz R\u00f3denas&#8221; image_url=&#8221;https:\/\/santapola.es\/wp-content\/uploads\/2023\/07\/Esteve.jpg&#8221; icon_color=&#8221;#124159&#8243; admin_label=&#8221;Esteve Ruiz&#8221; _builder_version=&#8221;4.24.2&#8243; _module_preset=&#8221;default&#8221; header_font=&#8221;|700|||||||&#8221; header_text_align=&#8221;center&#8221; header_text_color=&#8221;#124159&#8243; header_line_height=&#8221;1.4em&#8221; body_text_align=&#8221;center&#8221; custom_margin=&#8221;0px||||false|false&#8221; link_option_url_new_window=&#8221;on&#8221; custom_css_main_element=&#8221;border-radius:25px;||overflow: hidden;||margin: 0 auto 30px;||padding:10px 10px 20px 10px;||border-bottom: 4px solid #74e6d7;&#8221; custom_css_member_image=&#8221;max-width:75%;||margin:5px auto 20px auto;&#8221; border_radii_image=&#8221;on|65px|65px|65px|65px&#8221; box_shadow_style_image=&#8221;preset1&#8243; global_colors_info=&#8221;{}&#8221;][\/et_pb_team_member][\/et_pb_column][et_pb_column type=&#8221;1_4&#8243; admin_label=&#8221;Columna 3&#8243; _builder_version=&#8221;4.21.0&#8243; _module_preset=&#8221;default&#8221; custom_padding=&#8221;|||&#8221; global_colors_info=&#8221;{}&#8221; custom_padding__hover=&#8221;|||&#8221; custom_css_main_element_last_edited=&#8221;on|phone&#8221; custom_css_main_element_phone=&#8221; margin-bottom: 0px;&#8221;][\/et_pb_column][et_pb_column type=&#8221;1_4&#8243; admin_label=&#8221;Columna 4&#8243; _builder_version=&#8221;4.21.0&#8243; _module_preset=&#8221;default&#8221; custom_padding=&#8221;|||&#8221; global_colors_info=&#8221;{}&#8221; custom_padding__hover=&#8221;|||&#8221; custom_css_main_element_last_edited=&#8221;on|phone&#8221; custom_css_main_element_phone=&#8221; margin-bottom: 0px;&#8221;][\/et_pb_column][\/et_pb_row][\/et_pb_section]<\/p>\n","protected":false},"excerpt":{"rendered":"<p><span><span><a href=\"https:\/\/santapola.es\/ca\/\">Inici<\/a><\/span><\/span>Govern MunicipalPartit Popular &#8211; PPWeb Partit PopularAlcaldia. Relacions Institucionals, Protocol i Premsa. Governaci\u00f3 i R\u00e8gim Intern. Planificaci\u00f3 Projectes Europeus. Infraestructura, accessibilitat i Serveis P\u00fablics. Coordinaci\u00f3 d&#8217;Obres i Serveis a executar de les Infraestructures de les diferents Regidories.Hisenda. Contractaci\u00f3 i Patrimoni. Modernitzaci\u00f3, Administraci\u00f3 Electr\u00f2nica i Transpar\u00e8ncia. Arxiu Municipal. ADL, Ocupaci\u00f3 i Foment.Urbanisme. Territori i Habitatges (Promoci\u00f3 [&hellip;]<\/p>\n","protected":false},"author":95,"featured_media":0,"parent":34481,"menu_order":0,"comment_status":"closed","ping_status":"closed","template":"","meta":{"_et_pb_use_builder":"on","_et_pb_old_content":"","_et_gb_content_width":"","footnotes":""},"class_list":["post-34491","page","type-page","status-publish","hentry"],"yoast_head":"<!-- This site is optimized with the Yoast SEO plugin v27.4 - https:\/\/yoast.com\/product\/yoast-seo-wordpress\/ -->\n<title>Corporaci\u00f3 Municipal - Ajuntament de Santa Pola<\/title>\n<meta name=\"robots\" content=\"index, follow, max-snippet:-1, max-image-preview:large, max-video-preview:-1\" \/>\n<link rel=\"canonical\" href=\"https:\/\/santapola.es\/ca\/ajuntament\/corporacio-municipal\/\" \/>\n<meta property=\"og:locale\" content=\"ca_ES\" \/>\n<meta property=\"og:type\" content=\"article\" \/>\n<meta property=\"og:title\" content=\"Corporaci\u00f3 Municipal - Ajuntament de Santa Pola\" \/>\n<meta property=\"og:description\" content=\"Govern MunicipalPartit Popular - PPWeb Partit PopularAlcaldia. Relacions Institucionals, Protocol i Premsa. Governaci\u00f3 i R\u00e8gim Intern. Planificaci\u00f3 Projectes Europeus. Infraestructura, accessibilitat i Serveis P\u00fablics. Coordinaci\u00f3 d&#039;Obres i Serveis a executar de les Infraestructures de les diferents Regidories.Hisenda. Contractaci\u00f3 i Patrimoni. Modernitzaci\u00f3, Administraci\u00f3 Electr\u00f2nica i Transpar\u00e8ncia. Arxiu Municipal. ADL, Ocupaci\u00f3 i Foment.Urbanisme. Territori i Habitatges (Promoci\u00f3 [&hellip;]\" \/>\n<meta property=\"og:url\" content=\"https:\/\/santapola.es\/ca\/ajuntament\/corporacio-municipal\/\" \/>\n<meta property=\"og:site_name\" content=\"Ajuntament de Santa Pola\" \/>\n<meta property=\"article:publisher\" content=\"https:\/\/www.facebook.com\/AyuntamientoSantaPola\/\" \/>\n<meta property=\"article:modified_time\" content=\"2026-03-30T08:31:44+00:00\" \/>\n<meta name=\"twitter:card\" content=\"summary_large_image\" \/>\n<meta name=\"twitter:site\" content=\"@SantaPolaAyunt\" \/>\n<script type=\"application\/ld+json\" class=\"yoast-schema-graph\">{\"@context\":\"https:\\\/\\\/schema.org\",\"@graph\":[{\"@type\":\"WebPage\",\"@id\":\"https:\\\/\\\/santapola.es\\\/ca\\\/ajuntament\\\/corporacio-municipal\\\/\",\"url\":\"https:\\\/\\\/santapola.es\\\/ca\\\/ajuntament\\\/corporacio-municipal\\\/\",\"name\":\"Corporaci\u00f3 Municipal - Ajuntament de Santa Pola\",\"isPartOf\":{\"@id\":\"https:\\\/\\\/santapola.es\\\/ca\\\/#website\"},\"datePublished\":\"2023-07-31T07:00:41+00:00\",\"dateModified\":\"2026-03-30T08:31:44+00:00\",\"breadcrumb\":{\"@id\":\"https:\\\/\\\/santapola.es\\\/ca\\\/ajuntament\\\/corporacio-municipal\\\/#breadcrumb\"},\"inLanguage\":\"ca\",\"potentialAction\":[{\"@type\":\"ReadAction\",\"target\":[\"https:\\\/\\\/santapola.es\\\/ca\\\/ajuntament\\\/corporacio-municipal\\\/\"]}]},{\"@type\":\"BreadcrumbList\",\"@id\":\"https:\\\/\\\/santapola.es\\\/ca\\\/ajuntament\\\/corporacio-municipal\\\/#breadcrumb\",\"itemListElement\":[{\"@type\":\"ListItem\",\"position\":1,\"name\":\"Inici\",\"item\":\"https:\\\/\\\/santapola.es\\\/ca\\\/\"},{\"@type\":\"ListItem\",\"position\":2,\"name\":\"Ajuntament\",\"item\":\"https:\\\/\\\/santapola.es\\\/ca\\\/ayuntamiento\\\/\"},{\"@type\":\"ListItem\",\"position\":3,\"name\":\"Corporaci\u00f3 Municipal\"}]},{\"@type\":\"WebSite\",\"@id\":\"https:\\\/\\\/santapola.es\\\/ca\\\/#website\",\"url\":\"https:\\\/\\\/santapola.es\\\/ca\\\/\",\"name\":\"Ayuntamiento de Santa Pola\",\"description\":\"Web de l'Ajuntament de Santa Pola\",\"potentialAction\":[{\"@type\":\"SearchAction\",\"target\":{\"@type\":\"EntryPoint\",\"urlTemplate\":\"https:\\\/\\\/santapola.es\\\/ca\\\/?s={search_term_string}\"},\"query-input\":{\"@type\":\"PropertyValueSpecification\",\"valueRequired\":true,\"valueName\":\"search_term_string\"}}],\"inLanguage\":\"ca\"}]}<\/script>\n<!-- \/ Yoast SEO plugin. -->","yoast_head_json":{"title":"Corporaci\u00f3 Municipal - Ajuntament de Santa Pola","robots":{"index":"index","follow":"follow","max-snippet":"max-snippet:-1","max-image-preview":"max-image-preview:large","max-video-preview":"max-video-preview:-1"},"canonical":"https:\/\/santapola.es\/ca\/ajuntament\/corporacio-municipal\/","og_locale":"ca_ES","og_type":"article","og_title":"Corporaci\u00f3 Municipal - Ajuntament de Santa Pola","og_description":"Govern MunicipalPartit Popular - PPWeb Partit PopularAlcaldia. Relacions Institucionals, Protocol i Premsa. Governaci\u00f3 i R\u00e8gim Intern. Planificaci\u00f3 Projectes Europeus. Infraestructura, accessibilitat i Serveis P\u00fablics. Coordinaci\u00f3 d'Obres i Serveis a executar de les Infraestructures de les diferents Regidories.Hisenda. Contractaci\u00f3 i Patrimoni. Modernitzaci\u00f3, Administraci\u00f3 Electr\u00f2nica i Transpar\u00e8ncia. Arxiu Municipal. ADL, Ocupaci\u00f3 i Foment.Urbanisme. Territori i Habitatges (Promoci\u00f3 [&hellip;]","og_url":"https:\/\/santapola.es\/ca\/ajuntament\/corporacio-municipal\/","og_site_name":"Ajuntament de Santa Pola","article_publisher":"https:\/\/www.facebook.com\/AyuntamientoSantaPola\/","article_modified_time":"2026-03-30T08:31:44+00:00","twitter_card":"summary_large_image","twitter_site":"@SantaPolaAyunt","schema":{"@context":"https:\/\/schema.org","@graph":[{"@type":"WebPage","@id":"https:\/\/santapola.es\/ca\/ajuntament\/corporacio-municipal\/","url":"https:\/\/santapola.es\/ca\/ajuntament\/corporacio-municipal\/","name":"Corporaci\u00f3 Municipal - Ajuntament de Santa Pola","isPartOf":{"@id":"https:\/\/santapola.es\/ca\/#website"},"datePublished":"2023-07-31T07:00:41+00:00","dateModified":"2026-03-30T08:31:44+00:00","breadcrumb":{"@id":"https:\/\/santapola.es\/ca\/ajuntament\/corporacio-municipal\/#breadcrumb"},"inLanguage":"ca","potentialAction":[{"@type":"ReadAction","target":["https:\/\/santapola.es\/ca\/ajuntament\/corporacio-municipal\/"]}]},{"@type":"BreadcrumbList","@id":"https:\/\/santapola.es\/ca\/ajuntament\/corporacio-municipal\/#breadcrumb","itemListElement":[{"@type":"ListItem","position":1,"name":"Inici","item":"https:\/\/santapola.es\/ca\/"},{"@type":"ListItem","position":2,"name":"Ajuntament","item":"https:\/\/santapola.es\/ca\/ayuntamiento\/"},{"@type":"ListItem","position":3,"name":"Corporaci\u00f3 Municipal"}]},{"@type":"WebSite","@id":"https:\/\/santapola.es\/ca\/#website","url":"https:\/\/santapola.es\/ca\/","name":"Ayuntamiento de Santa Pola","description":"Web de l'Ajuntament de Santa Pola","potentialAction":[{"@type":"SearchAction","target":{"@type":"EntryPoint","urlTemplate":"https:\/\/santapola.es\/ca\/?s={search_term_string}"},"query-input":{"@type":"PropertyValueSpecification","valueRequired":true,"valueName":"search_term_string"}}],"inLanguage":"ca"}]}},"_links":{"self":[{"href":"https:\/\/santapola.es\/ca\/wp-json\/wp\/v2\/pages\/34491","targetHints":{"allow":["GET"]}}],"collection":[{"href":"https:\/\/santapola.es\/ca\/wp-json\/wp\/v2\/pages"}],"about":[{"href":"https:\/\/santapola.es\/ca\/wp-json\/wp\/v2\/types\/page"}],"author":[{"embeddable":true,"href":"https:\/\/santapola.es\/ca\/wp-json\/wp\/v2\/users\/95"}],"replies":[{"embeddable":true,"href":"https:\/\/santapola.es\/ca\/wp-json\/wp\/v2\/comments?post=34491"}],"version-history":[{"count":3,"href":"https:\/\/santapola.es\/ca\/wp-json\/wp\/v2\/pages\/34491\/revisions"}],"predecessor-version":[{"id":48245,"href":"https:\/\/santapola.es\/ca\/wp-json\/wp\/v2\/pages\/34491\/revisions\/48245"}],"up":[{"embeddable":true,"href":"https:\/\/santapola.es\/ca\/wp-json\/wp\/v2\/pages\/34481"}],"wp:attachment":[{"href":"https:\/\/santapola.es\/ca\/wp-json\/wp\/v2\/media?parent=34491"}],"curies":[{"name":"wp","href":"https:\/\/api.w.org\/{rel}","templated":true}]}}