{"id":34487,"date":"2023-07-17T09:17:43","date_gmt":"2023-07-17T07:17:43","guid":{"rendered":"https:\/\/www.desarrollo.santapola.es\/ajuntament\/bandols\/"},"modified":"2026-03-30T10:30:01","modified_gmt":"2026-03-30T08:30:01","slug":"bandols","status":"publish","type":"page","link":"https:\/\/santapola.es\/ca\/ajuntament\/bandols\/","title":{"rendered":"B\u00e0ndols"},"content":{"rendered":"<p>[et_pb_section fb_built=&#8221;1&#8243; admin_label=&#8221;Secci\u00f3n principal&#8221; _builder_version=&#8221;4.20.0&#8243; _module_preset=&#8221;default&#8221; custom_margin=&#8221;||||false|false&#8221; custom_padding=&#8221;0px||||false|false&#8221; global_colors_info=&#8221;{}&#8221;][et_pb_row admin_label=&#8221;Fila contenidor Migas de pan&#8221; module_class=&#8221; et_pb_row_fullwidth&#8221; _builder_version=&#8221;4.20.0&#8243; _module_preset=&#8221;351b8d89-faa7-4045-909e-dc2569d7afc4&#8243; custom_margin=&#8221;15px|auto|0px|auto|false|false&#8221; custom_margin_tablet=&#8221;15px|auto|0px|auto|false|false&#8221; custom_margin_phone=&#8221;15px|auto|0px|auto|false|false&#8221; make_fullwidth=&#8221;on&#8221; use_custom_width=&#8221;off&#8221; width_unit=&#8221;off&#8221; custom_width_px=&#8221;1080px&#8221; custom_width_percent=&#8221;80%&#8221; global_colors_info=&#8221;{}&#8221; custom_css_main_element_last_edited=&#8221;on|desktop&#8221; custom_css_main_element_phone=&#8221;order:1;&#8221;][et_pb_column type=&#8221;4_4&#8243; admin_label=&#8221;Columna 1&#8243; _builder_version=&#8221;4.20.0&#8243; _module_preset=&#8221;default&#8221; custom_padding=&#8221;|||&#8221; global_colors_info=&#8221;{}&#8221; custom_padding__hover=&#8221;|||&#8221;][et_pb_code admin_label=&#8221;Migas de pan&#8221; _builder_version=&#8221;4.20.0&#8243; _module_preset=&#8221;default&#8221; global_colors_info=&#8221;{}&#8221;]<pee><span><span><a href=\"https:\/\/santapola.es\/ca\/\">Inici<\/a><\/span><\/span><\/pee>[\/et_pb_code][\/et_pb_column][\/et_pb_row][et_pb_row column_padding_mobile=&#8221;on&#8221; admin_label=&#8221;Fila t\u00edtol&#8221; module_id=&#8221;bandos&#8221; _builder_version=&#8221;4.27.2&#8243; _module_preset=&#8221;73e255b0-716e-4b99-8ac7-02f0ade8f533&#8243; background_size=&#8221;initial&#8221; background_position=&#8221;top_left&#8221; background_repeat=&#8221;repeat&#8221; width=&#8221;100%&#8221; width_tablet=&#8221;80%&#8221; width_phone=&#8221;80%&#8221; width_last_edited=&#8221;on|desktop&#8221; max_width=&#8221;65%&#8221; max_width_tablet=&#8221;80%&#8221; max_width_phone=&#8221;80%&#8221; max_width_last_edited=&#8221;on|tablet&#8221; custom_margin=&#8221;5px|auto|15px|auto|false|false&#8221; custom_margin_tablet=&#8221;5px|auto|15px|auto|false|false&#8221; custom_margin_phone=&#8221;5px|auto|15px|auto|false|false&#8221; custom_margin_last_edited=&#8221;on|desktop&#8221; custom_padding=&#8221;10px|15px|0px|0px|false|false&#8221; make_fullwidth=&#8221;on&#8221; use_custom_width=&#8221;off&#8221; width_unit=&#8221;off&#8221; custom_width_px=&#8221;1080px&#8221; custom_width_percent=&#8221;80%&#8221; global_colors_info=&#8221;{}&#8221;][et_pb_column type=&#8221;4_4&#8243; admin_label=&#8221;Columna 1&#8243; _builder_version=&#8221;4.20.0&#8243; _module_preset=&#8221;default&#8221; custom_padding=&#8221;|||&#8221; global_colors_info=&#8221;{}&#8221; custom_padding__hover=&#8221;|||&#8221; custom_css_main_element_last_edited=&#8221;on|phone&#8221; custom_css_main_element_phone=&#8221; margin-bottom: 0px;&#8221;][et_pb_text content_tablet=&#8221;<\/p>\n<h2>\u00c0rees<\/h2>\n<p>&#8221; content_phone=&#8221;<\/p>\n<h2>\u00c0rees<\/h2>\n<p>&#8221; content_last_edited=&#8221;off|desktop&#8221; admin_label=&#8221;Texto bandos&#8221; _builder_version=&#8221;4.27.5&#8243; _module_preset=&#8221;default&#8221; text_font=&#8221;|600|||||||&#8221; text_text_color=&#8221;#124159&#8243; header_text_color=&#8221;#123159&#8243; header_2_font=&#8221;|600|||||||&#8221; header_2_text_color=&#8221;#124159&#8243; header_2_font_size=&#8221;22px&#8221; custom_margin_tablet=&#8221;&#8221; custom_margin_phone=&#8221;&#8221; custom_margin_last_edited=&#8221;on|desktop&#8221; custom_padding=&#8221;0px||0px|||&#8221; hover_enabled=&#8221;0&#8243; border_width_bottom=&#8221;1px&#8221; border_color_bottom=&#8221;rgba(18,65,89,0.45)&#8221; global_colors_info=&#8221;{}&#8221; sticky_enabled=&#8221;0&#8243; custom_margin=&#8221;||20px||false|false&#8221;]<\/p>\n<h2>B\u00e0ndols<\/h2>\n<p>[\/et_pb_text][et_pb_text admin_label=&#8221;Texto %22Documentos anonimizados para su publicaci\u00f3n&#8221; _builder_version=&#8221;4.27.5&#8243; _module_preset=&#8221;default&#8221; text_text_color=&#8221;#124159&#8243; custom_margin=&#8221;||||false|false&#8221; hover_enabled=&#8221;0&#8243; global_colors_info=&#8221;{}&#8221; theme_builder_area=&#8221;post_content&#8221; sticky_enabled=&#8221;0&#8243;]<\/p>\n<p>Documents anonimitzats per a la seua publicaci\u00f3<\/p>\n<p>[\/et_pb_text][\/et_pb_column][\/et_pb_row][et_pb_row use_custom_gutter=&#8221;on&#8221; gutter_width=&#8221;2&#8243; make_equal=&#8221;on&#8221; column_padding_mobile=&#8221;on&#8221; admin_label=&#8221;Fila contenidor pestanyes&#8221; _builder_version=&#8221;4.21.0&#8243; _module_preset=&#8221;73e255b0-716e-4b99-8ac7-02f0ade8f533&#8243; background_size=&#8221;initial&#8221; background_position=&#8221;top_left&#8221; background_repeat=&#8221;repeat&#8221; width_tablet=&#8221;80%&#8221; width_phone=&#8221;80%&#8221; width_last_edited=&#8221;on|desktop&#8221; max_width=&#8221;65%&#8221; max_width_tablet=&#8221;80%&#8221; max_width_phone=&#8221;80%&#8221; max_width_last_edited=&#8221;on|tablet&#8221; custom_margin=&#8221;15px|auto|15px|auto|false|false&#8221; custom_margin_tablet=&#8221;15px|auto|15px|auto|false|false&#8221; custom_margin_phone=&#8221;15px|auto|15px|auto|false|false&#8221; custom_margin_last_edited=&#8221;on|phone&#8221; custom_padding=&#8221;10px||0px|0px|false|false&#8221; custom_css_main_element=&#8221;justify-content:center;&#8221; make_fullwidth=&#8221;on&#8221; use_custom_width=&#8221;off&#8221; width_unit=&#8221;off&#8221; custom_width_px=&#8221;1080px&#8221; custom_width_percent=&#8221;80%&#8221; global_colors_info=&#8221;{}&#8221;][et_pb_column type=&#8221;4_4&#8243; admin_label=&#8221;Columna 1&#8243; _builder_version=&#8221;4.20.0&#8243; _module_preset=&#8221;default&#8221; custom_padding=&#8221;|||&#8221; global_colors_info=&#8221;{}&#8221; custom_padding__hover=&#8221;|||&#8221; custom_css_main_element_last_edited=&#8221;on|phone&#8221; custom_css_main_element_phone=&#8221; margin-bottom: 0px;&#8221;][et_pb_tabs admin_label=&#8221;Pesta\u00f1as Bandos&#8221; _builder_version=&#8221;4.27.5&#8243; _module_preset=&#8221;3ef153d7-f9dc-494e-9219-ddb75325bf11&#8243; border_radii=&#8221;on|4px|4px|4px|4px&#8221; box_shadow_style=&#8221;preset3&#8243; global_colors_info=&#8221;{}&#8221;][et_pb_tab title=&#8221;2026&#8243; _builder_version=&#8221;4.27.5&#8243; _module_preset=&#8221;default&#8221; custom_css_main_element=&#8221;a{ ||background-image:url(\/..\/wp-content\/uploads\/2023\/07\/pdf.png);||background-repeat:no-repeat;||background-position:left center;||padding:1px 0 0 20px;}&#8221; global_colors_info=&#8221;{}&#8221;]<\/p>\n<p><a title=\"Horarios dep\u00f3sito de residuos\" href=\"https:\/\/santapola.es\/wp-content\/uploads\/2026\/03\/Bando-horarios-deposito-de-residuos_Censurado.pdf\" target=\"_blank\" rel=\"attachment noopener wp-att-47892\">04\/03\/2026 &#8211; Horaris dep\u00f2sit de residus<\/a><\/p>\n<p>[\/et_pb_tab][et_pb_tab title=&#8221;2025&#8243; _builder_version=&#8221;4.27.5&#8243; _module_preset=&#8221;default&#8221; custom_css_main_element=&#8221;a{ ||background-image:url(\/..\/wp-content\/uploads\/2023\/07\/pdf.png);||background-repeat:no-repeat;||background-position:left center;||padding:1px 0 0 20px;}&#8221; global_colors_info=&#8221;{}&#8221;]<\/p>\n<p><a href=\"https:\/\/santapola.es\/wp-content\/uploads\/2025\/10\/20251023-Autobuses-gratuitos-1-de-Noviembre_Censurado.pdf\" target=\"_blank\" rel=\"attachment noopener wp-att-46382\">23\/10\/2025 &#8211; Autobusos gratu\u00efts 01 de novembre<\/a><\/p>\n<p><\/p>\n<p><a title=\"Elecci\u00f3n juez de paz Titular\" href=\"https:\/\/santapola.es\/wp-content\/uploads\/2025\/09\/20250609-Eleccion-Juez-de-Paz-Titular_Censurado.pdf\" target=\"_blank\" rel=\"attachment noopener wp-att-45767\">09\/06\/2025 &#8211; Elecci\u00f3 Jutge de Pau titular<\/a><\/p>\n<p>[\/et_pb_tab][et_pb_tab title=&#8221;2024&#8243; _builder_version=&#8221;4.27.4&#8243; _module_preset=&#8221;default&#8221; custom_css_main_element=&#8221;a{ ||background-image:url(\/..\/wp-content\/uploads\/2023\/07\/pdf.png);||background-repeat:no-repeat;||background-position:left center;||padding:1px 0 0 20px;}&#8221; global_colors_info=&#8221;{}&#8221;]<\/p>\n<p><a title=\"Autobuses 1 y 2 de noviembre\" href=\"https:\/\/santapola.es\/wp-content\/uploads\/2025\/09\/20241025-Autobuses-1-y-2-de-Noviembre_Censurado.pdf\" target=\"_blank\" rel=\"attachment noopener wp-att-45765\">25\/10\/2024 &#8211; Autobusos 1 i 2 de Novembre<\/a><\/p>\n<p><\/p>\n<p><a title=\"Elecci\u00f3n Juez de Paz Suplente\" href=\"https:\/\/santapola.es\/wp-content\/uploads\/2025\/09\/20240927-Eleccio-Juez-de-Paz-Suplente_Censurado.pdf\" target=\"_blank\" rel=\"attachment noopener wp-att-45763\">27\/09\/2024 &#8211; Elecci\u00f3 Jutge de Pau Suplent<\/a><\/p>\n<p><\/p>\n<p><a title=\"Acto Jura de Bandera\" href=\"https:\/\/santapola.es\/wp-content\/uploads\/2025\/09\/20240918-Acto-Jura-de-Bandera_Censurado.pdf\" target=\"_blank\" rel=\"attachment noopener wp-att-45761\">18\/09\/2024 &#8211; Acto Jura de Bandera<\/a><\/p>\n<p><\/p>\n<p><a title=\"Nueva revisi\u00f3n catastral\" href=\"https:\/\/santapola.es\/wp-content\/uploads\/2025\/09\/20240910-Nueva-Revision-Catastral_Censurado.pdf\" target=\"_blank\" rel=\"attachment noopener wp-att-45759\">10\/09\/2024 &#8211; Nova Revisi\u00f3 Cadastral<\/a><\/p>\n<p><\/p>\n<p><a title=\"Noche de San Juan\" href=\"https:\/\/santapola.es\/wp-content\/uploads\/2025\/09\/20240621-Noche-de-San-Juan-en-las-playas-de-Santa-Pola_Censurado.pdf\" target=\"_blank\" rel=\"attachment noopener wp-att-45757\">21\/06\/2024 &#8211; Nit de Sant Joan a les platges de Santa Pola<\/a><\/p>\n<p><\/p>\n<p><a title=\"Elecciones Europeas\" href=\"https:\/\/santapola.es\/wp-content\/uploads\/2025\/09\/20240417-Elecciones-Europeas_Censurado.pdf\" target=\"_blank\" rel=\"attachment noopener wp-att-45755\">17\/04\/2024 &#8211; Eleccions Europees<\/a><\/p>\n<p>[\/et_pb_tab][et_pb_tab title=&#8221;2022&#8243; _builder_version=&#8221;4.27.4&#8243; _module_preset=&#8221;default&#8221; custom_css_main_element=&#8221;a{ ||background-image:url(\/..\/wp-content\/uploads\/2023\/07\/pdf.png);||background-repeat:no-repeat;||background-position:left center;||padding:1px 0 0 20px;}&#8221; global_colors_info=&#8221;{}&#8221;]<\/p>\n<p><a title=\"Elecci\u00f3n juez de paz suplente\" href=\"https:\/\/santapola.es\/wp-content\/uploads\/2025\/09\/20220512-Eleccion-Juez-de-Paz-suplente_Censurado.pdf\" target=\"_blank\" rel=\"attachment noopener wp-att-45790\">12\/05\/2022 &#8211; Elecci\u00f3 Jutge de Pau suplent<\/a><\/p>\n<p>[\/et_pb_tab][et_pb_tab title=&#8221;2021&#8243; _builder_version=&#8221;4.27.4&#8243; _module_preset=&#8221;default&#8221; custom_css_main_element=&#8221;a{ ||background-image:url(\/..\/wp-content\/uploads\/2023\/07\/pdf.png);||background-repeat:no-repeat;||background-position:left center;||padding:1px 0 0 20px;}&#8221; global_colors_info=&#8221;{}&#8221;]<\/p>\n<p><a title=\"Elecci\u00f3n juez de paz titular\" href=\"https:\/\/santapola.es\/wp-content\/uploads\/2025\/09\/20210512-Eleccion-Juez-de-Paz-titular_Censurado.pdf\" target=\"_blank\" rel=\"attachment noopener wp-att-45788\">12\/05\/2021 &#8211; Elecci\u00f3 Jutge de Pau titular<\/a><\/p>\n<p>[\/et_pb_tab][et_pb_tab title=&#8221;2020&#8243; _builder_version=&#8221;4.27.4&#8243; _module_preset=&#8221;default&#8221; custom_css_main_element=&#8221;a{ ||background-image:url(\/..\/wp-content\/uploads\/2023\/07\/pdf.png);||background-repeat:no-repeat;||background-position:left center;||padding:1px 0 0 20px;}&#8221; global_colors_info=&#8221;{}&#8221;]<\/p>\n<p><a title=\"Medidas prevenci\u00f3n covid19\" href=\"https:\/\/santapola.es\/wp-content\/uploads\/2025\/09\/20200901-Medidas-de-prevencion-frente-a-la-Covid-19_Censurado.pdf\" target=\"_blank\" rel=\"attachment noopener wp-att-45786\">01\/09\/2020 &#8211; Mesures de prevenci\u00f3 enfront de la COVID-19<\/a><\/p>\n<p><\/p>\n<p><a title=\"Apertura instalaciones deportivas\" href=\"https:\/\/santapola.es\/wp-content\/uploads\/2025\/09\/20200519-Apertura-instalaciones-deportivas-Fase-1-Desescalada_Censurado.pdf\" target=\"_blank\" rel=\"attachment noopener wp-att-45784\">19\/05\/2020 &#8211; Obertura instal\u00b7lacions esportives &#8211; Fase 1 (Desescalada)<\/a><\/p>\n<p><\/p>\n<p><a title=\"Bando Reina Mayor\" href=\"https:\/\/santapola.es\/wp-content\/uploads\/2025\/09\/20200303-Bando-Reina-Mayor.pdf\" target=\"_blank\" rel=\"attachment noopener wp-att-45782\">03\/03\/2020 &#8211; B\u00e0ndol Reina Major<\/a><\/p>\n<p><\/p>\n<p><a title=\"Bando Reina Infantil\" href=\"https:\/\/santapola.es\/wp-content\/uploads\/2025\/09\/20200303-Bando-Reina-Infantil.pdf\" target=\"_blank\" rel=\"attachment noopener wp-att-45780\">03\/03\/2020 &#8211; B\u00e0ndol Reina Infantil<\/a><\/p>\n<p><\/p>\n<p><a title=\"Bando Reina 3\u00aa Edad\" href=\"https:\/\/santapola.es\/wp-content\/uploads\/2025\/09\/20200303-Bando-Reina-3a-Edad.pdf\" target=\"_blank\" rel=\"attachment noopener wp-att-45778\">03\/03\/2020 &#8211; B\u00e0ndol Reina 3a Edat<\/a><\/p>\n<p>[\/et_pb_tab][et_pb_tab title=&#8221;2019&#8243; _builder_version=&#8221;4.27.4&#8243; _module_preset=&#8221;default&#8221; custom_css_main_element=&#8221;a{ ||background-image:url(\/..\/wp-content\/uploads\/2023\/07\/pdf.png);||background-repeat:no-repeat;||background-position:left center;||padding:1px 0 0 20px;}&#8221; global_colors_info=&#8221;{}&#8221;]<\/p>\n<p><a title=\"Materias pirot\u00e9cnico Nit de L'Alb\u00e0\" href=\"https:\/\/santapola.es\/wp-content\/uploads\/2025\/09\/20190812-Prohibicion-venta-y-uso-material-pirotecnico-en-la-NIT-DE-LALBA.pdf\" target=\"_blank\" rel=\"attachment noopener wp-att-45801\">12\/08\/2019 &#8211; Prohibici\u00f3 venda i \u00fas material pirot\u00e8cnic en la NIT DE L&#8217;ALB\u00c0<\/a><\/p>\n<p><\/p>\n<p><a title=\"Calles engalanadas y barracas\" href=\"https:\/\/santapola.es\/wp-content\/uploads\/2025\/09\/20190807-Engalanamiento-de-calles-o-kabilas-de-comparsas.pdf\" target=\"_blank\" rel=\"attachment noopener wp-att-45797\">07\/08\/2019 &#8211; Engalanamiento de carrers o k\u00e1bilas de comparses<\/a><\/p>\n<p><\/p>\n<p><a title=\"Instalaci\u00f3n de barracas\" href=\"https:\/\/santapola.es\/wp-content\/uploads\/2025\/09\/20190807-Instalaciones-de-barracas-de-fiestas.pdf\" target=\"_blank\" rel=\"attachment noopener wp-att-45799\">07\/08\/2019 &#8211; Instal\u00b7lacions de barraques de festes<\/a><\/p>\n<p>[\/et_pb_tab][et_pb_tab title=&#8221;2018&#8243; _builder_version=&#8221;4.27.4&#8243; _module_preset=&#8221;default&#8221; display_conditions=&#8221;W10=&#8221; custom_css_main_element=&#8221;a{ ||background-image:url(\/..\/wp-content\/uploads\/2023\/07\/pdf.png);||background-repeat:no-repeat;||background-position:left center;||padding:1px 0 0 20px;}&#8221; global_colors_info=&#8221;{}&#8221;]<\/p>\n<p><a title=\"Paralizaci\u00f3n de actividad por inclemencia climatol\u00f3gicas\" href=\"https:\/\/santapola.es\/wp-content\/uploads\/2025\/09\/20181213-Paralizacion-de-actividad-por-inclemencias-climatologicas_Censurado.pdf\" target=\"_blank\" rel=\"attachment noopener wp-att-45810\">13\/12\/2018 &#8211; Paralizaci\u00f3 d&#8217;activitat per inclem\u00e8ncies climatol\u00f2giques<\/a><\/p>\n<p><\/p>\n<p><a title=\"Autobuses gratuitos 1 de noviembre\" href=\"https:\/\/santapola.es\/wp-content\/uploads\/2025\/09\/20181001-Autobuses-gratuitos-1-de-noviembre.pdf\" target=\"_blank\" rel=\"attachment noopener wp-att-45808\">01\/08\/2018 &#8211; Autobusos gratu\u00efts 1 de novembre<\/a><\/p>\n<p><\/p>\n<p><a title=\"Calles engalanadas\" href=\"https:\/\/santapola.es\/wp-content\/uploads\/2025\/09\/20180710-Calles-engalanadas.pdf\" target=\"_blank\" rel=\"attachment noopener wp-att-45804\">10\/07\/2018 &#8211; Calles engalanades<\/a><\/p>\n<p>[\/et_pb_tab][et_pb_tab title=&#8221;Publicats en Seu Electr\u00f2nica&#8221; _builder_version=&#8221;4.21.0&#8243; _module_preset=&#8221;default&#8221; global_colors_info=&#8221;{}&#8221;]<\/p>\n<p>Per a accedir als b\u00e0ndols publicats en Seu Electr\u00f2nica punxa en el seg\u00fcent enlla\u00e7:<\/p>\n<p><\/p>\n<p style=\"text-align: center;\"><a class=\"externo\" title=\"Bandos publicados en sede. Enlace externo\" href=\"https:\/\/santapola.sedelectronica.es\/board\/974e6d5e-f59b-11de-b600-00237da12c6a\/\" target=\"_blank\" rel=\"noopener\"> Anar a b\u00e0ndols<\/a><\/p>\n<p>[\/et_pb_tab][\/et_pb_tabs][\/et_pb_column][\/et_pb_row][\/et_pb_section]<\/p>\n","protected":false},"excerpt":{"rendered":"<p><span><span><a href=\"https:\/\/santapola.es\/ca\/\">Inici<\/a><\/span><\/span>B\u00e0ndolsDocuments anonimitzats per a la seua publicaci\u00f304\/03\/2026 &#8211; Horaris dep\u00f2sit de residus23\/10\/2025 &#8211; Autobusos gratu\u00efts 01 de novembre09\/06\/2025 &#8211; Elecci\u00f3 Jutge de Pau titular25\/10\/2024 &#8211; Autobusos 1 i 2 de Novembre27\/09\/2024 &#8211; Elecci\u00f3 Jutge de Pau Suplent18\/09\/2024 &#8211; Acto Jura de Bandera10\/09\/2024 &#8211; Nova Revisi\u00f3 Cadastral21\/06\/2024 &#8211; Nit de Sant Joan a les platges de [&hellip;]<\/p>\n","protected":false},"author":95,"featured_media":0,"parent":34481,"menu_order":0,"comment_status":"closed","ping_status":"closed","template":"","meta":{"_et_pb_use_builder":"on","_et_pb_old_content":"","_et_gb_content_width":"","footnotes":""},"class_list":["post-34487","page","type-page","status-publish","hentry"],"yoast_head":"<!-- This site is optimized with the Yoast SEO plugin v27.4 - https:\/\/yoast.com\/product\/yoast-seo-wordpress\/ -->\n<title>B\u00e0ndols - Ajuntament de Santa Pola<\/title>\n<meta name=\"robots\" content=\"index, follow, max-snippet:-1, max-image-preview:large, max-video-preview:-1\" \/>\n<link rel=\"canonical\" href=\"https:\/\/santapola.es\/ca\/ajuntament\/bandols\/\" \/>\n<meta property=\"og:locale\" content=\"ca_ES\" \/>\n<meta property=\"og:type\" content=\"article\" \/>\n<meta property=\"og:title\" content=\"B\u00e0ndols - Ajuntament de Santa Pola\" \/>\n<meta property=\"og:description\" content=\"B\u00e0ndolsDocuments anonimitzats per a la seua publicaci\u00f304\/03\/2026 - Horaris dep\u00f2sit de residus23\/10\/2025 - Autobusos gratu\u00efts 01 de novembre09\/06\/2025 - Elecci\u00f3 Jutge de Pau titular25\/10\/2024 - Autobusos 1 i 2 de Novembre27\/09\/2024 - Elecci\u00f3 Jutge de Pau Suplent18\/09\/2024 - Acto Jura de Bandera10\/09\/2024 - Nova Revisi\u00f3 Cadastral21\/06\/2024 - Nit de Sant Joan a les platges de [&hellip;]\" \/>\n<meta property=\"og:url\" content=\"https:\/\/santapola.es\/ca\/ajuntament\/bandols\/\" \/>\n<meta property=\"og:site_name\" content=\"Ajuntament de Santa Pola\" \/>\n<meta property=\"article:publisher\" content=\"https:\/\/www.facebook.com\/AyuntamientoSantaPola\/\" \/>\n<meta property=\"article:modified_time\" content=\"2026-03-30T08:30:01+00:00\" \/>\n<meta name=\"twitter:card\" content=\"summary_large_image\" \/>\n<meta name=\"twitter:site\" content=\"@SantaPolaAyunt\" \/>\n<script type=\"application\/ld+json\" class=\"yoast-schema-graph\">{\"@context\":\"https:\\\/\\\/schema.org\",\"@graph\":[{\"@type\":\"WebPage\",\"@id\":\"https:\\\/\\\/santapola.es\\\/ca\\\/ajuntament\\\/bandols\\\/\",\"url\":\"https:\\\/\\\/santapola.es\\\/ca\\\/ajuntament\\\/bandols\\\/\",\"name\":\"B\u00e0ndols - Ajuntament de Santa Pola\",\"isPartOf\":{\"@id\":\"https:\\\/\\\/santapola.es\\\/ca\\\/#website\"},\"datePublished\":\"2023-07-17T07:17:43+00:00\",\"dateModified\":\"2026-03-30T08:30:01+00:00\",\"breadcrumb\":{\"@id\":\"https:\\\/\\\/santapola.es\\\/ca\\\/ajuntament\\\/bandols\\\/#breadcrumb\"},\"inLanguage\":\"ca\",\"potentialAction\":[{\"@type\":\"ReadAction\",\"target\":[\"https:\\\/\\\/santapola.es\\\/ca\\\/ajuntament\\\/bandols\\\/\"]}]},{\"@type\":\"BreadcrumbList\",\"@id\":\"https:\\\/\\\/santapola.es\\\/ca\\\/ajuntament\\\/bandols\\\/#breadcrumb\",\"itemListElement\":[{\"@type\":\"ListItem\",\"position\":1,\"name\":\"Inici\",\"item\":\"https:\\\/\\\/santapola.es\\\/ca\\\/\"},{\"@type\":\"ListItem\",\"position\":2,\"name\":\"Ajuntament\",\"item\":\"https:\\\/\\\/santapola.es\\\/ca\\\/ayuntamiento\\\/\"},{\"@type\":\"ListItem\",\"position\":3,\"name\":\"B\u00e0ndols\"}]},{\"@type\":\"WebSite\",\"@id\":\"https:\\\/\\\/santapola.es\\\/ca\\\/#website\",\"url\":\"https:\\\/\\\/santapola.es\\\/ca\\\/\",\"name\":\"Ayuntamiento de Santa Pola\",\"description\":\"Web de l'Ajuntament de Santa Pola\",\"potentialAction\":[{\"@type\":\"SearchAction\",\"target\":{\"@type\":\"EntryPoint\",\"urlTemplate\":\"https:\\\/\\\/santapola.es\\\/ca\\\/?s={search_term_string}\"},\"query-input\":{\"@type\":\"PropertyValueSpecification\",\"valueRequired\":true,\"valueName\":\"search_term_string\"}}],\"inLanguage\":\"ca\"}]}<\/script>\n<!-- \/ Yoast SEO plugin. -->","yoast_head_json":{"title":"B\u00e0ndols - Ajuntament de Santa Pola","robots":{"index":"index","follow":"follow","max-snippet":"max-snippet:-1","max-image-preview":"max-image-preview:large","max-video-preview":"max-video-preview:-1"},"canonical":"https:\/\/santapola.es\/ca\/ajuntament\/bandols\/","og_locale":"ca_ES","og_type":"article","og_title":"B\u00e0ndols - Ajuntament de Santa Pola","og_description":"B\u00e0ndolsDocuments anonimitzats per a la seua publicaci\u00f304\/03\/2026 - Horaris dep\u00f2sit de residus23\/10\/2025 - Autobusos gratu\u00efts 01 de novembre09\/06\/2025 - Elecci\u00f3 Jutge de Pau titular25\/10\/2024 - Autobusos 1 i 2 de Novembre27\/09\/2024 - Elecci\u00f3 Jutge de Pau Suplent18\/09\/2024 - Acto Jura de Bandera10\/09\/2024 - Nova Revisi\u00f3 Cadastral21\/06\/2024 - Nit de Sant Joan a les platges de [&hellip;]","og_url":"https:\/\/santapola.es\/ca\/ajuntament\/bandols\/","og_site_name":"Ajuntament de Santa Pola","article_publisher":"https:\/\/www.facebook.com\/AyuntamientoSantaPola\/","article_modified_time":"2026-03-30T08:30:01+00:00","twitter_card":"summary_large_image","twitter_site":"@SantaPolaAyunt","schema":{"@context":"https:\/\/schema.org","@graph":[{"@type":"WebPage","@id":"https:\/\/santapola.es\/ca\/ajuntament\/bandols\/","url":"https:\/\/santapola.es\/ca\/ajuntament\/bandols\/","name":"B\u00e0ndols - Ajuntament de Santa Pola","isPartOf":{"@id":"https:\/\/santapola.es\/ca\/#website"},"datePublished":"2023-07-17T07:17:43+00:00","dateModified":"2026-03-30T08:30:01+00:00","breadcrumb":{"@id":"https:\/\/santapola.es\/ca\/ajuntament\/bandols\/#breadcrumb"},"inLanguage":"ca","potentialAction":[{"@type":"ReadAction","target":["https:\/\/santapola.es\/ca\/ajuntament\/bandols\/"]}]},{"@type":"BreadcrumbList","@id":"https:\/\/santapola.es\/ca\/ajuntament\/bandols\/#breadcrumb","itemListElement":[{"@type":"ListItem","position":1,"name":"Inici","item":"https:\/\/santapola.es\/ca\/"},{"@type":"ListItem","position":2,"name":"Ajuntament","item":"https:\/\/santapola.es\/ca\/ayuntamiento\/"},{"@type":"ListItem","position":3,"name":"B\u00e0ndols"}]},{"@type":"WebSite","@id":"https:\/\/santapola.es\/ca\/#website","url":"https:\/\/santapola.es\/ca\/","name":"Ayuntamiento de Santa Pola","description":"Web de l'Ajuntament de Santa Pola","potentialAction":[{"@type":"SearchAction","target":{"@type":"EntryPoint","urlTemplate":"https:\/\/santapola.es\/ca\/?s={search_term_string}"},"query-input":{"@type":"PropertyValueSpecification","valueRequired":true,"valueName":"search_term_string"}}],"inLanguage":"ca"}]}},"_links":{"self":[{"href":"https:\/\/santapola.es\/ca\/wp-json\/wp\/v2\/pages\/34487","targetHints":{"allow":["GET"]}}],"collection":[{"href":"https:\/\/santapola.es\/ca\/wp-json\/wp\/v2\/pages"}],"about":[{"href":"https:\/\/santapola.es\/ca\/wp-json\/wp\/v2\/types\/page"}],"author":[{"embeddable":true,"href":"https:\/\/santapola.es\/ca\/wp-json\/wp\/v2\/users\/95"}],"replies":[{"embeddable":true,"href":"https:\/\/santapola.es\/ca\/wp-json\/wp\/v2\/comments?post=34487"}],"version-history":[{"count":5,"href":"https:\/\/santapola.es\/ca\/wp-json\/wp\/v2\/pages\/34487\/revisions"}],"predecessor-version":[{"id":48242,"href":"https:\/\/santapola.es\/ca\/wp-json\/wp\/v2\/pages\/34487\/revisions\/48242"}],"up":[{"embeddable":true,"href":"https:\/\/santapola.es\/ca\/wp-json\/wp\/v2\/pages\/34481"}],"wp:attachment":[{"href":"https:\/\/santapola.es\/ca\/wp-json\/wp\/v2\/media?parent=34487"}],"curies":[{"name":"wp","href":"https:\/\/api.w.org\/{rel}","templated":true}]}}