{"id":34468,"date":"2024-02-19T12:15:59","date_gmt":"2024-02-19T11:15:59","guid":{"rendered":"https:\/\/www.desarrollo.santapola.es\/arees\/urbanisme\/"},"modified":"2026-03-30T10:36:02","modified_gmt":"2026-03-30T08:36:02","slug":"urbanisme","status":"publish","type":"page","link":"https:\/\/santapola.es\/ca\/arees\/urbanisme\/","title":{"rendered":"Urbanisme"},"content":{"rendered":"<p>[et_pb_section fb_built=&#8221;1&#8243; disabled_on=&#8221;off|off|off&#8221; admin_label=&#8221;Secci\u00f3n fondo cabecera&#8221; _builder_version=&#8221;4.21.0&#8243; _module_preset=&#8221;default&#8221; background_image=&#8221;https:\/\/santapola.es\/wp-content\/uploads\/2017\/03\/DSC38162.jpg&#8221; background_position=&#8221;center_left&#8221; background_horizontal_offset=&#8221;0%&#8221; height=&#8221;250px&#8221; custom_css_main_element=&#8221;display: flex;||justify-content: center;&#8221; global_colors_info=&#8221;{}&#8221;][et_pb_row admin_label=&#8221;Fila cap\u00e7alera&#8221; _builder_version=&#8221;4.20.0&#8243; _module_preset=&#8221;c058b923-922c-4136-ad09-c0e7a4d225ab&#8221; background_color=&#8221;RGBA(255,255,255,0)&#8221; global_colors_info=&#8221;{}&#8221;][et_pb_column type=&#8221;4_4&#8243; _builder_version=&#8221;4.20.0&#8243; _module_preset=&#8221;default&#8221; global_colors_info=&#8221;{}&#8221;][et_pb_text admin_label=&#8221;Texto t\u00edtulo de cabecera&#8221; _builder_version=&#8221;4.24.2&#8243; _module_preset=&#8221;default&#8221; text_font=&#8221;|600|||||||&#8221; text_text_color=&#8221;#FFFFFF&#8221; text_font_size=&#8221;550%&#8221; text_line_height=&#8221;0.9em&#8221; background_color=&#8221;RGBA(255,255,255,0)&#8221; text_orientation=&#8221;center&#8221; text_font_size_tablet=&#8221;500%&#8221; text_font_size_phone=&#8221;400%&#8221; text_font_size_last_edited=&#8221;on|phone&#8221; text_line_height_tablet=&#8221;0.9em&#8221; text_line_height_phone=&#8221;0.9em&#8221; text_line_height_last_edited=&#8221;off|desktop&#8221; text_text_shadow_style=&#8221;preset2&#8243; text_text_shadow_color=&#8221;#000000&#8243; global_colors_info=&#8221;{}&#8221;]<\/p>\n<p>Urbanisme<\/p>\n<p>[\/et_pb_text][\/et_pb_column][\/et_pb_row][\/et_pb_section][et_pb_section fb_built=&#8221;1&#8243; inner_shadow=&#8221;on&#8221; custom_padding_last_edited=&#8221;on|desktop&#8221; admin_label=&#8221;Secci\u00f3n cuerpo P\u00e1gina principal&#8221; _builder_version=&#8221;4.20.0&#8243; background_color=&#8221;#ffffff&#8221; width=&#8221;100%&#8221; custom_margin=&#8221;-5px||||false|false&#8221; custom_margin_tablet=&#8221;-5px||||false|false&#8221; custom_margin_phone=&#8221;-5px||||false|false&#8221; custom_margin_last_edited=&#8221;on|phone&#8221; custom_padding=&#8221;0px|0px|50px|0px|false|false&#8221; custom_padding_tablet=&#8221;0px|0|50px|0|false|false&#8221; custom_padding_phone=&#8221;|0|50px|0|false|false&#8221; custom_css_main_element=&#8221;display:flex;||flex-wrap:wrap;&#8221; transparent_background=&#8221;off&#8221; make_fullwidth=&#8221;off&#8221; use_custom_width=&#8221;off&#8221; width_unit=&#8221;on&#8221; custom_width_px=&#8221;1080px&#8221; custom_width_percent=&#8221;80%&#8221; global_colors_info=&#8221;{}&#8221;][et_pb_row use_custom_gutter=&#8221;on&#8221; gutter_width=&#8221;2&#8243; make_equal=&#8221;on&#8221; admin_label=&#8221;Fila enlla\u00e7os destacats&#8221; _builder_version=&#8221;4.24.2&#8243; _module_preset=&#8221;_initial&#8221; width=&#8221;100%&#8221; width_tablet=&#8221;80%&#8221; width_phone=&#8221;80%&#8221; width_last_edited=&#8221;on|tablet&#8221; max_width=&#8221;65%&#8221; max_width_tablet=&#8221;80%&#8221; max_width_phone=&#8221;80%&#8221; max_width_last_edited=&#8221;on|desktop&#8221; custom_margin=&#8221;25px||15px||false|false&#8221; custom_margin_tablet=&#8221;5px|auto||auto|false|false&#8221; custom_margin_phone=&#8221;5px|auto||auto|false|false&#8221; custom_padding=&#8221;5px|0px|5px|0px|false|false&#8221; custom_css_main_element=&#8221;justify-content:center;&#8221; make_fullwidth=&#8221;on&#8221; use_custom_width=&#8221;off&#8221; width_unit=&#8221;off&#8221; custom_width_px=&#8221;1080px&#8221; custom_width_percent=&#8221;80%&#8221; global_colors_info=&#8221;{}&#8221; custom_css_main_element_last_edited=&#8221;off|desktop&#8221; custom_css_main_element_phone=&#8221;order:3;&#8221;][et_pb_column type=&#8221;4_4&#8243; admin_label=&#8221;Columna 1&#8243; _builder_version=&#8221;4.21.0&#8243; background_enable_image=&#8221;off&#8221; background_position=&#8221;bottom_right&#8221; custom_padding=&#8221;|||&#8221; global_colors_info=&#8221;{}&#8221; custom_padding__hover=&#8221;|||&#8221;][et_pb_blurb title=&#8221;Pla General d&#039;Ordenaci\u00f3 Urban\u00edstica&#8221; use_icon=&#8221;on&#8221; font_icon=&#8221;&#xe0ef;||divi||400&#8243; icon_color=&#8221;#124159&#8243; image_icon_background_color=&#8221;RGBA(255,255,255,0)&#8221; image_icon_width=&#8221;77px&#8221; admin_label=&#8221;Enlace Plan General&#8221; _builder_version=&#8221;4.24.2&#8243; _module_preset=&#8221;2f4a4509-8466-474e-b9a0-72eccd871d6d&#8221; header_level=&#8221;h3&#8243; header_font=&#8221;Raleway|600|||||||&#8221; header_text_align=&#8221;center&#8221; header_text_color=&#8221;#124159&#8243; header_font_size=&#8221;15px&#8221; body_font=&#8221;Raleway||||&#8221; body_text_color=&#8221;#124159&#8243; body_font_size=&#8221;12px&#8221; use_background_color_gradient=&#8221;on&#8221; background_color_gradient_stops=&#8221;#ffffff 62%|rgba(0,128,173,0.38) 100%&#8221; image_icon_custom_margin=&#8221;||||false|false&#8221; image_icon_custom_margin_tablet=&#8221;&#8221; image_icon_custom_margin_phone=&#8221;&#8221; image_icon_custom_margin_last_edited=&#8221;on|desktop&#8221; image_icon_custom_padding=&#8221;12px|12px|12px|12px|false|false&#8221; text_orientation=&#8221;center&#8221; module_alignment=&#8221;center&#8221; height=&#8221;180px&#8221; custom_margin=&#8221;||||false|false&#8221; custom_padding=&#8221;|5px||5px|false|false&#8221; animation=&#8221;off&#8221; link_option_url=&#8221;#plangeneral&#8221; custom_css_main_element=&#8221;display:flex;||flex-direction:column;||justify-content: center;&#8221; custom_css_blurb_image=&#8221;margin-bottom: 6px;&#8221; custom_css_blurb_title=&#8221;padding-bottom:0px;||&#8221; border_width_all=&#8221;1px&#8221; border_color_all=&#8221;#0c71c3&#8243; border_radii_image=&#8221;on|0%|0%|0%|0%&#8221; border_width_all_image=&#8221;0px&#8221; border_color_all_image=&#8221;RGBA(255,255,255,0)&#8221; box_shadow_style=&#8221;preset2&#8243; use_border_color=&#8221;off&#8221; border_color=&#8221;#ffffff&#8221; border_width=&#8221;1px&#8221; border_style=&#8221;solid&#8221; image_max_width=&#8221;none&#8221; icon_font_size=&#8221;68px&#8221; use_circle=&#8221;on&#8221; use_circle_border=&#8221;on&#8221; circle_border_color=&#8221;#749db2&#8243; circle_color=&#8221;#124159&#8243; global_colors_info=&#8221;%91%93&#8243;][\/et_pb_blurb][\/et_pb_column][\/et_pb_row][et_pb_row column_structure=&#8221;1_2,1_2&#8243; use_custom_gutter=&#8221;on&#8221; gutter_width=&#8221;2&#8243; make_equal=&#8221;on&#8221; admin_label=&#8221;Fila contenidor botons enlla\u00e7os&#8221; _builder_version=&#8221;4.24.2&#8243; _module_preset=&#8221;_initial&#8221; width=&#8221;100%&#8221; width_last_edited=&#8221;off|phone&#8221; max_width=&#8221;65%&#8221; max_width_tablet=&#8221;80%&#8221; max_width_phone=&#8221;80%&#8221; max_width_last_edited=&#8221;on|phone&#8221; custom_margin=&#8221;15px|auto|0px|auto|false|false&#8221; custom_margin_tablet=&#8221;|auto||auto|false|false&#8221; custom_margin_phone=&#8221;-10px|auto||auto|false|false&#8221; custom_margin_last_edited=&#8221;on|phone&#8221; custom_padding=&#8221;||||false|false&#8221; custom_css_main_element=&#8221;padding:5px 0;&#8221; make_fullwidth=&#8221;on&#8221; use_custom_width=&#8221;off&#8221; width_unit=&#8221;off&#8221; custom_width_px=&#8221;1080px&#8221; custom_width_percent=&#8221;80%&#8221; global_colors_info=&#8221;{}&#8221; custom_css_main_element_last_edited=&#8221;on|phone&#8221; custom_css_main_element_phone=&#8221;order: 4;&#8221; custom_css_main_element_tablet=&#8221;padding:5px 0;&#8221;][et_pb_column type=&#8221;1_2&#8243; _builder_version=&#8221;4.20.0&#8243; _module_preset=&#8221;default&#8221; custom_padding=&#8221;||||false|false&#8221; global_colors_info=&#8221;{}&#8221;][et_pb_button button_url=&#8221;https:\/\/portal.santapola.es\/portal\/noEstatica.do?opc_id=89&amp;ent_id=1&amp;idioma=1&#8243; url_new_window=&#8221;on&#8221; button_text=&#8221;Autoliquidacions \/ Taxes&#8221; button_alignment=&#8221;center&#8221; admin_label=&#8221;Bot\u00f3n Autoliquidaciones \/ Tasas&#8221; _builder_version=&#8221;4.24.3&#8243; _module_preset=&#8221;default&#8221; custom_button=&#8221;on&#8221; button_text_size=&#8221;115%&#8221; button_text_color=&#8221;#124159&#8243; button_border_width=&#8221;1px&#8221; button_border_color=&#8221;RGBA(18,65,89,0.45)&#8221; button_border_radius=&#8221;0px&#8221; button_font=&#8221;||||||||&#8221; button_icon=&#8221;&#x69;||divi||400&#8243; button_icon_color=&#8221;#6997bf&#8221; button_icon_placement=&#8221;left&#8221; button_on_hover=&#8221;off&#8221; custom_margin=&#8221;||||false|false&#8221; custom_padding=&#8221;15px||15px||false|false&#8221; custom_padding_tablet=&#8221;15px||15px||false|false&#8221; custom_padding_phone=&#8221;15px||15px||false|false&#8221; custom_padding_last_edited=&#8221;on|desktop&#8221; custom_css_main_element=&#8221;width:100%;&#8221; box_shadow_style=&#8221;preset3&#8243; global_colors_info=&#8221;{}&#8221;][\/et_pb_button][\/et_pb_column][et_pb_column type=&#8221;1_2&#8243; _builder_version=&#8221;4.20.0&#8243; _module_preset=&#8221;default&#8221; custom_padding=&#8221;||||false|false&#8221; custom_css_main_element=&#8221;margin-bottom:10px!important;&#8221; global_colors_info=&#8221;{}&#8221;][et_pb_button button_url=&#8221;https:\/\/pasarela.bancsabadell.com\/txbs\/TPVAgencyMain.init.bs?sender=031215&amp;idioma=CAS\/&#8221; url_new_window=&#8221;on&#8221; button_text=&#8221;Pagament en l\u00ednia (TPV Virtual)&#8221; button_alignment=&#8221;center&#8221; admin_label=&#8221;Bot\u00f3n Pago Online (TPV Virtual)&#8221; _builder_version=&#8221;4.24.3&#8243; _module_preset=&#8221;default&#8221; custom_button=&#8221;on&#8221; button_text_size=&#8221;115%&#8221; button_text_color=&#8221;#124159&#8243; button_border_width=&#8221;1px&#8221; button_border_color=&#8221;RGBA(18,65,89,0.45)&#8221; button_border_radius=&#8221;0px&#8221; button_letter_spacing=&#8221;0px&#8221; button_font=&#8221;||||||||&#8221; button_icon=&#8221;&#xe014;||divi||400&#8243; button_icon_color=&#8221;#6997bf&#8221; button_icon_placement=&#8221;left&#8221; button_on_hover=&#8221;off&#8221; custom_margin=&#8221;||||false|false&#8221; custom_padding=&#8221;15px||15px||false|false&#8221; custom_css_main_element=&#8221;width:100%;&#8221; box_shadow_style=&#8221;preset3&#8243; global_colors_info=&#8221;{}&#8221;][\/et_pb_button][\/et_pb_column][\/et_pb_row][et_pb_row admin_label=&#8221;Fila contenidor Migas de pan&#8221; _builder_version=&#8221;4.20.0&#8243; _module_preset=&#8221;_initial&#8221; width_tablet=&#8221;&#8221; width_phone=&#8221;&#8221; width_last_edited=&#8221;on|phone&#8221; max_width=&#8221;65%&#8221; max_width_tablet=&#8221;80%&#8221; max_width_phone=&#8221;80%&#8221; max_width_last_edited=&#8221;on|desktop&#8221; custom_margin=&#8221;15px|auto|0px|auto|false|false&#8221; custom_margin_tablet=&#8221;5px|auto|0px|auto|false|false&#8221; custom_margin_phone=&#8221;15px|auto|0px|auto|false|false&#8221; custom_padding=&#8221;0px||0px||false|false&#8221; make_fullwidth=&#8221;on&#8221; use_custom_width=&#8221;off&#8221; width_unit=&#8221;off&#8221; custom_width_px=&#8221;1080px&#8221; custom_width_percent=&#8221;80%&#8221; global_colors_info=&#8221;{}&#8221; custom_css_main_element_last_edited=&#8221;on|desktop&#8221; custom_css_main_element_phone=&#8221;order:1;&#8221;][et_pb_column type=&#8221;4_4&#8243; admin_label=&#8221;Columna 1&#8243; _builder_version=&#8221;4.20.0&#8243; custom_padding=&#8221;|||&#8221; global_colors_info=&#8221;{}&#8221; custom_padding__hover=&#8221;|||&#8221;][et_pb_code admin_label=&#8221;Migas de pan&#8221; _builder_version=&#8221;4.20.0&#8243; _module_preset=&#8221;default&#8221; custom_margin=&#8221;||||false|false&#8221; custom_padding=&#8221;||||false|false&#8221; global_colors_info=&#8221;{}&#8221;]<span><span><a href=\"https:\/\/santapola.es\/ca\/\">Inici<\/a><\/span><\/span>[\/et_pb_code][\/et_pb_column][\/et_pb_row][et_pb_row column_padding_mobile=&#8221;on&#8221; admin_label=&#8221;Fila contenidor principal&#8221; _builder_version=&#8221;4.24.2&#8243; _module_preset=&#8221;_initial&#8221; background_size=&#8221;initial&#8221; background_position=&#8221;top_left&#8221; background_repeat=&#8221;repeat&#8221; width=&#8221;100%&#8221; width_tablet=&#8221;80%&#8221; width_phone=&#8221;80%&#8221; width_last_edited=&#8221;on|desktop&#8221; max_width=&#8221;65%&#8221; max_width_tablet=&#8221;80%&#8221; max_width_phone=&#8221;80%&#8221; max_width_last_edited=&#8221;on|tablet&#8221; custom_margin=&#8221;0px|auto||auto|false|false&#8221; custom_margin_tablet=&#8221;|auto||auto|false|false&#8221; custom_margin_phone=&#8221;|auto||auto|false|false&#8221; custom_margin_last_edited=&#8221;off|phone&#8221; custom_padding=&#8221;10px|15px|0px|0px|false|false&#8221; make_fullwidth=&#8221;on&#8221; use_custom_width=&#8221;off&#8221; width_unit=&#8221;off&#8221; custom_width_px=&#8221;1080px&#8221; custom_width_percent=&#8221;80%&#8221; global_colors_info=&#8221;{}&#8221; custom_css_main_element__hover_enabled=&#8221;off|desktop&#8221; custom_css_main_element_last_edited=&#8221;on|phone&#8221; custom_css_main_element_phone=&#8221;order:2;&#8221;][et_pb_column type=&#8221;4_4&#8243; module_class=&#8221;col-ancho-total&#8221; admin_label=&#8221;Columna 1&#8243; _builder_version=&#8221;4.23.1&#8243; custom_padding=&#8221;||25px||false|false&#8221; global_colors_info=&#8221;{}&#8221; custom_padding__hover=&#8221;|||&#8221; custom_css_main_element_last_edited=&#8221;on|phone&#8221; custom_css_main_element_phone=&#8221; margin-bottom: 0px;&#8221;][et_pb_text content_last_edited=&#8221;off|desktop&#8221; admin_label=&#8221;T\u00edtulo. Tr\u00e1mites urbanismo&#8221; _builder_version=&#8221;4.24.2&#8243; _module_preset=&#8221;default&#8221; text_font=&#8221;|600|||||||&#8221; text_text_color=&#8221;#124159&#8243; text_font_size=&#8221;150%&#8221; text_line_height=&#8221;1.8em&#8221; header_text_color=&#8221;#123159&#8243; header_2_font=&#8221;|600|||||||&#8221; header_2_text_color=&#8221;#124159&#8243; header_2_font_size=&#8221;22px&#8221; custom_margin=&#8221;0px||30px||false|false&#8221; custom_padding=&#8221;0px||0px|||&#8221; border_width_bottom=&#8221;1px&#8221; border_color_bottom=&#8221;rgba(18,65,89,0.45)&#8221; global_colors_info=&#8221;{}&#8221;]<\/p>\n<p>Tr\u00e0mits Urbanisme<\/p>\n<p>[\/et_pb_text][et_pb_tabs active_tab_background_color=&#8221;#2c67a5&#8243; inactive_tab_background_color=&#8221;#E9F0F6&#8243; active_tab_text_color=&#8221;#FFFFFF&#8221; admin_label=&#8221;Pesta\u00f1as. Tr\u00e1mites disponibles en sede&#8221; _builder_version=&#8221;4.24.2&#8243; _module_preset=&#8221;e82c1aeb-ddd6-4eb3-8c81-191420891355&#8243; tab_text_color=&#8221;#124159&#8243; tab_font_size=&#8221;100%&#8221; display_conditions=&#8221;W10=&#8221; border_radii=&#8221;on|4px|4px|4px|4px&#8221; box_shadow_style=&#8221;preset3&#8243; global_colors_info=&#8221;%91%93&#8243;][et_pb_tab title=&#8221;Tr\u00e0mits disponibles en Seu Electr\u00f2nica&#8221; _builder_version=&#8221;4.24.1&#8243; _module_preset=&#8221;default&#8221; global_colors_info=&#8221;{}&#8221;]<\/p>\n<p><a class=\"externo\" title=\"certificado o Informe urban\u00edstico. Enlace externo\" href=\"https:\/\/santapola.sedelectronica.es\/catalog\/t\/e247f7c3-b1ff-42ef-8b7d-5195c14e9bbf\" target=\"_blank\" rel=\"noopener\">Sol\u00b7licitud de certificat o informe urban\u00edstic.<\/a><\/p>\n<p><\/p>\n<p><a class=\"externo\" title=\"Solicitud certificado actividades\" href=\"https:\/\/santapola.sedelectronica.es\/catalog\/t\/8a3b547e-7a1f-4050-9169-420d722a0b5e\" target=\"_blank\" rel=\"noopener\">Sol\u00b7licitud de certificat de compatibilitat urban\u00edstica (Activitats).<\/a><\/p>\n<p><\/p>\n<p><a class=\"externo\" title=\"Alquiler vivienda urban\u00edstica. Enlace externo\" href=\"https:\/\/santapola.sedelectronica.es\/catalog\/t\/2de44d98-fde6-4698-8987-4b7f39cfca10\" target=\"_blank\" rel=\"noopener\">Sol\u00b7licitud de certificat de compatibilitat urban\u00edstica (Lloguer d&#8217;habitatge tur\u00edstic).<\/a><\/p>\n<p><\/p>\n<p><a class=\"externo\" title=\"Licencia urban\u00edstica. Enlace externo\" href=\"https:\/\/santapola.sedelectronica.es\/catalog\/t\/c81fa8bc-8484-4fd8-a633-57533fde9f63\" target=\"_blank\" rel=\"noopener\">Sol\u00b7licitud de llic\u00e8ncia urban\u00edstica.<\/a><\/p>\n<p><\/p>\n<p><a class=\"externo\" title=\"DR. Primera vivienda. Enlace externo\" href=\"https:\/\/santapola.sedelectronica.es\/catalog\/t\/2ef9206e-7ec0-4d2f-ac40-a72dcadc6f3f\" target=\"_blank\" rel=\"noopener\">Declaraci\u00f3 responsable per a la declaraci\u00f3 de la primera ocupaci\u00f3 i successiva d&#8217;habitatges.<\/a><\/p>\n<p><\/p>\n<p><a class=\"externo\" title=\"Declaraci\u00f3n responsable obras. Enlace externo\" href=\"https:\/\/santapola.sedelectronica.es\/catalog\/t\/14d180ae-cc99-4e7a-9905-faf01fde2a46\" target=\"_blank\" rel=\"noopener\">Declaraci\u00f3 responsable d&#8217;obres.<\/a><\/p>\n<p><\/p>\n<p><a class=\"externo\" title=\"Declaraci\u00f3n de ruina. Enlace externo\" href=\"https:\/\/santapola.sedelectronica.es\/catalog\/t\/92e00c8c-9c77-448a-a604-eaef17d7fcf1\" target=\"_blank\" rel=\"noopener\">Sol\u00b7licitud de declaraci\u00f3 de ru\u00efna.<\/a><\/p>\n<p>[\/et_pb_tab][\/et_pb_tabs][et_pb_text content_last_edited=&#8221;off|desktop&#8221; admin_label=&#8221;T\u00edtulo. Plan General de Ordenaci\u00f3n Urban\u00edstica&#8221; module_id=&#8221;plangeneral&#8221; _builder_version=&#8221;4.24.2&#8243; _module_preset=&#8221;default&#8221; text_font=&#8221;|600|||||||&#8221; text_text_color=&#8221;#124159&#8243; text_font_size=&#8221;150%&#8221; text_line_height=&#8221;1.8em&#8221; header_text_color=&#8221;#123159&#8243; header_2_font=&#8221;|600|||||||&#8221; header_2_text_color=&#8221;#124159&#8243; header_2_font_size=&#8221;22px&#8221; custom_margin=&#8221;0px||30px||false|false&#8221; custom_padding=&#8221;0px||0px|||&#8221; border_width_bottom=&#8221;1px&#8221; border_color_bottom=&#8221;rgba(18,65,89,0.45)&#8221; global_colors_info=&#8221;{}&#8221;]<\/p>\n<p>Pla General d&#8217;Ordenaci\u00f3 Urban\u00edstica<\/p>\n<p>[\/et_pb_text][et_pb_accordion open_toggle_text_color=&#8221;#0C71C3&#8243; closed_toggle_background_color=&#8221;#E9F0F6&#8243; admin_label=&#8221;Acorde\u00f3n. Plan General Ordenaci\u00f3n Urban\u00edstica&#8221; _builder_version=&#8221;4.27.5&#8243; _module_preset=&#8221;default&#8221; toggle_text_color=&#8221;#124159&#8243; toggle_font=&#8221;|600|||||||&#8221; toggle_font_size=&#8221;15px&#8221; toggle_line_height=&#8221;1.3em&#8221; custom_margin=&#8221;||||false|false&#8221; custom_padding=&#8221;|12px||12px|false|false&#8221; hover_enabled=&#8221;0&#8243; custom_css_toggle=&#8221;margin-bottom:18px&#8221; custom_css_toggle_title=&#8221;padding:5px 12px 5px 12px;||background-color:#E9F0F6;&#8221; border_radii=&#8221;on|6px|6px|6px|6px&#8221; border_color_all=&#8221;rgba(129,165,193,0.65)&#8221; box_shadow_style=&#8221;preset3&#8243; global_colors_info=&#8221;{}&#8221; sticky_enabled=&#8221;0&#8243;][et_pb_accordion_item title=&#8221;BLANC&#8221; _builder_version=&#8221;4.21.0&#8243; _module_preset=&#8221;default&#8221; custom_css_main_element=&#8221;display:none;&#8221; global_colors_info=&#8221;{}&#8221; open=&#8221;off&#8221;][\/et_pb_accordion_item][et_pb_accordion_item title=&#8221;Pla General&#8221; open=&#8221;off&#8221; _builder_version=&#8221;4.27.5&#8243; _module_preset=&#8221;default&#8221; custom_margin=&#8221;||20px||false|false&#8221; global_colors_info=&#8221;{}&#8221;]<\/p>\n<p><a class=\"pdf\" title=\"Aprobaci\u00f3n del plan. Archivo pdf\" href=\"\/..\/wp-content\/uploads\/2020\/12\/PGOU_BOP_30-04-09-1-Aprobacion-PlanGeneral.pdf\" target=\"_blank\" rel=\"noopener\">Aprovaci\u00f3 del pla (BOP 30\/04\/2009)<\/a><\/p>\n<p><\/p>\n<p><a class=\"pdf\" title=\"Memoria. Archivo pdf\" href=\"\/..\/wp-content\/uploads\/2020\/11\/PGOU_MEMORIA.pdf\" target=\"_blank\" rel=\"noopener\">Mem\u00f2ria.<\/a><\/p>\n<p><\/p>\n<p><a class=\"pdf\" title=\"Normas urban\u00edsticas. Archivo pdf\" href=\"\/..\/wp-content\/uploads\/2020\/11\/PGOU_NORMAS.pdf\" target=\"_blank\" rel=\"noopener\">Normes urban\u00edstiques.<\/a><\/p>\n<p><\/p>\n<p><a class=\"pdf\" title=\"Ordenanza de repercusi\u00f3n. Archivo pdf\" href=\"\/..\/wp-content\/uploads\/2023\/05\/Ordenanza-de-Valores-de-Repercusion-del-Suelo-Urbanizado.pdf\" target=\"_blank\" rel=\"noopener\">Ordenan\u00e7a de valors de repercussi\u00f3 del s\u00f2l urbanitzat.<\/a><\/p>\n<p><\/p>\n<p><a class=\"pdf\" title=\"Ordenanzas municipales de la edificaci\u00f3n y uso del suelo\" href=\"https:\/\/santapola.es\/wp-content\/uploads\/bsk-pdf-manager\/2021\/01\/Ordenanzas-Municipales-de-la-edificacion-y-uso-del-suelo_BOP_2_5-01-2021.pdf\" target=\"_blank\" rel=\"noopener\">Ordenances municipals de l&#8217;edificaci\u00f3 i \u00fas del s\u00f2l<\/a><\/p>\n<p><\/p>\n<p><a class=\"pdf\" title=\"Cat\u00e1logo de protecci\u00f3n. Archivo pdf\" href=\"\/..\/wp-content\/uploads\/2020\/11\/PGOU_CAT%C3%81LOGO-DE-PROTECCI%C3%93N.pdf\" target=\"_blank\" rel=\"noopener\">Cat\u00e0leg de protecci\u00f3. Complet<\/a><\/p>\n<p><\/p>\n<p><a class=\"interno\" title=\"Cat\u00e1logo de protecci\u00f3n. Fichas. Enlace interno\" href=\"\/..\/areas-municipales\/urbanismo\/plan-general-elementos-protegidos\/\">Cat\u00e0leg de protecci\u00f3. Fitxes<\/a><\/p>\n<p><\/p>\n<p><a class=\"pdf\" title=\"Fichas de ordenaci\u00f3n estructural. Archivo pdf\" href=\"\/..\/wp-content\/uploads\/2020\/11\/PGOU_FICHAS-ORDENACI%C3%93N-ESTRUCTURAL_.pdf\" target=\"_blank\" rel=\"noopener\">Fitxes d&#8217;ordenaci\u00f3 estructural.<\/a><\/p>\n<p><\/p>\n<p><a class=\"pdf\" title=\"Fichas suelo urbano. Archivo pdf\" href=\"\/..\/wp-content\/uploads\/2020\/11\/PGOU_FICHAS-ORDENACI%C3%93N-S.U-Y-URBANIZABLE-ORDENACION-PORMENORIZADA.pdf\" target=\"_blank\" rel=\"noopener\">Fitxes d&#8217;ordenaci\u00f3 s\u00f2l urb\u00e0 i urbanitzable ordenaci\u00f3 detallada.<\/a><\/p>\n<p><\/p>\n<p><a class=\"zip\" title=\"Estudio impacto ambiental. Archivo comprimido zip\" href=\"https:\/\/santapola.es\/wp-content\/uploads\/2020\/11\/PGOU_ESTUDIO_DE_IMPACTO_AMBIENTAL_PDF.zip\" target=\"_blank\" rel=\"noopener\">Estudi d&#8217;impacte ambiental.<\/a><\/p>\n<p><\/p>\n<p><a class=\"interno\" title=\"Licencias de obras digitalizadas. Enlace interno\" href=\"\/..\/areas-municipales\/urbanismo\/plan-general-obras-digitalizadas\/\">Llic\u00e8ncies d&#8217;obres digitalitzades<\/a><\/p>\n<p><\/p>\n<p><span style=\"text-decoration: underline;\"><strong>Plans:<\/strong><\/span><\/p>\n<p><\/p>\n<p style=\"padding-left: 40px;\"><a class=\"zip\" title=\"Hojas alineaciones y rasales. Archivo comprimido zip\" href=\"\/..\/wp-content\/uploads\/2020\/11\/PGOU_HOJAS-DE-ALINEACIONES-Y-RASANTES.zip\" target=\"_blank\" rel=\"noopener\">Fulles d&#8217;alineacions i rasales.<\/a><\/p>\n<p><\/p>\n<p style=\"padding-left: 40px;\"><a class=\"zip\" title=\"Hojas de alturas de edificaci\u00f3n\" href=\"\/..\/wp-content\/uploads\/2020\/11\/PGOU_HOJAS-DE-ALTURAS-DE-LA-EDIFICACI%C3%93N.zip\" target=\"_blank\" rel=\"noopener\">Fulles d&#8217;altures de l&#8217;edificaci\u00f3.<\/a><\/p>\n<p><\/p>\n<p style=\"padding-left: 40px;\"><a class=\"zip\" title=\"Hojas de calificaci\u00f3n. Archivo comprimido zip\" href=\"\/..\/wp-content\/uploads\/2020\/11\/PGOU_HOJAS-DE-CALIFICACION.zip\" target=\"_blank\" rel=\"noopener\">Fulles de qualificaci\u00f3.<\/a><\/p>\n<p><\/p>\n<p style=\"padding-left: 40px;\"><a class=\"zip\" title=\"Infraestructuras. Archivo comprimido zip\" href=\"\/..\/wp-content\/uploads\/2020\/11\/PGOU_INFRAESTRUCTURAS.zip\" target=\"_blank\" rel=\"noopener\">Infraestructures.<\/a><\/p>\n<p><\/p>\n<p style=\"padding-left: 40px;\"><a class=\"zip\" title=\"Planos estructurales. Archivo comprimido zip\" href=\"\/..\/wp-content\/uploads\/2020\/11\/PLANOS-ESTRUCTURALES.zip\" target=\"_blank\" rel=\"noopener\">Plans estructurals.<\/a><\/p>\n<p>[\/et_pb_accordion_item][et_pb_accordion_item title=&#8221;Modificacions aprovades&#8221; _builder_version=&#8221;4.24.3&#8243; _module_preset=&#8221;default&#8221; custom_margin=&#8221;||20px||false|false&#8221; global_colors_info=&#8221;{}&#8221; open=&#8221;off&#8221;]<\/p>\n<p><a class=\"zip\" title=\"Delimitaci\u00f3n l\u00ednea pendiente GA. Archivo comprimido zip\" href=\"\/..\/wp-content\/uploads\/2020\/11\/PGOU_1_MP-N1_Delimitaci%C3%B3n-linea-de-pendientes-GA_MP1.zip\" target=\"_blank\" rel=\"noopener\">MP N\u00fam. 1 \u2013 Delimitaci\u00f3 l\u00ednia de pendents GA<\/a><\/p>\n<p><\/p>\n<p><a class=\"zip\" title=\"Sector de la calera. Archivo comprimido zip\" href=\"\/..\/wp-content\/uploads\/MODIFICACIO%CC%81N%20PUNTUAL%20-N%C2%BA2%20SECTOR%20LA%20CALERA.zip\" target=\"_blank\" rel=\"noopener\">MP N\u00fam. 2 \u2013 Sector de la Calera<\/a><\/p>\n<p><\/p>\n<p><a class=\"zip\" title=\"Unidad promoci\u00f3n p\u00e9rez ojeda. Archivo comprimido zip\" href=\"\/..\/wp-content\/uploads\/2020\/11\/PGOU_3_MP-N3_Unidad-promoci%C3%B3n-P%C3%A9rez-Ojeda.zip\" target=\"_blank\" rel=\"noopener\">MP N\u00fam. 3 \u2013 Unitat promoci\u00f3 P\u00e9rez-Ojeda<\/a><\/p>\n<p><\/p>\n<p><a class=\"zip\" title=\"Rectificaci\u00f3n error IN2. Archivo comprimido Zip\" href=\"\/..\/wp-content\/uploads\/2020\/11\/PGOU_4_MP-N4-RECTIFICACION-ERROR-IN-2.zip\" target=\"_blank\" rel=\"noopener\">MP N\u00fam. 4 \u2013 Rectificaci\u00f3 error IN-2<\/a><\/p>\n<p><\/p>\n<p><a class=\"zip\" title=\"Correcci\u00f3n zona verde. Archivo comprimido zip\" href=\"\/..\/wp-content\/uploads\/2020\/11\/PGOU_5_MP-N5-Ord-Porm-correcci%C3%B3n-puntual-zona-verde-recayente-a-Avda-portugal.zip\" target=\"_blank\" rel=\"noopener\">MP N\u00fam. 5 \u2013 Ord. Porm. correcci\u00f3 puntual zona verda que dona a Av. Portugal<\/a><\/p>\n<p><\/p>\n<p><a class=\"zip\" title=\"Correcci\u00f3n errores materiales. Archivo comprimido zip\" href=\"\/..\/wp-content\/uploads\/2020\/11\/PGOU_6_MP-N6-Correcci%C3%B3n-errorres-materiales-Plan-General.zip\" target=\"_blank\" rel=\"noopener\">MP N\u00fam. 6 \u2013 Correcci\u00f3 de errorres materials Pla General<\/a><\/p>\n<p><\/p>\n<p><a class=\"zip\" title=\"Art\u00edculo 6 normas urban\u00edsticas. Archivo comprimido zip\" href=\"\/..\/wp-content\/uploads\/2020\/11\/PGOU_7_MPN7Articulo6%C2%BA-de-la-Normas-Urbanisticas.zip\" target=\"_blank\" rel=\"noopener\">MP N\u00fam. 7 \u2013 Article 6\u00e9 de les Normes Urban\u00edstiques<\/a><\/p>\n<p><\/p>\n<p><a class=\"zip\" title=\"Correcci\u00f3n errores materiales parcela 6. Archivo comprimido zip\" href=\"\/..\/wp-content\/uploads\/2020\/11\/PGOU_9_MP-N9-Correcci%C3%B3n-errores-materiales-parcela-n%C2%BA-6B-del-sector-RT-2.zip\" target=\"_blank\" rel=\"noopener\">MP N\u00fam. 9 \u2013 Correcci\u00f3 d&#8217;errors materials Parcel\u00b7la n\u00fam. 6B del sector RT-2<\/a><\/p>\n<p><\/p>\n<p><a class=\"zip\" title=\"Parcela escolar. Archivo comprimido zip\" href=\"\/..\/wp-content\/uploads\/2021\/01\/PGOU_MP11_ParcelaEscolar.zip\" target=\"_blank\" rel=\"noopener\">MP N\u00fam. 11 \u2013 Parcel\u00b7la Escolar 7.2<\/a><\/p>\n<p><\/p>\n<p><a class=\"zip\" href=\"https:\/\/santapola.es\/wp-content\/uploads\/2024\/07\/MPNo14_Errores_Materiales.zip\" target=\"_blank\" rel=\"attachment noopener wp-att-37739\">MPN\u00ba14._Correcci\u00f3 Errors<\/a><\/p>\n<p><\/p>\n<p><a class=\"zip\" href=\"https:\/\/santapola.es\/wp-content\/uploads\/2024\/07\/MPNo16_Estudio-Detalle-Tamarit_2008.zip\" target=\"_blank\" rel=\"attachment noopener wp-att-37741\">MPN\u00ba16_Estudi Detall Tamarit. Modificatiu de l&#8217;Ordenaci\u00f3 Detallada de PGMO 2008<\/a><\/p>\n<p>[\/et_pb_accordion_item][et_pb_accordion_item title=&#8221;Planejament en tramitaci\u00f3&#8221; _builder_version=&#8221;4.27.4&#8243; _module_preset=&#8221;default&#8221; custom_margin=&#8221;||20px||false|false&#8221; global_colors_info=&#8221;{}&#8221; open=&#8221;off&#8221;]<\/p>\n<p><a class=\"zip\" title=\"Modificaci\u00f3n puntual 15\" href=\"\/..\/wp-content\/uploads\/2023\/01\/Delimitacion-Barrio-Felipe-II.zip\" target=\"_blank\" rel=\"noopener\">Modificaci\u00f3 Puntual n\u00fam. 15 Delimitaci\u00f3 Barri Felip II<\/a><\/p>\n<p><\/p>\n<p><a class=\"zip\" title=\"Casa Don Gabino. Arxiu comprimit zip\" href=\"\/..\/wp-content\/uploads\/2023\/02\/Pacto-novatorio-Convenio-Casa-Don-Gabino.zip\" target=\"_blank\" rel=\"noopener\">Pacte novador Conveni Casa Don Gabino<\/a><\/p>\n<p><\/p>\n<p><a class=\"pdf\" title=\"Reforma interior barranco catarra. Archivo pdf\" href=\"\/..\/wp-content\/uploads\/2023\/05\/Plan-de-Reforma-Interior-Barranco-Catarra.pdf\" target=\"_blank\" rel=\"noopener\">Pla de Reforma Interior \u201cBarranc de Catarra\u201d<\/a><\/p>\n<p><\/p>\n<p><a class=\"pdf\" title=\"Subsanaci\u00f3 reforma Barranc de Catarra. Arxiu pdf\" href=\"\/..\/wp-content\/uploads\/2023\/06\/Plan-de-Reforma-Interior-Barranco-Catarra-SUBSANACION.pdf\" target=\"_blank\" rel=\"noopener\">Pla de Reforma Interior \u201cBarranc Catarra\u201d \u2013 SUBSANACION<\/a><\/p>\n<p><\/p>\n<p><a class=\"pdf\" title=\"PRI Barranc de Catarra. Arxiu pdf\" href=\"\/..\/wp-content\/uploads\/2024\/02\/Resolucion-de-Informe-Ambiental-y-Territorial-Estrategico.-PRI-Barranco-Catarra.pdf\" target=\"_blank\" rel=\"noopener\">Resoluci\u00f3 d&#8217;Informe Ambiental i Territorial Estrat\u00e8gic. PRI Barranc Catarra<\/a><\/p>\n<p><\/p>\n<p><a class=\"pdf\" title=\"Edicte JGL 25\/01\/2024. Arxiu pdf\" href=\"\/..\/wp-content\/uploads\/2024\/02\/EDICTO-JGL-de-25-01-2024.pdf\" target=\"_blank\" rel=\"noopener\">Edicte JGL de 25-01-2024<\/a><\/p>\n<p><\/p>\n<p><a class=\"pdf \" href=\"https:\/\/santapola.es\/wp-content\/uploads\/2024\/02\/Plan-de-Reforma-Interior-Barranco-Catarra.pdf\" target=\"_blank\" rel=\"attachment noopener wp-att-23769\">Pla de Reforma Interior Barranco Catarra<\/a><\/p>\n<p><\/p>\n<p><a class=\"pdf\" title=\"Resoluci\u00f3n PAI del Sector 3_CJ5\" href=\"https:\/\/santapola.es\/wp-content\/uploads\/2025\/04\/20250409_Publicacion_EDICTO_Resolucion-PAI-del-Sector-3_CJ5_Censurado.pdf\" target=\"_blank\" rel=\"attachment noopener wp-att-42986\">Projecte Sector 3_CJ5 \u2013 Edicte Resoluci\u00f3 PAI<\/a><\/p>\n<p><\/p>\n<p><a class=\"pdf\" title=\"Proyecto Sector 3_CJ5 \u2013 Edicto de Participaci\u00f3n P\u00fablica y Consultas\" href=\"https:\/\/santapola.es\/wp-content\/uploads\/2025\/04\/ParticipacionPublicaConsultas_Sector3CJ-5_Censurado.pdf\" target=\"_blank\" rel=\"attachment noopener wp-att-43205\">Projecte Sector 3_CJ5 \u2013 Edicte de Participaci\u00f3 P\u00fablica i Consultes<\/a><\/p>\n<p><\/p>\n<p><a class=\"pdf\" title=\"Proyecto Sector 3_CJ5 \u2013 Programa de actuaci\u00f3n integrada (PAI)\" href=\"https:\/\/santapola.es\/wp-content\/uploads\/2025\/04\/Sector3-CJ5-PAI.pdf\" target=\"_blank\" rel=\"attachment noopener wp-att-43208\">Projecte Sector 3_CJ5 \u2013 Programa d&#8217;actuaci\u00f3 integrada (PAI)<\/a><\/p>\n<p><\/p>\n<p><a class=\"pdf\" title=\"Proyecto Sector 3_CJ5 \u2013 Tomo 0 \u2013 Estructura del proyecto y presupuestos\" href=\"https:\/\/santapola.es\/wp-content\/uploads\/2025\/04\/Sector3-CJ5-TOMO0-Estructura-Presupuestos-Ed10julio2024.pdf\" target=\"_blank\" rel=\"attachment noopener wp-att-43210\">Projecte Sector 3_CJ5 \u2013 Tom 0 \u2013 Estructura del projecte i pressupostos<\/a><\/p>\n<p><\/p>\n<p><a class=\"pdf\" title=\"Projecte Sector 3_CJ5 \u2013 Tom 1 \u2013 Obra Civil\" href=\"https:\/\/santapola.es\/wp-content\/uploads\/2025\/04\/Sector3-Cj5-Tomo1-ObraCivil-Ed10-julio2024.pdf\" target=\"_blank\" rel=\"attachment noopener wp-att-43212\">Projecte Sector 3_CJ5 \u2013 Tom 1 \u2013 Obra Civil<\/a><\/p>\n<p><\/p>\n<p><a class=\"pdf\" title=\"Projecte Sector 3_CJ5 \u2013 Tom 2 Obra d'Electrificaci\u00f3\" href=\"https:\/\/santapola.es\/wp-content\/uploads\/2025\/04\/Sector3-CJ5-Tomo2-Obra-Electrificacio-Ed10-julio2024.pdf\" target=\"_blank\" rel=\"attachment noopener wp-att-43214\">Projecte Sector 3_CJ5 \u2013 Tom 2 Obra d&#8217;Electrificaci\u00f3<\/a><\/p>\n<p><\/p>\n<p><strong>Informaci\u00f3 P\u00fablica Estudi de detall sobre la Parcel\u00b7la d&#8217;Equipament Esportiu en Avinguda Albacete, 6:<\/strong><\/p>\n<p><\/p>\n<p style=\"padding-left: 20px;\"><a class=\"pdf\" href=\"https:\/\/santapola.es\/wp-content\/uploads\/2025\/11\/edicto-jgl-de-13112025-estudio-parcela-de-equipamiento-deportivo_censurado.pdf\" target=\"_blank\" rel=\"attachment noopener wp-att-46623\">Edicte JGL de 13\/11\/2025 &#8211; Estudi de Detall Parcel\u00b7la d&#8217;Equipament Esportiu<\/a><\/p>\n<p><\/p>\n<p style=\"padding-left: 20px;\"><a class=\"pdf\" href=\"https:\/\/santapola.es\/wp-content\/uploads\/2025\/11\/Certificado-JGL-de-13112025-Estudio-Parcela-de-Equipamiento-Deportivo_Censurado.pdf\" target=\"_blank\" rel=\"attachment noopener wp-att-46637\">Certificat JGL de 13112025 &#8211; Estudi de Detall Parcel\u00b7la d&#8217;Equipament Esportiu<\/a><\/p>\n<p><\/p>\n<p style=\"padding-left: 20px;\"><a class=\"pdf\" href=\"https:\/\/santapola.es\/wp-content\/uploads\/2025\/11\/Estudio-de-detalle-sobre-Parcela-de-Equipamiento-Deportivo_Censurado.pdf\" target=\"_blank\" rel=\"attachment noopener wp-att-46625\">Estudi de Detall sobre Parcel\u00b7la d&#8217;Equipament Esportiu<\/a><\/p>\n<p>[\/et_pb_accordion_item][et_pb_accordion_item title=&#8221;Planejament de desenvolupament&#8221; _builder_version=&#8221;4.27.4&#8243; _module_preset=&#8221;default&#8221; custom_margin=&#8221;||20px||false|false&#8221; global_colors_info=&#8221;{}&#8221; open=&#8221;off&#8221;]<\/p>\n<p><a class=\"pdf\" title=\"Aprobaci\u00f3n definitiva Estudio Hacienda el Barrio. Archivo pdf\" href=\"\/..\/wp-content\/uploads\/2023\/03\/Aprobacion-Definitiva-Estudio-Detalle-RP-2-Hacienda-el-Barrio.pdf\" target=\"_blank\" rel=\"noopener\">Aprovaci\u00f3 definitiva &#8220;Estudi detall RP-2 Hisenda el Barri&#8221;<\/a><\/p>\n<p>[\/et_pb_accordion_item][et_pb_accordion_item title=&#8221;Gran Alacant. Instruments de Planejament&#8221; _builder_version=&#8221;4.27.5&#8243; _module_preset=&#8221;default&#8221; custom_margin=&#8221;||20px||false|false&#8221; hover_enabled=&#8221;0&#8243; global_colors_info=&#8221;{}&#8221; open=&#8221;on&#8221; sticky_enabled=&#8221;0&#8243;]<\/p>\n<p><a class=\"pdf\" title=\"1.1 - LO 85-03-2\" href=\"https:\/\/santapola.es\/wp-content\/uploads\/2026\/03\/1.1-LO-85-03-2.pdf\" target=\"_blank\" rel=\"attachment noopener wp-att-48007\">1.1 &#8211; EL 85-03-2<\/a><\/p>\n<p><\/p>\n<p><a class=\"pdf\" href=\"https:\/\/santapola.es\/wp-content\/uploads\/2025\/10\/ED-1.2A.pdf\" target=\"_blank\" rel=\"attachment noopener wp-att-46123\">ED 1.2 A<\/a><\/p>\n<p><\/p>\n<p><a class=\"pdf\" href=\"https:\/\/santapola.es\/wp-content\/uploads\/2025\/10\/ED-1.2B.pdf\" target=\"_blank\" rel=\"attachment noopener wp-att-46125\">ED 1.2 B<\/a><\/p>\n<p><\/p>\n<p><a class=\"pdf\" href=\"https:\/\/santapola.es\/wp-content\/uploads\/2025\/10\/ED-1.3A.pdf\" target=\"_blank\" rel=\"attachment noopener wp-att-46127\">ED 1.3 A<\/a><\/p>\n<p><\/p>\n<p><a class=\"pdf\" href=\"https:\/\/santapola.es\/wp-content\/uploads\/2025\/10\/ED-1.3B.pdf\" target=\"_blank\" rel=\"attachment noopener wp-att-46129\">ED 1.3 B<\/a><\/p>\n<p><\/p>\n<p><a class=\"pdf\" href=\"https:\/\/santapola.es\/wp-content\/uploads\/2025\/10\/ED-2.1.pdf\" target=\"_blank\" rel=\"attachment noopener wp-att-46273\">ED 2.1<\/a><\/p>\n<p><\/p>\n<p><a class=\"pdf\" href=\"https:\/\/santapola.es\/wp-content\/uploads\/2025\/10\/ED-2.2.pdf\" target=\"_blank\" rel=\"attachment noopener wp-att-46131\">ED 2.2<\/a><\/p>\n<p><\/p>\n<p><a class=\"pdf\" href=\"https:\/\/santapola.es\/wp-content\/uploads\/2025\/10\/ED-2.3A.pdf\" target=\"_blank\" rel=\"attachment noopener wp-att-46133\">ED 2.3 A<\/a><\/p>\n<p><\/p>\n<p><a class=\"pdf\" href=\"https:\/\/santapola.es\/wp-content\/uploads\/2025\/10\/ED-2.3B.pdf\" target=\"_blank\" rel=\"attachment noopener wp-att-46135\">ED 2.3 B<\/a><\/p>\n<p><\/p>\n<p><a class=\"pdf\" href=\"https:\/\/santapola.es\/wp-content\/uploads\/2025\/10\/ED-2.3C.pdf\" target=\"_blank\" rel=\"attachment noopener wp-att-46137\">ED 2.3 C<\/a><\/p>\n<p><\/p>\n<p><a class=\"pdf\" href=\"https:\/\/santapola.es\/wp-content\/uploads\/2025\/10\/ED-2.3D.pdf\" target=\"_blank\" rel=\"attachment noopener wp-att-46139\">ED 2.3 D<\/a><\/p>\n<p><\/p>\n<p><a class=\"pdf\" href=\"https:\/\/santapola.es\/wp-content\/uploads\/2025\/10\/ED-2.4.pdf\" target=\"_blank\" rel=\"attachment noopener wp-att-46141\">ED 2.4<\/a><\/p>\n<p><\/p>\n<p><a class=\"pdf\" href=\"https:\/\/santapola.es\/wp-content\/uploads\/2025\/10\/ED-2.5A-B.pdf\" target=\"_blank\" rel=\"attachment noopener wp-att-46143\">ED 2.5 A-B<\/a><\/p>\n<p><\/p>\n<p><a class=\"pdf\" href=\"https:\/\/santapola.es\/wp-content\/uploads\/2025\/10\/ED-2.5C.pdf\" target=\"_blank\" rel=\"attachment noopener wp-att-46145\">ED 2.5 C<\/a><\/p>\n<p><\/p>\n<p><a class=\"pdf\" href=\"https:\/\/santapola.es\/wp-content\/uploads\/2025\/10\/ED-2.6.pdf\" target=\"_blank\" rel=\"attachment noopener wp-att-46147\">ED 2.6<\/a><\/p>\n<p><\/p>\n<p><a class=\"pdf\" href=\"https:\/\/santapola.es\/wp-content\/uploads\/2025\/10\/ED-2.8.pdf\" target=\"_blank\" rel=\"attachment noopener wp-att-46149\">ED 2.8<\/a><\/p>\n<p><\/p>\n<p><a class=\"pdf\" href=\"https:\/\/santapola.es\/wp-content\/uploads\/2025\/10\/ED-3.1.pdf\" target=\"_blank\" rel=\"attachment noopener wp-att-46275\">ED 3.1<\/a><\/p>\n<p><\/p>\n<p><a class=\"pdf\" href=\"https:\/\/santapola.es\/wp-content\/uploads\/2025\/10\/ED-3.2.pdf\" target=\"_blank\" rel=\"attachment noopener wp-att-46277\">ED 3.2<\/a><\/p>\n<p><\/p>\n<p><a class=\"pdf\" href=\"https:\/\/santapola.es\/wp-content\/uploads\/2025\/10\/ED-3.3.pdf\" target=\"_blank\" rel=\"attachment noopener wp-att-46279\">ED 3.3<\/a><\/p>\n<p><\/p>\n<p><a class=\"pdf\" href=\"https:\/\/santapola.es\/wp-content\/uploads\/2025\/10\/ED-4.2.pdf\" target=\"_blank\" rel=\"attachment noopener wp-att-46281\">ED 4.2<\/a><\/p>\n<p><\/p>\n<p><a class=\"pdf\" href=\"https:\/\/santapola.es\/wp-content\/uploads\/2025\/10\/ED-4.3A.pdf\" target=\"_blank\" rel=\"attachment noopener wp-att-46283\">ED 4.3 A<\/a><\/p>\n<p><\/p>\n<p><a class=\"pdf\" href=\"https:\/\/santapola.es\/wp-content\/uploads\/2025\/10\/ED-4.3B.pdf\" target=\"_blank\" rel=\"attachment noopener wp-att-46285\">ED 4.3 B<\/a><\/p>\n<p><\/p>\n<p><a class=\"pdf\" href=\"https:\/\/santapola.es\/wp-content\/uploads\/2025\/10\/ED-4.4A.pdf\" target=\"_blank\" rel=\"attachment noopener wp-att-46310\">ED 4.4 A<\/a><\/p>\n<p><\/p>\n<p><a class=\"pdf\" href=\"https:\/\/santapola.es\/wp-content\/uploads\/2025\/10\/ED-4.4B.pdf\" target=\"_blank\" rel=\"attachment noopener wp-att-46312\">ED 4.4 B<\/a><\/p>\n<p><\/p>\n<p><a class=\"pdf\" href=\"https:\/\/santapola.es\/wp-content\/uploads\/2025\/10\/ED-4.4D.pdf\" target=\"_blank\" rel=\"attachment noopener wp-att-46314\">ED 4.4 D<\/a><\/p>\n<p><\/p>\n<p><a class=\"pdf\" href=\"https:\/\/santapola.es\/wp-content\/uploads\/2025\/10\/ED-5.1-5.2.pdf\" target=\"_blank\" rel=\"attachment noopener wp-att-46316\">ED 5.1 &#8211; 5.2<\/a><\/p>\n<p><\/p>\n<p><a class=\"pdf\" href=\"https:\/\/santapola.es\/wp-content\/uploads\/2025\/10\/ed-6.pdf\" target=\"_blank\" rel=\"attachment noopener wp-att-46287\">ED 6<\/a><\/p>\n<p><\/p>\n<p><a class=\"pdf\" href=\"https:\/\/santapola.es\/wp-content\/uploads\/2025\/11\/Registro-urbanistico-2025.pdf\" target=\"_blank\" rel=\"attachment noopener wp-att-46534\">Registre urban\u00edstic 2025<\/a><\/p>\n<p>[\/et_pb_accordion_item][\/et_pb_accordion][\/et_pb_column][\/et_pb_row][\/et_pb_section]<\/p>\n","protected":false},"excerpt":{"rendered":"<p>Urbanisme<span><span><a href=\"https:\/\/santapola.es\/ca\/\">Inici<\/a><\/span><\/span>Tr\u00e0mits UrbanismeSol\u00b7licitud de certificat o informe urban\u00edstic.Sol\u00b7licitud de certificat de compatibilitat urban\u00edstica (Activitats).Sol\u00b7licitud de certificat de compatibilitat urban\u00edstica (Lloguer d&#8217;habitatge tur\u00edstic).Sol\u00b7licitud de llic\u00e8ncia urban\u00edstica.Declaraci\u00f3 responsable per a la declaraci\u00f3 de la primera ocupaci\u00f3 i successiva d&#8217;habitatges.Declaraci\u00f3 responsable d&#8217;obres.Sol\u00b7licitud de declaraci\u00f3 de ru\u00efna.Pla General d&#8217;Ordenaci\u00f3 Urban\u00edsticaAprovaci\u00f3 del pla (BOP 30\/04\/2009)Mem\u00f2ria.Normes urban\u00edstiques.Ordenan\u00e7a de valors de repercussi\u00f3 del [&hellip;]<\/p>\n","protected":false},"author":95,"featured_media":0,"parent":34215,"menu_order":0,"comment_status":"closed","ping_status":"closed","template":"","meta":{"_et_pb_use_builder":"on","_et_pb_old_content":"","_et_gb_content_width":"","footnotes":""},"class_list":["post-34468","page","type-page","status-publish","hentry"],"yoast_head":"<!-- This site is optimized with the Yoast SEO plugin v27.4 - https:\/\/yoast.com\/product\/yoast-seo-wordpress\/ -->\n<title>Urbanisme - Ajuntament de Santa Pola<\/title>\n<meta name=\"robots\" content=\"index, follow, max-snippet:-1, max-image-preview:large, max-video-preview:-1\" \/>\n<link rel=\"canonical\" href=\"https:\/\/santapola.es\/ca\/arees\/urbanisme\/\" \/>\n<meta property=\"og:locale\" content=\"ca_ES\" \/>\n<meta property=\"og:type\" content=\"article\" \/>\n<meta property=\"og:title\" content=\"Urbanisme - Ajuntament de Santa Pola\" \/>\n<meta property=\"og:description\" content=\"UrbanismeTr\u00e0mits UrbanismeSol\u00b7licitud de certificat o informe urban\u00edstic.Sol\u00b7licitud de certificat de compatibilitat urban\u00edstica (Activitats).Sol\u00b7licitud de certificat de compatibilitat urban\u00edstica (Lloguer d&#039;habitatge tur\u00edstic).Sol\u00b7licitud de llic\u00e8ncia urban\u00edstica.Declaraci\u00f3 responsable per a la declaraci\u00f3 de la primera ocupaci\u00f3 i successiva d&#039;habitatges.Declaraci\u00f3 responsable d&#039;obres.Sol\u00b7licitud de declaraci\u00f3 de ru\u00efna.Pla General d&#039;Ordenaci\u00f3 Urban\u00edsticaAprovaci\u00f3 del pla (BOP 30\/04\/2009)Mem\u00f2ria.Normes urban\u00edstiques.Ordenan\u00e7a de valors de repercussi\u00f3 del [&hellip;]\" \/>\n<meta property=\"og:url\" content=\"https:\/\/santapola.es\/ca\/arees\/urbanisme\/\" \/>\n<meta property=\"og:site_name\" content=\"Ajuntament de Santa Pola\" \/>\n<meta property=\"article:publisher\" content=\"https:\/\/www.facebook.com\/AyuntamientoSantaPola\/\" \/>\n<meta property=\"article:modified_time\" content=\"2026-03-30T08:36:02+00:00\" \/>\n<meta name=\"twitter:card\" content=\"summary_large_image\" \/>\n<meta name=\"twitter:site\" content=\"@SantaPolaAyunt\" \/>\n<script type=\"application\/ld+json\" class=\"yoast-schema-graph\">{\"@context\":\"https:\\\/\\\/schema.org\",\"@graph\":[{\"@type\":\"WebPage\",\"@id\":\"https:\\\/\\\/santapola.es\\\/ca\\\/arees\\\/urbanisme\\\/\",\"url\":\"https:\\\/\\\/santapola.es\\\/ca\\\/arees\\\/urbanisme\\\/\",\"name\":\"Urbanisme - Ajuntament de Santa Pola\",\"isPartOf\":{\"@id\":\"https:\\\/\\\/santapola.es\\\/ca\\\/#website\"},\"datePublished\":\"2024-02-19T11:15:59+00:00\",\"dateModified\":\"2026-03-30T08:36:02+00:00\",\"breadcrumb\":{\"@id\":\"https:\\\/\\\/santapola.es\\\/ca\\\/arees\\\/urbanisme\\\/#breadcrumb\"},\"inLanguage\":\"ca\",\"potentialAction\":[{\"@type\":\"ReadAction\",\"target\":[\"https:\\\/\\\/santapola.es\\\/ca\\\/arees\\\/urbanisme\\\/\"]}]},{\"@type\":\"BreadcrumbList\",\"@id\":\"https:\\\/\\\/santapola.es\\\/ca\\\/arees\\\/urbanisme\\\/#breadcrumb\",\"itemListElement\":[{\"@type\":\"ListItem\",\"position\":1,\"name\":\"Inici\",\"item\":\"https:\\\/\\\/santapola.es\\\/ca\\\/\"},{\"@type\":\"ListItem\",\"position\":2,\"name\":\"\u00c0rees\",\"item\":\"https:\\\/\\\/santapola.es\\\/ca\\\/areas-municipales\\\/\"},{\"@type\":\"ListItem\",\"position\":3,\"name\":\"Urbanisme\"}]},{\"@type\":\"WebSite\",\"@id\":\"https:\\\/\\\/santapola.es\\\/ca\\\/#website\",\"url\":\"https:\\\/\\\/santapola.es\\\/ca\\\/\",\"name\":\"Ayuntamiento de Santa Pola\",\"description\":\"Web de l'Ajuntament de Santa Pola\",\"potentialAction\":[{\"@type\":\"SearchAction\",\"target\":{\"@type\":\"EntryPoint\",\"urlTemplate\":\"https:\\\/\\\/santapola.es\\\/ca\\\/?s={search_term_string}\"},\"query-input\":{\"@type\":\"PropertyValueSpecification\",\"valueRequired\":true,\"valueName\":\"search_term_string\"}}],\"inLanguage\":\"ca\"}]}<\/script>\n<!-- \/ Yoast SEO plugin. -->","yoast_head_json":{"title":"Urbanisme - Ajuntament de Santa Pola","robots":{"index":"index","follow":"follow","max-snippet":"max-snippet:-1","max-image-preview":"max-image-preview:large","max-video-preview":"max-video-preview:-1"},"canonical":"https:\/\/santapola.es\/ca\/arees\/urbanisme\/","og_locale":"ca_ES","og_type":"article","og_title":"Urbanisme - Ajuntament de Santa Pola","og_description":"UrbanismeTr\u00e0mits UrbanismeSol\u00b7licitud de certificat o informe urban\u00edstic.Sol\u00b7licitud de certificat de compatibilitat urban\u00edstica (Activitats).Sol\u00b7licitud de certificat de compatibilitat urban\u00edstica (Lloguer d'habitatge tur\u00edstic).Sol\u00b7licitud de llic\u00e8ncia urban\u00edstica.Declaraci\u00f3 responsable per a la declaraci\u00f3 de la primera ocupaci\u00f3 i successiva d'habitatges.Declaraci\u00f3 responsable d'obres.Sol\u00b7licitud de declaraci\u00f3 de ru\u00efna.Pla General d'Ordenaci\u00f3 Urban\u00edsticaAprovaci\u00f3 del pla (BOP 30\/04\/2009)Mem\u00f2ria.Normes urban\u00edstiques.Ordenan\u00e7a de valors de repercussi\u00f3 del [&hellip;]","og_url":"https:\/\/santapola.es\/ca\/arees\/urbanisme\/","og_site_name":"Ajuntament de Santa Pola","article_publisher":"https:\/\/www.facebook.com\/AyuntamientoSantaPola\/","article_modified_time":"2026-03-30T08:36:02+00:00","twitter_card":"summary_large_image","twitter_site":"@SantaPolaAyunt","schema":{"@context":"https:\/\/schema.org","@graph":[{"@type":"WebPage","@id":"https:\/\/santapola.es\/ca\/arees\/urbanisme\/","url":"https:\/\/santapola.es\/ca\/arees\/urbanisme\/","name":"Urbanisme - Ajuntament de Santa Pola","isPartOf":{"@id":"https:\/\/santapola.es\/ca\/#website"},"datePublished":"2024-02-19T11:15:59+00:00","dateModified":"2026-03-30T08:36:02+00:00","breadcrumb":{"@id":"https:\/\/santapola.es\/ca\/arees\/urbanisme\/#breadcrumb"},"inLanguage":"ca","potentialAction":[{"@type":"ReadAction","target":["https:\/\/santapola.es\/ca\/arees\/urbanisme\/"]}]},{"@type":"BreadcrumbList","@id":"https:\/\/santapola.es\/ca\/arees\/urbanisme\/#breadcrumb","itemListElement":[{"@type":"ListItem","position":1,"name":"Inici","item":"https:\/\/santapola.es\/ca\/"},{"@type":"ListItem","position":2,"name":"\u00c0rees","item":"https:\/\/santapola.es\/ca\/areas-municipales\/"},{"@type":"ListItem","position":3,"name":"Urbanisme"}]},{"@type":"WebSite","@id":"https:\/\/santapola.es\/ca\/#website","url":"https:\/\/santapola.es\/ca\/","name":"Ayuntamiento de Santa Pola","description":"Web de l'Ajuntament de Santa Pola","potentialAction":[{"@type":"SearchAction","target":{"@type":"EntryPoint","urlTemplate":"https:\/\/santapola.es\/ca\/?s={search_term_string}"},"query-input":{"@type":"PropertyValueSpecification","valueRequired":true,"valueName":"search_term_string"}}],"inLanguage":"ca"}]}},"_links":{"self":[{"href":"https:\/\/santapola.es\/ca\/wp-json\/wp\/v2\/pages\/34468","targetHints":{"allow":["GET"]}}],"collection":[{"href":"https:\/\/santapola.es\/ca\/wp-json\/wp\/v2\/pages"}],"about":[{"href":"https:\/\/santapola.es\/ca\/wp-json\/wp\/v2\/types\/page"}],"author":[{"embeddable":true,"href":"https:\/\/santapola.es\/ca\/wp-json\/wp\/v2\/users\/95"}],"replies":[{"embeddable":true,"href":"https:\/\/santapola.es\/ca\/wp-json\/wp\/v2\/comments?post=34468"}],"version-history":[{"count":5,"href":"https:\/\/santapola.es\/ca\/wp-json\/wp\/v2\/pages\/34468\/revisions"}],"predecessor-version":[{"id":48250,"href":"https:\/\/santapola.es\/ca\/wp-json\/wp\/v2\/pages\/34468\/revisions\/48250"}],"up":[{"embeddable":true,"href":"https:\/\/santapola.es\/ca\/wp-json\/wp\/v2\/pages\/34215"}],"wp:attachment":[{"href":"https:\/\/santapola.es\/ca\/wp-json\/wp\/v2\/media?parent=34468"}],"curies":[{"name":"wp","href":"https:\/\/api.w.org\/{rel}","templated":true}]}}