{"id":34460,"date":"2024-02-08T11:46:14","date_gmt":"2024-02-08T10:46:14","guid":{"rendered":"https:\/\/www.desarrollo.santapola.es\/arees\/seguretat-ciutadana\/"},"modified":"2026-04-27T09:37:37","modified_gmt":"2026-04-27T07:37:37","slug":"seguretat-ciutadana","status":"publish","type":"page","link":"https:\/\/santapola.es\/ca\/arees\/seguretat-ciutadana\/","title":{"rendered":"Seguretat Ciutadana"},"content":{"rendered":"<p>[et_pb_section fb_built=&#8221;1&#8243; disabled_on=&#8221;off|off|off&#8221; admin_label=&#8221;Secci\u00f3n fondo cabecera&#8221; _builder_version=&#8221;4.21.0&#8243; _module_preset=&#8221;default&#8221; background_image=&#8221;https:\/\/santapola.es\/wp-content\/uploads\/2017\/03\/DSC38162.jpg&#8221; background_position=&#8221;center_left&#8221; background_horizontal_offset=&#8221;0%&#8221; height=&#8221;250px&#8221; custom_css_main_element=&#8221;display: flex;||justify-content: center;&#8221; global_colors_info=&#8221;{}&#8221;][et_pb_row admin_label=&#8221;Fila cap\u00e7alera&#8221; _builder_version=&#8221;4.20.0&#8243; _module_preset=&#8221;c058b923-922c-4136-ad09-c0e7a4d225ab&#8221; background_color=&#8221;RGBA(255,255,255,0)&#8221; global_colors_info=&#8221;{}&#8221;][et_pb_column type=&#8221;4_4&#8243; _builder_version=&#8221;4.20.0&#8243; _module_preset=&#8221;default&#8221; global_colors_info=&#8221;{}&#8221;][et_pb_text admin_label=&#8221;Texto t\u00edtulo de cabecera&#8221; _builder_version=&#8221;4.24.2&#8243; _module_preset=&#8221;default&#8221; text_font=&#8221;|600|||||||&#8221; text_text_color=&#8221;#FFFFFF&#8221; text_font_size=&#8221;550%&#8221; text_line_height=&#8221;1em&#8221; background_color=&#8221;RGBA(255,255,255,0)&#8221; text_orientation=&#8221;center&#8221; text_font_size_tablet=&#8221;500%&#8221; text_font_size_phone=&#8221;400%&#8221; text_font_size_last_edited=&#8221;on|phone&#8221; text_line_height_tablet=&#8221;0.9em&#8221; text_line_height_phone=&#8221;0.9em&#8221; text_line_height_last_edited=&#8221;off|desktop&#8221; text_text_shadow_style=&#8221;preset2&#8243; text_text_shadow_color=&#8221;#000000&#8243; global_colors_info=&#8221;{}&#8221;]<\/p>\n<p>Seguretat Ciutadana<\/p>\n<p>[\/et_pb_text][\/et_pb_column][\/et_pb_row][\/et_pb_section][et_pb_section fb_built=&#8221;1&#8243; inner_shadow=&#8221;on&#8221; custom_padding_last_edited=&#8221;on|desktop&#8221; admin_label=&#8221;Secci\u00f3n cuerpo P\u00e1gina principal&#8221; _builder_version=&#8221;4.20.0&#8243; background_color=&#8221;#ffffff&#8221; width=&#8221;100%&#8221; custom_margin=&#8221;-5px||||false|false&#8221; custom_margin_tablet=&#8221;-5px||||false|false&#8221; custom_margin_phone=&#8221;-5px||||false|false&#8221; custom_margin_last_edited=&#8221;on|phone&#8221; custom_padding=&#8221;0px|0px|50px|0px|false|false&#8221; custom_padding_tablet=&#8221;0px|0|50px|0|false|false&#8221; custom_padding_phone=&#8221;|0|50px|0|false|false&#8221; custom_css_main_element=&#8221;display:flex;||flex-wrap:wrap;&#8221; transparent_background=&#8221;off&#8221; make_fullwidth=&#8221;off&#8221; use_custom_width=&#8221;off&#8221; width_unit=&#8221;on&#8221; custom_width_px=&#8221;1080px&#8221; custom_width_percent=&#8221;80%&#8221; global_colors_info=&#8221;{}&#8221;][et_pb_row column_structure=&#8221;1_4,1_4,1_4,1_4&#8243; use_custom_gutter=&#8221;on&#8221; gutter_width=&#8221;2&#8243; make_equal=&#8221;on&#8221; admin_label=&#8221;Fila enlla\u00e7os destacats&#8221; _builder_version=&#8221;4.24.2&#8243; _module_preset=&#8221;_initial&#8221; width=&#8221;100%&#8221; width_tablet=&#8221;80%&#8221; width_phone=&#8221;80%&#8221; width_last_edited=&#8221;on|tablet&#8221; max_width=&#8221;65%&#8221; max_width_tablet=&#8221;80%&#8221; max_width_phone=&#8221;80%&#8221; max_width_last_edited=&#8221;on|desktop&#8221; custom_margin=&#8221;25px||15px||false|false&#8221; custom_margin_tablet=&#8221;5px|auto||auto|false|false&#8221; custom_margin_phone=&#8221;5px|auto||auto|false|false&#8221; custom_padding=&#8221;5px|0px|5px|0px|false|false&#8221; custom_css_main_element=&#8221;justify-content:center;&#8221; make_fullwidth=&#8221;on&#8221; use_custom_width=&#8221;off&#8221; width_unit=&#8221;off&#8221; custom_width_px=&#8221;1080px&#8221; custom_width_percent=&#8221;80%&#8221; global_colors_info=&#8221;{}&#8221; custom_css_main_element_last_edited=&#8221;on|desktop&#8221; custom_css_main_element_phone=&#8221;order:3;&#8221; custom_css_main_element_tablet=&#8221;justify-content:center;&#8221;][et_pb_column type=&#8221;1_4&#8243; admin_label=&#8221;Columna 1&#8243; _builder_version=&#8221;4.21.0&#8243; background_enable_image=&#8221;off&#8221; background_position=&#8221;bottom_right&#8221; custom_padding=&#8221;|||&#8221; global_colors_info=&#8221;{}&#8221; custom_padding__hover=&#8221;|||&#8221;][et_pb_blurb title=&#8221;Creu Roja&#8221; image_icon_background_color=&#8221;RGBA(255,255,255,0)&#8221; image=&#8221;https:\/\/santapola.es\/wp-content\/uploads\/2024\/02\/CruzRoja.png&#8221; image_icon_width=&#8221;75%&#8221; admin_label=&#8221;Enlace. Cruz Roja Santa Pola&#8221; _builder_version=&#8221;4.24.2&#8243; _module_preset=&#8221;2f4a4509-8466-474e-b9a0-72eccd871d6d&#8221; header_level=&#8221;h3&#8243; header_font=&#8221;Raleway|600|||||||&#8221; header_text_align=&#8221;center&#8221; header_text_color=&#8221;#124159&#8243; header_font_size=&#8221;15px&#8221; body_font=&#8221;Raleway||||&#8221; body_text_color=&#8221;#124159&#8243; body_font_size=&#8221;12px&#8221; use_background_color_gradient=&#8221;on&#8221; background_color_gradient_stops=&#8221;#ffffff 0%|#ffffff 62%|rgba(247,65,0,0.38) 100%&#8221; image_icon_custom_margin=&#8221;||||false|false&#8221; image_icon_custom_margin_tablet=&#8221;&#8221; image_icon_custom_margin_phone=&#8221;&#8221; image_icon_custom_margin_last_edited=&#8221;on|desktop&#8221; image_icon_custom_padding=&#8221;12px|12px|5px|12px|false|false&#8221; text_orientation=&#8221;center&#8221; module_alignment=&#8221;center&#8221; height=&#8221;180px&#8221; custom_margin=&#8221;||||false|false&#8221; custom_padding=&#8221;|5px||5px|false|false&#8221; animation=&#8221;off&#8221; link_option_url=&#8221;https:\/\/www.facebook.com\/cruzroja.santapola\/&#8221; link_option_url_new_window=&#8221;on&#8221; custom_css_main_element=&#8221;display:flex;||flex-direction:column;||justify-content: center;&#8221; custom_css_blurb_image=&#8221;margin-bottom:14px;&#8221; custom_css_blurb_title=&#8221;padding-bottom:0px;||&#8221; border_width_all=&#8221;1px&#8221; border_color_all=&#8221;#f95f00&#8243; border_radii_image=&#8221;on|0%|0%|0%|0%&#8221; border_width_all_image=&#8221;0px&#8221; border_color_all_image=&#8221;RGBA(255,255,255,0)&#8221; border_style_all_image=&#8221;ridge&#8221; box_shadow_style=&#8221;preset2&#8243; use_border_color=&#8221;off&#8221; border_color=&#8221;#ffffff&#8221; border_width=&#8221;1px&#8221; border_style=&#8221;solid&#8221; image_max_width=&#8221;none&#8221; icon_font_size=&#8221;68px&#8221; use_circle=&#8221;on&#8221; use_circle_border=&#8221;on&#8221; circle_border_color=&#8221;#749db2&#8243; circle_color=&#8221;#124159&#8243; global_colors_info=&#8221;%91%93&#8243;]<\/p>\n<p>(Tlf: 96 541 61 50 )<\/p>\n<p>[\/et_pb_blurb][\/et_pb_column][et_pb_column type=&#8221;1_4&#8243; admin_label=&#8221;Columna 2&#8243; _builder_version=&#8221;4.21.0&#8243; background_enable_image=&#8221;off&#8221; background_position=&#8221;bottom_right&#8221; custom_padding=&#8221;|||&#8221; global_colors_info=&#8221;{}&#8221; custom_padding__hover=&#8221;|||&#8221;][et_pb_blurb title=&#8221;Policia Local&#8221; image_icon_background_color=&#8221;RGBA(255,255,255,0)&#8221; image=&#8221;https:\/\/santapola.es\/wp-content\/uploads\/2024\/02\/Logo-Policia-Local.png&#8221; image_icon_width=&#8221;45%&#8221; admin_label=&#8221;Enlace Polic\u00eda Local&#8221; _builder_version=&#8221;4.24.2&#8243; _module_preset=&#8221;2f4a4509-8466-474e-b9a0-72eccd871d6d&#8221; header_level=&#8221;h3&#8243; header_font=&#8221;Raleway|600|||||||&#8221; header_text_align=&#8221;center&#8221; header_text_color=&#8221;#124159&#8243; header_font_size=&#8221;15px&#8221; body_font=&#8221;Raleway||||&#8221; body_text_color=&#8221;#124159&#8243; body_font_size=&#8221;12px&#8221; use_background_color_gradient=&#8221;on&#8221; background_color_gradient_stops=&#8221;#ffffff 62%|rgba(0,128,173,0.38) 99%&#8221; image_icon_custom_margin=&#8221;||||false|false&#8221; image_icon_custom_margin_tablet=&#8221;&#8221; image_icon_custom_margin_phone=&#8221;&#8221; image_icon_custom_margin_last_edited=&#8221;on|desktop&#8221; image_icon_custom_padding=&#8221;12px|12px||12px|false|false&#8221; text_orientation=&#8221;center&#8221; module_alignment=&#8221;center&#8221; height=&#8221;180px&#8221; custom_margin=&#8221;||||false|false&#8221; custom_padding=&#8221;|5px||5px|false|false&#8221; animation=&#8221;off&#8221; link_option_url=&#8221;https:\/\/www.facebook.com\/policialocalsantapola\/&#8221; link_option_url_new_window=&#8221;on&#8221; custom_css_main_element=&#8221;display:flex;||flex-direction:column;||justify-content: center;&#8221; custom_css_blurb_image=&#8221;margin-bottom: 6px;&#8221; custom_css_blurb_title=&#8221;padding-bottom:0px;||&#8221; border_width_all=&#8221;1px&#8221; border_color_all=&#8221;#0c71c3&#8243; border_radii_image=&#8221;on|0%|0%|0%|0%&#8221; border_width_all_image=&#8221;0px&#8221; border_color_all_image=&#8221;RGBA(255,255,255,0)&#8221; box_shadow_style=&#8221;preset2&#8243; use_border_color=&#8221;off&#8221; border_color=&#8221;#ffffff&#8221; border_width=&#8221;1px&#8221; border_style=&#8221;solid&#8221; image_max_width=&#8221;none&#8221; icon_font_size=&#8221;68px&#8221; use_circle=&#8221;on&#8221; use_circle_border=&#8221;on&#8221; circle_border_color=&#8221;#749db2&#8243; circle_color=&#8221;#124159&#8243; global_colors_info=&#8221;%91%93&#8243;]<\/p>\n<p>(Tlf: 96 541 11 03)<\/p>\n<p>[\/et_pb_blurb][\/et_pb_column][et_pb_column type=&#8221;1_4&#8243; admin_label=&#8221;Columna 3&#8243; _builder_version=&#8221;4.24.0&#8243; background_enable_image=&#8221;off&#8221; background_position=&#8221;bottom_right&#8221; custom_padding=&#8221;|||&#8221; global_colors_info=&#8221;{}&#8221; custom_padding__hover=&#8221;|||&#8221;][et_pb_blurb title=&#8221;Gu\u00e0rdia Civil&#8221; image_icon_background_color=&#8221;RGBA(255,255,255,0)&#8221; image=&#8221;https:\/\/santapola.es\/wp-content\/uploads\/2024\/02\/GuardiaCivil.png&#8221; image_icon_width=&#8221;35%&#8221; admin_label=&#8221;Enlace Guardia Civil&#8221; _builder_version=&#8221;4.27.5&#8243; _module_preset=&#8221;2f4a4509-8466-474e-b9a0-72eccd871d6d&#8221; header_level=&#8221;h3&#8243; header_font=&#8221;Raleway|600|||||||&#8221; header_text_align=&#8221;center&#8221; header_text_color=&#8221;#124159&#8243; header_font_size=&#8221;15px&#8221; body_font=&#8221;Raleway||||&#8221; body_text_color=&#8221;#124159&#8243; body_font_size=&#8221;12px&#8221; use_background_color_gradient=&#8221;on&#8221; background_color_gradient_stops=&#8221;#ffffff 62%|rgba(0,99,87,0.38) 100%&#8221; image_icon_custom_margin=&#8221;||||false|false&#8221; image_icon_custom_margin_tablet=&#8221;&#8221; image_icon_custom_margin_phone=&#8221;&#8221; image_icon_custom_margin_last_edited=&#8221;on|desktop&#8221; image_icon_custom_padding=&#8221;12px|12px||12px|false|false&#8221; text_orientation=&#8221;center&#8221; module_alignment=&#8221;center&#8221; height=&#8221;180px&#8221; custom_margin=&#8221;||||false|false&#8221; custom_padding=&#8221;|5px||5px|false|false&#8221; animation=&#8221;off&#8221; link_option_url=&#8221;https:\/\/web.guardiacivil.es\/es\/colaboracion\/atencionciudadano_1\/directorio-de-telefonos-y-direcciones\/PUESTO-P.-DE-SANTA-POLA\/&#8221; link_option_url_new_window=&#8221;on&#8221; hover_enabled=&#8221;0&#8243; custom_css_main_element=&#8221;display:flex;||flex-direction:column;||justify-content: center;&#8221; custom_css_blurb_image=&#8221;margin-bottom: 6px;&#8221; custom_css_blurb_title=&#8221;padding-bottom:0px;||&#8221; border_width_all=&#8221;1px&#8221; border_color_all=&#8221;#00a5a2&#8243; border_radii_image=&#8221;on|0%|0%|0%|0%&#8221; border_width_all_image=&#8221;0px&#8221; border_color_all_image=&#8221;RGBA(255,255,255,0)&#8221; box_shadow_style=&#8221;preset2&#8243; use_border_color=&#8221;off&#8221; border_color=&#8221;#ffffff&#8221; border_width=&#8221;1px&#8221; border_style=&#8221;solid&#8221; image_max_width=&#8221;none&#8221; icon_font_size=&#8221;68px&#8221; use_circle=&#8221;on&#8221; use_circle_border=&#8221;on&#8221; circle_border_color=&#8221;#749db2&#8243; circle_color=&#8221;#124159&#8243; global_colors_info=&#8221;%91%93&#8243; sticky_enabled=&#8221;0&#8243;]<\/p>\n<p>(Tlf: 96 669 46 00)<\/p>\n<p>[\/et_pb_blurb][\/et_pb_column][et_pb_column type=&#8221;1_4&#8243; admin_label=&#8221;Columna 4&#8243; _builder_version=&#8221;4.24.0&#8243; background_enable_image=&#8221;off&#8221; background_position=&#8221;bottom_right&#8221; custom_padding=&#8221;|||&#8221; global_colors_info=&#8221;{}&#8221; custom_padding__hover=&#8221;|||&#8221;][et_pb_blurb title=&#8221;Protecci\u00f3 Civil&#8221; image_icon_background_color=&#8221;RGBA(255,255,255,0)&#8221; image=&#8221;https:\/\/santapola.es\/wp-content\/uploads\/2024\/02\/ProteccionCivil.png&#8221; image_icon_width=&#8221;50%&#8221; admin_label=&#8221;Enlace Protecci\u00f3n Civil&#8221; _builder_version=&#8221;4.24.2&#8243; _module_preset=&#8221;2f4a4509-8466-474e-b9a0-72eccd871d6d&#8221; header_level=&#8221;h3&#8243; header_font=&#8221;Raleway|600|||||||&#8221; header_text_align=&#8221;center&#8221; header_text_color=&#8221;#124159&#8243; header_font_size=&#8221;15px&#8221; body_font=&#8221;Raleway||||&#8221; body_text_color=&#8221;#124159&#8243; body_font_size=&#8221;12px&#8221; use_background_color_gradient=&#8221;on&#8221; background_color_gradient_stops=&#8221;#ffffff 62%|rgba(224,153,0,0.38) 100%&#8221; image_icon_custom_margin=&#8221;||||false|false&#8221; image_icon_custom_margin_tablet=&#8221;&#8221; image_icon_custom_margin_phone=&#8221;&#8221; image_icon_custom_margin_last_edited=&#8221;on|desktop&#8221; image_icon_custom_padding=&#8221;12px|12px||12px|false|false&#8221; text_orientation=&#8221;center&#8221; module_alignment=&#8221;center&#8221; height=&#8221;180px&#8221; custom_margin=&#8221;||||false|false&#8221; custom_padding=&#8221;|5px||5px|false|false&#8221; animation=&#8221;off&#8221; link_option_url=&#8221;https:\/\/www.facebook.com\/pcsantapola\/?locale=es_ES&#8221; link_option_url_new_window=&#8221;on&#8221; custom_css_main_element=&#8221;display:flex;||flex-direction:column;||justify-content: center;&#8221; custom_css_blurb_image=&#8221;margin-bottom: 6px;&#8221; custom_css_blurb_title=&#8221;padding-bottom:0px;||&#8221; border_width_all=&#8221;1px&#8221; border_color_all=&#8221;#E09900&#8243; border_radii_image=&#8221;on|0%|0%|0%|0%&#8221; border_width_all_image=&#8221;0px&#8221; border_color_all_image=&#8221;RGBA(255,255,255,0)&#8221; box_shadow_style=&#8221;preset2&#8243; use_border_color=&#8221;off&#8221; border_color=&#8221;#ffffff&#8221; border_width=&#8221;1px&#8221; border_style=&#8221;solid&#8221; image_max_width=&#8221;none&#8221; icon_font_size=&#8221;68px&#8221; use_circle=&#8221;on&#8221; use_circle_border=&#8221;on&#8221; circle_border_color=&#8221;#749db2&#8243; circle_color=&#8221;#124159&#8243; global_colors_info=&#8221;%91%93&#8243;]<\/p>\n<p>(Tlf: 96 541 50 50)<\/p>\n<p>[\/et_pb_blurb][\/et_pb_column][\/et_pb_row][et_pb_row use_custom_gutter=&#8221;on&#8221; gutter_width=&#8221;2&#8243; make_equal=&#8221;on&#8221; admin_label=&#8221;Fila contenidor botons d&#039;enlla\u00e7os&#8221; _builder_version=&#8221;4.24.2&#8243; _module_preset=&#8221;_initial&#8221; width=&#8221;100%&#8221; width_last_edited=&#8221;off|phone&#8221; max_width=&#8221;65%&#8221; max_width_tablet=&#8221;80%&#8221; max_width_phone=&#8221;80%&#8221; max_width_last_edited=&#8221;on|phone&#8221; custom_margin=&#8221;15px|auto|15px|auto|false|false&#8221; custom_margin_tablet=&#8221;|auto|5px|auto|false|false&#8221; custom_margin_phone=&#8221;-10px|auto|-10px|auto|false|false&#8221; custom_margin_last_edited=&#8221;on|phone&#8221; custom_padding=&#8221;||||false|false&#8221; custom_css_main_element=&#8221;padding:5px 0;&#8221; make_fullwidth=&#8221;on&#8221; use_custom_width=&#8221;off&#8221; width_unit=&#8221;off&#8221; custom_width_px=&#8221;1080px&#8221; custom_width_percent=&#8221;80%&#8221; global_colors_info=&#8221;{}&#8221; custom_css_main_element_last_edited=&#8221;on|phone&#8221; custom_css_main_element_phone=&#8221;order: 4;&#8221; custom_css_main_element_tablet=&#8221;padding:5px 0;&#8221;][et_pb_column type=&#8221;4_4&#8243; _builder_version=&#8221;4.20.0&#8243; _module_preset=&#8221;default&#8221; custom_padding=&#8221;||||false|false&#8221; global_colors_info=&#8221;{}&#8221;][et_pb_button button_url=&#8221;https:\/\/santapola.es\/wp-content\/uploads\/2025\/02\/SANTA-POLA-SEGURIDAD-INTELIGENTE.pdf&#8221; url_new_window=&#8221;on&#8221; button_text=&#8221;Pla Estrat\u00e8gic de Seguretat Intel\u00b7ligent&#8221; button_alignment=&#8221;center&#8221; admin_label=&#8221;Bot\u00f3n Plan de seguridad inteligente. Enlace pdf&#8221; _builder_version=&#8221;4.27.4&#8243; _module_preset=&#8221;default&#8221; custom_button=&#8221;on&#8221; button_text_size=&#8221;115%&#8221; button_text_color=&#8221;#124159&#8243; button_border_width=&#8221;1px&#8221; button_border_color=&#8221;RGBA(18,65,89,0.45)&#8221; button_border_radius=&#8221;0px&#8221; button_font=&#8221;||||||||&#8221; button_icon=&#8221;&#xf1c1;||fa||400&#8243; button_icon_color=&#8221;#6997bf&#8221; button_icon_placement=&#8221;left&#8221; button_on_hover=&#8221;off&#8221; custom_margin=&#8221;||||false|false&#8221; custom_padding=&#8221;15px||15px||false|false&#8221; custom_padding_tablet=&#8221;15px||15px||false|false&#8221; custom_padding_phone=&#8221;15px||15px||false|false&#8221; custom_padding_last_edited=&#8221;on|desktop&#8221; custom_css_main_element=&#8221;width:100%;&#8221; box_shadow_style=&#8221;preset3&#8243; global_colors_info=&#8221;{}&#8221;][\/et_pb_button][\/et_pb_column][\/et_pb_row][et_pb_row admin_label=&#8221;Fila contenidor Migas de pan&#8221; _builder_version=&#8221;4.20.0&#8243; _module_preset=&#8221;_initial&#8221; width_tablet=&#8221;&#8221; width_phone=&#8221;&#8221; width_last_edited=&#8221;on|phone&#8221; max_width=&#8221;65%&#8221; max_width_tablet=&#8221;80%&#8221; max_width_phone=&#8221;80%&#8221; max_width_last_edited=&#8221;on|desktop&#8221; custom_margin=&#8221;15px|auto|0px|auto|false|false&#8221; custom_margin_tablet=&#8221;5px|auto|0px|auto|false|false&#8221; custom_margin_phone=&#8221;15px|auto|0px|auto|false|false&#8221; custom_padding=&#8221;0px||0px||false|false&#8221; make_fullwidth=&#8221;on&#8221; use_custom_width=&#8221;off&#8221; width_unit=&#8221;off&#8221; custom_width_px=&#8221;1080px&#8221; custom_width_percent=&#8221;80%&#8221; global_colors_info=&#8221;{}&#8221; custom_css_main_element_last_edited=&#8221;on|desktop&#8221; custom_css_main_element_phone=&#8221;order:1;&#8221;][et_pb_column type=&#8221;4_4&#8243; admin_label=&#8221;Columna 1&#8243; _builder_version=&#8221;4.20.0&#8243; custom_padding=&#8221;|||&#8221; global_colors_info=&#8221;{}&#8221; custom_padding__hover=&#8221;|||&#8221;][et_pb_code admin_label=&#8221;Migas de pan&#8221; _builder_version=&#8221;4.20.0&#8243; _module_preset=&#8221;default&#8221; custom_margin=&#8221;||||false|false&#8221; custom_padding=&#8221;||||false|false&#8221; global_colors_info=&#8221;{}&#8221;]<pee><span><span><a href=\"https:\/\/santapola.es\/ca\/\">Inici<\/a><\/span><\/span><\/pee>[\/et_pb_code][\/et_pb_column][\/et_pb_row][et_pb_row column_padding_mobile=&#8221;on&#8221; admin_label=&#8221;Fila contenidor principal&#8221; _builder_version=&#8221;4.24.0&#8243; _module_preset=&#8221;_initial&#8221; background_size=&#8221;initial&#8221; background_position=&#8221;top_left&#8221; background_repeat=&#8221;repeat&#8221; width=&#8221;100%&#8221; width_tablet=&#8221;80%&#8221; width_phone=&#8221;80%&#8221; width_last_edited=&#8221;on|desktop&#8221; max_width=&#8221;65%&#8221; max_width_tablet=&#8221;80%&#8221; max_width_phone=&#8221;80%&#8221; max_width_last_edited=&#8221;on|tablet&#8221; custom_margin=&#8221;0px|auto|15px|auto|false|false&#8221; custom_margin_tablet=&#8221;|auto|15px|auto|false|false&#8221; custom_margin_phone=&#8221;|auto|15px|auto|false|false&#8221; custom_margin_last_edited=&#8221;on|phone&#8221; custom_padding=&#8221;10px|15px|0px|0px|false|false&#8221; make_fullwidth=&#8221;on&#8221; use_custom_width=&#8221;off&#8221; width_unit=&#8221;off&#8221; custom_width_px=&#8221;1080px&#8221; custom_width_percent=&#8221;80%&#8221; global_colors_info=&#8221;{}&#8221; custom_css_main_element__hover_enabled=&#8221;off|desktop&#8221; custom_css_main_element_last_edited=&#8221;on|phone&#8221; custom_css_main_element_phone=&#8221;order:2;&#8221;][et_pb_column type=&#8221;4_4&#8243; module_class=&#8221;col-ancho-total&#8221; admin_label=&#8221;Columna 1&#8243; _builder_version=&#8221;4.23.1&#8243; custom_padding=&#8221;||25px||false|false&#8221; global_colors_info=&#8221;{}&#8221; custom_padding__hover=&#8221;|||&#8221; custom_css_main_element_last_edited=&#8221;on|phone&#8221; custom_css_main_element_phone=&#8221; margin-bottom: 0px;&#8221;][et_pb_text content_last_edited=&#8221;off|desktop&#8221; admin_label=&#8221;T\u00edtulo. Tr\u00e1mites Online Polic\u00eda Local&#8221; _builder_version=&#8221;4.24.2&#8243; _module_preset=&#8221;default&#8221; text_font=&#8221;|600|||||||&#8221; text_text_color=&#8221;#124159&#8243; text_font_size=&#8221;150%&#8221; text_line_height=&#8221;1.8em&#8221; header_text_color=&#8221;#123159&#8243; header_2_font=&#8221;|600|||||||&#8221; header_2_text_color=&#8221;#124159&#8243; header_2_font_size=&#8221;22px&#8221; custom_margin=&#8221;0px||30px||false|false&#8221; custom_padding=&#8221;0px||0px|||&#8221; border_width_bottom=&#8221;1px&#8221; border_color_bottom=&#8221;rgba(18,65,89,0.45)&#8221; global_colors_info=&#8221;{}&#8221;]<\/p>\n<p>Tr\u00e0mits En l\u00ednia Policia Local<\/p>\n<p>[\/et_pb_text][et_pb_tabs active_tab_background_color=&#8221;#2c67a5&#8243; inactive_tab_background_color=&#8221;#E9F0F6&#8243; active_tab_text_color=&#8221;#FFFFFF&#8221; admin_label=&#8221;Pesta\u00f1as. Tr\u00e1mites disponibles en sede&#8221; _builder_version=&#8221;4.24.0&#8243; _module_preset=&#8221;e82c1aeb-ddd6-4eb3-8c81-191420891355&#8243; tab_text_color=&#8221;#124159&#8243; tab_font_size=&#8221;100%&#8221; display_conditions=&#8221;W10=&#8221; border_radii=&#8221;on|4px|4px|4px|4px&#8221; box_shadow_style=&#8221;preset3&#8243; global_colors_info=&#8221;%91%93&#8243;][et_pb_tab title=&#8221;Tr\u00e0mits disponibles en Seu Electr\u00f2nica&#8221; _builder_version=&#8221;4.24.0&#8243; _module_preset=&#8221;default&#8221; global_colors_info=&#8221;{}&#8221;]<\/p>\n<p>Per a realitzar els tr\u00e0mits en l\u00ednia \u00e9s necessari disposar de certificat electr\u00f2nic.<\/p>\n<p><\/p>\n<p><a class=\"externo\" title=\"Solicitud Corte Via Publica. Enlace externo\" href=\"https:\/\/santapola.sedelectronica.es\/catalog\/t\/5efdf0a5-05a2-4589-8d1e-83eeb8c392df\" target=\"_blank\" rel=\"noopener\">Sol\u00b7licitud de Tall de la Via P\u00fablica<\/a><\/p>\n<p><\/p>\n<p><a class=\"externo\" title=\"Solicitud de Tarjeta de Armas. Enlace externo\" href=\"https:\/\/santapola.sedelectronica.es\/catalog\/t\/be943437-e580-4142-be6f-370277733d4d\" target=\"_blank\" rel=\"noopener\">Sol\u00b7licitud de Targeta d&#8217;Armes<\/a><\/p>\n<p><\/p>\n<p><a class=\"externo\" title=\"Solicitud informe atestado. Enlace externo\" href=\"https:\/\/santapola.sedelectronica.es\/catalog\/t\/7b26d956-8b52-44f1-b72a-48d7c5724d7e\" target=\"_blank\" rel=\"noopener\">Sol\u00b7licitud d&#8217;Informe d&#8217;Atestats<\/a><\/p>\n<p>[\/et_pb_tab][\/et_pb_tabs][et_pb_text content_last_edited=&#8221;off|desktop&#8221; admin_label=&#8221;T\u00edtulo. Protecci\u00f3n Civil&#8221; _builder_version=&#8221;4.24.2&#8243; _module_preset=&#8221;default&#8221; text_font=&#8221;|600|||||||&#8221; text_text_color=&#8221;#124159&#8243; text_font_size=&#8221;150%&#8221; text_line_height=&#8221;1.8em&#8221; header_text_color=&#8221;#123159&#8243; header_2_font=&#8221;|600|||||||&#8221; header_2_text_color=&#8221;#124159&#8243; header_2_font_size=&#8221;22px&#8221; custom_margin=&#8221;0px||30px||false|false&#8221; custom_padding=&#8221;0px||0px|||&#8221; border_width_bottom=&#8221;1px&#8221; border_color_bottom=&#8221;rgba(18,65,89,0.45)&#8221; global_colors_info=&#8221;{}&#8221;]<\/p>\n<p>Protecci\u00f3 Civil<\/p>\n<p>[\/et_pb_text][et_pb_tabs active_tab_background_color=&#8221;#2c67a5&#8243; inactive_tab_background_color=&#8221;#E9F0F6&#8243; active_tab_text_color=&#8221;#FFFFFF&#8221; admin_label=&#8221;Pesta\u00f1as. Protecci\u00f3n Civil&#8221; _builder_version=&#8221;4.24.0&#8243; _module_preset=&#8221;e82c1aeb-ddd6-4eb3-8c81-191420891355&#8243; tab_text_color=&#8221;#124159&#8243; tab_font_size=&#8221;100%&#8221; display_conditions=&#8221;W10=&#8221; border_radii=&#8221;on|4px|4px|4px|4px&#8221; box_shadow_style=&#8221;preset3&#8243; global_colors_info=&#8221;%91%93&#8243;][et_pb_tab title=&#8221;Qui som?&#8221; _builder_version=&#8221;4.24.0&#8243; _module_preset=&#8221;default&#8221; global_colors_info=&#8221;{}&#8221;]<\/p>\n<p>L&#8217;Agrupaci\u00f3 <strong> Local de Voluntaris de Protecci\u00f3 Civil de l&#8217;Ajuntament de Santa Pola<\/strong>, \u00e9s una organitzaci\u00f3 de car\u00e0cter humanitari i altruista, que actua de manera desinteressada i solid\u00e0ria en benefici de les persones, els b\u00e9ns i el medi ambient, desenvolupant les labors pr\u00f2pies de Protecci\u00f3 Civil sobre la base de la normativa i legislaci\u00f3 vigent d&#8217;\u00e0mbit local, auton\u00f2mic i nacional.<\/p>\n<p><\/p>\n<p><a class=\"pdf\" title=\"Solicitud de alta en protecci\u00f3n civil. Archivo pdf\" href=\"\/..\/wp-content\/uploads\/bsk-pdf-manager\/2017\/08\/Ficha-solicitud-alta-Voluntario-PCSP.pdf\" target=\"_blank\" rel=\"noopener\">Sol\u00b7licitud d&#8217;alta en l&#8217;Agrupaci\u00f3 Local de Voluntaris.<\/a><\/p>\n<p><\/p>\n<p><a class=\"pdf\" title=\"Solicitud externa del servicio. Archivo pdf\" href=\"\/..\/wp-content\/uploads\/bsk-pdf-manager\/2017\/08\/Solicitud-externa-de-servicio-de-voluntariado.pdf\" target=\"_blank\" rel=\"noopener\">Sol\u00b7licitud externa del Servei.<\/a><\/p>\n<p>[\/et_pb_tab][et_pb_tab title=&#8221;Dades de contacte&#8221; _builder_version=&#8221;4.24.0&#8243; _module_preset=&#8221;default&#8221; global_colors_info=&#8221;{}&#8221;]<\/p>\n<p>Agrupaci\u00f3 Local de Voluntaris de <strong>Protecci\u00f3 Civil<\/strong> Santa Pola<br \/>Av. Ronda S\/N, CP 03130, Santa Pola (Alacant)<br \/>Tlf: 96 541 50 50<br \/>Email: proteccioncivil@santapola.es<\/p>\n<p>[\/et_pb_tab][\/et_pb_tabs][et_pb_accordion open_toggle_text_color=&#8221;#0C71C3&#8243; closed_toggle_background_color=&#8221;#E9F0F6&#8243; admin_label=&#8221;Acorde\u00f3n Legislaci\u00f3n&#8221; _builder_version=&#8221;4.24.0&#8243; _module_preset=&#8221;default&#8221; toggle_text_color=&#8221;#124159&#8243; toggle_font=&#8221;|600|||||||&#8221; toggle_font_size=&#8221;15px&#8221; toggle_line_height=&#8221;1.3em&#8221; custom_margin=&#8221;||||false|false&#8221; custom_padding=&#8221;|12px||12px|false|false&#8221; custom_css_toggle=&#8221;margin-bottom:18px&#8221; custom_css_toggle_title=&#8221;padding:5px 12px 5px 12px;||background-color:#E9F0F6;&#8221; border_radii=&#8221;on|6px|6px|6px|6px&#8221; border_color_all=&#8221;rgba(129,165,193,0.65)&#8221; box_shadow_style=&#8221;preset3&#8243; global_colors_info=&#8221;{}&#8221;][et_pb_accordion_item title=&#8221;BLANC&#8221; open=&#8221;on&#8221; _builder_version=&#8221;4.21.0&#8243; _module_preset=&#8221;default&#8221; custom_css_main_element=&#8221;display:none;&#8221; global_colors_info=&#8221;{}&#8221;][\/et_pb_accordion_item][et_pb_accordion_item title=&#8221;Legislaci\u00f3&#8221; _builder_version=&#8221;4.24.0&#8243; _module_preset=&#8221;default&#8221; custom_margin=&#8221;||20px||false|false&#8221; global_colors_info=&#8221;{}&#8221; open=&#8221;off&#8221;]<\/p>\n<p><a class=\"pdf\" title=\"Ley 13-2010 de 23 de noviembre. Archivo pdf\" href=\"\/..\/wp-content\/uploads\/bsk-pdf-manager\/2017\/08\/Ley-13-2010-de-23-de-noviembre-de-Proteccion-Civil-y-Gestion-de-Emergencias.pdf\" target=\"_blank\" rel=\"noopener\">Llei 13-2010 de 23 de novembre de Protecci\u00f3 Civil i Gesti\u00f3 d&#8217;Emerg\u00e8ncies<\/a><\/p>\n<p><\/p>\n<p><a class=\"pdf\" title=\"LEY 4\/2017. Archivo pdf\" href=\"\/..\/wp-content\/uploads\/bsk-pdf-manager\/2017\/08\/Ley-4-2017-de-3-de-febrero-de-la-Generalitat-por-la-que-se-crea-la-Agencia-Valenciana-de-Seguridad-y-Respuesta-a-las-Emergencias.pdf\" target=\"_blank\" rel=\"noopener\">Llei 4-2017 de 3 de febrer de la Generalitat per la qual es crea l&#8217;Ag\u00e8ncia Valenciana de Seguretat i Resposta a les Emerg\u00e8ncies.<\/a><\/p>\n<p>[\/et_pb_accordion_item][\/et_pb_accordion][\/et_pb_column][\/et_pb_row][\/et_pb_section]<\/p>\n","protected":false},"excerpt":{"rendered":"<p>Seguretat Ciutadana(Tlf: 96 541 61 50 )(Tlf: 96 541 11 03)(Tlf: 96 669 46 00)(Tlf: 96 541 50 50)<span><span><a href=\"https:\/\/santapola.es\/ca\/\">Inici<\/a><\/span><\/span>Tr\u00e0mits En l\u00ednia Policia LocalPer a realitzar els tr\u00e0mits en l\u00ednia \u00e9s necessari disposar de certificat electr\u00f2nic.Sol\u00b7licitud de Tall de la Via P\u00fablicaSol\u00b7licitud de Targeta d&#8217;ArmesSol\u00b7licitud d&#8217;Informe d&#8217;AtestatsProtecci\u00f3 CivilL&#8217;Agrupaci\u00f3 Local de Voluntaris de Protecci\u00f3 Civil de l&#8217;Ajuntament [&hellip;]<\/p>\n","protected":false},"author":95,"featured_media":0,"parent":34215,"menu_order":0,"comment_status":"closed","ping_status":"closed","template":"","meta":{"_et_pb_use_builder":"on","_et_pb_old_content":"","_et_gb_content_width":"","footnotes":""},"class_list":["post-34460","page","type-page","status-publish","hentry"],"yoast_head":"<!-- This site is optimized with the Yoast SEO plugin v27.4 - https:\/\/yoast.com\/product\/yoast-seo-wordpress\/ -->\n<title>Seguretat Ciutadana - Ajuntament de Santa Pola<\/title>\n<meta name=\"robots\" content=\"index, follow, max-snippet:-1, max-image-preview:large, max-video-preview:-1\" \/>\n<link rel=\"canonical\" href=\"https:\/\/santapola.es\/ca\/arees\/seguretat-ciutadana\/\" \/>\n<meta property=\"og:locale\" content=\"ca_ES\" \/>\n<meta property=\"og:type\" content=\"article\" \/>\n<meta property=\"og:title\" content=\"Seguretat Ciutadana - Ajuntament de Santa Pola\" \/>\n<meta property=\"og:description\" content=\"Seguretat Ciutadana(Tlf: 96 541 61 50 )(Tlf: 96 541 11 03)(Tlf: 96 669 46 00)(Tlf: 96 541 50 50)Tr\u00e0mits En l\u00ednia Policia LocalPer a realitzar els tr\u00e0mits en l\u00ednia \u00e9s necessari disposar de certificat electr\u00f2nic.Sol\u00b7licitud de Tall de la Via P\u00fablicaSol\u00b7licitud de Targeta d&#039;ArmesSol\u00b7licitud d&#039;Informe d&#039;AtestatsProtecci\u00f3 CivilL&#039;Agrupaci\u00f3 Local de Voluntaris de Protecci\u00f3 Civil de l&#039;Ajuntament [&hellip;]\" \/>\n<meta property=\"og:url\" content=\"https:\/\/santapola.es\/ca\/arees\/seguretat-ciutadana\/\" \/>\n<meta property=\"og:site_name\" content=\"Ajuntament de Santa Pola\" \/>\n<meta property=\"article:publisher\" content=\"https:\/\/www.facebook.com\/AyuntamientoSantaPola\/\" \/>\n<meta property=\"article:modified_time\" content=\"2026-04-27T07:37:37+00:00\" \/>\n<meta name=\"twitter:card\" content=\"summary_large_image\" \/>\n<meta name=\"twitter:site\" content=\"@SantaPolaAyunt\" \/>\n<script type=\"application\/ld+json\" class=\"yoast-schema-graph\">{\"@context\":\"https:\\\/\\\/schema.org\",\"@graph\":[{\"@type\":\"WebPage\",\"@id\":\"https:\\\/\\\/santapola.es\\\/ca\\\/arees\\\/seguretat-ciutadana\\\/\",\"url\":\"https:\\\/\\\/santapola.es\\\/ca\\\/arees\\\/seguretat-ciutadana\\\/\",\"name\":\"Seguretat Ciutadana - Ajuntament de Santa Pola\",\"isPartOf\":{\"@id\":\"https:\\\/\\\/santapola.es\\\/ca\\\/#website\"},\"datePublished\":\"2024-02-08T10:46:14+00:00\",\"dateModified\":\"2026-04-27T07:37:37+00:00\",\"breadcrumb\":{\"@id\":\"https:\\\/\\\/santapola.es\\\/ca\\\/arees\\\/seguretat-ciutadana\\\/#breadcrumb\"},\"inLanguage\":\"ca\",\"potentialAction\":[{\"@type\":\"ReadAction\",\"target\":[\"https:\\\/\\\/santapola.es\\\/ca\\\/arees\\\/seguretat-ciutadana\\\/\"]}]},{\"@type\":\"BreadcrumbList\",\"@id\":\"https:\\\/\\\/santapola.es\\\/ca\\\/arees\\\/seguretat-ciutadana\\\/#breadcrumb\",\"itemListElement\":[{\"@type\":\"ListItem\",\"position\":1,\"name\":\"Inici\",\"item\":\"https:\\\/\\\/santapola.es\\\/ca\\\/\"},{\"@type\":\"ListItem\",\"position\":2,\"name\":\"\u00c0rees\",\"item\":\"https:\\\/\\\/santapola.es\\\/ca\\\/areas-municipales\\\/\"},{\"@type\":\"ListItem\",\"position\":3,\"name\":\"Seguretat Ciutadana\"}]},{\"@type\":\"WebSite\",\"@id\":\"https:\\\/\\\/santapola.es\\\/ca\\\/#website\",\"url\":\"https:\\\/\\\/santapola.es\\\/ca\\\/\",\"name\":\"Ayuntamiento de Santa Pola\",\"description\":\"Web de l'Ajuntament de Santa Pola\",\"potentialAction\":[{\"@type\":\"SearchAction\",\"target\":{\"@type\":\"EntryPoint\",\"urlTemplate\":\"https:\\\/\\\/santapola.es\\\/ca\\\/?s={search_term_string}\"},\"query-input\":{\"@type\":\"PropertyValueSpecification\",\"valueRequired\":true,\"valueName\":\"search_term_string\"}}],\"inLanguage\":\"ca\"}]}<\/script>\n<!-- \/ Yoast SEO plugin. -->","yoast_head_json":{"title":"Seguretat Ciutadana - Ajuntament de Santa Pola","robots":{"index":"index","follow":"follow","max-snippet":"max-snippet:-1","max-image-preview":"max-image-preview:large","max-video-preview":"max-video-preview:-1"},"canonical":"https:\/\/santapola.es\/ca\/arees\/seguretat-ciutadana\/","og_locale":"ca_ES","og_type":"article","og_title":"Seguretat Ciutadana - Ajuntament de Santa Pola","og_description":"Seguretat Ciutadana(Tlf: 96 541 61 50 )(Tlf: 96 541 11 03)(Tlf: 96 669 46 00)(Tlf: 96 541 50 50)Tr\u00e0mits En l\u00ednia Policia LocalPer a realitzar els tr\u00e0mits en l\u00ednia \u00e9s necessari disposar de certificat electr\u00f2nic.Sol\u00b7licitud de Tall de la Via P\u00fablicaSol\u00b7licitud de Targeta d'ArmesSol\u00b7licitud d'Informe d'AtestatsProtecci\u00f3 CivilL'Agrupaci\u00f3 Local de Voluntaris de Protecci\u00f3 Civil de l'Ajuntament [&hellip;]","og_url":"https:\/\/santapola.es\/ca\/arees\/seguretat-ciutadana\/","og_site_name":"Ajuntament de Santa Pola","article_publisher":"https:\/\/www.facebook.com\/AyuntamientoSantaPola\/","article_modified_time":"2026-04-27T07:37:37+00:00","twitter_card":"summary_large_image","twitter_site":"@SantaPolaAyunt","schema":{"@context":"https:\/\/schema.org","@graph":[{"@type":"WebPage","@id":"https:\/\/santapola.es\/ca\/arees\/seguretat-ciutadana\/","url":"https:\/\/santapola.es\/ca\/arees\/seguretat-ciutadana\/","name":"Seguretat Ciutadana - Ajuntament de Santa Pola","isPartOf":{"@id":"https:\/\/santapola.es\/ca\/#website"},"datePublished":"2024-02-08T10:46:14+00:00","dateModified":"2026-04-27T07:37:37+00:00","breadcrumb":{"@id":"https:\/\/santapola.es\/ca\/arees\/seguretat-ciutadana\/#breadcrumb"},"inLanguage":"ca","potentialAction":[{"@type":"ReadAction","target":["https:\/\/santapola.es\/ca\/arees\/seguretat-ciutadana\/"]}]},{"@type":"BreadcrumbList","@id":"https:\/\/santapola.es\/ca\/arees\/seguretat-ciutadana\/#breadcrumb","itemListElement":[{"@type":"ListItem","position":1,"name":"Inici","item":"https:\/\/santapola.es\/ca\/"},{"@type":"ListItem","position":2,"name":"\u00c0rees","item":"https:\/\/santapola.es\/ca\/areas-municipales\/"},{"@type":"ListItem","position":3,"name":"Seguretat Ciutadana"}]},{"@type":"WebSite","@id":"https:\/\/santapola.es\/ca\/#website","url":"https:\/\/santapola.es\/ca\/","name":"Ayuntamiento de Santa Pola","description":"Web de l'Ajuntament de Santa Pola","potentialAction":[{"@type":"SearchAction","target":{"@type":"EntryPoint","urlTemplate":"https:\/\/santapola.es\/ca\/?s={search_term_string}"},"query-input":{"@type":"PropertyValueSpecification","valueRequired":true,"valueName":"search_term_string"}}],"inLanguage":"ca"}]}},"_links":{"self":[{"href":"https:\/\/santapola.es\/ca\/wp-json\/wp\/v2\/pages\/34460","targetHints":{"allow":["GET"]}}],"collection":[{"href":"https:\/\/santapola.es\/ca\/wp-json\/wp\/v2\/pages"}],"about":[{"href":"https:\/\/santapola.es\/ca\/wp-json\/wp\/v2\/types\/page"}],"author":[{"embeddable":true,"href":"https:\/\/santapola.es\/ca\/wp-json\/wp\/v2\/users\/95"}],"replies":[{"embeddable":true,"href":"https:\/\/santapola.es\/ca\/wp-json\/wp\/v2\/comments?post=34460"}],"version-history":[{"count":3,"href":"https:\/\/santapola.es\/ca\/wp-json\/wp\/v2\/pages\/34460\/revisions"}],"predecessor-version":[{"id":48569,"href":"https:\/\/santapola.es\/ca\/wp-json\/wp\/v2\/pages\/34460\/revisions\/48569"}],"up":[{"embeddable":true,"href":"https:\/\/santapola.es\/ca\/wp-json\/wp\/v2\/pages\/34215"}],"wp:attachment":[{"href":"https:\/\/santapola.es\/ca\/wp-json\/wp\/v2\/media?parent=34460"}],"curies":[{"name":"wp","href":"https:\/\/api.w.org\/{rel}","templated":true}]}}