{"id":34456,"date":"2023-12-21T09:52:27","date_gmt":"2023-12-21T08:52:27","guid":{"rendered":"https:\/\/www.desarrollo.santapola.es\/arees\/sanitat\/"},"modified":"2025-05-27T14:25:18","modified_gmt":"2025-05-27T12:25:18","slug":"sanitat","status":"publish","type":"page","link":"https:\/\/santapola.es\/ca\/arees\/sanitat\/","title":{"rendered":"Sanitat"},"content":{"rendered":"<p>[et_pb_section fb_built=&#8221;1&#8243; disabled_on=&#8221;off|off|off&#8221; admin_label=&#8221;Secci\u00f3n fondo cabecera&#8221; _builder_version=&#8221;4.21.0&#8243; _module_preset=&#8221;default&#8221; background_image=&#8221;https:\/\/santapola.es\/wp-content\/uploads\/2017\/03\/DSC38162.jpg&#8221; background_position=&#8221;center_left&#8221; background_horizontal_offset=&#8221;0%&#8221; height=&#8221;250px&#8221; custom_css_main_element=&#8221;display: flex;||justify-content: center;&#8221; global_colors_info=&#8221;{}&#8221;][et_pb_row admin_label=&#8221;Fila cap\u00e7alera&#8221; _builder_version=&#8221;4.20.0&#8243; _module_preset=&#8221;c058b923-922c-4136-ad09-c0e7a4d225ab&#8221; background_color=&#8221;RGBA(255,255,255,0)&#8221; global_colors_info=&#8221;{}&#8221;][et_pb_column type=&#8221;4_4&#8243; _builder_version=&#8221;4.20.0&#8243; _module_preset=&#8221;default&#8221; global_colors_info=&#8221;{}&#8221;][et_pb_text admin_label=&#8221;Texto t\u00edtulo de cabecera&#8221; _builder_version=&#8221;4.21.0&#8243; _module_preset=&#8221;default&#8221; text_font=&#8221;|600|||||||&#8221; text_text_color=&#8221;#FFFFFF&#8221; text_font_size=&#8221;550%&#8221; text_line_height=&#8221;0.9em&#8221; background_color=&#8221;RGBA(255,255,255,0)&#8221; text_orientation=&#8221;center&#8221; text_font_size_tablet=&#8221;500%&#8221; text_font_size_phone=&#8221;400%&#8221; text_font_size_last_edited=&#8221;on|phone&#8221; text_line_height_tablet=&#8221;0.9em&#8221; text_line_height_phone=&#8221;0.9em&#8221; text_line_height_last_edited=&#8221;off|desktop&#8221; text_text_shadow_style=&#8221;preset2&#8243; text_text_shadow_color=&#8221;#000000&#8243; global_colors_info=&#8221;{}&#8221;]<\/p>\n<p>Sanitat<\/p>\n<p>[\/et_pb_text][\/et_pb_column][\/et_pb_row][\/et_pb_section][et_pb_section fb_built=&#8221;1&#8243; inner_shadow=&#8221;on&#8221; custom_padding_last_edited=&#8221;on|desktop&#8221; admin_label=&#8221;Secci\u00f3n cuerpo P\u00e1gina principal&#8221; _builder_version=&#8221;4.20.0&#8243; background_color=&#8221;#ffffff&#8221; width=&#8221;100%&#8221; custom_margin=&#8221;-5px||||false|false&#8221; custom_margin_tablet=&#8221;-5px||||false|false&#8221; custom_margin_phone=&#8221;-5px||||false|false&#8221; custom_margin_last_edited=&#8221;on|phone&#8221; custom_padding=&#8221;0px|0px|50px|0px|false|false&#8221; custom_padding_tablet=&#8221;0px|0|50px|0|false|false&#8221; custom_padding_phone=&#8221;|0|50px|0|false|false&#8221; custom_css_main_element=&#8221;display:flex;||flex-wrap:wrap;&#8221; transparent_background=&#8221;off&#8221; make_fullwidth=&#8221;off&#8221; use_custom_width=&#8221;off&#8221; width_unit=&#8221;on&#8221; custom_width_px=&#8221;1080px&#8221; custom_width_percent=&#8221;80%&#8221; global_colors_info=&#8221;{}&#8221;][et_pb_row column_structure=&#8221;1_2,1_2&#8243; use_custom_gutter=&#8221;on&#8221; gutter_width=&#8221;2&#8243; make_equal=&#8221;on&#8221; admin_label=&#8221;Fila enlla\u00e7os destacats&#8221; _builder_version=&#8221;4.24.2&#8243; _module_preset=&#8221;_initial&#8221; width=&#8221;100%&#8221; width_tablet=&#8221;80%&#8221; width_phone=&#8221;80%&#8221; width_last_edited=&#8221;on|tablet&#8221; max_width=&#8221;65%&#8221; max_width_tablet=&#8221;80%&#8221; max_width_phone=&#8221;80%&#8221; max_width_last_edited=&#8221;on|desktop&#8221; custom_margin=&#8221;25px||15px||false|false&#8221; custom_margin_tablet=&#8221;5px|auto||auto|false|false&#8221; custom_margin_phone=&#8221;5px|auto||auto|false|false&#8221; custom_padding=&#8221;5px|0px|5px|0px|false|false&#8221; custom_css_main_element=&#8221;justify-content:center;&#8221; make_fullwidth=&#8221;on&#8221; use_custom_width=&#8221;off&#8221; width_unit=&#8221;off&#8221; custom_width_px=&#8221;1080px&#8221; custom_width_percent=&#8221;80%&#8221; global_colors_info=&#8221;{}&#8221; custom_css_main_element_last_edited=&#8221;on|phone&#8221; custom_css_main_element_phone=&#8221;order:3;&#8221; custom_css_main_element_tablet=&#8221;justify-content:center;&#8221;][et_pb_column type=&#8221;1_2&#8243; admin_label=&#8221;Columna 1&#8243; _builder_version=&#8221;4.21.0&#8243; background_enable_image=&#8221;off&#8221; background_position=&#8221;bottom_right&#8221; custom_padding=&#8221;|||&#8221; global_colors_info=&#8221;{}&#8221; custom_padding__hover=&#8221;|||&#8221;][et_pb_blurb title=&#8221;Portal del pacient&#8221; image_icon_background_color=&#8221;RGBA(255,255,255,0)&#8221; image=&#8221;https:\/\/santapola.es\/wp-content\/uploads\/2023\/07\/Logo-Generalitat-2.png&#8221; image_icon_width=&#8221;38%&#8221; admin_label=&#8221;Enlace. Portal del paciente&#8221; _builder_version=&#8221;4.24.2&#8243; _module_preset=&#8221;2f4a4509-8466-474e-b9a0-72eccd871d6d&#8221; header_level=&#8221;h3&#8243; header_font=&#8221;Raleway|600|||||||&#8221; header_text_align=&#8221;center&#8221; header_text_color=&#8221;#124159&#8243; header_font_size=&#8221;15px&#8221; body_font=&#8221;Raleway||||&#8221; body_text_color=&#8221;#124159&#8243; body_font_size=&#8221;12px&#8221; use_background_color_gradient=&#8221;on&#8221; background_color_gradient_stops=&#8221;#ffffff 0%|#ffffff 62%|rgba(247,65,0,0.38) 100%&#8221; image_icon_custom_margin=&#8221;||||false|false&#8221; image_icon_custom_margin_last_edited=&#8221;off|desktop&#8221; image_icon_custom_padding=&#8221;12px|12px||12px|false|false&#8221; text_orientation=&#8221;center&#8221; module_alignment=&#8221;center&#8221; height=&#8221;180px&#8221; custom_margin=&#8221;||||false|false&#8221; custom_padding=&#8221;|5px||5px|false|false&#8221; animation=&#8221;off&#8221; link_option_url=&#8221;https:\/\/www.san.gva.es\/ca\/web\/portal-del-paciente\/&#8221; link_option_url_new_window=&#8221;on&#8221; custom_css_main_element=&#8221;display:flex;||flex-direction:column;||justify-content: center;&#8221; custom_css_blurb_image=&#8221;margin-bottom:14px;&#8221; custom_css_blurb_title=&#8221;padding-bottom:0px;||&#8221; border_width_all=&#8221;1px&#8221; border_color_all=&#8221;#f95f00&#8243; border_radii_image=&#8221;on|0%|0%|0%|0%&#8221; border_width_all_image=&#8221;0px&#8221; border_color_all_image=&#8221;RGBA(255,255,255,0)&#8221; box_shadow_style=&#8221;preset2&#8243; use_border_color=&#8221;off&#8221; border_color=&#8221;#ffffff&#8221; border_width=&#8221;1px&#8221; border_style=&#8221;solid&#8221; image_max_width=&#8221;none&#8221; icon_font_size=&#8221;68px&#8221; use_circle=&#8221;on&#8221; use_circle_border=&#8221;on&#8221; circle_border_color=&#8221;#749db2&#8243; circle_color=&#8221;#124159&#8243; global_colors_info=&#8221;%91%93&#8243;][\/et_pb_blurb][\/et_pb_column][et_pb_column type=&#8221;1_2&#8243; admin_label=&#8221;Columna 2&#8243; _builder_version=&#8221;4.21.0&#8243; background_enable_image=&#8221;off&#8221; background_position=&#8221;bottom_right&#8221; custom_padding=&#8221;|||&#8221; global_colors_info=&#8221;{}&#8221; custom_padding__hover=&#8221;|||&#8221;][et_pb_blurb title=&#8221;Animals&#8221; use_icon=&#8221;on&#8221; font_icon=&#8221;&#xf6d3;||fa||900&#8243; icon_color=&#8221;#124159&#8243; image_icon_background_color=&#8221;RGBA(255,255,255,0)&#8221; image_icon_width=&#8221;500%&#8221; admin_label=&#8221;Enlace Taxis (Infraestructura)&#8221; _builder_version=&#8221;4.24.2&#8243; _module_preset=&#8221;2f4a4509-8466-474e-b9a0-72eccd871d6d&#8221; header_level=&#8221;h3&#8243; header_font=&#8221;Raleway|600|||||||&#8221; header_text_align=&#8221;center&#8221; header_text_color=&#8221;#124159&#8243; header_font_size=&#8221;15px&#8221; body_font=&#8221;Raleway||||&#8221; body_text_color=&#8221;#124159&#8243; body_font_size=&#8221;12px&#8221; use_background_color_gradient=&#8221;on&#8221; background_color_gradient_stops=&#8221;#ffffff 62%|rgba(29,119,193,0.38) 99%&#8221; image_icon_custom_margin=&#8221;||5px||false|false&#8221; image_icon_custom_margin_last_edited=&#8221;off|desktop&#8221; image_icon_custom_padding=&#8221;||||false|false&#8221; text_orientation=&#8221;center&#8221; module_alignment=&#8221;center&#8221; height=&#8221;180px&#8221; custom_margin=&#8221;||||false|false&#8221; custom_padding=&#8221;10px|5px|10px|5px|false|false&#8221; animation=&#8221;off&#8221; link_option_url=&#8221;#animales&#8221; custom_css_main_element=&#8221;display:flex;||flex-direction:column;||justify-content: center;&#8221; custom_css_blurb_image=&#8221;margin-bottom: 6px;&#8221; custom_css_blurb_title=&#8221;padding-bottom:0px;||&#8221; border_width_all=&#8221;1px&#8221; border_color_all=&#8221;#0080ad&#8221; border_radii_image=&#8221;on|0%|0%|0%|0%&#8221; border_width_all_image=&#8221;0px&#8221; border_color_all_image=&#8221;RGBA(255,255,255,0)&#8221; box_shadow_style=&#8221;preset2&#8243; use_border_color=&#8221;off&#8221; border_color=&#8221;#ffffff&#8221; border_width=&#8221;1px&#8221; border_style=&#8221;solid&#8221; image_max_width=&#8221;none&#8221; icon_font_size=&#8221;68px&#8221; use_circle=&#8221;on&#8221; use_circle_border=&#8221;on&#8221; circle_border_color=&#8221;#749db2&#8243; circle_color=&#8221;#124159&#8243; global_colors_info=&#8221;%91%93&#8243;][\/et_pb_blurb][\/et_pb_column][\/et_pb_row][et_pb_row admin_label=&#8221;Fila contenidor Migas de pan&#8221; _builder_version=&#8221;4.20.0&#8243; _module_preset=&#8221;_initial&#8221; width_tablet=&#8221;&#8221; width_phone=&#8221;&#8221; width_last_edited=&#8221;on|phone&#8221; max_width=&#8221;65%&#8221; max_width_tablet=&#8221;80%&#8221; max_width_phone=&#8221;80%&#8221; max_width_last_edited=&#8221;on|desktop&#8221; custom_margin=&#8221;15px|auto|0px|auto|false|false&#8221; custom_margin_tablet=&#8221;5px|auto|0px|auto|false|false&#8221; custom_margin_phone=&#8221;15px|auto|0px|auto|false|false&#8221; custom_padding=&#8221;0px||0px||false|false&#8221; make_fullwidth=&#8221;on&#8221; use_custom_width=&#8221;off&#8221; width_unit=&#8221;off&#8221; custom_width_px=&#8221;1080px&#8221; custom_width_percent=&#8221;80%&#8221; global_colors_info=&#8221;{}&#8221; custom_css_main_element_last_edited=&#8221;on|desktop&#8221; custom_css_main_element_phone=&#8221;order:1;&#8221;][et_pb_column type=&#8221;4_4&#8243; admin_label=&#8221;Columna 1&#8243; _builder_version=&#8221;4.20.0&#8243; custom_padding=&#8221;|||&#8221; global_colors_info=&#8221;{}&#8221; custom_padding__hover=&#8221;|||&#8221;][et_pb_code admin_label=&#8221;Migas de pan&#8221; _builder_version=&#8221;4.20.0&#8243; _module_preset=&#8221;default&#8221; custom_margin=&#8221;||||false|false&#8221; custom_padding=&#8221;||||false|false&#8221; global_colors_info=&#8221;{}&#8221;]<pee><span><span><a href=\"https:\/\/santapola.es\/ca\/\">Inici<\/a><\/span><\/span><\/pee>[\/et_pb_code][\/et_pb_column][\/et_pb_row][et_pb_row column_structure=&#8221;3_4,1_4&#8243; column_padding_mobile=&#8221;on&#8221; admin_label=&#8221;Fila contenidor principal&#8221; _builder_version=&#8221;4.23.1&#8243; _module_preset=&#8221;_initial&#8221; background_size=&#8221;initial&#8221; background_position=&#8221;top_left&#8221; background_repeat=&#8221;repeat&#8221; width=&#8221;100%&#8221; width_tablet=&#8221;80%&#8221; width_phone=&#8221;80%&#8221; width_last_edited=&#8221;on|desktop&#8221; max_width=&#8221;65%&#8221; max_width_tablet=&#8221;80%&#8221; max_width_phone=&#8221;80%&#8221; max_width_last_edited=&#8221;on|tablet&#8221; custom_margin=&#8221;0px|auto|15px|auto|false|false&#8221; custom_margin_tablet=&#8221;|auto|15px|auto|false|false&#8221; custom_margin_phone=&#8221;|auto|15px|auto|false|false&#8221; custom_margin_last_edited=&#8221;on|phone&#8221; custom_padding=&#8221;10px|15px|0px|0px|false|false&#8221; make_fullwidth=&#8221;on&#8221; use_custom_width=&#8221;off&#8221; width_unit=&#8221;off&#8221; custom_width_px=&#8221;1080px&#8221; custom_width_percent=&#8221;80%&#8221; global_colors_info=&#8221;{}&#8221; custom_css_main_element__hover_enabled=&#8221;off|desktop&#8221; custom_css_main_element_last_edited=&#8221;on|phone&#8221; custom_css_main_element_phone=&#8221;order:2;&#8221;][et_pb_column type=&#8221;3_4&#8243; module_class=&#8221;col-ancho-total&#8221; admin_label=&#8221;Columna 1&#8243; _builder_version=&#8221;4.23.1&#8243; custom_padding=&#8221;||25px||false|false&#8221; global_colors_info=&#8221;{}&#8221; custom_padding__hover=&#8221;|||&#8221; custom_css_main_element_last_edited=&#8221;on|phone&#8221; custom_css_main_element_phone=&#8221; margin-bottom: 0px;&#8221;][et_pb_text content_last_edited=&#8221;off|phone&#8221; admin_label=&#8221;T\u00edtulo. Movilidad Reducida&#8221; _builder_version=&#8221;4.24.2&#8243; _module_preset=&#8221;default&#8221; text_font=&#8221;|600|||||||&#8221; text_text_color=&#8221;#124159&#8243; text_font_size=&#8221;150%&#8221; text_line_height=&#8221;1.8em&#8221; header_text_color=&#8221;#123159&#8243; header_2_font=&#8221;|600|||||||&#8221; header_2_text_color=&#8221;#124159&#8243; header_2_font_size=&#8221;22px&#8221; custom_margin=&#8221;0px||30px||false|false&#8221; custom_padding=&#8221;0px||0px|||&#8221; border_width_bottom=&#8221;1px&#8221; border_color_bottom=&#8221;rgba(18,65,89,0.45)&#8221; global_colors_info=&#8221;{}&#8221;]<\/p>\n<p>Adhesions<\/p>\n<p>[\/et_pb_text][et_pb_tabs active_tab_background_color=&#8221;#2c67a5&#8243; inactive_tab_background_color=&#8221;#E9F0F6&#8243; active_tab_text_color=&#8221;#FFFFFF&#8221; admin_label=&#8221;Pesta\u00f1as. Movilidad Reducida&#8221; _builder_version=&#8221;4.23.1&#8243; _module_preset=&#8221;e82c1aeb-ddd6-4eb3-8c81-191420891355&#8243; tab_text_color=&#8221;#124159&#8243; tab_font_size=&#8221;100%&#8221; display_conditions=&#8221;W10=&#8221; border_radii=&#8221;on|4px|4px|4px|4px&#8221; box_shadow_style=&#8221;preset3&#8243; global_colors_info=&#8221;%91%93&#8243;][et_pb_tab title=&#8221;Estrat\u00e8gia de Promoci\u00f3 de la Salut i Prevenci\u00f3 en l&#039;SNS&#8221; _builder_version=&#8221;4.23.1&#8243; _module_preset=&#8221;default&#8221; global_colors_info=&#8221;{}&#8221;]<\/p>\n<p><a class=\"pdf\" title=\"Acta de constituci\u00f3n. Archivo pdf\" href=\"\/..\/wp-content\/uploads\/bsk-pdf-manager\/2018\/08\/ACTA.pdf\" target=\"_blank\" rel=\"noopener\">Acta de constituci\u00f3 de la taula intersectorial<\/a> <a class=\"pdf\" title=\"Certificado pleno. Archivo pdf\" href=\"\/..\/wp-content\/uploads\/bsk-pdf-manager\/2018\/08\/certificado-pleno-29-03-18.pdf\" target=\"_blank\" rel=\"noopener\">Certificat ple<\/a> <a class=\"pdf\" title=\"Cronograma EPSP. Archivo pdf\" href=\"\/..\/wp-content\/uploads\/bsk-pdf-manager\/2018\/08\/CRONOGRAMA-OK.pdf\" target=\"_blank\" rel=\"noopener\">Cronograma<\/a> <a class=\"pdf\" title=\"Declaraci\u00f3n institucional ESPS. Archivo pdf\" href=\"\/..\/wp-content\/uploads\/bsk-pdf-manager\/2018\/08\/declaracion-instit_20180801074512.pdf\" target=\"_blank\" rel=\"noopener\">Declaraci\u00f3 institucional<\/a> <a class=\"pdf\" title=\"Diploma estrategia SNS. Archivo pdf\" href=\"\/..\/wp-content\/uploads\/bsk-pdf-manager\/2019\/02\/diploma-Adhesion-Santa-Pola-1.pdf\" target=\"_blank\" rel=\"noopener\">Diploma Estrat\u00e8gia SNS<\/a><\/p>\n<p>[\/et_pb_tab][et_pb_tab title=&#8221;IV Pla de Salut de la Comunitat Valenciana&#8221; _builder_version=&#8221;4.23.1&#8243; _module_preset=&#8221;default&#8221; global_colors_info=&#8221;{}&#8221;]<\/p>\n<p><a class=\"pdf\" title=\"Plan de salud. Archivo pdf\" href=\"\/..\/wp-content\/uploads\/2023\/12\/IV-Plan-de-Salud-Xarxasalut.pdf\" target=\"_blank\" rel=\"attachment noopener wp-att-22961\">IV Pla de Salut &#8220;XARXASALUT&#8221;<\/a> <a class=\"pdf\" title=\"Acta de constituci\u00f3n. Archivo pdf\" href=\"\/..\/wp-content\/uploads\/bsk-pdf-manager\/2018\/08\/ACTA.pdf\" target=\"_blank\" rel=\"noopener\">Acta de constituci\u00f3 de la taula intersectorial<\/a> <a class=\"pdf\" title=\"Certificado acuerdo. Archivo pdf\" href=\"\/..\/wp-content\/uploads\/bsk-pdf-manager\/2018\/08\/acuerdo-del-27-04-2018.pdf\" target=\"_blank\" rel=\"noopener\">Certificat d&#8217;acord<\/a> <a class=\"pdf\" title=\"Diploma plan de saludo. Archivo pdf\" href=\"\/..\/wp-content\/uploads\/bsk-pdf-manager\/2019\/02\/DIPLOMA-IV-PLAN.pdf\" target=\"_blank\" rel=\"noopener\">Diploma IV Pla de Salut<\/a><\/p>\n<p>[\/et_pb_tab][\/et_pb_tabs][et_pb_text content_last_edited=&#8221;off|desktop&#8221; admin_label=&#8221;T\u00edtulo. Actividades de salud en centros de infantil y primaria (CEIP)&#8221; _builder_version=&#8221;4.24.2&#8243; _module_preset=&#8221;default&#8221; text_font=&#8221;|600|||||||&#8221; text_text_color=&#8221;#124159&#8243; text_font_size=&#8221;150%&#8221; text_line_height=&#8221;1.8em&#8221; header_text_color=&#8221;#123159&#8243; header_2_font=&#8221;|600|||||||&#8221; header_2_text_color=&#8221;#124159&#8243; header_2_font_size=&#8221;22px&#8221; custom_margin=&#8221;0px||30px||false|false&#8221; custom_padding=&#8221;0px||0px|||&#8221; border_width_bottom=&#8221;1px&#8221; border_color_bottom=&#8221;rgba(18,65,89,0.45)&#8221; global_colors_info=&#8221;{}&#8221;]<\/p>\n<p>Activitats de salut en centres d&#8217;infantil i prim\u00e0ria (CEIP)<\/p>\n<p>[\/et_pb_text][et_pb_tabs active_tab_background_color=&#8221;#2c67a5&#8243; inactive_tab_background_color=&#8221;#E9F0F6&#8243; active_tab_text_color=&#8221;#FFFFFF&#8221; admin_label=&#8221;Pesta\u00f1as. Plan de Movilidad Urbana Sostenible&#8221; _builder_version=&#8221;4.23.1&#8243; _module_preset=&#8221;e82c1aeb-ddd6-4eb3-8c81-191420891355&#8243; tab_text_color=&#8221;#124159&#8243; tab_font_size=&#8221;100%&#8221; display_conditions=&#8221;W10=&#8221; border_radii=&#8221;on|4px|4px|4px|4px&#8221; box_shadow_style=&#8221;preset3&#8243; global_colors_info=&#8221;%91%93&#8243;][et_pb_tab title=&#8221;Gimkana i Oca de la Salut&#8221; _builder_version=&#8221;4.23.1&#8243; _module_preset=&#8221;default&#8221; global_colors_info=&#8221;{}&#8221;]<\/p>\n<p>Els alumnes de tots els cursos de segon i quart de prim\u00e0ria de tots els Centres d&#8217;Educaci\u00f3 Infantil i Prim\u00e0ria de la nostra localitat, <strong>treballen en forma de tallers actius i participatius<\/strong> sobre els h\u00e0bits i estils de vida saludable en relaci\u00f3 amb alimentaci\u00f3, higiene, somni, exercici f\u00edsic, h\u00e0bits posturals , mobilitzaci\u00f3 motxilles i \u00fas de noves tecnologies, entre altres.<\/p>\n<p>[\/et_pb_tab][et_pb_tab title=&#8221;Salut a escena&#8221; _builder_version=&#8221;4.23.1&#8243; _module_preset=&#8221;default&#8221; global_colors_info=&#8221;{}&#8221;]<\/p>\n<p>Acudeixen a la <strong>representaci\u00f3 teatral d&#8217;escenificaci\u00f3 de HVS i EVS<\/strong> (treballats en la Gimkana i l&#8217;Oca de la Salut durant el seu curs anterior) els alumnes dels cursos de tercer i 5\u00e9 de prim\u00e0ria de tots els Centres d&#8217;Educaci\u00f3 Infantil i Prim\u00e0ria de la nostra localitat<\/p>\n<p>[\/et_pb_tab][et_pb_tab title=&#8221;Jornada Colpbol&#8221; _builder_version=&#8221;4.23.1&#8243; _module_preset=&#8221;default&#8221; global_colors_info=&#8221;{}&#8221;]<\/p>\n<p>Amb la<strong> promoci\u00f3 de la pr\u00e0ctica del Colpbol (esport inclusiu, no competitiu i igualitari)<\/strong> de forma integrada i quotidiana en el programa d&#8217;Educaci\u00f3 F\u00edsica dels 9 CEIPs de la localitat (en el seu entorn) i que culmina amb una jornada integradora al maig.<\/p>\n<p>Tamb\u00e9 es practiquen els Jocs tradicionals de forma integrada.<\/p>\n<p>[\/et_pb_tab][et_pb_tab title=&#8221;Universitat al carrer&#8221; _builder_version=&#8221;4.23.1&#8243; _module_preset=&#8221;default&#8221; global_colors_info=&#8221;{}&#8221;]<\/p>\n<p>Els <strong>alumnes de 3r de Grau d&#8217;Infermeria<\/strong> acudeixen (en el seu entorn) a impartir tallers a les aules ( aproximadament 80 tallers anuals) UCeuCH<\/p>\n<p>[\/et_pb_tab][et_pb_tab title=&#8221;Programa PIES&#8221; _builder_version=&#8221;4.23.1&#8243; _module_preset=&#8221;default&#8221; global_colors_info=&#8221;{}&#8221;]<\/p>\n<p><strong>Programa de Informacion i Educaci\u00f3 Sexual<\/strong> 2 i 3r ESO.<\/p>\n<p>La t\u00e8cnic acudeix als IES (en el seu entorn) per a impartir els tallers (2 tallers de participaci\u00f3 din\u00e0mica de 2 hores de duraci\u00f3 per a tots els cursos abans esmentats.<\/p>\n<p>[\/et_pb_tab][\/et_pb_tabs][et_pb_text content_last_edited=&#8221;off|desktop&#8221; admin_label=&#8221;T\u00edtulo. Actividades de salud en centros de infantil y primaria (CEIP)&#8221; _builder_version=&#8221;4.24.2&#8243; _module_preset=&#8221;default&#8221; text_font=&#8221;|600|||||||&#8221; text_text_color=&#8221;#124159&#8243; text_font_size=&#8221;150%&#8221; text_line_height=&#8221;1.8em&#8221; header_text_color=&#8221;#123159&#8243; header_2_font=&#8221;|600|||||||&#8221; header_2_text_color=&#8221;#124159&#8243; header_2_font_size=&#8221;22px&#8221; custom_margin=&#8221;0px||30px||false|false&#8221; custom_padding=&#8221;0px||0px|||&#8221; border_width_bottom=&#8221;1px&#8221; border_color_bottom=&#8221;rgba(18,65,89,0.45)&#8221; global_colors_info=&#8221;{}&#8221;]<\/p>\n<p>Activitats de salut per a majors<\/p>\n<p>[\/et_pb_text][et_pb_tabs active_tab_background_color=&#8221;#2c67a5&#8243; inactive_tab_background_color=&#8221;#E9F0F6&#8243; active_tab_text_color=&#8221;#FFFFFF&#8221; admin_label=&#8221;Pesta\u00f1as. Plan de Movilidad Urbana Sostenible&#8221; _builder_version=&#8221;4.23.1&#8243; _module_preset=&#8221;e82c1aeb-ddd6-4eb3-8c81-191420891355&#8243; tab_text_color=&#8221;#124159&#8243; tab_font_size=&#8221;100%&#8221; display_conditions=&#8221;W10=&#8221; border_radii=&#8221;on|4px|4px|4px|4px&#8221; box_shadow_style=&#8221;preset3&#8243; global_colors_info=&#8221;%91%93&#8243;][et_pb_tab title=&#8221;Taller HTA (DUE)&#8221; _builder_version=&#8221;4.23.1&#8243; _module_preset=&#8221;default&#8221; global_colors_info=&#8221;{}&#8221;]<\/p>\n<p>Desenvolupat per la DUE municipal amb freq\u00fc\u00e8ncia quinzenal, els dimecres a les 12.00 en La Senia.<\/p>\n<p><strong>Adher\u00e8ncia al tractament i seguiment de la hipertensi\u00f3 arterial.<\/strong><\/p>\n<p>[\/et_pb_tab][et_pb_tab title=&#8221;Dia del major&#8221; _builder_version=&#8221;4.23.1&#8243; _module_preset=&#8221;default&#8221; global_colors_info=&#8221;{}&#8221;]<\/p>\n<p>Entorn del dia del Major s&#8217;organitzen <strong>activitats d&#8217;educaci\u00f3 per a la Salut i detecci\u00f3 preco\u00e7 a c\u00e0rrec de La Universitat CEU Cardenal Herrera.<\/strong><\/p>\n<p>Control de gluc\u00e8mia, pes, consells d&#8217;alimentaci\u00f3, presa de tensi\u00f3 arterial. L&#8217;endem\u00e0 xarra col\u00b7loqui sobre autocures i activitats de promoci\u00f3 de Salut.<\/p>\n<p>[\/et_pb_tab][et_pb_tab title=&#8221;Talleres de memoria&#8221; _builder_version=&#8221;4.23.1&#8243; _module_preset=&#8221;default&#8221; global_colors_info=&#8221;{}&#8221;]<\/p>\n<p><strong>Poblaci\u00f3 adulta-tercera edat. <\/strong><\/p>\n<p>Benestar emocional i envelliment actiu, adquisici\u00f3 de xarxes de suport social i habilitats de comunicaci\u00f3, \u00fas de noves tecnologies.<\/p>\n<p>3 Tallers de 20 sessions en els quals participen m\u00e9s de 35 usuaris\/as per taller.<\/p>\n<p>[\/et_pb_tab][\/et_pb_tabs][et_pb_text content_last_edited=&#8221;off|desktop&#8221; admin_label=&#8221;T\u00edtulo. Actividades de salud en centros de infantil y primaria (CEIP)&#8221; _builder_version=&#8221;4.24.2&#8243; _module_preset=&#8221;default&#8221; text_font=&#8221;|600|||||||&#8221; text_text_color=&#8221;#124159&#8243; text_font_size=&#8221;150%&#8221; text_line_height=&#8221;1.8em&#8221; header_text_color=&#8221;#123159&#8243; header_2_font=&#8221;|600|||||||&#8221; header_2_text_color=&#8221;#124159&#8243; header_2_font_size=&#8221;22px&#8221; custom_margin=&#8221;0px||30px||false|false&#8221; custom_padding=&#8221;0px||0px|||&#8221; border_width_bottom=&#8221;1px&#8221; border_color_bottom=&#8221;rgba(18,65,89,0.45)&#8221; global_colors_info=&#8221;{}&#8221;]<\/p>\n<p>Actividades de salud para todos<\/p>\n<p>[\/et_pb_text][et_pb_tabs active_tab_background_color=&#8221;#2c67a5&#8243; inactive_tab_background_color=&#8221;#E9F0F6&#8243; active_tab_text_color=&#8221;#FFFFFF&#8221; admin_label=&#8221;Pesta\u00f1as. Plan de Movilidad Urbana Sostenible&#8221; _builder_version=&#8221;4.23.1&#8243; _module_preset=&#8221;e82c1aeb-ddd6-4eb3-8c81-191420891355&#8243; tab_text_color=&#8221;#124159&#8243; tab_font_size=&#8221;100%&#8221; display_conditions=&#8221;W10=&#8221; custom_margin=&#8221;||||false|false&#8221; border_radii=&#8221;on|4px|4px|4px|4px&#8221; box_shadow_style=&#8221;preset3&#8243; global_colors_info=&#8221;%91%93&#8243;][et_pb_tab title=&#8221;La Milla&#8221; _builder_version=&#8221;4.23.1&#8243; _module_preset=&#8221;default&#8221; global_colors_info=&#8221;{}&#8221;]<\/p>\n<p style=\"text-align: center;\"><img loading=\"lazy\" decoding=\"async\" class=\"wp-image-9022 alignnone size-medium\" src=\"https:\/\/santapola.es\/wp-content\/uploads\/2019\/02\/LOGO-LA-MILLA-300x58.jpg\" alt=\"\" width=\"300\" height=\"58\" srcset=\"https:\/\/santapola.es\/wp-content\/uploads\/2019\/02\/LOGO-LA-MILLA-300x58.jpg 300w, https:\/\/santapola.es\/wp-content\/uploads\/2019\/02\/LOGO-LA-MILLA-768x150.jpg 768w, https:\/\/santapola.es\/wp-content\/uploads\/2019\/02\/LOGO-LA-MILLA-1024x200.jpg 1024w, https:\/\/santapola.es\/wp-content\/uploads\/2019\/02\/LOGO-LA-MILLA-1080x210.jpg 1080w, https:\/\/santapola.es\/wp-content\/uploads\/2019\/02\/LOGO-LA-MILLA-610x119.jpg 610w, https:\/\/santapola.es\/wp-content\/uploads\/2019\/02\/LOGO-LA-MILLA.jpg 1201w\" sizes=\"(max-width: 300px) 100vw, 300px\" \/><\/p>\n<p><a class=\"pdf\" title=\"La Milla. Archiva pdf\" href=\"https:\/\/santapola.es\/wp-content\/uploads\/2023\/12\/La-Milla.pdf\" target=\"_blank\" rel=\"attachment noopener wp-att-22964\">&#8220;La Milla&#8221;- Activitat saludable emblem\u00e0tica de Santa Pola<\/a><\/p>\n<p>[\/et_pb_tab][et_pb_tab title=&#8221;Dia mundial sense tabac&#8221; _builder_version=&#8221;4.23.1&#8243; _module_preset=&#8221;default&#8221; global_colors_info=&#8221;{}&#8221;]<\/p>\n<p>L&#8217;Ajuntament de Santa Pola, juntament amb l&#8217;Associaci\u00f3 Espanyola Contra el C\u00e0ncer de Santa Pola i el Centre de Salut, se suma a la promoci\u00f3 del Dia Mundial Sense Tabac.<\/p>\n<p>L&#8217;Organitzaci\u00f3 Mundial de Salut (OMS) va declarar el dia 31 de maig el dia mundial sense tabac.<\/p>\n<p>La Unitat de Prevenci\u00f3 de Conductes Addictives (UPCCA) de Santa Pola indiquen que, encara que en els \u00faltims anys el nombre de fumadors de la poblaci\u00f3 espanyola s&#8217;ha redu\u00eft considerablement, el tabaquisme continua sent hui dia un problema de salut p\u00fablica.<\/p>\n<p>[\/et_pb_tab][et_pb_tab title=&#8221;Caminada saludable&#8221; _builder_version=&#8221;4.23.1&#8243; _module_preset=&#8221;default&#8221; global_colors_info=&#8221;{}&#8221;]<\/p>\n<p>Activitat dirigida a poblaci\u00f3 jove, adulta i tercera edat de la localitat, la finalitat de la qual \u00e9s la d&#8217;incentivar<strong> la pr\u00e0ctica d&#8217;exercici f\u00edsic moderat.<\/strong><\/p>\n<p>[\/et_pb_tab][et_pb_tab title=&#8221;Donacions de sang&#8221; _builder_version=&#8221;4.23.1&#8243; _module_preset=&#8221;default&#8221; global_colors_info=&#8221;{}&#8221;]<\/p>\n<p>S&#8217;organitzen diferents <strong>campanyes de donaci\u00f3 de sang<\/strong>, dondes s&#8217;intenta conscienciar a la poblaci\u00f3 que la sang no es pot fabricar i \u00e9s necess\u00e0ria per a salvar la vida de moltes persones.<\/p>\n<p><strong>Qu\u00e8 es necessita per a donar sang?<\/strong><\/p>\n<p>Bon estat de salut.<br \/>Pesar m\u00e9s de 50kg.<br \/>Tindre entre 18 i 65 anys.<br \/>Acudir amb el DNI.<\/p>\n<p>[\/et_pb_tab][et_pb_tab title=&#8221;Programa de foment de l&#039;\u00fas d&#039;escales&#8221; _builder_version=&#8221;4.23.1&#8243; _module_preset=&#8221;default&#8221; global_colors_info=&#8221;{}&#8221;]<\/p>\n<p>Dins de l&#8217;Objectiu General que impregna totes les nostres tasques (millorar la qualitat de vida de la nostra poblaci\u00f3) pretenem difondre l&#8217;inter\u00e9s per la <strong>practica d&#8217;activitat f\u00edsica saludable en les activitats di\u00e0ries quotidianes.<\/strong><\/p>\n<p>Des d&#8217;aquesta perspectiva ens hem adherit al \u201cPrograma per al foment d&#8217;\u00fas de les escales\u201d, promogut pel nostre Departament; es van instal\u00b7lar els seus missatges, en una primera fase, en l&#8217;acc\u00e9s i les escales de la Casa Consistorial a l&#8217;abril d&#8217;enguany.<\/p>\n<p>Tenim previst fer el mateix a casa de Cultura i Centre C\u00edvic, edificis tots dos \u00e0mpliament freq\u00fcentats per la nostra ciutadania .<\/p>\n<p>[\/et_pb_tab][\/et_pb_tabs][et_pb_text content_last_edited=&#8221;off|desktop&#8221; admin_label=&#8221;T\u00edtulo. Animales&#8221; module_id=&#8221;animales&#8221; _builder_version=&#8221;4.24.2&#8243; _module_preset=&#8221;default&#8221; text_font=&#8221;|600|||||||&#8221; text_text_color=&#8221;#124159&#8243; text_font_size=&#8221;150%&#8221; text_line_height=&#8221;1.8em&#8221; header_text_color=&#8221;#123159&#8243; header_2_font=&#8221;|600|||||||&#8221; header_2_text_color=&#8221;#124159&#8243; header_2_font_size=&#8221;22px&#8221; custom_margin=&#8221;0px||30px||false|false&#8221; custom_padding=&#8221;0px||0px|||&#8221; border_width_bottom=&#8221;1px&#8221; border_color_bottom=&#8221;rgba(18,65,89,0.45)&#8221; global_colors_info=&#8221;{}&#8221;]<\/p>\n<p>Animals<\/p>\n<p>[\/et_pb_text][et_pb_tabs active_tab_background_color=&#8221;#2c67a5&#8243; inactive_tab_background_color=&#8221;#E9F0F6&#8243; active_tab_text_color=&#8221;#FFFFFF&#8221; admin_label=&#8221;Pesta\u00f1as. Plan de Movilidad Urbana Sostenible&#8221; _builder_version=&#8221;4.24.2&#8243; _module_preset=&#8221;e82c1aeb-ddd6-4eb3-8c81-191420891355&#8243; tab_text_color=&#8221;#124159&#8243; tab_font_size=&#8221;100%&#8221; display_conditions=&#8221;W10=&#8221; border_radii=&#8221;on|4px|4px|4px|4px&#8221; box_shadow_style=&#8221;preset3&#8243; global_colors_info=&#8221;%91%93&#8243;][et_pb_tab title=&#8221;Registre d&#039;animals (Cens: Alta, baixa i modificaci\u00f3)&#8221; _builder_version=&#8221;4.24.2&#8243; _module_preset=&#8221;default&#8221; global_colors_info=&#8221;{}&#8221;]<\/p>\n<p><strong>\u00c9s obligatori censar a tots els gossos els propietaris dels quals residisquen a Santa Pola, independentment de la ra\u00e7a de l&#8217;animal.<\/strong><\/p>\n<p><span style=\"text-decoration: underline;\"><strong>Sol\u00b7licitud &#8220;Presencial&#8221;:<\/strong><\/span><\/p>\n<ol style=\"padding-left: 20px;\">\n<li style=\"padding-bottom: 10px;\">Presentar en el Negociat de Sanitat o per l&#8217;Oficina de Gran Alacant el passaport de l&#8217;animal o la targeta RIVIA i el DNI del propietari.<\/li>\n<li style=\"padding-bottom: 10px;\">Se&#8217;ls entregar\u00e0 una liquidaci\u00f3 que pot pagar en el Negociat de Tresoreria (amb targeta de cr\u00e8dit) o en les entitats banc\u00e0ries que marca la liquidaci\u00f3.<\/li>\n<li>Entregar justificant de pagament de la liquidaci\u00f3 juntament amb la documentaci\u00f3 requerida en el pas 1 en el Negociat de Sanitat o per l&#8217;Oficina de Gran Alacant.<\/li>\n<\/ol>\n<p><span style=\"text-decoration: underline;\"><strong>Sol\u00b7licitud &#8220;Telem\u00e0tica&#8221; a trav\u00e9s de Seu Electr\u00f2nica<\/strong> <\/span>(necessari signatura digital):<\/p>\n<p style=\"padding-left: 20px;\"><a class=\"externo\" title=\"Registro de animales. Enlace externo\" href=\"https:\/\/santapola.sedelectronica.es\/catalog\/t\/73b5c27f-ff6d-4837-8b75-8bc085fdf414\" target=\"_blank\" rel=\"noopener\">Tr\u00e0mit de sol\u00b7licitud<\/a><\/p>\n<p>[\/et_pb_tab][et_pb_tab title=&#8221;Tinen\u00e7a d&#039;animals potencialment perillosos&#8221; _builder_version=&#8221;4.24.2&#8243; _module_preset=&#8221;default&#8221; global_colors_info=&#8221;{}&#8221;]<\/p>\n<p><span style=\"text-decoration: underline;\"><strong>Solicitud \u201cPresencial\u201d: <\/strong><\/span><\/p>\n<p>Presentar en negociado de sanidad la siguiente documentaci\u00f3n:<\/p>\n<ul style=\"padding-left: 40px;\">\n<li style=\"padding-bottom: 10px;\"><a class=\"pdf\" title=\"Licencia animales peligrosos. Archivo pdf\" href=\"\/..\/wp-content\/uploads\/bsk-pdf-manager\/2017\/08\/SOLICITUD-DE-TENENCIA-DE-ANIMALES-POTENCIALMENTE-PELIGROSOS.pdf\" target=\"_blank\" rel=\"noopener\">Licencia para la tenencia de animales potencialmente peligrosos.<\/a><\/li>\n<li style=\"padding-bottom: 10px;\">DNI del propietario.<\/li>\n<li style=\"padding-bottom: 10px;\"><a class=\"pdf\" title=\"Certificado de penales. Archivo pdf\" href=\"\/..\/wp-content\/uploads\/bsk-pdf-manager\/2017\/08\/PENALES.pdf\" target=\"_blank\" rel=\"noopener\">Certificado de Penales.<\/a><\/li>\n<li style=\"padding-bottom: 10px;\"><a class=\"pdf\" title=\"Declaraci\u00f3n jurada. Archivo pdf\" href=\"\/..\/wp-content\/uploads\/bsk-pdf-manager\/2017\/08\/DECLARACION-JURADA.pdf\" target=\"_blank\" rel=\"noopener\">Declaraci\u00f3n jurada de no haber sido sancionado.<\/a><\/li>\n<li style=\"padding-bottom: 10px;\">Certificado de capacidad f\u00edsica y aptitud psicol\u00f3gica (psicot\u00e9cnico).<\/li>\n<li style=\"padding-bottom: 10px;\">Fotocopia de la p\u00f3liza del seguro de responsabilidad civil.<\/li>\n<li style=\"padding-bottom: 10px;\">Recibo de estar al corriente en el pago del seguro.<\/li>\n<li style=\"padding-bottom: 10px;\">En el caso de necesitarse: <a class=\"pdf\" title=\"Autorizaci\u00f3n licencia\" href=\"\/..\/wp-content\/uploads\/bsk-pdf-manager\/2017\/08\/AUTORIZACION-LICENCIA.pdf\" target=\"_blank\" rel=\"noopener\">Autorizaci\u00f3n licencia<\/a><\/li>\n<\/ul>\n<p><span style=\"text-decoration: underline;\"><strong>Solicitud \u201cTelem\u00e1tica\u201d<\/strong> <strong>por Sede Electr\u00f3nica<\/strong><\/span> (necesario firma digital):<\/p>\n<p style=\"padding-left: 20px;\"><a class=\"externo\" title=\"Solicitud licencia animales peligrosos. Enlace externo\" href=\"https:\/\/santapola.sedelectronica.es\/catalog\/t\/df9ad183-e3f8-4dc5-9cc3-057d3797817b\" target=\"_blank\" rel=\"noopener\">Tr\u00e1mite de solicitud<\/a><\/p>\n<p>[\/et_pb_tab][\/et_pb_tabs][et_pb_accordion open_toggle_text_color=&#8221;#0C71C3&#8243; closed_toggle_background_color=&#8221;#E9F0F6&#8243; _builder_version=&#8221;4.23.1&#8243; _module_preset=&#8221;default&#8221; toggle_text_color=&#8221;#124159&#8243; toggle_font=&#8221;|600|||||||&#8221; toggle_font_size=&#8221;15px&#8221; toggle_line_height=&#8221;1.3em&#8221; custom_margin=&#8221;||||false|false&#8221; custom_padding=&#8221;|12px||12px|false|false&#8221; custom_css_toggle=&#8221;margin-bottom:18px&#8221; custom_css_toggle_title=&#8221;padding:5px 12px 5px 12px;||background-color:#E9F0F6;&#8221; border_radii=&#8221;on|6px|6px|6px|6px&#8221; border_color_all=&#8221;rgba(129,165,193,0.65)&#8221; box_shadow_style=&#8221;preset3&#8243; global_colors_info=&#8221;{}&#8221;][et_pb_accordion_item title=&#8221;BLANC&#8221; open=&#8221;on&#8221; _builder_version=&#8221;4.21.0&#8243; _module_preset=&#8221;default&#8221; custom_css_main_element=&#8221;display:none;&#8221; global_colors_info=&#8221;{}&#8221;][\/et_pb_accordion_item][et_pb_accordion_item title=&#8221;Legislaci\u00f3&#8221; _builder_version=&#8221;4.23.1&#8243; _module_preset=&#8221;default&#8221; custom_margin=&#8221;||20px||false|false&#8221; global_colors_info=&#8221;{}&#8221; open=&#8221;off&#8221;]<\/p>\n<p><a class=\"pdf\" title=\"BOE-A-1999-24419. Archivo pdf\" href=\"https:\/\/www.boe.es\/buscar\/act.php?id=BOE-A-1999-24419\" target=\"_blank\" rel=\"noopener\">Llei 50\/1999, de 23 de desembre, sobre el R\u00e8gim Jur\u00eddic de la Tinen\u00e7a d&#8217;Animals Potencialment Perillosos.<\/a><\/p>\n<p><a class=\"pdf\" title=\"Decreto 145\/2000. Archivo pdf\" href=\"https:\/\/dogv.gva.es\/auto\/dogv\/docvpub\/rlgv\/2000\/D_2000_145_ca_D_2015_016.pdf\" target=\"_blank\" rel=\"noopener\">Decret 145\/2000, de 26 de setembre, del Govern Valenci\u00e0, pel qual es regula, a la Comunitat Valenciana, la tinen\u00e7a d&#8217;animals potencialment perillosos.<\/a><\/p>\n<p><a class=\"pdf\" title=\"Decreto 16\/2015. Archivo pdf\" href=\"https:\/\/dogv.gva.es\/portal\/ficha_disposicion_pc.jsp?sig=001100\/2015&amp;L=1\" target=\"_blank\" rel=\"noopener\">DECRET 16\/2015, de 6 de febrer, del Consell, de modificaci\u00f3 del Decret 145\/2000, de 26 de setembre, pel qual es regula, en la Comunitat Valenciana, la tinen\u00e7a d&#8217;animals potencialment perillosos. <\/a><\/p>\n<p>[\/et_pb_accordion_item][\/et_pb_accordion][\/et_pb_column][et_pb_column type=&#8221;1_4&#8243; module_class=&#8221;col-ancho-total&#8221; admin_label=&#8221;Columna 2&#8243; _builder_version=&#8221;4.23.1&#8243; custom_padding=&#8221;|||&#8221; global_colors_info=&#8221;{}&#8221; custom_padding__hover=&#8221;|||&#8221; custom_css_main_element_last_edited=&#8221;on|phone&#8221; custom_css_main_element_phone=&#8221; margin-bottom: 0px;&#8221;][et_pb_text content_last_edited=&#8221;off|desktop&#8221; admin_label=&#8221;T\u00edtulo. Te interesa&#8221; _builder_version=&#8221;4.24.2&#8243; _module_preset=&#8221;default&#8221; text_font=&#8221;|600|||||||&#8221; text_text_color=&#8221;#124159&#8243; text_font_size=&#8221;150%&#8221; text_line_height=&#8221;1.8em&#8221; header_text_color=&#8221;#123159&#8243; header_2_font=&#8221;|600|||||||&#8221; header_2_text_color=&#8221;#124159&#8243; header_2_font_size=&#8221;22px&#8221; custom_margin=&#8221;0px||30px||false|false&#8221; custom_padding=&#8221;0px||0px|||&#8221; border_width_bottom=&#8221;1px&#8221; border_color_bottom=&#8221;rgba(18,65,89,0.45)&#8221; global_colors_info=&#8221;{}&#8221;]<\/p>\n<p>T&#8217;interessa&#8230;<\/p>\n<p>[\/et_pb_text][et_pb_blurb title=&#8221;Fumigacions&#8221; use_icon=&#8221;on&#8221; font_icon=&#8221;&#xf7b9;||fa||900&#8243; icon_color=&#8221;#124159&#8243; image_icon_background_color=&#8221;RGBA(255,255,255,0)&#8221; image_icon_width=&#8221;96px&#8221; image_icon_width_tablet=&#8221;51%&#8221; image_icon_width_phone=&#8221;51%&#8221; image_icon_width_last_edited=&#8221;off|desktop&#8221; admin_label=&#8221;Programa Corresponsables&#8221; _builder_version=&#8221;4.24.2&#8243; _module_preset=&#8221;default&#8221; header_font=&#8221;|600|||||||&#8221; header_text_align=&#8221;left&#8221; header_text_color=&#8221;#124159&#8243; header_font_size=&#8221;125%&#8221; header_line_height=&#8221;1.3em&#8221; image_icon_custom_margin=&#8221;5px||-10px||false|false&#8221; image_icon_custom_padding=&#8221;||||false|false&#8221; custom_margin=&#8221;||||false|false&#8221; custom_margin_tablet=&#8221;||30px||false|false&#8221; custom_margin_phone=&#8221;||30px||false|false&#8221; custom_margin_last_edited=&#8221;off|desktop&#8221; custom_padding=&#8221;15px|15px|15px|20px|false|false&#8221; custom_css_blurb_title=&#8221;border-bottom:1px solid rgba(18,65,89,0.45);||margin-bottom:15px;&#8221; border_width_all=&#8221;1px&#8221; border_color_all=&#8221;#E9F0F6&#8243; border_color_all_image=&#8221;RGBA(255,255,255,0)&#8221; border_color_bottom_image=&#8221;#0C71C3&#8243; box_shadow_style=&#8221;preset2&#8243; global_colors_info=&#8221;%91%93&#8243;]<\/p>\n<p><a class=\"pdf\" title=\"Cronograma fumigaci\u00f3n. Archivo pdf\" href=\"\/..\/wp-content\/uploads\/2023\/03\/Cronograma-trabajos-Marzo-2023-Santa-Pola.pdf\" target=\"_blank\" rel=\"attachment noopener wp-att-17395\">Cronograma<\/a><\/p>\n<p><a class=\"pdf\" title=\"Solicitud de fumigaci\u00f3n. Archivo pdf\" href=\"\/..\/wp-content\/uploads\/bsk-pdf-manager\/2017\/08\/SOLICITUD-FUMIGACION.pdf\" target=\"_blank\" rel=\"noopener\">Sol\u00b7licitud de fumigaci\u00f3<\/a><\/p>\n<p>[\/et_pb_blurb][et_pb_button button_url=&#8221;\/..\/wp-content\/uploads\/bsk-pdf-manager\/2020\/07\/Consejos_VeranoSalud.pdf&#8221; url_new_window=&#8221;on&#8221; button_text=&#8221;Un estiu amb salut&#8221; button_alignment=&#8221;center&#8221; admin_label=&#8221;Bot\u00f3n Un verano con salud&#8221; _builder_version=&#8221;4.24.2&#8243; _module_preset=&#8221;default&#8221; custom_button=&#8221;on&#8221; button_text_size=&#8221;115%&#8221; button_text_color=&#8221;#124159&#8243; button_border_width=&#8221;1px&#8221; button_border_color=&#8221;RGBA(18,65,89,0.45)&#8221; button_border_radius=&#8221;0px&#8221; button_font=&#8221;||||||||&#8221; button_icon=&#8221;&#xf1c1;||fa||900&#8243; button_icon_color=&#8221;#6997bf&#8221; button_icon_placement=&#8221;left&#8221; button_on_hover=&#8221;off&#8221; custom_margin=&#8221;||20px||false|false&#8221; custom_padding=&#8221;15px||15px||false|false&#8221; custom_css_main_element=&#8221;width:100%;&#8221; box_shadow_style=&#8221;preset3&#8243; global_colors_info=&#8221;{}&#8221;][\/et_pb_button][et_pb_button button_url=&#8221;@ET-DC@eyJkeW5hbWljIjp0cnVlLCJjb250ZW50IjoicG9zdF9saW5rX3VybF9wYWdlIiwic2V0dGluZ3MiOnsicG9zdF9pZCI6IjE4MzA4In19@&#8221; button_text=&#8221;Veure Ordenances&#8221; button_alignment=&#8221;center&#8221; admin_label=&#8221;Bot\u00f3n Ordenanzas&#8221; _builder_version=&#8221;4.24.2&#8243; _dynamic_attributes=&#8221;button_url&#8221; _module_preset=&#8221;default&#8221; custom_button=&#8221;on&#8221; button_text_size=&#8221;115%&#8221; button_text_color=&#8221;#124159&#8243; button_border_width=&#8221;1px&#8221; button_border_color=&#8221;rgba(18,65,89,0.45)&#8221; button_border_radius=&#8221;0px&#8221; button_font=&#8221;||||||||&#8221; button_icon=&#8221;&#xe011;||divi||400&#8243; button_icon_color=&#8221;#6997bf&#8221; button_icon_placement=&#8221;left&#8221; button_on_hover=&#8221;off&#8221; custom_margin=&#8221;||20px||false|false&#8221; custom_padding=&#8221;15px||15px||false|false&#8221; custom_css_main_element=&#8221;width:100%;&#8221; box_shadow_style=&#8221;preset2&#8243; global_colors_info=&#8221;{}&#8221;][\/et_pb_button][et_pb_button button_url=&#8221;https:\/\/portal.santapola.es\/portal\/noEstatica.do?opc_id=89&amp;ent_id=1&amp;idioma=1&#8243; url_new_window=&#8221;on&#8221; button_text=&#8221;Autoliquidacions \/ Taxes&#8221; button_alignment=&#8221;center&#8221; admin_label=&#8221;Bot\u00f3n Autoliquidaciones \/ Tasas&#8221; _builder_version=&#8221;4.24.3&#8243; _module_preset=&#8221;default&#8221; custom_button=&#8221;on&#8221; button_text_size=&#8221;115%&#8221; button_text_color=&#8221;#124159&#8243; button_border_width=&#8221;1px&#8221; button_border_color=&#8221;RGBA(18,65,89,0.45)&#8221; button_border_radius=&#8221;0px&#8221; button_font=&#8221;||||||||&#8221; button_icon=&#8221;&#x69;||divi||400&#8243; button_icon_color=&#8221;#6997bf&#8221; button_icon_placement=&#8221;left&#8221; button_on_hover=&#8221;off&#8221; custom_margin=&#8221;||||false|false&#8221; custom_padding=&#8221;15px||15px||false|false&#8221; custom_padding_tablet=&#8221;15px||15px||false|false&#8221; custom_padding_phone=&#8221;15px||15px||false|false&#8221; custom_padding_last_edited=&#8221;off|desktop&#8221; hover_enabled=&#8221;0&#8243; custom_css_main_element=&#8221;width:100%;&#8221; box_shadow_style=&#8221;preset3&#8243; global_colors_info=&#8221;{}&#8221; sticky_enabled=&#8221;0&#8243;][\/et_pb_button][et_pb_blurb title=&#8221;Centre de Salut&#8221; image_icon_background_color=&#8221;RGBA(255,255,255,0)&#8221; image=&#8221;https:\/\/santapola.es\/wp-content\/uploads\/2023\/12\/2023-12-20-centro-de-salud-SP.jpg&#8221; image_icon_width=&#8221;95%&#8221; image_icon_width_tablet=&#8221;75%&#8221; image_icon_width_phone=&#8221;75%&#8221; image_icon_width_last_edited=&#8221;on|phone&#8221; admin_label=&#8221;Centro de Salud&#8221; _builder_version=&#8221;4.24.2&#8243; _module_preset=&#8221;default&#8221; header_font=&#8221;|600|||||||&#8221; header_text_align=&#8221;left&#8221; header_text_color=&#8221;#124159&#8243; header_font_size=&#8221;125%&#8221; header_line_height=&#8221;1.3em&#8221; background_enable_image=&#8221;off&#8221; image_icon_custom_margin=&#8221;||-10px||false|false&#8221; image_icon_custom_padding=&#8221;||||false|false&#8221; custom_margin=&#8221;||||false|false&#8221; custom_margin_tablet=&#8221;||30px||false|false&#8221; custom_margin_phone=&#8221;||30px||false|false&#8221; custom_margin_last_edited=&#8221;off|desktop&#8221; custom_padding=&#8221;15px|15px|15px|20px|false|false&#8221; custom_css_blurb_title=&#8221;border-bottom:1px solid rgba(18,65,89,0.45);||margin-bottom:15px;&#8221; border_width_all=&#8221;1px&#8221; border_color_all=&#8221;#E9F0F6&#8243; border_color_all_image=&#8221;RGBA(255,255,255,0)&#8221; border_color_bottom_image=&#8221;#0C71C3&#8243; box_shadow_style=&#8221;preset2&#8243; global_colors_info=&#8221;%91%93&#8243;]<\/p>\n<p>Av. Albacete, s\/n.<br \/>03130 Santa Pola (Alacant)<\/p>\n<p>Tlf: 96 691 53 00<br \/>Urg\u00e8ncies: 96 691 53 03<\/p>\n<p>[\/et_pb_blurb][et_pb_button button_url=&#8221;\/..\/wp-content\/uploads\/2023\/12\/Guia-usuario-csp-elche.pdf&#8221; url_new_window=&#8221;on&#8221; button_text=&#8221;Guia Centre Salut Elx&#8221; button_alignment=&#8221;center&#8221; admin_label=&#8221;Bot\u00f3n Guia usuario Centro salud elche&#8221; _builder_version=&#8221;4.24.2&#8243; _module_preset=&#8221;default&#8221; custom_button=&#8221;on&#8221; button_text_size=&#8221;115%&#8221; button_text_color=&#8221;#124159&#8243; button_border_width=&#8221;1px&#8221; button_border_color=&#8221;RGBA(18,65,89,0.45)&#8221; button_border_radius=&#8221;0px&#8221; button_font=&#8221;||||||||&#8221; button_icon=&#8221;&#xf1c1;||fa||900&#8243; button_icon_color=&#8221;#6997bf&#8221; button_icon_placement=&#8221;left&#8221; button_on_hover=&#8221;off&#8221; custom_margin=&#8221;||||false|false&#8221; custom_padding=&#8221;15px||15px||false|false&#8221; custom_css_main_element=&#8221;width:100%;&#8221; box_shadow_style=&#8221;preset3&#8243; global_colors_info=&#8221;{}&#8221;][\/et_pb_button][\/et_pb_column][\/et_pb_row][\/et_pb_section]<\/p>\n","protected":false},"excerpt":{"rendered":"<p>Sanitat<span><span><a href=\"https:\/\/santapola.es\/ca\/\">Inici<\/a><\/span><\/span>AdhesionsActa de constituci\u00f3 de la taula intersectorial Certificat ple Cronograma Declaraci\u00f3 institucional Diploma Estrat\u00e8gia SNSIV Pla de Salut &#8220;XARXASALUT&#8221; Acta de constituci\u00f3 de la taula intersectorial Certificat d&#8217;acord Diploma IV Pla de SalutActivitats de salut en centres d&#8217;infantil i prim\u00e0ria (CEIP)Els alumnes de tots els cursos de segon i quart de prim\u00e0ria de tots els [&hellip;]<\/p>\n","protected":false},"author":95,"featured_media":0,"parent":34215,"menu_order":0,"comment_status":"closed","ping_status":"closed","template":"","meta":{"_et_pb_use_builder":"on","_et_pb_old_content":"","_et_gb_content_width":"","footnotes":""},"class_list":["post-34456","page","type-page","status-publish","hentry"],"yoast_head":"<!-- This site is optimized with the Yoast SEO plugin v27.4 - https:\/\/yoast.com\/product\/yoast-seo-wordpress\/ -->\n<title>Sanitat - Ajuntament de Santa Pola<\/title>\n<meta name=\"robots\" content=\"index, follow, max-snippet:-1, max-image-preview:large, max-video-preview:-1\" \/>\n<link rel=\"canonical\" href=\"https:\/\/santapola.es\/ca\/arees\/sanitat\/\" \/>\n<meta property=\"og:locale\" content=\"ca_ES\" \/>\n<meta property=\"og:type\" content=\"article\" \/>\n<meta property=\"og:title\" content=\"Sanitat - Ajuntament de Santa Pola\" \/>\n<meta property=\"og:description\" content=\"SanitatAdhesionsActa de constituci\u00f3 de la taula intersectorial Certificat ple Cronograma Declaraci\u00f3 institucional Diploma Estrat\u00e8gia SNSIV Pla de Salut &quot;XARXASALUT&quot; Acta de constituci\u00f3 de la taula intersectorial Certificat d&#039;acord Diploma IV Pla de SalutActivitats de salut en centres d&#039;infantil i prim\u00e0ria (CEIP)Els alumnes de tots els cursos de segon i quart de prim\u00e0ria de tots els [&hellip;]\" \/>\n<meta property=\"og:url\" content=\"https:\/\/santapola.es\/ca\/arees\/sanitat\/\" \/>\n<meta property=\"og:site_name\" content=\"Ajuntament de Santa Pola\" \/>\n<meta property=\"article:publisher\" content=\"https:\/\/www.facebook.com\/AyuntamientoSantaPola\/\" \/>\n<meta property=\"article:modified_time\" content=\"2025-05-27T12:25:18+00:00\" \/>\n<meta property=\"og:image\" content=\"https:\/\/santapola.es\/wp-content\/uploads\/2019\/02\/LOGO-LA-MILLA.jpg\" \/>\n\t<meta property=\"og:image:width\" content=\"1201\" \/>\n\t<meta property=\"og:image:height\" content=\"234\" \/>\n\t<meta property=\"og:image:type\" content=\"image\/jpeg\" \/>\n<meta name=\"twitter:card\" content=\"summary_large_image\" \/>\n<meta name=\"twitter:site\" content=\"@SantaPolaAyunt\" \/>\n<script type=\"application\/ld+json\" class=\"yoast-schema-graph\">{\"@context\":\"https:\\\/\\\/schema.org\",\"@graph\":[{\"@type\":\"WebPage\",\"@id\":\"https:\\\/\\\/santapola.es\\\/ca\\\/arees\\\/sanitat\\\/\",\"url\":\"https:\\\/\\\/santapola.es\\\/ca\\\/arees\\\/sanitat\\\/\",\"name\":\"Sanitat - Ajuntament de Santa Pola\",\"isPartOf\":{\"@id\":\"https:\\\/\\\/santapola.es\\\/ca\\\/#website\"},\"primaryImageOfPage\":{\"@id\":\"https:\\\/\\\/santapola.es\\\/ca\\\/arees\\\/sanitat\\\/#primaryimage\"},\"image\":{\"@id\":\"https:\\\/\\\/santapola.es\\\/ca\\\/arees\\\/sanitat\\\/#primaryimage\"},\"thumbnailUrl\":\"https:\\\/\\\/santapola.es\\\/wp-content\\\/uploads\\\/2019\\\/02\\\/LOGO-LA-MILLA-300x58.jpg\",\"datePublished\":\"2023-12-21T08:52:27+00:00\",\"dateModified\":\"2025-05-27T12:25:18+00:00\",\"breadcrumb\":{\"@id\":\"https:\\\/\\\/santapola.es\\\/ca\\\/arees\\\/sanitat\\\/#breadcrumb\"},\"inLanguage\":\"ca\",\"potentialAction\":[{\"@type\":\"ReadAction\",\"target\":[\"https:\\\/\\\/santapola.es\\\/ca\\\/arees\\\/sanitat\\\/\"]}]},{\"@type\":\"ImageObject\",\"inLanguage\":\"ca\",\"@id\":\"https:\\\/\\\/santapola.es\\\/ca\\\/arees\\\/sanitat\\\/#primaryimage\",\"url\":\"https:\\\/\\\/santapola.es\\\/wp-content\\\/uploads\\\/2019\\\/02\\\/LOGO-LA-MILLA-300x58.jpg\",\"contentUrl\":\"https:\\\/\\\/santapola.es\\\/wp-content\\\/uploads\\\/2019\\\/02\\\/LOGO-LA-MILLA-300x58.jpg\"},{\"@type\":\"BreadcrumbList\",\"@id\":\"https:\\\/\\\/santapola.es\\\/ca\\\/arees\\\/sanitat\\\/#breadcrumb\",\"itemListElement\":[{\"@type\":\"ListItem\",\"position\":1,\"name\":\"Inici\",\"item\":\"https:\\\/\\\/santapola.es\\\/ca\\\/\"},{\"@type\":\"ListItem\",\"position\":2,\"name\":\"\u00c0rees\",\"item\":\"https:\\\/\\\/santapola.es\\\/ca\\\/areas-municipales\\\/\"},{\"@type\":\"ListItem\",\"position\":3,\"name\":\"Sanitat\"}]},{\"@type\":\"WebSite\",\"@id\":\"https:\\\/\\\/santapola.es\\\/ca\\\/#website\",\"url\":\"https:\\\/\\\/santapola.es\\\/ca\\\/\",\"name\":\"Ayuntamiento de Santa Pola\",\"description\":\"Web de l'Ajuntament de Santa Pola\",\"potentialAction\":[{\"@type\":\"SearchAction\",\"target\":{\"@type\":\"EntryPoint\",\"urlTemplate\":\"https:\\\/\\\/santapola.es\\\/ca\\\/?s={search_term_string}\"},\"query-input\":{\"@type\":\"PropertyValueSpecification\",\"valueRequired\":true,\"valueName\":\"search_term_string\"}}],\"inLanguage\":\"ca\"}]}<\/script>\n<!-- \/ Yoast SEO plugin. -->","yoast_head_json":{"title":"Sanitat - Ajuntament de Santa Pola","robots":{"index":"index","follow":"follow","max-snippet":"max-snippet:-1","max-image-preview":"max-image-preview:large","max-video-preview":"max-video-preview:-1"},"canonical":"https:\/\/santapola.es\/ca\/arees\/sanitat\/","og_locale":"ca_ES","og_type":"article","og_title":"Sanitat - Ajuntament de Santa Pola","og_description":"SanitatAdhesionsActa de constituci\u00f3 de la taula intersectorial Certificat ple Cronograma Declaraci\u00f3 institucional Diploma Estrat\u00e8gia SNSIV Pla de Salut \"XARXASALUT\" Acta de constituci\u00f3 de la taula intersectorial Certificat d'acord Diploma IV Pla de SalutActivitats de salut en centres d'infantil i prim\u00e0ria (CEIP)Els alumnes de tots els cursos de segon i quart de prim\u00e0ria de tots els [&hellip;]","og_url":"https:\/\/santapola.es\/ca\/arees\/sanitat\/","og_site_name":"Ajuntament de Santa Pola","article_publisher":"https:\/\/www.facebook.com\/AyuntamientoSantaPola\/","article_modified_time":"2025-05-27T12:25:18+00:00","og_image":[{"width":1201,"height":234,"url":"https:\/\/santapola.es\/wp-content\/uploads\/2019\/02\/LOGO-LA-MILLA.jpg","type":"image\/jpeg"}],"twitter_card":"summary_large_image","twitter_site":"@SantaPolaAyunt","schema":{"@context":"https:\/\/schema.org","@graph":[{"@type":"WebPage","@id":"https:\/\/santapola.es\/ca\/arees\/sanitat\/","url":"https:\/\/santapola.es\/ca\/arees\/sanitat\/","name":"Sanitat - Ajuntament de Santa Pola","isPartOf":{"@id":"https:\/\/santapola.es\/ca\/#website"},"primaryImageOfPage":{"@id":"https:\/\/santapola.es\/ca\/arees\/sanitat\/#primaryimage"},"image":{"@id":"https:\/\/santapola.es\/ca\/arees\/sanitat\/#primaryimage"},"thumbnailUrl":"https:\/\/santapola.es\/wp-content\/uploads\/2019\/02\/LOGO-LA-MILLA-300x58.jpg","datePublished":"2023-12-21T08:52:27+00:00","dateModified":"2025-05-27T12:25:18+00:00","breadcrumb":{"@id":"https:\/\/santapola.es\/ca\/arees\/sanitat\/#breadcrumb"},"inLanguage":"ca","potentialAction":[{"@type":"ReadAction","target":["https:\/\/santapola.es\/ca\/arees\/sanitat\/"]}]},{"@type":"ImageObject","inLanguage":"ca","@id":"https:\/\/santapola.es\/ca\/arees\/sanitat\/#primaryimage","url":"https:\/\/santapola.es\/wp-content\/uploads\/2019\/02\/LOGO-LA-MILLA-300x58.jpg","contentUrl":"https:\/\/santapola.es\/wp-content\/uploads\/2019\/02\/LOGO-LA-MILLA-300x58.jpg"},{"@type":"BreadcrumbList","@id":"https:\/\/santapola.es\/ca\/arees\/sanitat\/#breadcrumb","itemListElement":[{"@type":"ListItem","position":1,"name":"Inici","item":"https:\/\/santapola.es\/ca\/"},{"@type":"ListItem","position":2,"name":"\u00c0rees","item":"https:\/\/santapola.es\/ca\/areas-municipales\/"},{"@type":"ListItem","position":3,"name":"Sanitat"}]},{"@type":"WebSite","@id":"https:\/\/santapola.es\/ca\/#website","url":"https:\/\/santapola.es\/ca\/","name":"Ayuntamiento de Santa Pola","description":"Web de l'Ajuntament de Santa Pola","potentialAction":[{"@type":"SearchAction","target":{"@type":"EntryPoint","urlTemplate":"https:\/\/santapola.es\/ca\/?s={search_term_string}"},"query-input":{"@type":"PropertyValueSpecification","valueRequired":true,"valueName":"search_term_string"}}],"inLanguage":"ca"}]}},"_links":{"self":[{"href":"https:\/\/santapola.es\/ca\/wp-json\/wp\/v2\/pages\/34456","targetHints":{"allow":["GET"]}}],"collection":[{"href":"https:\/\/santapola.es\/ca\/wp-json\/wp\/v2\/pages"}],"about":[{"href":"https:\/\/santapola.es\/ca\/wp-json\/wp\/v2\/types\/page"}],"author":[{"embeddable":true,"href":"https:\/\/santapola.es\/ca\/wp-json\/wp\/v2\/users\/95"}],"replies":[{"embeddable":true,"href":"https:\/\/santapola.es\/ca\/wp-json\/wp\/v2\/comments?post=34456"}],"version-history":[{"count":0,"href":"https:\/\/santapola.es\/ca\/wp-json\/wp\/v2\/pages\/34456\/revisions"}],"up":[{"embeddable":true,"href":"https:\/\/santapola.es\/ca\/wp-json\/wp\/v2\/pages\/34215"}],"wp:attachment":[{"href":"https:\/\/santapola.es\/ca\/wp-json\/wp\/v2\/media?parent=34456"}],"curies":[{"name":"wp","href":"https:\/\/api.w.org\/{rel}","templated":true}]}}