{"id":34431,"date":"2023-11-29T13:22:45","date_gmt":"2023-11-29T12:22:45","guid":{"rendered":"https:\/\/www.desarrollo.santapola.es\/arees\/mobilitat\/"},"modified":"2025-09-15T13:33:00","modified_gmt":"2025-09-15T11:33:00","slug":"mobilitat","status":"publish","type":"page","link":"https:\/\/santapola.es\/ca\/arees\/mobilitat\/","title":{"rendered":"Mobilitat"},"content":{"rendered":"<p>[et_pb_section fb_built=&#8221;1&#8243; disabled_on=&#8221;off|off|off&#8221; admin_label=&#8221;Secci\u00f3n fondo cabecera&#8221; _builder_version=&#8221;4.21.0&#8243; _module_preset=&#8221;default&#8221; background_image=&#8221;https:\/\/santapola.es\/wp-content\/uploads\/2017\/03\/DSC38162.jpg&#8221; background_position=&#8221;center_left&#8221; background_horizontal_offset=&#8221;0%&#8221; height=&#8221;250px&#8221; custom_css_main_element=&#8221;display: flex;||justify-content: center;&#8221; global_colors_info=&#8221;{}&#8221;][et_pb_row admin_label=&#8221;Fila cap\u00e7alera&#8221; _builder_version=&#8221;4.20.0&#8243; _module_preset=&#8221;c058b923-922c-4136-ad09-c0e7a4d225ab&#8221; background_color=&#8221;RGBA(255,255,255,0)&#8221; global_colors_info=&#8221;{}&#8221;][et_pb_column type=&#8221;4_4&#8243; _builder_version=&#8221;4.20.0&#8243; _module_preset=&#8221;default&#8221; global_colors_info=&#8221;{}&#8221;][et_pb_text admin_label=&#8221;Texto t\u00edtulo de cabecera&#8221; _builder_version=&#8221;4.21.0&#8243; _module_preset=&#8221;default&#8221; text_font=&#8221;|600|||||||&#8221; text_text_color=&#8221;#FFFFFF&#8221; text_font_size=&#8221;550%&#8221; text_line_height=&#8221;0.9em&#8221; background_color=&#8221;RGBA(255,255,255,0)&#8221; text_orientation=&#8221;center&#8221; text_font_size_tablet=&#8221;500%&#8221; text_font_size_phone=&#8221;400%&#8221; text_font_size_last_edited=&#8221;on|phone&#8221; text_line_height_tablet=&#8221;0.9em&#8221; text_line_height_phone=&#8221;0.9em&#8221; text_line_height_last_edited=&#8221;off|desktop&#8221; text_text_shadow_style=&#8221;preset2&#8243; text_text_shadow_color=&#8221;#000000&#8243; global_colors_info=&#8221;{}&#8221;]<\/p>\n<p>Mobilitat<\/p>\n<p>[\/et_pb_text][\/et_pb_column][\/et_pb_row][\/et_pb_section][et_pb_section fb_built=&#8221;1&#8243; inner_shadow=&#8221;on&#8221; custom_padding_last_edited=&#8221;on|desktop&#8221; admin_label=&#8221;Secci\u00f3n cuerpo P\u00e1gina principal&#8221; _builder_version=&#8221;4.20.0&#8243; background_color=&#8221;#ffffff&#8221; width=&#8221;100%&#8221; custom_margin=&#8221;-5px||||false|false&#8221; custom_margin_tablet=&#8221;-5px||||false|false&#8221; custom_margin_phone=&#8221;-5px||||false|false&#8221; custom_margin_last_edited=&#8221;on|phone&#8221; custom_padding=&#8221;0px|0px|50px|0px|false|false&#8221; custom_padding_tablet=&#8221;0px|0|50px|0|false|false&#8221; custom_padding_phone=&#8221;|0|50px|0|false|false&#8221; custom_css_main_element=&#8221;display:flex;||flex-wrap:wrap;&#8221; transparent_background=&#8221;off&#8221; make_fullwidth=&#8221;off&#8221; use_custom_width=&#8221;off&#8221; width_unit=&#8221;on&#8221; custom_width_px=&#8221;1080px&#8221; custom_width_percent=&#8221;80%&#8221; global_colors_info=&#8221;{}&#8221;][et_pb_row column_structure=&#8221;1_3,1_3,1_3&#8243; use_custom_gutter=&#8221;on&#8221; gutter_width=&#8221;2&#8243; make_equal=&#8221;on&#8221; admin_label=&#8221;Fila enlla\u00e7os destacats&#8221; _builder_version=&#8221;4.24.2&#8243; _module_preset=&#8221;_initial&#8221; width=&#8221;100%&#8221; width_tablet=&#8221;80%&#8221; width_phone=&#8221;80%&#8221; width_last_edited=&#8221;on|tablet&#8221; max_width=&#8221;65%&#8221; max_width_tablet=&#8221;80%&#8221; max_width_phone=&#8221;80%&#8221; max_width_last_edited=&#8221;on|desktop&#8221; custom_margin=&#8221;25px||15px||false|false&#8221; custom_margin_tablet=&#8221;5px|auto||auto|false|false&#8221; custom_margin_phone=&#8221;5px|auto||auto|false|false&#8221; custom_padding=&#8221;5px|0px|5px|0px|false|false&#8221; custom_css_main_element=&#8221;justify-content:center;&#8221; make_fullwidth=&#8221;on&#8221; use_custom_width=&#8221;off&#8221; width_unit=&#8221;off&#8221; custom_width_px=&#8221;1080px&#8221; custom_width_percent=&#8221;80%&#8221; global_colors_info=&#8221;{}&#8221; custom_css_main_element_last_edited=&#8221;on|phone&#8221; custom_css_main_element_phone=&#8221;order:3;&#8221; custom_css_main_element_tablet=&#8221;justify-content:center;&#8221;][et_pb_column type=&#8221;1_3&#8243; admin_label=&#8221;Columna 1&#8243; _builder_version=&#8221;4.21.0&#8243; background_enable_image=&#8221;off&#8221; background_position=&#8221;bottom_right&#8221; custom_padding=&#8221;|||&#8221; global_colors_info=&#8221;{}&#8221; custom_padding__hover=&#8221;|||&#8221;][et_pb_blurb title=&#8221;Mobilitat GVA&#8221; image_icon_background_color=&#8221;RGBA(255,255,255,0)&#8221; image=&#8221;https:\/\/santapola.es\/wp-content\/uploads\/2023\/07\/Logo-Generalitat-2.png&#8221; image_icon_width=&#8221;51%&#8221; admin_label=&#8221;Enlace. Movilidad GVA&#8221; _builder_version=&#8221;4.24.2&#8243; _module_preset=&#8221;2f4a4509-8466-474e-b9a0-72eccd871d6d&#8221; header_level=&#8221;h3&#8243; header_font=&#8221;Raleway|600|||||||&#8221; header_text_align=&#8221;center&#8221; header_text_color=&#8221;#124159&#8243; header_font_size=&#8221;15px&#8221; body_font=&#8221;Raleway||||&#8221; body_text_color=&#8221;#124159&#8243; body_font_size=&#8221;12px&#8221; use_background_color_gradient=&#8221;on&#8221; background_color_gradient_stops=&#8221;#ffffff 0%|#ffffff 62%|rgba(247,65,0,0.38) 100%&#8221; image_icon_custom_margin=&#8221;||||false|false&#8221; image_icon_custom_margin_last_edited=&#8221;off|desktop&#8221; image_icon_custom_padding=&#8221;12px|12px||12px|false|false&#8221; text_orientation=&#8221;center&#8221; module_alignment=&#8221;center&#8221; height=&#8221;180px&#8221; custom_margin=&#8221;||||false|false&#8221; custom_padding=&#8221;|5px||5px|false|false&#8221; animation=&#8221;off&#8221; link_option_url=&#8221;https:\/\/mediambient.gva.es\/va\/web\/movilidad\/&#8221; link_option_url_new_window=&#8221;on&#8221; custom_css_main_element=&#8221;display:flex;||flex-direction:column;||justify-content: center;&#8221; custom_css_blurb_image=&#8221;margin-bottom:14px;&#8221; custom_css_blurb_title=&#8221;padding-bottom:0px;||&#8221; border_width_all=&#8221;1px&#8221; border_color_all=&#8221;#f95f00&#8243; border_radii_image=&#8221;on|0%|0%|0%|0%&#8221; border_width_all_image=&#8221;0px&#8221; border_color_all_image=&#8221;RGBA(255,255,255,0)&#8221; box_shadow_style=&#8221;preset2&#8243; use_border_color=&#8221;off&#8221; border_color=&#8221;#ffffff&#8221; border_width=&#8221;1px&#8221; border_style=&#8221;solid&#8221; image_max_width=&#8221;none&#8221; icon_font_size=&#8221;68px&#8221; use_circle=&#8221;on&#8221; use_circle_border=&#8221;on&#8221; circle_border_color=&#8221;#749db2&#8243; circle_color=&#8221;#124159&#8243; global_colors_info=&#8221;%91%93&#8243;][\/et_pb_blurb][\/et_pb_column][et_pb_column type=&#8221;1_3&#8243; admin_label=&#8221;Columna 2&#8243; _builder_version=&#8221;4.21.0&#8243; background_enable_image=&#8221;off&#8221; background_position=&#8221;bottom_right&#8221; custom_padding=&#8221;|||&#8221; global_colors_info=&#8221;{}&#8221; custom_padding__hover=&#8221;|||&#8221;][et_pb_blurb title=&#8221;Taxis&#8221; use_icon=&#8221;on&#8221; font_icon=&#8221;&#xf1ba;||fa||900&#8243; icon_color=&#8221;#124159&#8243; image_icon_background_color=&#8221;RGBA(255,255,255,0)&#8221; image_icon_width=&#8221;500%&#8221; admin_label=&#8221;Enlace Taxis (Infraestructura)&#8221; _builder_version=&#8221;4.24.2&#8243; _module_preset=&#8221;2f4a4509-8466-474e-b9a0-72eccd871d6d&#8221; header_level=&#8221;h3&#8243; header_font=&#8221;Raleway|600|||||||&#8221; header_text_align=&#8221;center&#8221; header_text_color=&#8221;#124159&#8243; header_font_size=&#8221;15px&#8221; body_font=&#8221;Raleway||||&#8221; body_text_color=&#8221;#124159&#8243; body_font_size=&#8221;12px&#8221; use_background_color_gradient=&#8221;on&#8221; background_color_gradient_stops=&#8221;#ffffff 62%|rgba(0,128,173,0.38) 100%&#8221; image_icon_custom_margin=&#8221;||5px||false|false&#8221; image_icon_custom_margin_last_edited=&#8221;off|desktop&#8221; image_icon_custom_padding=&#8221;||||false|false&#8221; text_orientation=&#8221;center&#8221; module_alignment=&#8221;center&#8221; height=&#8221;180px&#8221; custom_margin=&#8221;||||false|false&#8221; custom_padding=&#8221;10px|5px|10px|5px|false|false&#8221; animation=&#8221;off&#8221; link_option_url=&#8221;\/..\/areas-municipales\/infraestructura\/#taxis&#8221; custom_css_main_element=&#8221;display:flex;||flex-direction:column;||justify-content: center;&#8221; custom_css_blurb_image=&#8221;margin-bottom: 6px;&#8221; custom_css_blurb_title=&#8221;padding-bottom:0px;||&#8221; border_width_all=&#8221;1px&#8221; border_color_all=&#8221;#0c71c3&#8243; border_radii_image=&#8221;on|0%|0%|0%|0%&#8221; border_width_all_image=&#8221;0px&#8221; border_color_all_image=&#8221;RGBA(255,255,255,0)&#8221; box_shadow_style=&#8221;preset2&#8243; use_border_color=&#8221;off&#8221; border_color=&#8221;#ffffff&#8221; border_width=&#8221;1px&#8221; border_style=&#8221;solid&#8221; image_max_width=&#8221;none&#8221; icon_font_size=&#8221;68px&#8221; use_circle=&#8221;on&#8221; use_circle_border=&#8221;on&#8221; circle_border_color=&#8221;#749db2&#8243; circle_color=&#8221;#124159&#8243; global_colors_info=&#8221;%91%93&#8243;][\/et_pb_blurb][\/et_pb_column][et_pb_column type=&#8221;1_3&#8243; admin_label=&#8221;Columna 3&#8243; _builder_version=&#8221;4.21.0&#8243; background_enable_image=&#8221;off&#8221; background_position=&#8221;bottom_right&#8221; custom_padding=&#8221;|||&#8221; global_colors_info=&#8221;{}&#8221; custom_padding__hover=&#8221;|||&#8221;][et_pb_blurb image_icon_background_color=&#8221;RGBA(255,255,255,0)&#8221; image=&#8221;https:\/\/santapola.es\/wp-content\/uploads\/2023\/11\/Parque-infantil-de-trafico-300&#215;300.png&#8221; image_icon_width=&#8221;40%&#8221; admin_label=&#8221;Enlace. Ivaj&#8221; _builder_version=&#8221;4.24.2&#8243; _module_preset=&#8221;2f4a4509-8466-474e-b9a0-72eccd871d6d&#8221; header_level=&#8221;h3&#8243; header_font=&#8221;Raleway|600|||||||&#8221; header_text_align=&#8221;center&#8221; header_text_color=&#8221;#124159&#8243; header_font_size=&#8221;15px&#8221; body_font=&#8221;Raleway||||&#8221; body_text_color=&#8221;#124159&#8243; body_font_size=&#8221;12px&#8221; use_background_color_gradient=&#8221;on&#8221; background_color_gradient_stops=&#8221;#ffffff 0%|#ffffff 62%|rgba(0,99,87,0.38) 100%&#8221; image_icon_custom_margin=&#8221;||||false|false&#8221; image_icon_custom_margin_last_edited=&#8221;off|desktop&#8221; image_icon_custom_padding=&#8221;24px|12px||12px|false|false&#8221; text_orientation=&#8221;center&#8221; module_alignment=&#8221;center&#8221; height=&#8221;180px&#8221; custom_margin=&#8221;||||false|false&#8221; custom_padding=&#8221;|5px||5px|false|false&#8221; animation=&#8221;off&#8221; link_option_url=&#8221;https:\/\/ivaj.gva.es\/va\/&#8221; link_option_url_new_window=&#8221;on&#8221; custom_css_main_element=&#8221;display:flex;||flex-direction:column;||justify-content: center;&#8221; custom_css_blurb_image=&#8221;margin-bottom:14px;&#8221; custom_css_blurb_title=&#8221;padding-bottom:0px;||&#8221; border_width_all=&#8221;1px&#8221; border_color_all=&#8221;#00a5a2&#8243; border_radii_image=&#8221;on|0%|0%|0%|0%&#8221; border_width_all_image=&#8221;0px&#8221; border_color_all_image=&#8221;RGBA(255,255,255,0)&#8221; box_shadow_style=&#8221;preset2&#8243; use_border_color=&#8221;off&#8221; border_color=&#8221;#ffffff&#8221; border_width=&#8221;1px&#8221; border_style=&#8221;solid&#8221; image_max_width=&#8221;none&#8221; icon_font_size=&#8221;68px&#8221; use_circle=&#8221;on&#8221; use_circle_border=&#8221;on&#8221; circle_border_color=&#8221;#749db2&#8243; circle_color=&#8221;#124159&#8243; global_colors_info=&#8221;%91%93&#8243;][\/et_pb_blurb][\/et_pb_column][\/et_pb_row][et_pb_row use_custom_gutter=&#8221;on&#8221; gutter_width=&#8221;2&#8243; make_equal=&#8221;on&#8221; admin_label=&#8221;Fila enlla\u00e7os destacats&#8221; _builder_version=&#8221;4.23.1&#8243; _module_preset=&#8221;_initial&#8221; background_color=&#8221;#f9b14d&#8221; use_background_color_gradient=&#8221;on&#8221; background_color_gradient_stops=&#8221;#ffffff 17%|#f9b14d 84%&#8221; width=&#8221;100%&#8221; width_tablet=&#8221;80%&#8221; width_phone=&#8221;80%&#8221; width_last_edited=&#8221;on|tablet&#8221; max_width=&#8221;65%&#8221; max_width_tablet=&#8221;80%&#8221; max_width_phone=&#8221;80%&#8221; max_width_last_edited=&#8221;on|desktop&#8221; custom_margin=&#8221;25px||15px||false|false&#8221; custom_margin_tablet=&#8221;5px|auto||auto|false|false&#8221; custom_margin_phone=&#8221;5px|auto||auto|false|false&#8221; custom_padding=&#8221;5px|0px|5px|0px|false|false&#8221; custom_css_main_element=&#8221;justify-content:center;&#8221; make_fullwidth=&#8221;on&#8221; use_custom_width=&#8221;off&#8221; width_unit=&#8221;off&#8221; custom_width_px=&#8221;1080px&#8221; custom_width_percent=&#8221;80%&#8221; global_colors_info=&#8221;{}&#8221; custom_css_main_element_last_edited=&#8221;on|desktop&#8221; custom_css_main_element_phone=&#8221;order:3;&#8221; custom_css_main_element_tablet=&#8221;justify-content:center;&#8221;][et_pb_column type=&#8221;4_4&#8243; admin_label=&#8221;Columna 1&#8243; _builder_version=&#8221;4.21.0&#8243; background_enable_image=&#8221;off&#8221; background_position=&#8221;bottom_right&#8221; custom_padding=&#8221;|||&#8221; global_colors_info=&#8221;{}&#8221; custom_padding__hover=&#8221;|||&#8221;][et_pb_blurb image_icon_background_color=&#8221;RGBA(255,255,255,0)&#8221; image_icon_width=&#8221;90%&#8221; admin_label=&#8221;Enlace. PMUS&#8221; _builder_version=&#8221;4.24.2&#8243; _module_preset=&#8221;2f4a4509-8466-474e-b9a0-72eccd871d6d&#8221; header_level=&#8221;h3&#8243; header_font=&#8221;Raleway|600|||||||&#8221; header_text_align=&#8221;center&#8221; header_text_color=&#8221;#124159&#8243; header_font_size=&#8221;15px&#8221; body_font=&#8221;Raleway||||&#8221; body_text_color=&#8221;#124159&#8243; body_font_size=&#8221;12px&#8221; background_enable_color=&#8221;off&#8221; background_image=&#8221;https:\/\/santapola.es\/wp-content\/uploads\/2023\/11\/banner-PMUS.jpg&#8221; background_size=&#8221;contain&#8221; image_icon_custom_margin=&#8221;||||false|false&#8221; image_icon_custom_margin_tablet=&#8221;&#8221; image_icon_custom_margin_phone=&#8221;&#8221; image_icon_custom_margin_last_edited=&#8221;on|desktop&#8221; image_icon_custom_padding=&#8221;12px|12px|12px|12px|false|false&#8221; text_orientation=&#8221;center&#8221; module_alignment=&#8221;center&#8221; height=&#8221;180px&#8221; custom_margin=&#8221;||||false|false&#8221; custom_padding=&#8221;|5px||5px|false|false&#8221; animation=&#8221;off&#8221; link_option_url=&#8221;#pmus&#8221; background_last_edited=&#8221;off|phone&#8221; custom_css_main_element=&#8221;display:flex;||flex-direction:column;||justify-content: center;&#8221; custom_css_blurb_image=&#8221;margin-bottom:14px;&#8221; custom_css_blurb_title=&#8221;padding-bottom:0px;||&#8221; border_width_all=&#8221;1px&#8221; border_color_all=&#8221;#E09900&#8243; border_radii_image=&#8221;on|0%|0%|0%|0%&#8221; border_width_all_image=&#8221;0px&#8221; border_color_all_image=&#8221;RGBA(255,255,255,0)&#8221; box_shadow_style=&#8221;preset2&#8243; use_border_color=&#8221;off&#8221; border_color=&#8221;#ffffff&#8221; border_width=&#8221;1px&#8221; border_style=&#8221;solid&#8221; image_max_width=&#8221;none&#8221; icon_font_size=&#8221;68px&#8221; use_circle=&#8221;on&#8221; use_circle_border=&#8221;on&#8221; circle_border_color=&#8221;#749db2&#8243; circle_color=&#8221;#124159&#8243; global_colors_info=&#8221;%91%93&#8243;][\/et_pb_blurb][\/et_pb_column][\/et_pb_row][et_pb_row admin_label=&#8221;Fila contenidor Migas de pan&#8221; _builder_version=&#8221;4.20.0&#8243; _module_preset=&#8221;_initial&#8221; width_tablet=&#8221;&#8221; width_phone=&#8221;&#8221; width_last_edited=&#8221;on|phone&#8221; max_width=&#8221;65%&#8221; max_width_tablet=&#8221;80%&#8221; max_width_phone=&#8221;80%&#8221; max_width_last_edited=&#8221;on|desktop&#8221; custom_margin=&#8221;15px|auto|0px|auto|false|false&#8221; custom_margin_tablet=&#8221;5px|auto|0px|auto|false|false&#8221; custom_margin_phone=&#8221;15px|auto|0px|auto|false|false&#8221; custom_padding=&#8221;0px||0px||false|false&#8221; make_fullwidth=&#8221;on&#8221; use_custom_width=&#8221;off&#8221; width_unit=&#8221;off&#8221; custom_width_px=&#8221;1080px&#8221; custom_width_percent=&#8221;80%&#8221; global_colors_info=&#8221;{}&#8221; custom_css_main_element_last_edited=&#8221;on|desktop&#8221; custom_css_main_element_phone=&#8221;order:1;&#8221;][et_pb_column type=&#8221;4_4&#8243; admin_label=&#8221;Columna 1&#8243; _builder_version=&#8221;4.20.0&#8243; custom_padding=&#8221;|||&#8221; global_colors_info=&#8221;{}&#8221; custom_padding__hover=&#8221;|||&#8221;][et_pb_code admin_label=&#8221;Migas de pan&#8221; _builder_version=&#8221;4.20.0&#8243; _module_preset=&#8221;default&#8221; custom_margin=&#8221;||||false|false&#8221; custom_padding=&#8221;||||false|false&#8221; global_colors_info=&#8221;{}&#8221;]<span><span><a href=\"https:\/\/santapola.es\/ca\/\">Inici<\/a><\/span><\/span>[\/et_pb_code][\/et_pb_column][\/et_pb_row][et_pb_row column_padding_mobile=&#8221;on&#8221; admin_label=&#8221;Fila contenidor principal&#8221; _builder_version=&#8221;4.23.1&#8243; _module_preset=&#8221;_initial&#8221; background_size=&#8221;initial&#8221; background_position=&#8221;top_left&#8221; background_repeat=&#8221;repeat&#8221; width=&#8221;100%&#8221; width_tablet=&#8221;80%&#8221; width_phone=&#8221;80%&#8221; width_last_edited=&#8221;on|desktop&#8221; max_width=&#8221;65%&#8221; max_width_tablet=&#8221;80%&#8221; max_width_phone=&#8221;80%&#8221; max_width_last_edited=&#8221;on|tablet&#8221; custom_margin=&#8221;0px|auto|15px|auto|false|false&#8221; custom_margin_tablet=&#8221;|auto|15px|auto|false|false&#8221; custom_margin_phone=&#8221;|auto|15px|auto|false|false&#8221; custom_margin_last_edited=&#8221;on|phone&#8221; custom_padding=&#8221;10px|15px|0px|0px|false|false&#8221; make_fullwidth=&#8221;on&#8221; use_custom_width=&#8221;off&#8221; width_unit=&#8221;off&#8221; custom_width_px=&#8221;1080px&#8221; custom_width_percent=&#8221;80%&#8221; global_colors_info=&#8221;{}&#8221; custom_css_main_element__hover_enabled=&#8221;off|desktop&#8221; custom_css_main_element_last_edited=&#8221;on|phone&#8221; custom_css_main_element_phone=&#8221;order:2;&#8221;][et_pb_column type=&#8221;4_4&#8243; module_class=&#8221;col-ancho-total&#8221; admin_label=&#8221;Columna 1&#8243; _builder_version=&#8221;4.20.0&#8243; custom_padding=&#8221;|||&#8221; global_colors_info=&#8221;{}&#8221; custom_padding__hover=&#8221;|||&#8221; custom_css_main_element_last_edited=&#8221;on|phone&#8221; custom_css_main_element_phone=&#8221; margin-bottom: 0px;&#8221;][et_pb_text content_last_edited=&#8221;off|desktop&#8221; admin_label=&#8221;T\u00edtulo. Movilidad Reducida&#8221; _builder_version=&#8221;4.24.2&#8243; _module_preset=&#8221;default&#8221; text_font=&#8221;|600|||||||&#8221; text_text_color=&#8221;#124159&#8243; text_font_size=&#8221;150%&#8221; text_line_height=&#8221;1.8em&#8221; header_text_color=&#8221;#123159&#8243; header_2_font=&#8221;|600|||||||&#8221; header_2_text_color=&#8221;#124159&#8243; header_2_font_size=&#8221;22px&#8221; custom_margin=&#8221;0px||30px||false|false&#8221; custom_padding=&#8221;0px||0px|||&#8221; border_width_bottom=&#8221;1px&#8221; border_color_bottom=&#8221;rgba(18,65,89,0.45)&#8221; global_colors_info=&#8221;{}&#8221;]<\/p>\n<p>Mobilitat redu\u00efda<\/p>\n<p>[\/et_pb_text][et_pb_tabs active_tab_background_color=&#8221;#2c67a5&#8243; inactive_tab_background_color=&#8221;#E9F0F6&#8243; active_tab_text_color=&#8221;#FFFFFF&#8221; admin_label=&#8221;Pesta\u00f1as. Movilidad Reducida&#8221; _builder_version=&#8221;4.27.4&#8243; _module_preset=&#8221;e82c1aeb-ddd6-4eb3-8c81-191420891355&#8243; tab_text_color=&#8221;#124159&#8243; tab_font_size=&#8221;100%&#8221; display_conditions=&#8221;W10=&#8221; hover_enabled=&#8221;0&#8243; border_radii=&#8221;on|4px|4px|4px|4px&#8221; box_shadow_style=&#8221;preset3&#8243; global_colors_info=&#8221;%91%93&#8243; sticky_enabled=&#8221;0&#8243;][et_pb_tab title=&#8221;Targetes estacionament&#8221; _builder_version=&#8221;4.27.4&#8243; _module_preset=&#8221;default&#8221; hover_enabled=&#8221;0&#8243; global_colors_info=&#8221;{}&#8221; sticky_enabled=&#8221;0&#8243;]<\/p>\n<p><a class=\"pdf\" title=\"Ordenanza y requisitos. Archivo pdf\" href=\"\/..\/wp-content\/uploads\/2025\/08\/20240112-Ordenanza-accesiblidad-al-medio-personas-movilidad-reducida.pdf\" target=\"_blank\" rel=\"noopener\">Ordenan\u00e7a i requisits<\/a><\/p>\n<p><\/p>\n<p><a class=\"pdf\" title=\"Solicitud tarjeta provisional estacionamiento. Archivo pdf\" href=\"\/..\/wp-content\/uploads\/2025\/08\/Instancia-tarjeta-provisional-estacionamiento-movilidad-reducida.pdf\" target=\"_blank\" rel=\"noopener\">Sol\u00b7licitud de targeta provisional d&#8217;estacionament<\/a><\/p>\n<p><\/p>\n<p><a class=\"pdf\" title=\"Solicitud tarjeta definitiva estacionamiento. Archivo pdf\" href=\"\/..\/wp-content\/uploads\/2025\/08\/Instancia-tarjeta-definitiva-estacionamiento-movilidad-reducida.pdf\" target=\"_blank\" rel=\"noopener\">Sol\u00b7licitud de targeta definitiva d&#8217;estacionament<\/a><\/p>\n<p><\/p>\n<p><a class=\"pdf\" title=\"Renovaci\u00f3n tarjeta estacionamiento. Archivo pdf\" href=\"\/..\/wp-content\/uploads\/2025\/08\/Instancia-renovacion-tarjeta-estacionamiento-movilidad-reducida.pdf\" target=\"_blank\" rel=\"noopener\">Renovaci\u00f3 de targeta d&#8217;estacionament<\/a><\/p>\n<p>[\/et_pb_tab][\/et_pb_tabs][et_pb_text content_last_edited=&#8221;off|desktop&#8221; admin_label=&#8221;T\u00edtulo. Plan de Movilidad Urbana Sostenible&#8221; module_id=&#8221;pmus&#8221; _builder_version=&#8221;4.24.2&#8243; _module_preset=&#8221;default&#8221; text_font=&#8221;|600|||||||&#8221; text_text_color=&#8221;#124159&#8243; text_font_size=&#8221;150%&#8221; text_line_height=&#8221;1.8em&#8221; header_text_color=&#8221;#123159&#8243; header_2_font=&#8221;|600|||||||&#8221; header_2_text_color=&#8221;#124159&#8243; header_2_font_size=&#8221;22px&#8221; custom_margin=&#8221;0px||30px||false|false&#8221; custom_padding=&#8221;0px||0px|||&#8221; border_width_bottom=&#8221;1px&#8221; border_color_bottom=&#8221;rgba(18,65,89,0.45)&#8221; global_colors_info=&#8221;{}&#8221;]Pla de Mobilitat Urbana Sostenible[\/et_pb_text][et_pb_tabs active_tab_background_color=&#8221;#2c67a5&#8243; inactive_tab_background_color=&#8221;#E9F0F6&#8243; active_tab_text_color=&#8221;#FFFFFF&#8221; admin_label=&#8221;Pesta\u00f1as. Plan de Movilidad Urbana Sostenible&#8221; _builder_version=&#8221;4.27.4&#8243; _module_preset=&#8221;e82c1aeb-ddd6-4eb3-8c81-191420891355&#8243; tab_text_color=&#8221;#124159&#8243; tab_font_size=&#8221;100%&#8221; display_conditions=&#8221;W10=&#8221; border_radii=&#8221;on|4px|4px|4px|4px&#8221; box_shadow_style=&#8221;preset3&#8243; global_colors_info=&#8221;%91%93&#8243;][et_pb_tab title=&#8221;Qu\u00e8 s\u00f3n els PMUS?&#8221; _builder_version=&#8221;4.27.4&#8243; _module_preset=&#8221;default&#8221; global_colors_info=&#8221;{}&#8221;]<\/p>\n<p>Els Plans de Mobilitat Urbana Sostenible (PMUS) s\u00f3n i<strong>nstrumentos necessaris per a fer front als canvis i reptes plantejats en la mobilitat de l&#8217;espai urb\u00e0<\/strong>. Aquests s\u00f3n d&#8217;\u00e0mbit local i aglutinen un conjunt d&#8217;actuacions que tenen com a finalitat fomentar modes de despla\u00e7ament m\u00e9s sostenibles en el territori.<\/p>\n<p><\/p>\n<p>Els principals <strong>objectius<\/strong> d&#8217;aquest PMUS s\u00f3n:<\/p>\n<p><\/p>\n<ul style=\"padding-top: 10px; margin-left: 20px;\">\n<li>Una <strong>mobilitat neta<\/strong>: reduir el consum energ\u00e8tic i les emissions contaminants.<\/li>\n<li>Una <strong>mobilitat saludable<\/strong>: garantir la salut i la seguretat de la ciutadania.<\/li>\n<li>Una <strong>mobilitat justa<\/strong>: aconseguir la cohesi\u00f3 social i el desenvolupament econ\u00f2mic.<\/li>\n<\/ul>\n<p><\/p>\n<p><strong>Pla Mobilitat Urbana Sostenible de Santa Pola:<\/strong><\/p>\n<p><\/p>\n<p style=\"padding-left: 40px;\"><a class=\"pdf\" title=\"PMUS Tomo I - Analisis y Diagn\u00f3stico\" href=\"https:\/\/santapola.es\/wp-content\/uploads\/2025\/03\/PMUS-TomoI-Analisis-Diagnostico.pdf\" target=\"_blank\" rel=\"attachment noopener wp-att-42158\">PMUS &#8211; Tom I &#8211; Analisis i Diagn\u00f2stic<\/a><\/p>\n<p><\/p>\n<p style=\"padding-left: 40px;\"><a class=\"pdf\" title=\"PMUS - Tomo II - Plan de Acci\u00f3n\" href=\"https:\/\/santapola.es\/wp-content\/uploads\/2025\/03\/PMUS-TomoII-Plan-Accion.pdf\" target=\"_blank\" rel=\"attachment noopener wp-att-42156\">PMUS &#8211; Tom II &#8211; Pla d&#8217;Acci\u00f3<\/a><\/p>\n<p><\/p>\n<p style=\"padding-left: 40px;\"><a class=\"pdf\" title=\"PMUS - Tomo III - Plan de Seguimiento y Evaluaci\u00f3n\" href=\"https:\/\/santapola.es\/wp-content\/uploads\/2025\/03\/PMUS-TomoIII-Plan-Seguimiento-Evaluacion.pdf\" target=\"_blank\" rel=\"attachment noopener wp-att-42154\">PMUS &#8211; Tom III &#8211; Pla de Seguiment i Avaluaci\u00f3<\/a><\/p>\n<p>[\/et_pb_tab][\/et_pb_tabs][\/et_pb_column][\/et_pb_row][\/et_pb_section]<\/p>\n","protected":false},"excerpt":{"rendered":"<p>Mobilitat<span><span><a href=\"https:\/\/santapola.es\/ca\/\">Inici<\/a><\/span><\/span>Mobilitat redu\u00efdaOrdenan\u00e7a i requisitsSol\u00b7licitud de targeta provisional d&#8217;estacionamentSol\u00b7licitud de targeta definitiva d&#8217;estacionamentRenovaci\u00f3 de targeta d&#8217;estacionamentPla de Mobilitat Urbana SostenibleEls Plans de Mobilitat Urbana Sostenible (PMUS) s\u00f3n instrumentos necessaris per a fer front als canvis i reptes plantejats en la mobilitat de l&#8217;espai urb\u00e0. Aquests s\u00f3n d&#8217;\u00e0mbit local i aglutinen un conjunt d&#8217;actuacions que tenen com [&hellip;]<\/p>\n","protected":false},"author":95,"featured_media":0,"parent":34215,"menu_order":0,"comment_status":"closed","ping_status":"closed","template":"","meta":{"_et_pb_use_builder":"on","_et_pb_old_content":"","_et_gb_content_width":"","footnotes":""},"class_list":["post-34431","page","type-page","status-publish","hentry"],"yoast_head":"<!-- This site is optimized with the Yoast SEO plugin v27.4 - https:\/\/yoast.com\/product\/yoast-seo-wordpress\/ -->\n<title>Mobilitat - Ajuntament de Santa Pola<\/title>\n<meta name=\"robots\" content=\"index, follow, max-snippet:-1, max-image-preview:large, max-video-preview:-1\" \/>\n<link rel=\"canonical\" href=\"https:\/\/santapola.es\/ca\/arees\/mobilitat\/\" \/>\n<meta property=\"og:locale\" content=\"ca_ES\" \/>\n<meta property=\"og:type\" content=\"article\" \/>\n<meta property=\"og:title\" content=\"Mobilitat - Ajuntament de Santa Pola\" \/>\n<meta property=\"og:description\" content=\"MobilitatMobilitat redu\u00efdaOrdenan\u00e7a i requisitsSol\u00b7licitud de targeta provisional d&#039;estacionamentSol\u00b7licitud de targeta definitiva d&#039;estacionamentRenovaci\u00f3 de targeta d&#039;estacionamentPla de Mobilitat Urbana SostenibleEls Plans de Mobilitat Urbana Sostenible (PMUS) s\u00f3n instrumentos necessaris per a fer front als canvis i reptes plantejats en la mobilitat de l&#039;espai urb\u00e0. Aquests s\u00f3n d&#039;\u00e0mbit local i aglutinen un conjunt d&#039;actuacions que tenen com [&hellip;]\" \/>\n<meta property=\"og:url\" content=\"https:\/\/santapola.es\/ca\/arees\/mobilitat\/\" \/>\n<meta property=\"og:site_name\" content=\"Ajuntament de Santa Pola\" \/>\n<meta property=\"article:publisher\" content=\"https:\/\/www.facebook.com\/AyuntamientoSantaPola\/\" \/>\n<meta property=\"article:modified_time\" content=\"2025-09-15T11:33:00+00:00\" \/>\n<meta name=\"twitter:card\" content=\"summary_large_image\" \/>\n<meta name=\"twitter:site\" content=\"@SantaPolaAyunt\" \/>\n<script type=\"application\/ld+json\" class=\"yoast-schema-graph\">{\"@context\":\"https:\\\/\\\/schema.org\",\"@graph\":[{\"@type\":\"WebPage\",\"@id\":\"https:\\\/\\\/santapola.es\\\/ca\\\/arees\\\/mobilitat\\\/\",\"url\":\"https:\\\/\\\/santapola.es\\\/ca\\\/arees\\\/mobilitat\\\/\",\"name\":\"Mobilitat - Ajuntament de Santa Pola\",\"isPartOf\":{\"@id\":\"https:\\\/\\\/santapola.es\\\/ca\\\/#website\"},\"datePublished\":\"2023-11-29T12:22:45+00:00\",\"dateModified\":\"2025-09-15T11:33:00+00:00\",\"breadcrumb\":{\"@id\":\"https:\\\/\\\/santapola.es\\\/ca\\\/arees\\\/mobilitat\\\/#breadcrumb\"},\"inLanguage\":\"ca\",\"potentialAction\":[{\"@type\":\"ReadAction\",\"target\":[\"https:\\\/\\\/santapola.es\\\/ca\\\/arees\\\/mobilitat\\\/\"]}]},{\"@type\":\"BreadcrumbList\",\"@id\":\"https:\\\/\\\/santapola.es\\\/ca\\\/arees\\\/mobilitat\\\/#breadcrumb\",\"itemListElement\":[{\"@type\":\"ListItem\",\"position\":1,\"name\":\"Inici\",\"item\":\"https:\\\/\\\/santapola.es\\\/ca\\\/\"},{\"@type\":\"ListItem\",\"position\":2,\"name\":\"\u00c0rees\",\"item\":\"https:\\\/\\\/santapola.es\\\/ca\\\/areas-municipales\\\/\"},{\"@type\":\"ListItem\",\"position\":3,\"name\":\"Mobilitat\"}]},{\"@type\":\"WebSite\",\"@id\":\"https:\\\/\\\/santapola.es\\\/ca\\\/#website\",\"url\":\"https:\\\/\\\/santapola.es\\\/ca\\\/\",\"name\":\"Ayuntamiento de Santa Pola\",\"description\":\"Web de l'Ajuntament de Santa Pola\",\"potentialAction\":[{\"@type\":\"SearchAction\",\"target\":{\"@type\":\"EntryPoint\",\"urlTemplate\":\"https:\\\/\\\/santapola.es\\\/ca\\\/?s={search_term_string}\"},\"query-input\":{\"@type\":\"PropertyValueSpecification\",\"valueRequired\":true,\"valueName\":\"search_term_string\"}}],\"inLanguage\":\"ca\"}]}<\/script>\n<!-- \/ Yoast SEO plugin. -->","yoast_head_json":{"title":"Mobilitat - Ajuntament de Santa Pola","robots":{"index":"index","follow":"follow","max-snippet":"max-snippet:-1","max-image-preview":"max-image-preview:large","max-video-preview":"max-video-preview:-1"},"canonical":"https:\/\/santapola.es\/ca\/arees\/mobilitat\/","og_locale":"ca_ES","og_type":"article","og_title":"Mobilitat - Ajuntament de Santa Pola","og_description":"MobilitatMobilitat redu\u00efdaOrdenan\u00e7a i requisitsSol\u00b7licitud de targeta provisional d'estacionamentSol\u00b7licitud de targeta definitiva d'estacionamentRenovaci\u00f3 de targeta d'estacionamentPla de Mobilitat Urbana SostenibleEls Plans de Mobilitat Urbana Sostenible (PMUS) s\u00f3n instrumentos necessaris per a fer front als canvis i reptes plantejats en la mobilitat de l'espai urb\u00e0. Aquests s\u00f3n d'\u00e0mbit local i aglutinen un conjunt d'actuacions que tenen com [&hellip;]","og_url":"https:\/\/santapola.es\/ca\/arees\/mobilitat\/","og_site_name":"Ajuntament de Santa Pola","article_publisher":"https:\/\/www.facebook.com\/AyuntamientoSantaPola\/","article_modified_time":"2025-09-15T11:33:00+00:00","twitter_card":"summary_large_image","twitter_site":"@SantaPolaAyunt","schema":{"@context":"https:\/\/schema.org","@graph":[{"@type":"WebPage","@id":"https:\/\/santapola.es\/ca\/arees\/mobilitat\/","url":"https:\/\/santapola.es\/ca\/arees\/mobilitat\/","name":"Mobilitat - Ajuntament de Santa Pola","isPartOf":{"@id":"https:\/\/santapola.es\/ca\/#website"},"datePublished":"2023-11-29T12:22:45+00:00","dateModified":"2025-09-15T11:33:00+00:00","breadcrumb":{"@id":"https:\/\/santapola.es\/ca\/arees\/mobilitat\/#breadcrumb"},"inLanguage":"ca","potentialAction":[{"@type":"ReadAction","target":["https:\/\/santapola.es\/ca\/arees\/mobilitat\/"]}]},{"@type":"BreadcrumbList","@id":"https:\/\/santapola.es\/ca\/arees\/mobilitat\/#breadcrumb","itemListElement":[{"@type":"ListItem","position":1,"name":"Inici","item":"https:\/\/santapola.es\/ca\/"},{"@type":"ListItem","position":2,"name":"\u00c0rees","item":"https:\/\/santapola.es\/ca\/areas-municipales\/"},{"@type":"ListItem","position":3,"name":"Mobilitat"}]},{"@type":"WebSite","@id":"https:\/\/santapola.es\/ca\/#website","url":"https:\/\/santapola.es\/ca\/","name":"Ayuntamiento de Santa Pola","description":"Web de l'Ajuntament de Santa Pola","potentialAction":[{"@type":"SearchAction","target":{"@type":"EntryPoint","urlTemplate":"https:\/\/santapola.es\/ca\/?s={search_term_string}"},"query-input":{"@type":"PropertyValueSpecification","valueRequired":true,"valueName":"search_term_string"}}],"inLanguage":"ca"}]}},"_links":{"self":[{"href":"https:\/\/santapola.es\/ca\/wp-json\/wp\/v2\/pages\/34431","targetHints":{"allow":["GET"]}}],"collection":[{"href":"https:\/\/santapola.es\/ca\/wp-json\/wp\/v2\/pages"}],"about":[{"href":"https:\/\/santapola.es\/ca\/wp-json\/wp\/v2\/types\/page"}],"author":[{"embeddable":true,"href":"https:\/\/santapola.es\/ca\/wp-json\/wp\/v2\/users\/95"}],"replies":[{"embeddable":true,"href":"https:\/\/santapola.es\/ca\/wp-json\/wp\/v2\/comments?post=34431"}],"version-history":[{"count":0,"href":"https:\/\/santapola.es\/ca\/wp-json\/wp\/v2\/pages\/34431\/revisions"}],"up":[{"embeddable":true,"href":"https:\/\/santapola.es\/ca\/wp-json\/wp\/v2\/pages\/34215"}],"wp:attachment":[{"href":"https:\/\/santapola.es\/ca\/wp-json\/wp\/v2\/media?parent=34431"}],"curies":[{"name":"wp","href":"https:\/\/api.w.org\/{rel}","templated":true}]}}