{"id":34423,"date":"2023-11-20T12:25:43","date_gmt":"2023-11-20T11:25:43","guid":{"rendered":"https:\/\/www.desarrollo.santapola.es\/arees\/medi-ambient\/"},"modified":"2026-04-27T09:37:05","modified_gmt":"2026-04-27T07:37:05","slug":"medi-ambient","status":"publish","type":"page","link":"https:\/\/santapola.es\/ca\/arees\/medi-ambient\/","title":{"rendered":"Medi ambient"},"content":{"rendered":"<p>[et_pb_section fb_built=&#8221;1&#8243; disabled_on=&#8221;off|off|off&#8221; admin_label=&#8221;Secci\u00f3n fondo cabecera&#8221; _builder_version=&#8221;4.21.0&#8243; _module_preset=&#8221;default&#8221; background_image=&#8221;https:\/\/santapola.es\/wp-content\/uploads\/2017\/03\/DSC38162.jpg&#8221; background_position=&#8221;center_left&#8221; background_horizontal_offset=&#8221;0%&#8221; height=&#8221;250px&#8221; custom_css_main_element=&#8221;display: flex;||justify-content: center;&#8221; global_colors_info=&#8221;{}&#8221;][et_pb_row admin_label=&#8221;Fila cap\u00e7alera&#8221; _builder_version=&#8221;4.20.0&#8243; _module_preset=&#8221;c058b923-922c-4136-ad09-c0e7a4d225ab&#8221; background_color=&#8221;RGBA(255,255,255,0)&#8221; global_colors_info=&#8221;{}&#8221;][et_pb_column type=&#8221;4_4&#8243; _builder_version=&#8221;4.20.0&#8243; _module_preset=&#8221;default&#8221; global_colors_info=&#8221;{}&#8221;][et_pb_text admin_label=&#8221;Texto t\u00edtulo de cabecera&#8221; _builder_version=&#8221;4.21.0&#8243; _module_preset=&#8221;default&#8221; text_font=&#8221;|600|||||||&#8221; text_text_color=&#8221;#FFFFFF&#8221; text_font_size=&#8221;550%&#8221; text_line_height=&#8221;0.9em&#8221; background_color=&#8221;RGBA(255,255,255,0)&#8221; text_orientation=&#8221;center&#8221; text_font_size_tablet=&#8221;500%&#8221; text_font_size_phone=&#8221;400%&#8221; text_font_size_last_edited=&#8221;on|phone&#8221; text_line_height_tablet=&#8221;0.9em&#8221; text_line_height_phone=&#8221;0.9em&#8221; text_line_height_last_edited=&#8221;off|desktop&#8221; text_text_shadow_style=&#8221;preset2&#8243; text_text_shadow_color=&#8221;#000000&#8243; global_colors_info=&#8221;{}&#8221;]<\/p>\n<p>Medi ambient<\/p>\n<p>[\/et_pb_text][\/et_pb_column][\/et_pb_row][\/et_pb_section][et_pb_section fb_built=&#8221;1&#8243; inner_shadow=&#8221;on&#8221; custom_padding_last_edited=&#8221;on|desktop&#8221; admin_label=&#8221;Secci\u00f3n cuerpo P\u00e1gina principal&#8221; _builder_version=&#8221;4.20.0&#8243; background_color=&#8221;#ffffff&#8221; width=&#8221;100%&#8221; custom_margin=&#8221;-5px||||false|false&#8221; custom_margin_tablet=&#8221;-5px||||false|false&#8221; custom_margin_phone=&#8221;-5px||||false|false&#8221; custom_margin_last_edited=&#8221;on|phone&#8221; custom_padding=&#8221;0px|0px|50px|0px|false|false&#8221; custom_padding_tablet=&#8221;0px|0|50px|0|false|false&#8221; custom_padding_phone=&#8221;|0|50px|0|false|false&#8221; custom_css_main_element=&#8221;display:flex;||flex-wrap:wrap;&#8221; transparent_background=&#8221;off&#8221; make_fullwidth=&#8221;off&#8221; use_custom_width=&#8221;off&#8221; width_unit=&#8221;on&#8221; custom_width_px=&#8221;1080px&#8221; custom_width_percent=&#8221;80%&#8221; global_colors_info=&#8221;{}&#8221;][et_pb_row column_structure=&#8221;1_3,1_3,1_3&#8243; use_custom_gutter=&#8221;on&#8221; gutter_width=&#8221;2&#8243; make_equal=&#8221;on&#8221; admin_label=&#8221;Fila enlla\u00e7os destacats&#8221; _builder_version=&#8221;4.24.2&#8243; _module_preset=&#8221;_initial&#8221; width=&#8221;100%&#8221; width_tablet=&#8221;80%&#8221; width_phone=&#8221;80%&#8221; width_last_edited=&#8221;on|tablet&#8221; max_width=&#8221;65%&#8221; max_width_tablet=&#8221;80%&#8221; max_width_phone=&#8221;80%&#8221; max_width_last_edited=&#8221;on|desktop&#8221; custom_margin=&#8221;25px||15px||false|false&#8221; custom_margin_tablet=&#8221;5px|auto||auto|false|false&#8221; custom_margin_phone=&#8221;5px|auto||auto|false|false&#8221; custom_padding=&#8221;5px|0px|5px|0px|false|false&#8221; custom_css_main_element=&#8221;justify-content:center;&#8221; make_fullwidth=&#8221;on&#8221; use_custom_width=&#8221;off&#8221; width_unit=&#8221;off&#8221; custom_width_px=&#8221;1080px&#8221; custom_width_percent=&#8221;80%&#8221; global_colors_info=&#8221;{}&#8221; custom_css_main_element_last_edited=&#8221;on|desktop&#8221; custom_css_main_element_phone=&#8221;order:3;&#8221; custom_css_main_element_tablet=&#8221;justify-content:center;&#8221;][et_pb_column type=&#8221;1_3&#8243; admin_label=&#8221;Columna 1&#8243; _builder_version=&#8221;4.21.0&#8243; background_enable_image=&#8221;off&#8221; background_position=&#8221;bottom_right&#8221; custom_padding=&#8221;|||&#8221; global_colors_info=&#8221;{}&#8221; custom_padding__hover=&#8221;|||&#8221;][et_pb_blurb title=&#8221;Medi Ambient&#8221; image_icon_background_color=&#8221;RGBA(255,255,255,0)&#8221; image=&#8221;https:\/\/santapola.es\/wp-content\/uploads\/2023\/07\/Logo-Generalitat-2.png&#8221; image_icon_width=&#8221;55%&#8221; admin_label=&#8221;Enlace. Medio Ambiente Generalitat&#8221; _builder_version=&#8221;4.24.2&#8243; _module_preset=&#8221;2f4a4509-8466-474e-b9a0-72eccd871d6d&#8221; header_level=&#8221;h3&#8243; header_font=&#8221;Raleway|600|||||||&#8221; header_text_align=&#8221;center&#8221; header_text_color=&#8221;#124159&#8243; header_font_size=&#8221;15px&#8221; body_font=&#8221;Raleway||||&#8221; body_text_color=&#8221;#124159&#8243; body_font_size=&#8221;12px&#8221; use_background_color_gradient=&#8221;on&#8221; background_color_gradient_stops=&#8221;#ffffff 0%|#ffffff 62%|rgba(247,65,0,0.38) 100%&#8221; image_icon_custom_margin=&#8221;||||false|false&#8221; image_icon_custom_margin_last_edited=&#8221;off|desktop&#8221; image_icon_custom_padding=&#8221;12px|12px||12px|false|false&#8221; text_orientation=&#8221;center&#8221; module_alignment=&#8221;center&#8221; height=&#8221;180px&#8221; custom_margin=&#8221;||||false|false&#8221; custom_padding=&#8221;|5px||5px|false|false&#8221; animation=&#8221;off&#8221; link_option_url=&#8221;https:\/\/mediambient.gva.es\/va\/web\/medio-natural\/&#8221; link_option_url_new_window=&#8221;on&#8221; custom_css_main_element=&#8221;display:flex;||flex-direction:column;||justify-content: center;&#8221; custom_css_blurb_image=&#8221;margin-bottom:14px;&#8221; custom_css_blurb_title=&#8221;padding-bottom:0px;||&#8221; border_width_all=&#8221;1px&#8221; border_color_all=&#8221;#f95f00&#8243; border_radii_image=&#8221;on|0%|0%|0%|0%&#8221; border_width_all_image=&#8221;0px&#8221; border_color_all_image=&#8221;RGBA(255,255,255,0)&#8221; box_shadow_style=&#8221;preset2&#8243; use_border_color=&#8221;off&#8221; border_color=&#8221;#ffffff&#8221; border_width=&#8221;1px&#8221; border_style=&#8221;solid&#8221; image_max_width=&#8221;none&#8221; icon_font_size=&#8221;68px&#8221; use_circle=&#8221;on&#8221; use_circle_border=&#8221;on&#8221; circle_border_color=&#8221;#749db2&#8243; circle_color=&#8221;#124159&#8243; global_colors_info=&#8221;%91%93&#8243;][\/et_pb_blurb][\/et_pb_column][et_pb_column type=&#8221;1_3&#8243; admin_label=&#8221;Columna 2&#8243; _builder_version=&#8221;4.21.0&#8243; background_enable_image=&#8221;off&#8221; background_position=&#8221;bottom_right&#8221; custom_padding=&#8221;|||&#8221; global_colors_info=&#8221;{}&#8221; custom_padding__hover=&#8221;|||&#8221;][et_pb_blurb image_icon_background_color=&#8221;RGBA(255,255,255,0)&#8221; image=&#8221;https:\/\/santapola.es\/wp-content\/uploads\/2023\/11\/Logo-salines.png&#8221; image_icon_width=&#8221;65%&#8221; admin_label=&#8221;Enlace. Parque natural de las salinas&#8221; _builder_version=&#8221;4.24.2&#8243; _module_preset=&#8221;2f4a4509-8466-474e-b9a0-72eccd871d6d&#8221; header_level=&#8221;h3&#8243; header_font=&#8221;Raleway|600|||||||&#8221; header_text_align=&#8221;center&#8221; header_text_color=&#8221;#124159&#8243; header_font_size=&#8221;15px&#8221; body_font=&#8221;Raleway||||&#8221; body_text_color=&#8221;#124159&#8243; body_font_size=&#8221;12px&#8221; use_background_color_gradient=&#8221;on&#8221; background_color_gradient_stops=&#8221;#ffffff 0%|#ffffff 62%|rgba(0,128,173,0.38) 100%&#8221; background_enable_image=&#8221;off&#8221; image_icon_custom_margin=&#8221;||||false|false&#8221; image_icon_custom_margin_last_edited=&#8221;off|desktop&#8221; image_icon_custom_padding=&#8221;12px|12px||12px|false|false&#8221; text_orientation=&#8221;center&#8221; module_alignment=&#8221;center&#8221; height=&#8221;180px&#8221; custom_margin=&#8221;||||false|false&#8221; custom_padding=&#8221;|5px||5px|false|false&#8221; animation=&#8221;off&#8221; link_option_url=&#8221;https:\/\/parquesnaturales.gva.es\/va\/web\/pn-salines-de-santa-pola\/salines-de-santa-pola&#8221; link_option_url_new_window=&#8221;on&#8221; custom_css_main_element=&#8221;display:flex;||flex-direction:column;||justify-content: center;&#8221; custom_css_blurb_image=&#8221;margin-bottom:14px;&#8221; custom_css_blurb_title=&#8221;padding-bottom:0px;||&#8221; border_width_all=&#8221;1px&#8221; border_color_all=&#8221;#0080ad&#8221; border_radii_image=&#8221;on|0%|0%|0%|0%&#8221; border_width_all_image=&#8221;0px&#8221; border_color_all_image=&#8221;RGBA(255,255,255,0)&#8221; box_shadow_style=&#8221;preset2&#8243; use_border_color=&#8221;off&#8221; border_color=&#8221;#ffffff&#8221; border_width=&#8221;1px&#8221; border_style=&#8221;solid&#8221; image_max_width=&#8221;none&#8221; icon_font_size=&#8221;68px&#8221; use_circle=&#8221;on&#8221; use_circle_border=&#8221;on&#8221; circle_border_color=&#8221;#749db2&#8243; circle_color=&#8221;#124159&#8243; global_colors_info=&#8221;%91%93&#8243;][\/et_pb_blurb][\/et_pb_column][et_pb_column type=&#8221;1_3&#8243; admin_label=&#8221;Columna 3&#8243; _builder_version=&#8221;4.21.0&#8243; background_enable_image=&#8221;off&#8221; background_position=&#8221;bottom_right&#8221; custom_padding=&#8221;|||&#8221; global_colors_info=&#8221;{}&#8221; custom_padding__hover=&#8221;|||&#8221;][et_pb_blurb image_icon_background_color=&#8221;RGBA(255,255,255,0)&#8221; image=&#8221;https:\/\/santapola.es\/wp-content\/uploads\/2023\/11\/SantaPolaEnergetica.png&#8221; image_icon_width=&#8221;90%&#8221; admin_label=&#8221;Enlace. Comunidad Energ\u00e9tica&#8221; _builder_version=&#8221;4.24.2&#8243; _module_preset=&#8221;2f4a4509-8466-474e-b9a0-72eccd871d6d&#8221; header_level=&#8221;h3&#8243; header_font=&#8221;Raleway|600|||||||&#8221; header_text_align=&#8221;center&#8221; header_text_color=&#8221;#124159&#8243; header_font_size=&#8221;15px&#8221; body_font=&#8221;Raleway||||&#8221; body_text_color=&#8221;#124159&#8243; body_font_size=&#8221;12px&#8221; use_background_color_gradient=&#8221;on&#8221; background_color_gradient_stops=&#8221;#ffffff 0%|#ffffff 62%|rgba(0,99,87,0.38) 100%&#8221; image_icon_custom_margin=&#8221;||||false|false&#8221; image_icon_custom_margin_last_edited=&#8221;off|desktop&#8221; image_icon_custom_padding=&#8221;12px|12px||12px|false|false&#8221; text_orientation=&#8221;center&#8221; module_alignment=&#8221;center&#8221; height=&#8221;180px&#8221; custom_margin=&#8221;||||false|false&#8221; custom_padding=&#8221;|5px||5px|false|false&#8221; animation=&#8221;off&#8221; link_option_url=&#8221;#comunidadenergetica&#8221; custom_css_main_element=&#8221;display:flex;||flex-direction:column;||justify-content: center;&#8221; custom_css_blurb_image=&#8221;margin-bottom:14px;&#8221; custom_css_blurb_title=&#8221;padding-bottom:0px;||&#8221; border_width_all=&#8221;1px&#8221; border_color_all=&#8221;#00a5a2&#8243; border_radii_image=&#8221;on|0%|0%|0%|0%&#8221; border_width_all_image=&#8221;0px&#8221; border_color_all_image=&#8221;RGBA(255,255,255,0)&#8221; box_shadow_style=&#8221;preset2&#8243; use_border_color=&#8221;off&#8221; border_color=&#8221;#ffffff&#8221; border_width=&#8221;1px&#8221; border_style=&#8221;solid&#8221; image_max_width=&#8221;none&#8221; icon_font_size=&#8221;68px&#8221; use_circle=&#8221;on&#8221; use_circle_border=&#8221;on&#8221; circle_border_color=&#8221;#749db2&#8243; circle_color=&#8221;#124159&#8243; global_colors_info=&#8221;%91%93&#8243;][\/et_pb_blurb][\/et_pb_column][\/et_pb_row][et_pb_row column_structure=&#8221;1_2,1_2&#8243; use_custom_gutter=&#8221;on&#8221; gutter_width=&#8221;2&#8243; make_equal=&#8221;on&#8221; admin_label=&#8221;Fila contenidor botons enlla\u00e7os&#8221; _builder_version=&#8221;4.27.4&#8243; _module_preset=&#8221;_initial&#8221; width=&#8221;100%&#8221; width_last_edited=&#8221;off|phone&#8221; max_width=&#8221;65%&#8221; max_width_tablet=&#8221;80%&#8221; max_width_phone=&#8221;80%&#8221; max_width_last_edited=&#8221;on|phone&#8221; custom_margin=&#8221;15px|auto|15px|auto|false|false&#8221; custom_margin_tablet=&#8221;|auto|5px|auto|false|false&#8221; custom_margin_phone=&#8221;-10px|auto|-10px|auto|false|false&#8221; custom_margin_last_edited=&#8221;on|phone&#8221; custom_padding=&#8221;||||false|false&#8221; custom_css_main_element=&#8221;padding:5px 0;&#8221; make_fullwidth=&#8221;on&#8221; use_custom_width=&#8221;off&#8221; width_unit=&#8221;off&#8221; custom_width_px=&#8221;1080px&#8221; custom_width_percent=&#8221;80%&#8221; global_colors_info=&#8221;{}&#8221; custom_css_main_element_last_edited=&#8221;on|phone&#8221; custom_css_main_element_phone=&#8221;order: 4;&#8221; custom_css_main_element_tablet=&#8221;padding:5px 0;&#8221;][et_pb_column type=&#8221;1_2&#8243; _builder_version=&#8221;4.20.0&#8243; _module_preset=&#8221;default&#8221; custom_padding=&#8221;||||false|false&#8221; global_colors_info=&#8221;{}&#8221;][et_pb_button button_url=&#8221;https:\/\/santapola.es\/wp-content\/uploads\/2025\/02\/Plan-Director-SmartCity-SantaPola.pdf&#8221; url_new_window=&#8221;on&#8221; button_text=&#8221;Pla Director Santa Pola Smartcity&#8221; button_alignment=&#8221;center&#8221; admin_label=&#8221;Bot\u00f3n Plan director Smartcity Santa Pola. Enlace pdf&#8221; _builder_version=&#8221;4.27.4&#8243; _module_preset=&#8221;default&#8221; custom_button=&#8221;on&#8221; button_text_size=&#8221;115%&#8221; button_text_color=&#8221;#124159&#8243; button_border_width=&#8221;1px&#8221; button_border_color=&#8221;RGBA(18,65,89,0.45)&#8221; button_border_radius=&#8221;0px&#8221; button_font=&#8221;||||||||&#8221; button_icon=&#8221;&#xf1c1;||fa||400&#8243; button_icon_color=&#8221;#6997bf&#8221; button_icon_placement=&#8221;left&#8221; button_on_hover=&#8221;off&#8221; custom_margin=&#8221;||||false|false&#8221; custom_padding=&#8221;15px||15px||false|false&#8221; custom_padding_tablet=&#8221;15px||15px||false|false&#8221; custom_padding_phone=&#8221;15px||15px||false|false&#8221; custom_padding_last_edited=&#8221;on|desktop&#8221; custom_css_main_element=&#8221;width:100%;&#8221; box_shadow_style=&#8221;preset3&#8243; global_colors_info=&#8221;{}&#8221;][\/et_pb_button][et_pb_button button_url=&#8221;https:\/\/santapola.es\/wp-content\/uploads\/2025\/05\/2023-Plan-Riesgo-Incendios-Forestales.pdf&#8221; url_new_window=&#8221;on&#8221; button_text=&#8221;Pla enfront del %22Risc d&apos;Incendis Forestals%22&#8243; button_alignment=&#8221;center&#8221; admin_label=&#8221;Bot\u00f3n Plan Riesgo de Incendios Forestales. Enlace pdf&#8221; _builder_version=&#8221;4.27.4&#8243; _module_preset=&#8221;default&#8221; custom_button=&#8221;on&#8221; button_text_size=&#8221;115%&#8221; button_text_color=&#8221;#124159&#8243; button_border_width=&#8221;1px&#8221; button_border_color=&#8221;RGBA(18,65,89,0.45)&#8221; button_border_radius=&#8221;0px&#8221; button_font=&#8221;||||||||&#8221; button_icon=&#8221;&#xf1c1;||fa||400&#8243; button_icon_color=&#8221;#6997bf&#8221; button_icon_placement=&#8221;left&#8221; button_on_hover=&#8221;off&#8221; custom_margin=&#8221;||||false|false&#8221; custom_padding=&#8221;15px||15px||false|false&#8221; custom_padding_tablet=&#8221;15px||15px||false|false&#8221; custom_padding_phone=&#8221;15px||15px||false|false&#8221; custom_padding_last_edited=&#8221;on|desktop&#8221; custom_css_main_element=&#8221;width:100%;&#8221; box_shadow_style=&#8221;preset3&#8243; global_colors_info=&#8221;{}&#8221;][\/et_pb_button][\/et_pb_column][et_pb_column type=&#8221;1_2&#8243; _builder_version=&#8221;4.20.0&#8243; _module_preset=&#8221;default&#8221; custom_padding=&#8221;||||false|false&#8221; global_colors_info=&#8221;{}&#8221;][et_pb_button button_url=&#8221;https:\/\/santapola.es\/wp-content\/uploads\/2025\/02\/Plan-Director-Cabo-SantaPola.pdf&#8221; url_new_window=&#8221;on&#8221; button_text=&#8221;Pla Director del Cap Santa Pola&#8221; button_alignment=&#8221;center&#8221; admin_label=&#8221;Bot\u00f3n Plan director del cabo. Enlace pdf&#8221; _builder_version=&#8221;4.27.4&#8243; _module_preset=&#8221;default&#8221; custom_button=&#8221;on&#8221; button_text_size=&#8221;115%&#8221; button_text_color=&#8221;#124159&#8243; button_border_width=&#8221;1px&#8221; button_border_color=&#8221;RGBA(18,65,89,0.45)&#8221; button_border_radius=&#8221;0px&#8221; button_font=&#8221;||||||||&#8221; button_icon=&#8221;&#xf1c1;||fa||400&#8243; button_icon_color=&#8221;#6997bf&#8221; button_icon_placement=&#8221;left&#8221; button_on_hover=&#8221;off&#8221; custom_margin=&#8221;||||false|false&#8221; custom_padding=&#8221;15px||15px||false|false&#8221; custom_padding_tablet=&#8221;15px||15px||false|false&#8221; custom_padding_phone=&#8221;15px||15px||false|false&#8221; custom_padding_last_edited=&#8221;on|desktop&#8221; custom_css_main_element=&#8221;width:100%;&#8221; box_shadow_style=&#8221;preset3&#8243; global_colors_info=&#8221;{}&#8221;][\/et_pb_button][et_pb_button button_url=&#8221;https:\/\/gobiernoabierto.santapola.es\/t\/p\/428-planes-y-auditorias&#8221; url_new_window=&#8221;on&#8221; button_text=&#8221;Altres plans i Auditories&#8221; button_alignment=&#8221;center&#8221; admin_label=&#8221;Bot\u00f3n Otros Planes y Auditor\u00edas. Enlace del portal de transparencia&#8221; _builder_version=&#8221;4.27.4&#8243; _module_preset=&#8221;default&#8221; custom_button=&#8221;on&#8221; button_text_size=&#8221;115%&#8221; button_text_color=&#8221;#124159&#8243; button_border_width=&#8221;1px&#8221; button_border_color=&#8221;RGBA(18,65,89,0.45)&#8221; button_border_radius=&#8221;0px&#8221; button_font=&#8221;||||||||&#8221; button_icon=&#8221;&#xf07c;||fa||400&#8243; button_icon_color=&#8221;#6997bf&#8221; button_icon_placement=&#8221;left&#8221; button_on_hover=&#8221;off&#8221; custom_margin=&#8221;||||false|false&#8221; custom_padding=&#8221;15px||15px||false|false&#8221; custom_padding_tablet=&#8221;15px||15px||false|false&#8221; custom_padding_phone=&#8221;15px||15px||false|false&#8221; custom_padding_last_edited=&#8221;on|desktop&#8221; custom_css_main_element=&#8221;width:100%;&#8221; box_shadow_style=&#8221;preset3&#8243; global_colors_info=&#8221;{}&#8221;][\/et_pb_button][\/et_pb_column][\/et_pb_row][et_pb_row admin_label=&#8221;Fila contenidor Migas de pan&#8221; _builder_version=&#8221;4.20.0&#8243; _module_preset=&#8221;_initial&#8221; width_tablet=&#8221;&#8221; width_phone=&#8221;&#8221; width_last_edited=&#8221;on|phone&#8221; max_width=&#8221;65%&#8221; max_width_tablet=&#8221;80%&#8221; max_width_phone=&#8221;80%&#8221; max_width_last_edited=&#8221;on|desktop&#8221; custom_margin=&#8221;15px|auto|0px|auto|false|false&#8221; custom_margin_tablet=&#8221;5px|auto|0px|auto|false|false&#8221; custom_margin_phone=&#8221;15px|auto|0px|auto|false|false&#8221; custom_padding=&#8221;0px||0px||false|false&#8221; make_fullwidth=&#8221;on&#8221; use_custom_width=&#8221;off&#8221; width_unit=&#8221;off&#8221; custom_width_px=&#8221;1080px&#8221; custom_width_percent=&#8221;80%&#8221; global_colors_info=&#8221;{}&#8221; custom_css_main_element_last_edited=&#8221;on|desktop&#8221; custom_css_main_element_phone=&#8221;order:1;&#8221;][et_pb_column type=&#8221;4_4&#8243; admin_label=&#8221;Columna 1&#8243; _builder_version=&#8221;4.20.0&#8243; custom_padding=&#8221;|||&#8221; global_colors_info=&#8221;{}&#8221; custom_padding__hover=&#8221;|||&#8221;][et_pb_code admin_label=&#8221;Migas de pan&#8221; _builder_version=&#8221;4.20.0&#8243; _module_preset=&#8221;default&#8221; custom_margin=&#8221;||||false|false&#8221; custom_padding=&#8221;||||false|false&#8221; global_colors_info=&#8221;{}&#8221;]<pee><span><span><a href=\"https:\/\/santapola.es\/ca\/\">Inici<\/a><\/span><\/span><\/pee>[\/et_pb_code][\/et_pb_column][\/et_pb_row][et_pb_row column_structure=&#8221;3_4,1_4&#8243; column_padding_mobile=&#8221;on&#8221; admin_label=&#8221;Fila contenidor principal&#8221; _builder_version=&#8221;4.24.2&#8243; _module_preset=&#8221;_initial&#8221; background_size=&#8221;initial&#8221; background_position=&#8221;top_left&#8221; background_repeat=&#8221;repeat&#8221; width=&#8221;100%&#8221; width_tablet=&#8221;80%&#8221; width_phone=&#8221;80%&#8221; width_last_edited=&#8221;on|desktop&#8221; max_width=&#8221;65%&#8221; max_width_tablet=&#8221;80%&#8221; max_width_phone=&#8221;80%&#8221; max_width_last_edited=&#8221;on|tablet&#8221; custom_margin=&#8221;0px|auto|15px|auto|false|false&#8221; custom_margin_tablet=&#8221;|auto|15px|auto|false|false&#8221; custom_margin_phone=&#8221;|auto|15px|auto|false|false&#8221; custom_margin_last_edited=&#8221;on|phone&#8221; custom_padding=&#8221;10px|15px|0px|0px|false|false&#8221; make_fullwidth=&#8221;on&#8221; use_custom_width=&#8221;off&#8221; width_unit=&#8221;off&#8221; custom_width_px=&#8221;1080px&#8221; custom_width_percent=&#8221;80%&#8221; global_colors_info=&#8221;{}&#8221; custom_css_main_element__hover_enabled=&#8221;off|desktop&#8221; custom_css_main_element_last_edited=&#8221;on|phone&#8221; custom_css_main_element_phone=&#8221;order:2;&#8221;][et_pb_column type=&#8221;3_4&#8243; module_class=&#8221;col-ancho-total&#8221; admin_label=&#8221;Columna 1&#8243; _builder_version=&#8221;4.24.2&#8243; custom_padding=&#8221;||25px||false|false&#8221; global_colors_info=&#8221;{}&#8221; custom_padding__hover=&#8221;|||&#8221; custom_css_main_element_last_edited=&#8221;on|phone&#8221; custom_css_main_element_phone=&#8221; margin-bottom: 0px;&#8221;][et_pb_text content_last_edited=&#8221;off|desktop&#8221; admin_label=&#8221;T\u00edtulo. I Concurso de dibujo %22Santa Pola Verde%22&#8243; _builder_version=&#8221;4.27.5&#8243; _module_preset=&#8221;default&#8221; text_font=&#8221;|600|||||||&#8221; text_text_color=&#8221;#124159&#8243; text_font_size=&#8221;150%&#8221; text_line_height=&#8221;1.8em&#8221; header_text_color=&#8221;#123159&#8243; header_2_font=&#8221;|600|||||||&#8221; header_2_text_color=&#8221;#124159&#8243; header_2_font_size=&#8221;22px&#8221; custom_margin=&#8221;0px||30px||false|false&#8221; custom_padding=&#8221;0px||0px|||&#8221; hover_enabled=&#8221;0&#8243; border_width_bottom=&#8221;1px&#8221; border_color_bottom=&#8221;rgba(18,65,89,0.45)&#8221; global_colors_info=&#8221;{}&#8221; sticky_enabled=&#8221;0&#8243;]<\/p>\n<p>I Concurs de dibuix &#8220;Santa Pola Verd&#8221;<\/p>\n<p>[\/et_pb_text][et_pb_tabs active_tab_background_color=&#8221;#2c67a5&#8243; inactive_tab_background_color=&#8221;#E9F0F6&#8243; active_tab_text_color=&#8221;#FFFFFF&#8221; admin_label=&#8221;Pesta\u00f1as. Concurso dibujo Santa Pola Verde&#8221; _builder_version=&#8221;4.27.5&#8243; _module_preset=&#8221;e82c1aeb-ddd6-4eb3-8c81-191420891355&#8243; tab_text_color=&#8221;#124159&#8243; tab_font_size=&#8221;100%&#8221; display_conditions=&#8221;W10=&#8221; hover_enabled=&#8221;0&#8243; border_radii=&#8221;on|4px|4px|4px|4px&#8221; box_shadow_style=&#8221;preset3&#8243; global_colors_info=&#8221;%91%93&#8243; sticky_enabled=&#8221;0&#8243;][et_pb_tab title=&#8221;Santa Pola Verd&#8221; _builder_version=&#8221;4.27.5&#8243; _module_preset=&#8221;default&#8221; hover_enabled=&#8221;0&#8243; global_colors_info=&#8221;{}&#8221; sticky_enabled=&#8221;0&#8243;]<\/p>\n<p><a class=\"pdf\" title=\"Bases del concurso &quot;Santa Pola Verde&quot;\" href=\"https:\/\/santapola.es\/wp-content\/uploads\/2026\/04\/2026-Bases-Concurso-SantaPola-Verde.pdf\" target=\"_blank\" rel=\"attachment noopener wp-att-48487\">Bases del concurs &#8220;Santa Pola Verd&#8221;<\/a><\/p>\n<p>[\/et_pb_tab][\/et_pb_tabs][et_pb_text content_last_edited=&#8221;off|desktop&#8221; admin_label=&#8221;T\u00edtulo. Solicitud autorizaci\u00f3n de quemas de restos agr\u00edcolas&#8221; _builder_version=&#8221;4.27.4&#8243; _module_preset=&#8221;default&#8221; text_font=&#8221;|600|||||||&#8221; text_text_color=&#8221;#124159&#8243; text_font_size=&#8221;150%&#8221; text_line_height=&#8221;1.8em&#8221; header_text_color=&#8221;#123159&#8243; header_2_font=&#8221;|600|||||||&#8221; header_2_text_color=&#8221;#124159&#8243; header_2_font_size=&#8221;22px&#8221; custom_margin=&#8221;0px||30px||false|false&#8221; custom_padding=&#8221;0px||0px|||&#8221; border_width_bottom=&#8221;1px&#8221; border_color_bottom=&#8221;rgba(18,65,89,0.45)&#8221; global_colors_info=&#8221;{}&#8221;]<\/p>\n<p>Sol\u00b7licitud autoritzaci\u00f3 de cremes de restes agr\u00edcoles<\/p>\n<p>[\/et_pb_text][et_pb_text admin_label=&#8221;Texto %22Recordatorio prohibici\u00f3n de quemas%22&#8243; _builder_version=&#8221;4.27.4&#8243; _module_preset=&#8221;default&#8221; text_text_color=&#8221;#124159&#8243; custom_margin=&#8221;0px||||false|false&#8221; global_colors_info=&#8221;{}&#8221;]<\/p>\n<p>Recordatori <strong>prohibici\u00f3 cremes des d&#8217;1 juny al 15 d&#8217;octubre<\/strong>, (tots dos inclosos).<\/p>\n<p>[\/et_pb_text][et_pb_tabs active_tab_background_color=&#8221;#2c67a5&#8243; inactive_tab_background_color=&#8221;#E9F0F6&#8243; active_tab_text_color=&#8221;#FFFFFF&#8221; admin_label=&#8221;Pesta\u00f1as. Quemas restos agr\u00edcolas&#8221; _builder_version=&#8221;4.27.4&#8243; _module_preset=&#8221;e82c1aeb-ddd6-4eb3-8c81-191420891355&#8243; tab_text_color=&#8221;#124159&#8243; tab_font_size=&#8221;100%&#8221; display_conditions=&#8221;W10=&#8221; border_radii=&#8221;on|4px|4px|4px|4px&#8221; box_shadow_style=&#8221;preset3&#8243; global_colors_info=&#8221;%91%93&#8243;][et_pb_tab title=&#8221;Condicions Generals&#8221; _builder_version=&#8221;4.27.4&#8243; _module_preset=&#8221;default&#8221; global_colors_info=&#8221;{}&#8221;]<\/p>\n<p><strong>La validesa de les autoritzacions ser\u00e0 de 3 mesos com a m\u00e0xim<\/strong>, respectant-se els dies i horaris que s&#8217;indiquen en el Pla per a cada per\u00edode.<\/p>\n<p><\/p>\n<p>Abans de cremar <strong>llegir sempre les condicions<\/strong> al dors del perm\u00eds de crema i<strong> con\u00e9ixer el nivell d&#8217;alerta.<\/strong><\/p>\n<p><\/p>\n<p>Central de Prevenci\u00f3 d&#8217;Incendis Forestals d&#8217;Alacant (<strong>CPIF-A<\/strong>): 96 593 82 99<\/p>\n<p><\/p>\n<p><strong>Web 112: <\/strong> <a class=\"externo\" title=\"Web alertas 112 Comunidad Valenciana\" href=\"http:\/\/www.112cv.com\" target=\"_blank\" rel=\"noopener\">http:\/\/www.112cv.com <\/a><\/p>\n<p><\/p>\n<p><a class=\"pdf\" title=\"Plan Municipal de quema\" href=\"https:\/\/gobiernoabierto.santapola.es\/storage\/uploads\/166193761320220830_Plan%20Municipal%20de%20Quema.pdf\" target=\"_blank\" rel=\"noopener\">Pla Municipal de crema<\/a><\/p>\n<p>[\/et_pb_tab][et_pb_tab title=&#8221; Presentaci\u00f3 de la sol\u00b7licitud&#8221; _builder_version=&#8221;4.27.4&#8243; _module_preset=&#8221;default&#8221; global_colors_info=&#8221;{}&#8221;]<\/p>\n<p><a class=\"pdf\" title=\"Solicitud de autorizaci\u00f3n de quemas\" href=\"https:\/\/santapola.es\/wp-content\/uploads\/2025\/10\/2025-Solicitud-Quema.pdf\" target=\"_blank\" rel=\"attachment noopener wp-att-46252\">Sol\u00b7licitud d&#8217;autoritzaci\u00f3 de cremes<\/a> <strong> Com es pot presentar?<\/strong><\/p>\n<p><\/p>\n<ol style=\"padding-top: 20px;\">\n<li style=\"padding-left: 25px; padding-bottom: 15px;\">Presencialment, en el Registre General de l&#8217;Ajuntament.<\/li>\n<li style=\"padding-left: 25px; padding-bottom: 15px;\">Per Internet a trav\u00e9s de la Seu Electr\u00f2nica, sent necessari l&#8217;\u00fas d&#8217;un certificat digital d&#8217;usuari.<\/li>\n<li style=\"padding-left: 25px;\">Presencialment, en les oficines de la c\/Castanys, n\u00ba12. Dpto d&#8217;Infraestructures, en horari de 9 a 14h<\/li>\n<\/ol>\n<p>[\/et_pb_tab][et_pb_tab title=&#8221;Recomanacions&#8221; _builder_version=&#8221;4.27.4&#8243; _module_preset=&#8221;default&#8221; global_colors_info=&#8221;{}&#8221;]<\/p>\n<p>Li recordem que disposen del servei<strong> de recollida de poda a la porta del seu domicili<\/strong> a trav\u00e9s de l&#8217;empresa Urbaser, trucant al tel\u00e8fon 966 693 955 o per WhatsApp al 686 80 13 23.<\/p>\n<p>[\/et_pb_tab][\/et_pb_tabs][et_pb_text content_last_edited=&#8221;off|desktop&#8221; admin_label=&#8221;T\u00edtulo. Subvenci\u00f3nes IVACE &#8211; Programa %22Comunidades de energ\u00edas renovables 2023%22&#8243; _builder_version=&#8221;4.27.2&#8243; _module_preset=&#8221;default&#8221; text_font=&#8221;|600|||||||&#8221; text_text_color=&#8221;#124159&#8243; text_font_size=&#8221;150%&#8221; text_line_height=&#8221;1.8em&#8221; header_text_color=&#8221;#123159&#8243; header_2_font=&#8221;|600|||||||&#8221; header_2_text_color=&#8221;#124159&#8243; header_2_font_size=&#8221;22px&#8221; custom_margin=&#8221;0px||30px||false|false&#8221; custom_padding=&#8221;0px||0px|||&#8221; border_width_bottom=&#8221;1px&#8221; border_color_bottom=&#8221;rgba(18,65,89,0.45)&#8221; global_colors_info=&#8221;{}&#8221;]<\/p>\n<p>Subvencions IVACE &#8211; Comunitats d&#8217;energies renovables 2023<\/p>\n<p>[\/et_pb_text][et_pb_tabs active_tab_background_color=&#8221;#2c67a5&#8243; inactive_tab_background_color=&#8221;#E9F0F6&#8243; active_tab_text_color=&#8221;#FFFFFF&#8221; admin_label=&#8221;Pesta\u00f1as. PACES Santa Pola 2030&#8243; _builder_version=&#8221;4.27.2&#8243; _module_preset=&#8221;e82c1aeb-ddd6-4eb3-8c81-191420891355&#8243; tab_text_color=&#8221;#124159&#8243; tab_font_size=&#8221;100%&#8221; display_conditions=&#8221;W10=&#8221; border_radii=&#8221;on|4px|4px|4px|4px&#8221; box_shadow_style=&#8221;preset3&#8243; global_colors_info=&#8221;%91%93&#8243;][et_pb_tab title=&#8221;CEL Santa Pola &#8211; CEIP Virgen de Loreto&#8221; _builder_version=&#8221;4.27.2&#8243; _module_preset=&#8221;default&#8221; global_colors_info=&#8221;{}&#8221;]<\/p>\n<p><a href=\"https:\/\/santapola.es\/wp-content\/uploads\/2024\/12\/Generalitat-Ivace.png\"><img loading=\"lazy\" decoding=\"async\" class=\"wp-image-40290 aligncenter size-full\" src=\"https:\/\/santapola.es\/wp-content\/uploads\/2024\/12\/Generalitat-Ivace.png\" alt=\"\" width=\"397\" height=\"86\" \/><\/a><\/p>\n<p><\/p>\n<p><strong>T\u00edtol del projecte:<\/strong> CEL SANTA POLA &#8211; CEIP VERGE DE LORETO<\/p>\n<p><\/p>\n<p><strong>Entitat Benefici\u00e0ria:<\/strong> EXCM. AJUNTAMENT DE SANTA POLA.<\/p>\n<p><\/p>\n<p><strong>Suport rebut:<\/strong> 68.185,69 euros, subvenci\u00f3 de l&#8217;IVACE a trav\u00e9s del programa de Comunitats d&#8217;Energies Renovables de la Comunitat Valenciana de l&#8217;any 2023<\/p>\n<p><\/p>\n<p><strong>Programa:<\/strong> CELCVF\/2023\/26: Comunitats d&#8217;Energia Renovables 2023. Instal\u00b7lacions autoconsum energia el\u00e8ctrica.<\/p>\n<p><\/p>\n<p><strong>Descripci\u00f3 de l&#8217;ajuda:<\/strong> Execuci\u00f3 i desenvolupament d&#8217;una instal\u00b7laci\u00f3 d&#8217;autoconsum col\u00b7lectiu en la coberta del CEIP Verge de Loreto en Carrer Caritat, 53, 03130, Santa Pola (Alacant) per a participar en la Comunitat Energ\u00e8tica Santa Pola.<\/p>\n<p><\/p>\n<p><strong>Objectius:<\/strong> El principal objectiu d&#8217;aquest projecte \u00e9s subministrar de manera col\u00b7lectiva amb energia renovable a partir de tecnologia solar fotovoltaica als socis de la Comunitat Energ\u00e8tica Santa Pola per a aix\u00ed poder disminuir el cost de la seva factura el\u00e8ctrica.<\/p>\n<p><\/p>\n<p><strong>Resultats:<\/strong> Com a resultat es posa a la disposici\u00f3 dels membres de la comunitat energ\u00e8tica una instal\u00b7laci\u00f3 d&#8217;autoconsum col\u00b7lectiu.<\/p>\n<p>[\/et_pb_tab][et_pb_tab title=&#8221;CEL Santa Pola &#8211; Poliesportiu Jos\u00e9 Antonio Alema\u00f1 Valero&#8221; _builder_version=&#8221;4.27.2&#8243; _module_preset=&#8221;default&#8221; global_colors_info=&#8221;{}&#8221;]<\/p>\n<p><a href=\"https:\/\/santapola.es\/wp-content\/uploads\/2024\/12\/Generalitat-Ivace.png\"><img loading=\"lazy\" decoding=\"async\" class=\"wp-image-40290 aligncenter size-full\" src=\"https:\/\/santapola.es\/wp-content\/uploads\/2024\/12\/Generalitat-Ivace.png\" alt=\"\" width=\"397\" height=\"86\" \/><\/a><\/p>\n<p><\/p>\n<p><strong>T\u00edtol del projecte:<\/strong> CEL SANTA POLA &#8211; POLIESPORTIU JOSE ANTONIO ALEMA\u00d1 VALERO<\/p>\n<p><\/p>\n<p><strong>Entitat Benefici\u00e0ria:<\/strong> EXCM. AJUNTAMENT DE SANTA POLA.<\/p>\n<p><\/p>\n<p><strong>Suport rebut:<\/strong> 71.371,71 euros, subvenci\u00f3 de l&#8217;IVACE a trav\u00e9s del programa de Comunitats d&#8217;Energies Renovables de la Comunitat Valenciana de l&#8217;any 2023<\/p>\n<p><\/p>\n<p><strong>Programa:<\/strong> CELCVF\/2023\/27: Comunitats d&#8217;Energia Renovables 2023. Instal\u00b7lacions autoconsum energia el\u00e8ctrica.<\/p>\n<p><\/p>\n<p><strong>Descripci\u00f3 de l&#8217;ajuda:<\/strong> Execuci\u00f3 i desenvolupament d&#8217;una instal\u00b7laci\u00f3 d&#8217;autoconsum col\u00b7lectiu en la coberta del Poliesportiu Jos\u00e9 Antonio Alema\u00f1 Valero en AV. D\u00b4Escandin\u00e0via, 78, Gran Alacant, 03130, Santa Pola (Alacant) per a participar en la Comunitat Energ\u00e8tica Santa Pola.<\/p>\n<p><\/p>\n<p><strong>Objectius:<\/strong> El principal objectiu d&#8217;aquest projecte \u00e9s subministrar de manera col\u00b7lectiva amb energia renovable a partir de tecnologia solar fotovoltaica als socis de la Comunitat Energ\u00e8tica Santa Pola per a aix\u00ed poder disminuir el cost de la seva factura el\u00e8ctrica.<\/p>\n<p><\/p>\n<p><strong>Resultats:<\/strong> Com a resultat es posa a la disposici\u00f3 dels membres de la comunitat energ\u00e8tica una instal\u00b7laci\u00f3 d&#8217;autoconsum col\u00b7lectiu.<\/p>\n<p>[\/et_pb_tab][\/et_pb_tabs][et_pb_text content_last_edited=&#8221;off|desktop&#8221; admin_label=&#8221;T\u00edtulo. PACES&#8221; module_id=&#8221;paces&#8221; _builder_version=&#8221;4.27.4&#8243; _module_preset=&#8221;default&#8221; text_font=&#8221;|600|||||||&#8221; text_text_color=&#8221;#124159&#8243; text_font_size=&#8221;150%&#8221; text_line_height=&#8221;1.8em&#8221; header_text_color=&#8221;#123159&#8243; header_2_font=&#8221;|600|||||||&#8221; header_2_text_color=&#8221;#124159&#8243; header_2_font_size=&#8221;22px&#8221; custom_margin=&#8221;0px||30px||false|false&#8221; custom_padding=&#8221;0px||0px|||&#8221; border_width_bottom=&#8221;1px&#8221; border_color_bottom=&#8221;rgba(18,65,89,0.45)&#8221; global_colors_info=&#8221;{}&#8221;]<\/p>\n<p>Pla d&#8217;acci\u00f3 per al clima i energia sostenible<\/p>\n<p>[\/et_pb_text][et_pb_tabs active_tab_background_color=&#8221;#2c67a5&#8243; inactive_tab_background_color=&#8221;#E9F0F6&#8243; active_tab_text_color=&#8221;#FFFFFF&#8221; admin_label=&#8221;Pesta\u00f1as. PACES Santa Pola 2030&#8243; _builder_version=&#8221;4.24.2&#8243; _module_preset=&#8221;e82c1aeb-ddd6-4eb3-8c81-191420891355&#8243; tab_text_color=&#8221;#124159&#8243; tab_font_size=&#8221;100%&#8221; display_conditions=&#8221;W10=&#8221; border_radii=&#8221;on|4px|4px|4px|4px&#8221; box_shadow_style=&#8221;preset3&#8243; global_colors_info=&#8221;%91%93&#8243;][et_pb_tab title=&#8221;PACES Santa Pola 2030&#8243; _builder_version=&#8221;4.21.0&#8243; _module_preset=&#8221;default&#8221; global_colors_info=&#8221;{}&#8221;]<\/p>\n<p><img loading=\"lazy\" decoding=\"async\" class=\"wp-image-22397 alignnone size-medium\" style=\"display: block; margin-left: auto; margin-right: auto;\" src=\"https:\/\/santapola.es\/wp-content\/uploads\/2023\/11\/pacto-alcaldes-300x113.jpg\" alt=\"\" width=\"251\" height=\"94\" \/><\/p>\n<p><\/p>\n<p>El Pla d&#8217;Acci\u00f3 per al Clima i l&#8217;Energia Sostenible (PAUS) consisteix en una s\u00e8rie de <strong>projectes i actuacions que s&#8217;escometran a horitz\u00f3 temporal 2030 i que permetran reduir fins a un 40% les emissions de CO\u2082<\/strong>, comprom\u00eds adquirit pel Municipi de Santa Pola amb la seva <a class=\"pdf\" title=\"Adhesi\u00f3n al pacto. Archivo pdf\" href=\"https:\/\/www.santapolavant.es\/images\/files\/documentos\/pla-ciutat\/adhesion\/Formulario-Adhesion.pdf\" target=\"_blank\" rel=\"noopener\">adhesi\u00f3 al Pacte de les Alcaldies en 2017<\/a>.<\/p>\n<p><\/p>\n<p>Un dels requisits fonamentals que exigeix la Comissi\u00f3 Europea \u00e9s la convocat\u00f2ria d&#8217;una Jornada de Participaci\u00f3 Ciutadana en la qual es consulta a la ciutadania del municipi les diferents propostes que es recullen en el Pla d&#8217;Acci\u00f3 per al municipi.<\/p>\n<p><\/p>\n<p><a class=\"pdf\" title=\"Plan de acci\u00f3n. Archivo pdf\" href=\"https:\/\/gobiernoabierto.santapola.es\/storage\/uploads\/1691055980PACES_SANTA%20POLA.pdf\" target=\"_blank\" rel=\"noopener\">Pla d&#8217;acci\u00f3<\/a><\/p>\n<p><\/p>\n<p><a class=\"pdf\" title=\"Resultado encuesta participativa. Archiva pdf\" href=\"\/..\/wp-content\/uploads\/2022\/12\/ENCUESTA-PACES.pdf\" target=\"_blank\" rel=\"noopener\">Resultats enquesta participativa<\/a><\/p>\n<p>[\/et_pb_tab][\/et_pb_tabs][et_pb_text content_last_edited=&#8221;off|desktop&#8221; admin_label=&#8221;T\u00edtulo. Santa Pola Comunidad Energ\u00e9tica&#8221; module_id=&#8221;comunidadenergetica&#8221; _builder_version=&#8221;4.24.2&#8243; _module_preset=&#8221;default&#8221; text_font=&#8221;|600|||||||&#8221; text_text_color=&#8221;#124159&#8243; text_font_size=&#8221;150%&#8221; text_line_height=&#8221;1.8em&#8221; header_text_color=&#8221;#123159&#8243; header_2_font=&#8221;|600|||||||&#8221; header_2_text_color=&#8221;#124159&#8243; header_2_font_size=&#8221;22px&#8221; custom_margin=&#8221;0px||30px||false|false&#8221; custom_padding=&#8221;0px||0px|||&#8221; border_width_bottom=&#8221;1px&#8221; border_color_bottom=&#8221;rgba(18,65,89,0.45)&#8221; global_colors_info=&#8221;{}&#8221;]<\/p>\n<p>Santa Pola Comunitat Energ\u00e8tica<\/p>\n<p>[\/et_pb_text][et_pb_tabs active_tab_background_color=&#8221;#2c67a5&#8243; inactive_tab_background_color=&#8221;#E9F0F6&#8243; active_tab_text_color=&#8221;#FFFFFF&#8221; admin_label=&#8221;Pesta\u00f1as. Santa Pola Comunidad Energ\u00e9tica&#8221; _builder_version=&#8221;4.24.2&#8243; _module_preset=&#8221;e82c1aeb-ddd6-4eb3-8c81-191420891355&#8243; tab_text_color=&#8221;#124159&#8243; tab_font_size=&#8221;100%&#8221; display_conditions=&#8221;W10=&#8221; border_radii=&#8221;on|4px|4px|4px|4px&#8221; box_shadow_style=&#8221;preset3&#8243; global_colors_info=&#8221;%91%93&#8243;][et_pb_tab title=&#8221;Qu\u00e8 s\u00f3n les comunitats energ\u00e8tiques?&#8221; _builder_version=&#8221;4.21.0&#8243; _module_preset=&#8221;default&#8221; global_colors_info=&#8221;{}&#8221;]<\/p>\n<p>Les Comunitats Energ\u00e8tiques fomenten sobretot l&#8217;estalvi energ\u00e8tic i contribueixen al desenvolupament de la generaci\u00f3 distribu\u00efda, a <strong>reduir enormement la depend\u00e8ncia energ\u00e8tica i complir els objectius energ\u00e8tics i mediambientals fixats per a reduir l&#8217;impacte mediambiental<\/strong>l.<\/p>\n<p><\/p>\n<p>S\u00f3n organitzacions on els membres que formen part s&#8217;impliquen de manera directa en la planificaci\u00f3 i implementaci\u00f3 de les mesures que duran a terme per a la implantaci\u00f3 d&#8217;energies renovables en la producci\u00f3, consum i\/o comercialitzaci\u00f3 d&#8217;energia el\u00e8ctrica, aix\u00ed com en el desenvolupament de mesures d&#8217;efici\u00e8ncia energ\u00e8tica o de mobilitat sostenible.<\/p>\n<p>[\/et_pb_tab][et_pb_tab title=&#8221;Projecte de Santa Pola&#8221; _builder_version=&#8221;4.21.0&#8243; _module_preset=&#8221;default&#8221; global_colors_info=&#8221;{}&#8221;]<\/p>\n<p>S&#8217;ha posat en marxa una comunitat energ\u00e8tica p\u00fablica la finalitat de la qual<strong> \u00e9s fer de Santa Pola una ciutat energ\u00e8ticament sostenible<\/strong>, instal\u00b7lant en un principi, dos punts centrals; un en el nucli urb\u00e0 i un altre en Gran Alacant perqu\u00e8 aquells interessats, en un radi de 2.000 metres, es puguen connectar a l&#8217;energia solar i subministrar part als seus habitatges\u201d.<\/p>\n<p><\/p>\n<p>La intenci\u00f3 de l&#8217;Ajuntament \u00e9s continuar ampliant els punts de connexi\u00f3 de manera progressiva, utilitzant edificis p\u00fablics, perqu\u00e8 en el futur, a m\u00e9s de l&#8217;estalvi per a l&#8217;Ajuntament, tinguem una energia m\u00e9s neta i sostenible en les nostres llars\u201d.<\/p>\n<p><\/p>\n<p><a class=\"pdf\" title=\"Presentaci\u00f3n del proyecto. Enlace pdf\" href=\"\/..\/wp-content\/uploads\/2023\/03\/enercoop-Presentacion-30.03.2023-Santa-Pola.pdf\" target=\"_blank\" rel=\"noopener\">Presentaci\u00f3 del projecte<\/a><\/p>\n<p><a class=\"pdf\" title=\"Instancia adhesi\u00f3n valenciano. Archivo pdf\" href=\"\/..\/wp-content\/uploads\/2023\/05\/Comunidad-Energetica-Instancia-Valenciano-.pdf\" target=\"_blank\" rel=\"noopener\">Model &#8220;Fulla d&#8217;Adhesi\u00f3&#8221; a la comunitat energ\u00e8tica (VA)<\/a><\/p>\n<p>[\/et_pb_tab][\/et_pb_tabs][\/et_pb_column][et_pb_column type=&#8221;1_4&#8243; module_class=&#8221;col-ancho-total&#8221; admin_label=&#8221;Columna 2&#8243; _builder_version=&#8221;4.20.0&#8243; custom_padding=&#8221;|||&#8221; global_colors_info=&#8221;{}&#8221; custom_padding__hover=&#8221;|||&#8221;][et_pb_text content_last_edited=&#8221;off|desktop&#8221; admin_label=&#8221;T\u00edtulo. Te interesa&#8221; _builder_version=&#8221;4.24.2&#8243; _module_preset=&#8221;default&#8221; text_font=&#8221;|600|||||||&#8221; text_text_color=&#8221;#124159&#8243; text_font_size=&#8221;150%&#8221; text_line_height=&#8221;1.8em&#8221; header_text_color=&#8221;#123159&#8243; header_2_font=&#8221;|600|||||||&#8221; header_2_text_color=&#8221;#124159&#8243; header_2_font_size=&#8221;22px&#8221; custom_margin=&#8221;0px||30px||false|false&#8221; custom_padding=&#8221;0px||0px|||&#8221; border_width_bottom=&#8221;1px&#8221; border_color_bottom=&#8221;rgba(18,65,89,0.45)&#8221; global_colors_info=&#8221;{}&#8221;]<\/p>\n<p>T&#8217;interessa&#8230;<\/p>\n<p>[\/et_pb_text][et_pb_blurb title=&#8221;Parc Natural de les Salines de Santa Pola&#8221; image_icon_background_color=&#8221;RGBA(255,255,255,0)&#8221; image=&#8221;https:\/\/santapola.es\/wp-content\/uploads\/2023\/11\/Ave-salinas.png&#8221; image_icon_width=&#8221;52%&#8221; image_icon_width_tablet=&#8221;75%&#8221; image_icon_width_phone=&#8221;75%&#8221; image_icon_width_last_edited=&#8221;on|phone&#8221; admin_label=&#8221;Dossier Parc Natural de les Salines de Santa Pola&#8221; _builder_version=&#8221;4.24.0&#8243; _module_preset=&#8221;default&#8221; header_font=&#8221;|600|||||||&#8221; header_text_align=&#8221;left&#8221; header_text_color=&#8221;#124159&#8243; header_font_size=&#8221;125%&#8221; header_line_height=&#8221;1.3em&#8221; image_icon_custom_margin=&#8221;||-10px||false|false&#8221; image_icon_custom_padding=&#8221;||||false|false&#8221; custom_margin=&#8221;||||false|false&#8221; custom_margin_tablet=&#8221;||30px||false|false&#8221; custom_margin_phone=&#8221;||30px||false|false&#8221; custom_margin_last_edited=&#8221;off|desktop&#8221; custom_padding=&#8221;15px|15px|15px|20px|false|false&#8221; custom_css_blurb_image=&#8221;margin-bottom:10px;&#8221; custom_css_blurb_title=&#8221;border-bottom:1px solid rgba(18,65,89,0.45);||margin-bottom:15px;&#8221; border_width_all=&#8221;1px&#8221; border_color_all=&#8221;#E9F0F6&#8243; border_color_all_image=&#8221;RGBA(255,255,255,0)&#8221; border_color_bottom_image=&#8221;#0C71C3&#8243; box_shadow_style=&#8221;preset2&#8243; global_colors_info=&#8221;%91%93&#8243;]<\/p>\n<p><a class=\"pdf\" title=\"Dossier parc salines. Archivo pdf\" href=\"\/..\/wp-content\/uploads\/2023\/11\/Dossier-Parc-LesSalines.pdf\" target=\"_blank\" rel=\"attachment noopener wp-att-22404\">Ver dossier<\/a><\/p>\n<p>[\/et_pb_blurb][et_pb_button button_url=&#8221;\/..\/wp-content\/uploads\/2019\/01\/MEMORIA-PROPUESTA-SENDERO-PR-CAP-DEL-ALJUB-SIN-DATOS.pdf&#8221; url_new_window=&#8221;on&#8221; button_text=&#8221;Sendera PR Cap de l&apos;Aljub&#8221; button_alignment=&#8221;center&#8221; admin_label=&#8221;Sendero PR Cap de l&#8217;Aljub&#8221; _builder_version=&#8221;4.24.2&#8243; _module_preset=&#8221;default&#8221; custom_button=&#8221;on&#8221; button_text_size=&#8221;115%&#8221; button_text_color=&#8221;#124159&#8243; button_border_width=&#8221;1px&#8221; button_border_color=&#8221;RGBA(18,65,89,0.45)&#8221; button_border_radius=&#8221;0px&#8221; button_font=&#8221;||||||||&#8221; button_icon=&#8221;&#xf061;||fa||900&#8243; button_icon_color=&#8221;#6997bf&#8221; button_icon_placement=&#8221;left&#8221; button_on_hover=&#8221;off&#8221; custom_margin=&#8221;||||false|false&#8221; custom_padding=&#8221;15px||10px||false|false&#8221; custom_css_main_element=&#8221;width:100%;&#8221; box_shadow_style=&#8221;preset3&#8243; global_colors_info=&#8221;{}&#8221;][\/et_pb_button][et_pb_text content_last_edited=&#8221;off|desktop&#8221; admin_label=&#8221;T\u00edtulo. Pacto de los Alcaldes&#8221; _builder_version=&#8221;4.24.2&#8243; _module_preset=&#8221;default&#8221; text_font=&#8221;|600|||||||&#8221; text_text_color=&#8221;#124159&#8243; text_font_size=&#8221;150%&#8221; text_line_height=&#8221;1.8em&#8221; header_text_color=&#8221;#123159&#8243; header_2_font=&#8221;|600|||||||&#8221; header_2_text_color=&#8221;#124159&#8243; header_2_font_size=&#8221;22px&#8221; custom_margin=&#8221;||||false|false&#8221; custom_padding=&#8221;||||false|false&#8221; border_width_bottom=&#8221;1px&#8221; border_color_bottom=&#8221;rgba(18,65,89,0.45)&#8221; global_colors_info=&#8221;{}&#8221;]<\/p>\n<p>Pacte dels Alcaldes<\/p>\n<p>[\/et_pb_text][et_pb_video src=&#8221;https:\/\/youtu.be\/94QD8_Ng4MA&#8221; admin_label=&#8221;Video Pacto de los alcaldes&#8221; _builder_version=&#8221;4.21.0&#8243; _module_preset=&#8221;default&#8221; border_radii=&#8221;on|6px|6px|6px|6px&#8221; border_color_all=&#8221;RGBA(255,255,255,0)&#8221; box_shadow_style=&#8221;preset4&#8243; box_shadow_horizontal=&#8221;5px&#8221; box_shadow_vertical=&#8221;5px&#8221; global_colors_info=&#8221;{}&#8221;][\/et_pb_video][\/et_pb_column][\/et_pb_row][\/et_pb_section]<\/p>\n","protected":false},"excerpt":{"rendered":"<p>Medi ambient<span><span><a href=\"https:\/\/santapola.es\/ca\/\">Inici<\/a><\/span><\/span>I Concurs de dibuix &#8220;Santa Pola Verd&#8221;Bases del concurs &#8220;Santa Pola Verd&#8221;Sol\u00b7licitud autoritzaci\u00f3 de cremes de restes agr\u00edcolesRecordatori prohibici\u00f3 cremes des d&#8217;1 juny al 15 d&#8217;octubre, (tots dos inclosos).La validesa de les autoritzacions ser\u00e0 de 3 mesos com a m\u00e0xim, respectant-se els dies i horaris que s&#8217;indiquen en el Pla per a cada per\u00edode.Abans [&hellip;]<\/p>\n","protected":false},"author":95,"featured_media":0,"parent":34215,"menu_order":0,"comment_status":"closed","ping_status":"closed","template":"","meta":{"_et_pb_use_builder":"on","_et_pb_old_content":"","_et_gb_content_width":"","footnotes":""},"class_list":["post-34423","page","type-page","status-publish","hentry"],"yoast_head":"<!-- This site is optimized with the Yoast SEO plugin v27.4 - https:\/\/yoast.com\/product\/yoast-seo-wordpress\/ -->\n<title>Medi ambient - Ajuntament de Santa Pola<\/title>\n<meta name=\"robots\" content=\"index, follow, max-snippet:-1, max-image-preview:large, max-video-preview:-1\" \/>\n<link rel=\"canonical\" href=\"https:\/\/santapola.es\/ca\/arees\/medi-ambient\/\" \/>\n<meta property=\"og:locale\" content=\"ca_ES\" \/>\n<meta property=\"og:type\" content=\"article\" \/>\n<meta property=\"og:title\" content=\"Medi ambient - Ajuntament de Santa Pola\" \/>\n<meta property=\"og:description\" content=\"Medi ambientI Concurs de dibuix &quot;Santa Pola Verd&quot;Bases del concurs &quot;Santa Pola Verd&quot;Sol\u00b7licitud autoritzaci\u00f3 de cremes de restes agr\u00edcolesRecordatori prohibici\u00f3 cremes des d&#039;1 juny al 15 d&#039;octubre, (tots dos inclosos).La validesa de les autoritzacions ser\u00e0 de 3 mesos com a m\u00e0xim, respectant-se els dies i horaris que s&#039;indiquen en el Pla per a cada per\u00edode.Abans [&hellip;]\" \/>\n<meta property=\"og:url\" content=\"https:\/\/santapola.es\/ca\/arees\/medi-ambient\/\" \/>\n<meta property=\"og:site_name\" content=\"Ajuntament de Santa Pola\" \/>\n<meta property=\"article:publisher\" content=\"https:\/\/www.facebook.com\/AyuntamientoSantaPola\/\" \/>\n<meta property=\"article:modified_time\" content=\"2026-04-27T07:37:05+00:00\" \/>\n<meta property=\"og:image\" content=\"https:\/\/santapola.es\/wp-content\/uploads\/2024\/12\/Generalitat-Ivace.png\" \/>\n\t<meta property=\"og:image:width\" content=\"643\" \/>\n\t<meta property=\"og:image:height\" content=\"178\" \/>\n\t<meta property=\"og:image:type\" content=\"image\/png\" \/>\n<meta name=\"twitter:card\" content=\"summary_large_image\" \/>\n<meta name=\"twitter:site\" content=\"@SantaPolaAyunt\" \/>\n<script type=\"application\/ld+json\" class=\"yoast-schema-graph\">{\"@context\":\"https:\\\/\\\/schema.org\",\"@graph\":[{\"@type\":\"WebPage\",\"@id\":\"https:\\\/\\\/santapola.es\\\/ca\\\/arees\\\/medi-ambient\\\/\",\"url\":\"https:\\\/\\\/santapola.es\\\/ca\\\/arees\\\/medi-ambient\\\/\",\"name\":\"Medi ambient - Ajuntament de Santa Pola\",\"isPartOf\":{\"@id\":\"https:\\\/\\\/santapola.es\\\/ca\\\/#website\"},\"primaryImageOfPage\":{\"@id\":\"https:\\\/\\\/santapola.es\\\/ca\\\/arees\\\/medi-ambient\\\/#primaryimage\"},\"image\":{\"@id\":\"https:\\\/\\\/santapola.es\\\/ca\\\/arees\\\/medi-ambient\\\/#primaryimage\"},\"thumbnailUrl\":\"https:\\\/\\\/santapola.es\\\/wp-content\\\/uploads\\\/2024\\\/12\\\/Generalitat-Ivace.png\",\"datePublished\":\"2023-11-20T11:25:43+00:00\",\"dateModified\":\"2026-04-27T07:37:05+00:00\",\"breadcrumb\":{\"@id\":\"https:\\\/\\\/santapola.es\\\/ca\\\/arees\\\/medi-ambient\\\/#breadcrumb\"},\"inLanguage\":\"ca\",\"potentialAction\":[{\"@type\":\"ReadAction\",\"target\":[\"https:\\\/\\\/santapola.es\\\/ca\\\/arees\\\/medi-ambient\\\/\"]}]},{\"@type\":\"ImageObject\",\"inLanguage\":\"ca\",\"@id\":\"https:\\\/\\\/santapola.es\\\/ca\\\/arees\\\/medi-ambient\\\/#primaryimage\",\"url\":\"https:\\\/\\\/santapola.es\\\/wp-content\\\/uploads\\\/2024\\\/12\\\/Generalitat-Ivace.png\",\"contentUrl\":\"https:\\\/\\\/santapola.es\\\/wp-content\\\/uploads\\\/2024\\\/12\\\/Generalitat-Ivace.png\"},{\"@type\":\"BreadcrumbList\",\"@id\":\"https:\\\/\\\/santapola.es\\\/ca\\\/arees\\\/medi-ambient\\\/#breadcrumb\",\"itemListElement\":[{\"@type\":\"ListItem\",\"position\":1,\"name\":\"Inici\",\"item\":\"https:\\\/\\\/santapola.es\\\/ca\\\/\"},{\"@type\":\"ListItem\",\"position\":2,\"name\":\"\u00c0rees\",\"item\":\"https:\\\/\\\/santapola.es\\\/ca\\\/areas-municipales\\\/\"},{\"@type\":\"ListItem\",\"position\":3,\"name\":\"Medi ambient\"}]},{\"@type\":\"WebSite\",\"@id\":\"https:\\\/\\\/santapola.es\\\/ca\\\/#website\",\"url\":\"https:\\\/\\\/santapola.es\\\/ca\\\/\",\"name\":\"Ayuntamiento de Santa Pola\",\"description\":\"Web de l'Ajuntament de Santa Pola\",\"potentialAction\":[{\"@type\":\"SearchAction\",\"target\":{\"@type\":\"EntryPoint\",\"urlTemplate\":\"https:\\\/\\\/santapola.es\\\/ca\\\/?s={search_term_string}\"},\"query-input\":{\"@type\":\"PropertyValueSpecification\",\"valueRequired\":true,\"valueName\":\"search_term_string\"}}],\"inLanguage\":\"ca\"}]}<\/script>\n<!-- \/ Yoast SEO plugin. -->","yoast_head_json":{"title":"Medi ambient - Ajuntament de Santa Pola","robots":{"index":"index","follow":"follow","max-snippet":"max-snippet:-1","max-image-preview":"max-image-preview:large","max-video-preview":"max-video-preview:-1"},"canonical":"https:\/\/santapola.es\/ca\/arees\/medi-ambient\/","og_locale":"ca_ES","og_type":"article","og_title":"Medi ambient - Ajuntament de Santa Pola","og_description":"Medi ambientI Concurs de dibuix \"Santa Pola Verd\"Bases del concurs \"Santa Pola Verd\"Sol\u00b7licitud autoritzaci\u00f3 de cremes de restes agr\u00edcolesRecordatori prohibici\u00f3 cremes des d'1 juny al 15 d'octubre, (tots dos inclosos).La validesa de les autoritzacions ser\u00e0 de 3 mesos com a m\u00e0xim, respectant-se els dies i horaris que s'indiquen en el Pla per a cada per\u00edode.Abans [&hellip;]","og_url":"https:\/\/santapola.es\/ca\/arees\/medi-ambient\/","og_site_name":"Ajuntament de Santa Pola","article_publisher":"https:\/\/www.facebook.com\/AyuntamientoSantaPola\/","article_modified_time":"2026-04-27T07:37:05+00:00","og_image":[{"width":643,"height":178,"url":"https:\/\/santapola.es\/wp-content\/uploads\/2024\/12\/Generalitat-Ivace.png","type":"image\/png"}],"twitter_card":"summary_large_image","twitter_site":"@SantaPolaAyunt","schema":{"@context":"https:\/\/schema.org","@graph":[{"@type":"WebPage","@id":"https:\/\/santapola.es\/ca\/arees\/medi-ambient\/","url":"https:\/\/santapola.es\/ca\/arees\/medi-ambient\/","name":"Medi ambient - Ajuntament de Santa Pola","isPartOf":{"@id":"https:\/\/santapola.es\/ca\/#website"},"primaryImageOfPage":{"@id":"https:\/\/santapola.es\/ca\/arees\/medi-ambient\/#primaryimage"},"image":{"@id":"https:\/\/santapola.es\/ca\/arees\/medi-ambient\/#primaryimage"},"thumbnailUrl":"https:\/\/santapola.es\/wp-content\/uploads\/2024\/12\/Generalitat-Ivace.png","datePublished":"2023-11-20T11:25:43+00:00","dateModified":"2026-04-27T07:37:05+00:00","breadcrumb":{"@id":"https:\/\/santapola.es\/ca\/arees\/medi-ambient\/#breadcrumb"},"inLanguage":"ca","potentialAction":[{"@type":"ReadAction","target":["https:\/\/santapola.es\/ca\/arees\/medi-ambient\/"]}]},{"@type":"ImageObject","inLanguage":"ca","@id":"https:\/\/santapola.es\/ca\/arees\/medi-ambient\/#primaryimage","url":"https:\/\/santapola.es\/wp-content\/uploads\/2024\/12\/Generalitat-Ivace.png","contentUrl":"https:\/\/santapola.es\/wp-content\/uploads\/2024\/12\/Generalitat-Ivace.png"},{"@type":"BreadcrumbList","@id":"https:\/\/santapola.es\/ca\/arees\/medi-ambient\/#breadcrumb","itemListElement":[{"@type":"ListItem","position":1,"name":"Inici","item":"https:\/\/santapola.es\/ca\/"},{"@type":"ListItem","position":2,"name":"\u00c0rees","item":"https:\/\/santapola.es\/ca\/areas-municipales\/"},{"@type":"ListItem","position":3,"name":"Medi ambient"}]},{"@type":"WebSite","@id":"https:\/\/santapola.es\/ca\/#website","url":"https:\/\/santapola.es\/ca\/","name":"Ayuntamiento de Santa Pola","description":"Web de l'Ajuntament de Santa Pola","potentialAction":[{"@type":"SearchAction","target":{"@type":"EntryPoint","urlTemplate":"https:\/\/santapola.es\/ca\/?s={search_term_string}"},"query-input":{"@type":"PropertyValueSpecification","valueRequired":true,"valueName":"search_term_string"}}],"inLanguage":"ca"}]}},"_links":{"self":[{"href":"https:\/\/santapola.es\/ca\/wp-json\/wp\/v2\/pages\/34423","targetHints":{"allow":["GET"]}}],"collection":[{"href":"https:\/\/santapola.es\/ca\/wp-json\/wp\/v2\/pages"}],"about":[{"href":"https:\/\/santapola.es\/ca\/wp-json\/wp\/v2\/types\/page"}],"author":[{"embeddable":true,"href":"https:\/\/santapola.es\/ca\/wp-json\/wp\/v2\/users\/95"}],"replies":[{"embeddable":true,"href":"https:\/\/santapola.es\/ca\/wp-json\/wp\/v2\/comments?post=34423"}],"version-history":[{"count":3,"href":"https:\/\/santapola.es\/ca\/wp-json\/wp\/v2\/pages\/34423\/revisions"}],"predecessor-version":[{"id":48566,"href":"https:\/\/santapola.es\/ca\/wp-json\/wp\/v2\/pages\/34423\/revisions\/48566"}],"up":[{"embeddable":true,"href":"https:\/\/santapola.es\/ca\/wp-json\/wp\/v2\/pages\/34215"}],"wp:attachment":[{"href":"https:\/\/santapola.es\/ca\/wp-json\/wp\/v2\/media?parent=34423"}],"curies":[{"name":"wp","href":"https:\/\/api.w.org\/{rel}","templated":true}]}}