{"id":34277,"date":"2023-09-25T12:03:14","date_gmt":"2023-09-25T10:03:14","guid":{"rendered":"https:\/\/www.desarrollo.santapola.es\/arees\/esports\/"},"modified":"2025-09-15T13:32:08","modified_gmt":"2025-09-15T11:32:08","slug":"esports","status":"publish","type":"page","link":"https:\/\/santapola.es\/ca\/arees\/esports\/","title":{"rendered":"Esports"},"content":{"rendered":"<p>[et_pb_section fb_built=&#8221;1&#8243; disabled_on=&#8221;off|off|off&#8221; admin_label=&#8221;Secci\u00f3n fondo cabecera&#8221; _builder_version=&#8221;4.21.0&#8243; _module_preset=&#8221;default&#8221; background_image=&#8221;https:\/\/santapola.es\/wp-content\/uploads\/2017\/03\/DSC38162.jpg&#8221; background_position=&#8221;center_left&#8221; background_horizontal_offset=&#8221;0%&#8221; height=&#8221;250px&#8221; custom_css_main_element=&#8221;display: flex;||justify-content: center;&#8221; global_colors_info=&#8221;{}&#8221;][et_pb_row admin_label=&#8221;Fila cap\u00e7alera&#8221; _builder_version=&#8221;4.20.0&#8243; _module_preset=&#8221;c058b923-922c-4136-ad09-c0e7a4d225ab&#8221; background_color=&#8221;RGBA(255,255,255,0)&#8221; global_colors_info=&#8221;{}&#8221;][et_pb_column type=&#8221;4_4&#8243; _builder_version=&#8221;4.20.0&#8243; _module_preset=&#8221;default&#8221; global_colors_info=&#8221;{}&#8221;][et_pb_text content_last_edited=&#8221;off|desktop&#8221; admin_label=&#8221;Texto t\u00edtulo de cabecera&#8221; _builder_version=&#8221;4.24.2&#8243; _module_preset=&#8221;default&#8221; text_font=&#8221;|600|||||||&#8221; text_text_color=&#8221;#FFFFFF&#8221; text_font_size=&#8221;550%&#8221; text_line_height=&#8221;0.9em&#8221; background_color=&#8221;RGBA(255,255,255,0)&#8221; text_orientation=&#8221;center&#8221; text_font_size_tablet=&#8221;500%&#8221; text_font_size_phone=&#8221;400%&#8221; text_font_size_last_edited=&#8221;on|phone&#8221; text_line_height_tablet=&#8221;0.9em&#8221; text_line_height_phone=&#8221;0.9em&#8221; text_line_height_last_edited=&#8221;off|desktop&#8221; text_text_shadow_style=&#8221;preset2&#8243; text_text_shadow_color=&#8221;#000000&#8243; global_colors_info=&#8221;{}&#8221;]<\/p>\n<p>Esports<\/p>\n<p>[\/et_pb_text][\/et_pb_column][\/et_pb_row][\/et_pb_section][et_pb_section fb_built=&#8221;1&#8243; inner_shadow=&#8221;on&#8221; custom_padding_last_edited=&#8221;on|desktop&#8221; admin_label=&#8221;Secci\u00f3n cuerpo P\u00e1gina principal&#8221; _builder_version=&#8221;4.20.0&#8243; background_color=&#8221;#ffffff&#8221; width=&#8221;100%&#8221; custom_margin=&#8221;-5px||||false|false&#8221; custom_margin_tablet=&#8221;-5px||||false|false&#8221; custom_margin_phone=&#8221;-5px||||false|false&#8221; custom_margin_last_edited=&#8221;on|phone&#8221; custom_padding=&#8221;0px|0px|50px|0px|false|false&#8221; custom_padding_tablet=&#8221;0px|0|50px|0|false|false&#8221; custom_padding_phone=&#8221;|0|50px|0|false|false&#8221; custom_css_main_element=&#8221;display:flex;||flex-wrap:wrap;&#8221; transparent_background=&#8221;off&#8221; make_fullwidth=&#8221;off&#8221; use_custom_width=&#8221;off&#8221; width_unit=&#8221;on&#8221; custom_width_px=&#8221;1080px&#8221; custom_width_percent=&#8221;80%&#8221; global_colors_info=&#8221;{}&#8221;][et_pb_row column_structure=&#8221;1_3,1_3,1_3&#8243; use_custom_gutter=&#8221;on&#8221; gutter_width=&#8221;2&#8243; make_equal=&#8221;on&#8221; admin_label=&#8221;Fila enlla\u00e7os destacats&#8221; _builder_version=&#8221;4.24.2&#8243; _module_preset=&#8221;_initial&#8221; width=&#8221;100%&#8221; width_tablet=&#8221;80%&#8221; width_phone=&#8221;80%&#8221; width_last_edited=&#8221;on|tablet&#8221; max_width=&#8221;65%&#8221; max_width_tablet=&#8221;80%&#8221; max_width_phone=&#8221;80%&#8221; max_width_last_edited=&#8221;on|desktop&#8221; custom_margin=&#8221;25px||15px||false|false&#8221; custom_margin_tablet=&#8221;5px|auto||auto|false|false&#8221; custom_margin_phone=&#8221;5px|auto||auto|false|false&#8221; custom_padding=&#8221;5px|0px|5px|0px|false|false&#8221; custom_css_main_element=&#8221;justify-content:center;&#8221; make_fullwidth=&#8221;on&#8221; use_custom_width=&#8221;off&#8221; width_unit=&#8221;off&#8221; custom_width_px=&#8221;1080px&#8221; custom_width_percent=&#8221;80%&#8221; global_colors_info=&#8221;{}&#8221; custom_css_main_element_last_edited=&#8221;on|desktop&#8221; custom_css_main_element_phone=&#8221;order:3;&#8221; custom_css_main_element_tablet=&#8221;justify-content:center;&#8221;][et_pb_column type=&#8221;1_3&#8243; admin_label=&#8221;Columna 1&#8243; _builder_version=&#8221;4.21.0&#8243; background_enable_image=&#8221;off&#8221; background_position=&#8221;bottom_right&#8221; custom_padding=&#8221;|||&#8221; global_colors_info=&#8221;{}&#8221; custom_padding__hover=&#8221;|||&#8221;][et_pb_blurb title=&#8221;\u00c0rea d&#039;esports&#8221; image_icon_background_color=&#8221;RGBA(255,255,255,0)&#8221; image=&#8221;https:\/\/santapola.es\/wp-content\/uploads\/2023\/07\/Logo-Generalitat-2-1-300&#215;124.png&#8221; image_icon_width=&#8221;60%&#8221; admin_label=&#8221;Enlace \u00c1rea de deportes de la Generalitat Valenciana&#8221; _builder_version=&#8221;4.24.2&#8243; _module_preset=&#8221;2f4a4509-8466-474e-b9a0-72eccd871d6d&#8221; header_level=&#8221;h3&#8243; header_font=&#8221;Raleway|600|||||||&#8221; header_text_align=&#8221;center&#8221; header_text_color=&#8221;#124159&#8243; header_font_size=&#8221;15px&#8221; body_font=&#8221;Raleway||||&#8221; body_text_color=&#8221;#124159&#8243; body_font_size=&#8221;12px&#8221; use_background_color_gradient=&#8221;on&#8221; background_color_gradient_stops=&#8221;#ffffff 0%|#ffffff 62%|rgba(247,65,0,0.38) 100%&#8221; image_icon_custom_margin=&#8221;||||false|false&#8221; image_icon_custom_margin_last_edited=&#8221;off|desktop&#8221; image_icon_custom_padding=&#8221;12px|12px||12px|false|false&#8221; text_orientation=&#8221;center&#8221; module_alignment=&#8221;center&#8221; height=&#8221;180px&#8221; custom_margin=&#8221;||||false|false&#8221; custom_padding=&#8221;|5px||5px|false|false&#8221; animation=&#8221;off&#8221; link_option_url=&#8221;https:\/\/cultura.gva.es\/va\/web\/deporte\/deporte&#8221; link_option_url_new_window=&#8221;on&#8221; custom_css_main_element=&#8221;display:flex;||flex-direction:column;||justify-content: center;&#8221; custom_css_blurb_image=&#8221;margin-bottom:14px;&#8221; custom_css_blurb_title=&#8221;padding-bottom:0px;||&#8221; border_width_all=&#8221;1px&#8221; border_color_all=&#8221;#f95f00&#8243; border_radii_image=&#8221;on|0%|0%|0%|0%&#8221; border_width_all_image=&#8221;0px&#8221; border_color_all_image=&#8221;RGBA(255,255,255,0)&#8221; box_shadow_style=&#8221;preset2&#8243; use_border_color=&#8221;off&#8221; border_color=&#8221;#ffffff&#8221; border_width=&#8221;1px&#8221; border_style=&#8221;solid&#8221; image_max_width=&#8221;none&#8221; icon_font_size=&#8221;68px&#8221; use_circle=&#8221;on&#8221; use_circle_border=&#8221;on&#8221; circle_border_color=&#8221;#749db2&#8243; circle_color=&#8221;#124159&#8243; global_colors_info=&#8221;%91%93&#8243;][\/et_pb_blurb][\/et_pb_column][et_pb_column type=&#8221;1_3&#8243; admin_label=&#8221;Columna 2&#8243; _builder_version=&#8221;4.21.0&#8243; background_enable_image=&#8221;off&#8221; background_position=&#8221;bottom_right&#8221; custom_padding=&#8221;|||&#8221; global_colors_info=&#8221;{}&#8221; custom_padding__hover=&#8221;|||&#8221;][et_pb_blurb title=&#8221;\u00c0rea d&#039;esports&#8221; image_icon_background_color=&#8221;RGBA(255,255,255,0)&#8221; image=&#8221;https:\/\/santapola.es\/wp-content\/uploads\/2023\/09\/Diputacion-peq.png&#8221; image_icon_width=&#8221;50%&#8221; admin_label=&#8221;Enlace Deportes Diputaci\u00f3n de Alicante&#8221; _builder_version=&#8221;4.24.2&#8243; _module_preset=&#8221;2f4a4509-8466-474e-b9a0-72eccd871d6d&#8221; header_level=&#8221;h3&#8243; header_font=&#8221;Raleway|600|||||||&#8221; header_text_align=&#8221;center&#8221; header_text_color=&#8221;#124159&#8243; header_font_size=&#8221;15px&#8221; body_font=&#8221;Raleway||||&#8221; body_text_color=&#8221;#124159&#8243; body_font_size=&#8221;12px&#8221; use_background_color_gradient=&#8221;on&#8221; background_color_gradient_stops=&#8221;#ffffff 0%|#ffffff 62%|rgba(0,128,173,0.38) 100%&#8221; background_enable_image=&#8221;off&#8221; image_icon_custom_margin=&#8221;||||false|false&#8221; image_icon_custom_margin_last_edited=&#8221;off|desktop&#8221; image_icon_custom_padding=&#8221;12px|12px||12px|false|false&#8221; text_orientation=&#8221;center&#8221; module_alignment=&#8221;center&#8221; height=&#8221;180px&#8221; custom_margin=&#8221;||||false|false&#8221; custom_padding=&#8221;|5px||5px|false|false&#8221; animation=&#8221;off&#8221; link_option_url=&#8221;https:\/\/www.diputacionalicante.es\/category\/areas\/deportes\/?tx_category=santa-pola&#8221; link_option_url_new_window=&#8221;on&#8221; custom_css_main_element=&#8221;display:flex;||flex-direction:column;||justify-content: center;&#8221; custom_css_blurb_image=&#8221;margin-bottom:14px;&#8221; custom_css_blurb_title=&#8221;padding-bottom:0px;||&#8221; border_width_all=&#8221;1px&#8221; border_color_all=&#8221;#0080ad&#8221; border_radii_image=&#8221;on|0%|0%|0%|0%&#8221; border_width_all_image=&#8221;0px&#8221; border_color_all_image=&#8221;RGBA(255,255,255,0)&#8221; box_shadow_style=&#8221;preset2&#8243; use_border_color=&#8221;off&#8221; border_color=&#8221;#ffffff&#8221; border_width=&#8221;1px&#8221; border_style=&#8221;solid&#8221; image_max_width=&#8221;none&#8221; icon_font_size=&#8221;68px&#8221; use_circle=&#8221;on&#8221; use_circle_border=&#8221;on&#8221; circle_border_color=&#8221;#749db2&#8243; circle_color=&#8221;#124159&#8243; global_colors_info=&#8221;%91%93&#8243;][\/et_pb_blurb][\/et_pb_column][et_pb_column type=&#8221;1_3&#8243; admin_label=&#8221;Columna 3&#8243; _builder_version=&#8221;4.21.0&#8243; background_enable_image=&#8221;off&#8221; background_position=&#8221;bottom_right&#8221; custom_padding=&#8221;|||&#8221; global_colors_info=&#8221;{}&#8221; custom_padding__hover=&#8221;|||&#8221;][et_pb_blurb title=&#8221;Escoles Esportives Municipals&#8221; image_icon_background_color=&#8221;RGBA(255,255,255,0)&#8221; image=&#8221;https:\/\/santapola.es\/wp-content\/uploads\/2023\/09\/Logo-polanens-peq.png&#8221; image_icon_width=&#8221;75%&#8221; admin_label=&#8221;Enlace Escuelas Deportivas Municipales&#8221; _builder_version=&#8221;4.24.2&#8243; _module_preset=&#8221;2f4a4509-8466-474e-b9a0-72eccd871d6d&#8221; header_level=&#8221;h3&#8243; header_font=&#8221;Raleway|600|||||||&#8221; header_text_align=&#8221;center&#8221; header_text_color=&#8221;#124159&#8243; header_font_size=&#8221;15px&#8221; body_font=&#8221;Raleway||||&#8221; body_text_color=&#8221;#124159&#8243; body_font_size=&#8221;12px&#8221; use_background_color_gradient=&#8221;on&#8221; background_color_gradient_stops=&#8221;#ffffff 0%|#ffffff 62%|rgba(0,99,87,0.38) 100%&#8221; image_icon_custom_margin=&#8221;||||false|false&#8221; image_icon_custom_margin_tablet=&#8221;&#8221; image_icon_custom_margin_phone=&#8221;&#8221; image_icon_custom_margin_last_edited=&#8221;on|desktop&#8221; image_icon_custom_padding=&#8221;12px|12px||12px|false|false&#8221; text_orientation=&#8221;center&#8221; module_alignment=&#8221;center&#8221; height=&#8221;180px&#8221; custom_margin=&#8221;||||false|false&#8221; custom_padding=&#8221;|5px||5px|false|false&#8221; animation=&#8221;off&#8221; link_option_url=&#8221;https:\/\/polanens.es\/temporada-2020-21\/deporte-municipal-escuelas-deportivas-municipales\/&#8221; link_option_url_new_window=&#8221;on&#8221; custom_css_main_element=&#8221;display:flex;||flex-direction:column;||justify-content: center;&#8221; custom_css_blurb_image=&#8221;margin-bottom:14px;&#8221; custom_css_blurb_title=&#8221;padding-bottom:0px;||&#8221; border_width_all=&#8221;1px&#8221; border_color_all=&#8221;#00a5a2&#8243; border_radii_image=&#8221;on|0%|0%|0%|0%&#8221; border_width_all_image=&#8221;0px&#8221; border_color_all_image=&#8221;RGBA(255,255,255,0)&#8221; box_shadow_style=&#8221;preset2&#8243; use_border_color=&#8221;off&#8221; border_color=&#8221;#ffffff&#8221; border_width=&#8221;1px&#8221; border_style=&#8221;solid&#8221; image_max_width=&#8221;none&#8221; icon_font_size=&#8221;68px&#8221; use_circle=&#8221;on&#8221; use_circle_border=&#8221;on&#8221; circle_border_color=&#8221;#749db2&#8243; circle_color=&#8221;#124159&#8243; global_colors_info=&#8221;%91%93&#8243;][\/et_pb_blurb][\/et_pb_column][\/et_pb_row][et_pb_row column_structure=&#8221;1_3,1_3,1_3&#8243; use_custom_gutter=&#8221;on&#8221; gutter_width=&#8221;2&#8243; make_equal=&#8221;on&#8221; admin_label=&#8221;Fila contenidor botons enlla\u00e7os&#8221; _builder_version=&#8221;4.24.2&#8243; _module_preset=&#8221;_initial&#8221; width=&#8221;100%&#8221; width_last_edited=&#8221;off|phone&#8221; max_width=&#8221;65%&#8221; max_width_tablet=&#8221;80%&#8221; max_width_phone=&#8221;80%&#8221; max_width_last_edited=&#8221;on|phone&#8221; custom_margin=&#8221;15px|auto|15px|auto|false|false&#8221; custom_margin_tablet=&#8221;|auto||auto|false|false&#8221; custom_margin_phone=&#8221;0px|auto||auto|false|false&#8221; custom_margin_last_edited=&#8221;on|desktop&#8221; custom_padding=&#8221;||||false|false&#8221; custom_css_main_element=&#8221;padding:5px 0;&#8221; make_fullwidth=&#8221;on&#8221; use_custom_width=&#8221;off&#8221; width_unit=&#8221;off&#8221; custom_width_px=&#8221;1080px&#8221; custom_width_percent=&#8221;80%&#8221; global_colors_info=&#8221;{}&#8221; custom_css_main_element_last_edited=&#8221;on|phone&#8221; custom_css_main_element_phone=&#8221;order: 4;&#8221; custom_css_main_element_tablet=&#8221;padding:5px 0;&#8221;][et_pb_column type=&#8221;1_3&#8243; _builder_version=&#8221;4.20.0&#8243; _module_preset=&#8221;default&#8221; custom_padding=&#8221;||||false|false&#8221; global_colors_info=&#8221;{}&#8221;][et_pb_button button_url=&#8221;https:\/\/www.facebook.com\/people\/Concejalia-de-deportes\/100051039708372\/&#8221; url_new_window=&#8221;on&#8221; button_text=&#8221;Segueix-nos en Facebook&#8221; button_alignment=&#8221;center&#8221; admin_label=&#8221;Bot\u00f3n Facebook concejal\u00eda de deportes. Enlace externo&#8221; _builder_version=&#8221;4.21.0&#8243; _module_preset=&#8221;default&#8221; custom_button=&#8221;on&#8221; button_text_size=&#8221;115%&#8221; button_text_color=&#8221;#124159&#8243; button_border_width=&#8221;1px&#8221; button_border_color=&#8221;RGBA(18,65,89,0.45)&#8221; button_border_radius=&#8221;0px&#8221; button_font=&#8221;||||||||&#8221; button_icon=&#8221;&#xe0aa;||divi||400&#8243; button_icon_color=&#8221;#6997bf&#8221; button_icon_placement=&#8221;left&#8221; button_on_hover=&#8221;off&#8221; custom_margin=&#8221;||||false|false&#8221; custom_padding=&#8221;15px||15px||false|false&#8221; custom_padding_tablet=&#8221;15px||15px||false|false&#8221; custom_padding_phone=&#8221;15px||15px||false|false&#8221; custom_padding_last_edited=&#8221;on|desktop&#8221; custom_css_main_element=&#8221;width:100%;&#8221; box_shadow_style=&#8221;preset3&#8243; global_colors_info=&#8221;{}&#8221;][\/et_pb_button][\/et_pb_column][et_pb_column type=&#8221;1_3&#8243; _builder_version=&#8221;4.20.0&#8243; _module_preset=&#8221;default&#8221; custom_padding=&#8221;||||false|false&#8221; custom_css_main_element=&#8221;margin-bottom:10px!important;&#8221; global_colors_info=&#8221;{}&#8221;][et_pb_button button_url=&#8221;https:\/\/turismosantapola.es\/sp\/web_php\/index.php?contenido=apartadosComerciales&amp;idNivel=502&amp;id=54&amp;mode=list&amp;order=asc&amp;title=instalaciones-deportivas&#8221; url_new_window=&#8221;on&#8221; button_text=&#8221;Instal\u00b7lacions Esportives&#8221; button_alignment=&#8221;center&#8221; admin_label=&#8221;Bot\u00f3n Instalaciones Deportivas. Enlace Externo&#8221; _builder_version=&#8221;4.21.0&#8243; _module_preset=&#8221;default&#8221; custom_button=&#8221;on&#8221; button_text_size=&#8221;115%&#8221; button_text_color=&#8221;#124159&#8243; button_border_width=&#8221;1px&#8221; button_border_color=&#8221;RGBA(18,65,89,0.45)&#8221; button_border_radius=&#8221;0px&#8221; button_letter_spacing=&#8221;0px&#8221; button_font=&#8221;||||||||&#8221; button_icon=&#8221;&#xf0f8;||fa||900&#8243; button_icon_color=&#8221;#6997bf&#8221; button_icon_placement=&#8221;left&#8221; button_on_hover=&#8221;off&#8221; custom_margin=&#8221;||||false|false&#8221; custom_padding=&#8221;15px||15px||false|false&#8221; custom_css_main_element=&#8221;width:100%;&#8221; box_shadow_style=&#8221;preset3&#8243; global_colors_info=&#8221;{}&#8221;][\/et_pb_button][\/et_pb_column][et_pb_column type=&#8221;1_3&#8243; _builder_version=&#8221;4.20.0&#8243; _module_preset=&#8221;default&#8221; custom_padding=&#8221;||||false|false&#8221; custom_css_main_element=&#8221;margin-bottom:10px!important;&#8221; global_colors_info=&#8221;{}&#8221;][et_pb_button button_url=&#8221;https:\/\/turismosantapola.es\/sp\/web_php\/index.php?contenido=apartadosComerciales&amp;idNivel=727&amp;id=115&amp;mode=list&amp;order=asc&amp;title=clubes-deportivos&#8221; url_new_window=&#8221;on&#8221; button_text=&#8221;Clubs Esportius&#8221; button_alignment=&#8221;center&#8221; admin_label=&#8221;Bot\u00f3n Clubes Deportivos. Enlace Externo&#8221; _builder_version=&#8221;4.21.0&#8243; _module_preset=&#8221;default&#8221; custom_button=&#8221;on&#8221; button_text_size=&#8221;115%&#8221; button_text_color=&#8221;#124159&#8243; button_border_width=&#8221;1px&#8221; button_border_color=&#8221;RGBA(18,65,89,0.45)&#8221; button_border_radius=&#8221;0px&#8221; button_letter_spacing=&#8221;0px&#8221; button_font=&#8221;||||||||&#8221; button_icon=&#8221;&#xf45f;||fa||900&#8243; button_icon_color=&#8221;#6997bf&#8221; button_icon_placement=&#8221;left&#8221; button_on_hover=&#8221;off&#8221; custom_margin=&#8221;||||false|false&#8221; custom_padding=&#8221;15px||15px||false|false&#8221; custom_css_main_element=&#8221;width:100%;&#8221; box_shadow_style=&#8221;preset3&#8243; global_colors_info=&#8221;{}&#8221;][\/et_pb_button][\/et_pb_column][\/et_pb_row][et_pb_row use_custom_gutter=&#8221;on&#8221; gutter_width=&#8221;2&#8243; make_equal=&#8221;on&#8221; admin_label=&#8221;Fila contenidor botons enlla\u00e7os&#8221; _builder_version=&#8221;4.27.4&#8243; _module_preset=&#8221;_initial&#8221; width=&#8221;100%&#8221; width_last_edited=&#8221;off|phone&#8221; max_width=&#8221;65%&#8221; max_width_tablet=&#8221;80%&#8221; max_width_phone=&#8221;80%&#8221; max_width_last_edited=&#8221;on|phone&#8221; custom_margin=&#8221;|auto|15px|auto|false|false&#8221; custom_margin_tablet=&#8221;|auto||auto|false|false&#8221; custom_margin_phone=&#8221;-50px|auto||auto|false|false&#8221; custom_margin_last_edited=&#8221;on|phone&#8221; custom_padding=&#8221;||||false|false&#8221; custom_css_main_element=&#8221;padding:5px 0;&#8221; make_fullwidth=&#8221;on&#8221; use_custom_width=&#8221;off&#8221; width_unit=&#8221;off&#8221; custom_width_px=&#8221;1080px&#8221; custom_width_percent=&#8221;80%&#8221; global_colors_info=&#8221;{}&#8221; custom_css_main_element_last_edited=&#8221;on|phone&#8221; custom_css_main_element_phone=&#8221;order: 4;&#8221; custom_css_main_element_tablet=&#8221;padding:5px 0;&#8221;][et_pb_column type=&#8221;4_4&#8243; _builder_version=&#8221;4.20.0&#8243; _module_preset=&#8221;default&#8221; custom_padding=&#8221;||||false|false&#8221; global_colors_info=&#8221;{}&#8221;][et_pb_button button_url=&#8221;https:\/\/santapola.es\/wp-content\/uploads\/2025\/07\/Plan-Estrategico-de-Turismo-Deportivo-de-Santa-Pola-2025-2030.pdf&#8221; url_new_window=&#8221;on&#8221; button_text=&#8221;Pla Estrat\u00e8gic de Turisme Esportiu de Santa Pola 2025 &#8211; 2030&#8243; button_alignment=&#8221;center&#8221; admin_label=&#8221;Bot\u00f3n Plan estrat\u00e9gico de turismo deportivo. Archivo pdf&#8221; _builder_version=&#8221;4.27.4&#8243; _module_preset=&#8221;default&#8221; custom_button=&#8221;on&#8221; button_text_size=&#8221;115%&#8221; button_text_color=&#8221;#124159&#8243; button_border_width=&#8221;1px&#8221; button_border_color=&#8221;RGBA(18,65,89,0.45)&#8221; button_border_radius=&#8221;0px&#8221; button_font=&#8221;||||||||&#8221; button_icon=&#8221;&#xf1c1;||fa||900&#8243; button_icon_color=&#8221;#6997bf&#8221; button_icon_placement=&#8221;left&#8221; button_on_hover=&#8221;off&#8221; custom_margin=&#8221;||||false|false&#8221; custom_padding=&#8221;15px||15px||false|false&#8221; custom_padding_tablet=&#8221;15px||15px||false|false&#8221; custom_padding_phone=&#8221;15px||15px||false|false&#8221; custom_padding_last_edited=&#8221;on|desktop&#8221; custom_css_main_element=&#8221;width:100%;&#8221; box_shadow_style=&#8221;preset3&#8243; global_colors_info=&#8221;{}&#8221;][\/et_pb_button][\/et_pb_column][\/et_pb_row][et_pb_row admin_label=&#8221;Fila contenidor Migas de pan&#8221; _builder_version=&#8221;4.20.0&#8243; _module_preset=&#8221;_initial&#8221; width_tablet=&#8221;&#8221; width_phone=&#8221;&#8221; width_last_edited=&#8221;on|phone&#8221; max_width=&#8221;65%&#8221; max_width_tablet=&#8221;80%&#8221; max_width_phone=&#8221;80%&#8221; max_width_last_edited=&#8221;on|desktop&#8221; custom_margin=&#8221;15px|auto|0px|auto|false|false&#8221; custom_margin_tablet=&#8221;5px|auto|0px|auto|false|false&#8221; custom_margin_phone=&#8221;15px|auto|0px|auto|false|false&#8221; custom_padding=&#8221;0px||0px||false|false&#8221; make_fullwidth=&#8221;on&#8221; use_custom_width=&#8221;off&#8221; width_unit=&#8221;off&#8221; custom_width_px=&#8221;1080px&#8221; custom_width_percent=&#8221;80%&#8221; global_colors_info=&#8221;{}&#8221; custom_css_main_element_last_edited=&#8221;on|desktop&#8221; custom_css_main_element_phone=&#8221;order:1;&#8221;][et_pb_column type=&#8221;4_4&#8243; admin_label=&#8221;Columna 1&#8243; _builder_version=&#8221;4.20.0&#8243; custom_padding=&#8221;|||&#8221; global_colors_info=&#8221;{}&#8221; custom_padding__hover=&#8221;|||&#8221;][et_pb_code admin_label=&#8221;Migas de pan&#8221; _builder_version=&#8221;4.20.0&#8243; _module_preset=&#8221;default&#8221; custom_margin=&#8221;||||false|false&#8221; custom_padding=&#8221;||||false|false&#8221; global_colors_info=&#8221;{}&#8221;]<span><span><a href=\"https:\/\/santapola.es\/ca\/\">Inici<\/a><\/span><\/span>[\/et_pb_code][\/et_pb_column][\/et_pb_row][et_pb_row column_structure=&#8221;3_4,1_4&#8243; column_padding_mobile=&#8221;on&#8221; admin_label=&#8221;Fila contenidor principal&#8221; _builder_version=&#8221;4.24.2&#8243; _module_preset=&#8221;_initial&#8221; background_size=&#8221;initial&#8221; background_position=&#8221;top_left&#8221; background_repeat=&#8221;repeat&#8221; width=&#8221;100%&#8221; width_tablet=&#8221;80%&#8221; width_phone=&#8221;80%&#8221; width_last_edited=&#8221;on|desktop&#8221; max_width=&#8221;65%&#8221; max_width_tablet=&#8221;80%&#8221; max_width_phone=&#8221;80%&#8221; max_width_last_edited=&#8221;on|tablet&#8221; custom_margin=&#8221;0px|auto|15px|auto|false|false&#8221; custom_margin_tablet=&#8221;|auto|15px|auto|false|false&#8221; custom_margin_phone=&#8221;|auto|15px|auto|false|false&#8221; custom_margin_last_edited=&#8221;on|phone&#8221; custom_padding=&#8221;10px|15px|0px|0px|false|false&#8221; make_fullwidth=&#8221;on&#8221; use_custom_width=&#8221;off&#8221; width_unit=&#8221;off&#8221; custom_width_px=&#8221;1080px&#8221; custom_width_percent=&#8221;80%&#8221; global_colors_info=&#8221;{}&#8221; custom_css_main_element__hover_enabled=&#8221;off|desktop&#8221; custom_css_main_element_last_edited=&#8221;on|phone&#8221; custom_css_main_element_phone=&#8221;order:2;&#8221;][et_pb_column type=&#8221;3_4&#8243; module_class=&#8221;col-ancho-total&#8221; admin_label=&#8221;Columna 1&#8243; _builder_version=&#8221;4.24.2&#8243; custom_padding=&#8221;||20px||false|false&#8221; global_colors_info=&#8221;{}&#8221; custom_padding__hover=&#8221;|||&#8221; custom_css_main_element_last_edited=&#8221;on|phone&#8221; custom_css_main_element_phone=&#8221; margin-bottom: 0px;&#8221;][et_pb_text content_last_edited=&#8221;off|desktop&#8221; admin_label=&#8221;T\u00edtulo %22Subvenciones a entidades deportivas locales%22&#8243; _builder_version=&#8221;4.27.4&#8243; _module_preset=&#8221;default&#8221; text_font=&#8221;|600|||||||&#8221; text_text_color=&#8221;#124159&#8243; text_font_size=&#8221;150%&#8221; text_line_height=&#8221;1.8em&#8221; header_text_color=&#8221;#123159&#8243; header_2_font=&#8221;|600|||||||&#8221; header_2_text_color=&#8221;#124159&#8243; header_2_font_size=&#8221;22px&#8221; custom_margin=&#8221;0px||30px||false|false&#8221; custom_padding=&#8221;0px||0px|||&#8221; hover_enabled=&#8221;0&#8243; border_width_bottom=&#8221;1px&#8221; border_color_bottom=&#8221;rgba(18,65,89,0.45)&#8221; global_colors_info=&#8221;{}&#8221; sticky_enabled=&#8221;0&#8243;]<\/p>\n<p>Subvencions a entitats esportives locals 2025<\/p>\n<p>[\/et_pb_text][et_pb_tabs active_tab_background_color=&#8221;#2c67a5&#8243; inactive_tab_background_color=&#8221;#E9F0F6&#8243; active_tab_text_color=&#8221;#FFFFFF&#8221; admin_label=&#8221;Pesta\u00f1as %22Solicitudes de uso de espacios deportivos%22&#8243; _builder_version=&#8221;4.27.4&#8243; _module_preset=&#8221;e82c1aeb-ddd6-4eb3-8c81-191420891355&#8243; tab_text_color=&#8221;#124159&#8243; tab_font_size=&#8221;100%&#8221; display_conditions=&#8221;W10=&#8221; border_radii=&#8221;on|4px|4px|4px|4px&#8221; box_shadow_style=&#8221;preset3&#8243; global_colors_info=&#8221;%91%93&#8243;][et_pb_tab title=&#8221;Lligues oficials o no oficials&#8221; _builder_version=&#8221;4.27.4&#8243; _module_preset=&#8221;default&#8221; global_colors_info=&#8221;{}&#8221;]<\/p>\n<p><a class=\"pdf\" href=\"https:\/\/santapola.es\/wp-content\/uploads\/2025\/09\/Extracto-BOP-Subvencion-Programas-deportivos-LIGAS.pdf\" target=\"_blank\" rel=\"attachment noopener wp-att-45657\">Extracte BOP &#8211; Subvenci\u00f3 Programes esportius &#8220;Lligues&#8221;<\/a><\/p>\n<p><\/p>\n<p><a class=\"pdf\" href=\"https:\/\/santapola.es\/wp-content\/uploads\/2025\/09\/Bases-de-convocatoria-Subvencion-Programas-deportivos-LIGAS_Censurado.pdf\" target=\"_blank\" rel=\"attachment noopener wp-att-45653\">Bases de convocat\u00f2ria &#8211; Subvenci\u00f3 Programes esportius &#8220;Lligues&#8221;<\/a><\/p>\n<p><\/p>\n<p><a class=\"pdf\" href=\"https:\/\/santapola.es\/wp-content\/uploads\/2025\/09\/Anexo.-Solicitud-y-Modelos-Subvencion-Programas-deportivos-LIGAS.pdf\" target=\"_blank\" rel=\"attachment noopener wp-att-45651\">Annex. Sol\u00b7licitud i models &#8211; Subvenci\u00f3 Programes esportius &#8220;Lligues&#8221;<\/a><\/p>\n<p><\/p>\n<p><a class=\"pdf\" href=\"https:\/\/santapola.es\/wp-content\/uploads\/2025\/09\/Declaracion-responsable-cumplimientos-de-objetivos.pdf\" target=\"_blank\" rel=\"attachment noopener wp-att-45655\">Declaraci\u00f3 responsable compliments d&#8217;objectius<\/a><\/p>\n<p>[\/et_pb_tab][et_pb_tab title=&#8221;Capacitats diferents&#8221; _builder_version=&#8221;4.27.4&#8243; _module_preset=&#8221;default&#8221; global_colors_info=&#8221;{}&#8221;]<\/p>\n<p><a class=\"pdf\" href=\"https:\/\/santapola.es\/wp-content\/uploads\/2025\/09\/Extracto-BOP-Subvencion-Programas-deportivos-Capacidades-Diferentes.pdf\" target=\"_blank\" rel=\"attachment noopener wp-att-45664\">Extracte BOP &#8211; Subvenci\u00f3 Programes esportius &#8220;Capacitats diferents&#8221;<\/a><\/p>\n<p><\/p>\n<p><a class=\"pdf\" href=\"https:\/\/santapola.es\/wp-content\/uploads\/2025\/09\/Bases-de-convocatoria-Subvencion-Programas-deportivos-Capacidades-Diferentes_Censurado.pdf\" target=\"_blank\" rel=\"attachment noopener wp-att-45662\">Bases de convocat\u00f2ria &#8211; Subvenci\u00f3 Programes esportius &#8220;Capacitats diferents&#8221;<\/a><\/p>\n<p><\/p>\n<p><a class=\"pdf\" href=\"https:\/\/santapola.es\/wp-content\/uploads\/2025\/09\/Anexo.-Solicitud-y-Modelos-Subvencion-Programas-deportivos-Capacidades-Diferentes.pdf\" target=\"_blank\" rel=\"attachment noopener wp-att-45660\">Annex. Sol\u00b7licitud i models &#8211; Subvenci\u00f3 Programes esportius &#8220;Capacitats diferents&#8221;<\/a><\/p>\n<p><\/p>\n<p><a class=\"pdf\" href=\"https:\/\/santapola.es\/wp-content\/uploads\/2025\/09\/Declaracion-responsable-cumplimientos-de-objetivos.pdf\" target=\"_blank\" rel=\"attachment noopener wp-att-45655\">Declaraci\u00f3 responsable compliments d&#8217;objectius<\/a><\/p>\n<p>[\/et_pb_tab][et_pb_tab title=&#8221;Esdeveniments esportius de gran impacte&#8221; content_last_edited=&#8221;off|desktop&#8221; _builder_version=&#8221;4.27.4&#8243; _module_preset=&#8221;default&#8221; global_colors_info=&#8221;{}&#8221;]<\/p>\n<p><a class=\"pdf\" href=\"https:\/\/santapola.es\/wp-content\/uploads\/2025\/09\/Extracto-BOP-Subvencion-Eventos-Deportivos-de-Gran-Impacto.pdf\" target=\"_blank\" rel=\"attachment noopener wp-att-45670\">Extracte BOP &#8211; Subvenci\u00f3 &#8220;Esdeveniments esportius de gran impacte&#8221;<\/a><\/p>\n<p><\/p>\n<p><a class=\"pdf\" href=\"https:\/\/santapola.es\/wp-content\/uploads\/2025\/09\/Bases-de-convocatoria-Subvencion-Eventos-Deportivos-de-Gran-Impacto_Censurado.pdf\" target=\"_blank\" rel=\"attachment noopener wp-att-45668\">Bases de convocat\u00f2ria &#8211; Subvenci\u00f3 &#8220;Esdeveniments esportius de gran impacte&#8221;<\/a><\/p>\n<p><\/p>\n<p><a class=\"pdf\" href=\"https:\/\/santapola.es\/wp-content\/uploads\/2025\/09\/Anexo.-Solicitud-y-Modelos-Subvencion-Eventos-Deportivos-Gran-Impacto.pdf\" target=\"_blank\" rel=\"attachment noopener wp-att-45666\">Annex. Sol\u00b7licitud i models &#8211; Subvenci\u00f3 &#8220;Esdeveniments esportius de gran impacte&#8221;<\/a><\/p>\n<p><\/p>\n<p><a class=\"pdf\" href=\"https:\/\/santapola.es\/wp-content\/uploads\/2025\/09\/Declaracion-responsable-cumplimientos-de-objetivos.pdf\" target=\"_blank\" rel=\"attachment noopener wp-att-45655\">Declaraci\u00f3 responsable compliments d&#8217;objectius<\/a><\/p>\n<p>[\/et_pb_tab][\/et_pb_tabs][et_pb_text content_last_edited=&#8221;off|desktop&#8221; admin_label=&#8221;T\u00edtulo %22Solicitudes de uso%22&#8243; _builder_version=&#8221;4.24.2&#8243; _module_preset=&#8221;default&#8221; text_font=&#8221;|600|||||||&#8221; text_text_color=&#8221;#124159&#8243; text_font_size=&#8221;150%&#8221; text_line_height=&#8221;1.8em&#8221; header_text_color=&#8221;#123159&#8243; header_2_font=&#8221;|600|||||||&#8221; header_2_text_color=&#8221;#124159&#8243; header_2_font_size=&#8221;22px&#8221; custom_margin=&#8221;0px||30px||false|false&#8221; custom_padding=&#8221;0px||0px|||&#8221; border_width_bottom=&#8221;1px&#8221; border_color_bottom=&#8221;rgba(18,65,89,0.45)&#8221; global_colors_info=&#8221;{}&#8221;]<\/p>\n<p>Sol\u00b7licituds d&#8217;\u00fas<\/p>\n<p>[\/et_pb_text][et_pb_tabs active_tab_background_color=&#8221;#2c67a5&#8243; inactive_tab_background_color=&#8221;#E9F0F6&#8243; active_tab_text_color=&#8221;#FFFFFF&#8221; admin_label=&#8221;Pesta\u00f1as %22Solicitudes de uso de espacios deportivos%22&#8243; _builder_version=&#8221;4.24.2&#8243; _module_preset=&#8221;e82c1aeb-ddd6-4eb3-8c81-191420891355&#8243; tab_text_color=&#8221;#124159&#8243; tab_font_size=&#8221;100%&#8221; display_conditions=&#8221;W10=&#8221; border_radii=&#8221;on|4px|4px|4px|4px&#8221; box_shadow_style=&#8221;preset3&#8243; global_colors_info=&#8221;%91%93&#8243;][et_pb_tab title=&#8221;Reserva per per\u00edodes d&#039;espais esportius municipals&#8221; _builder_version=&#8221;4.21.0&#8243; _module_preset=&#8221;default&#8221; global_colors_info=&#8221;{}&#8221;]<\/p>\n<p><strong>De manera \u201cTelem\u00e0tica\u201d (necessari certificat digital), <\/strong>a traves de la Seu Electr\u00f2nica de l&#8217;Ajuntament:<\/p>\n<p><\/p>\n<ul>\n<li style=\"text-align: left;\">Per a reservar les instal\u00b7lacions esportives <strong>de manera puntual<\/strong> durant un per\u00edode de temps:<\/li>\n<\/ul>\n<p><\/p>\n<p style=\"text-align: center;\"><a class=\"externo\" title=\"Tr\u00e1mite reserva puntual instalaciones deportivas. Enlace externo\" href=\"https:\/\/santapola.sedelectronica.es\/catalog\/t\/af2d3c5d-3ead-4759-83e5-b398c5922a11\" target=\"_blank\" rel=\"noopener\">Anar al tr\u00e0mit<\/a><\/p>\n<p><\/p>\n<ul>\n<li style=\"text-align: left;\">Per a realitzar sol\u00b7licituds per a reservar les instal\u00b7lacions esportives durant un<strong> per\u00edode de temps de llarga duraci\u00f3<\/strong>:<\/li>\n<\/ul>\n<p><\/p>\n<p style=\"text-align: center;\"><a class=\"externo\" title=\"Reserva instalaciones deportivas larga duraci\u00f3n. Enlace externo\" href=\"https:\/\/santapola.sedelectronica.es\/catalog\/t\/8ea0b41c-5b97-48af-a310-fe9b6d68c5b0\" target=\"_blank\" rel=\"noopener\">Anar al tr\u00e0mit<\/a><\/p>\n<p><\/p>\n<p>Si no disposa de certificat digital pot obtindre-ho en l&#8217;Ag\u00e8ncia de Desenvolupament Local.<\/p>\n<p><\/p>\n<p><strong>De manera \u201cPresencial\u201d:<\/strong><\/p>\n<p><\/p>\n<p>Pot descarregar, emplenar i entregar signada en esports el seg\u00fcent document:<\/p>\n<p><\/p>\n<p style=\"padding-left: 40px;\"><a class=\"pdf\" title=\"Autorizaci\u00f3n menores. Archivo pdf\" href=\"\/wp-content\/uploads\/bsk-pdf-manager\/2018\/07\/AUTORIZACI\u00d3N-A-MENOR-PARA-ACTIVIDAD-EN-INSTALACIONES-DEPORTIVAS-RELLENABLE.pdf\" target=\"_blank\" rel=\"noopener\">Descarregar autoritzaci\u00f3 a menor per a activitat en instal\u00b7lacions esportives.<\/a><\/p>\n<p><\/p>\n<p style=\"padding-left: 40px;\"><a class=\"pdf\" title=\"Solicitud espacios deportivos. Archivo pdf\" href=\"\/wp-content\/uploads\/bsk-pdf-manager\/2018\/05\/SOLICITUD-DE-ESPACIOS-DEPORTIVOS.pdf\" target=\"_blank\" rel=\"noopener\">Descarregar sol\u00b7licitud<\/a><\/p>\n<p><\/p>\n<p>Es notificar\u00e0 l&#8217;autoritzaci\u00f3 o no del sol\u00b7licitat. En cas d&#8217;autoritzar-se, quan corresponga pagament per l&#8217;\u00fas d&#8217;instal\u00b7lacions, s&#8217;adjuntar\u00e0 liquidaci\u00f3. La c\u00f2pia de la liquidaci\u00f3 es presentar\u00e0 en el Negociat d&#8217;Esports.<\/p>\n<p><\/p>\n<p>La c\u00f2pia de l&#8217;interessat es presentar\u00e0 al conserge de la instal\u00b7laci\u00f3 esportiva sol\u00b7licitada abans de l&#8217;\u00fas d&#8217;aquesta.<\/p>\n<p>[\/et_pb_tab][et_pb_tab title=&#8221;Autoritzaci\u00f3 per a celebraci\u00f3 d&#039;esdeveniments esportius&#8221; _builder_version=&#8221;4.21.0&#8243; _module_preset=&#8221;default&#8221; global_colors_info=&#8221;{}&#8221;]<\/p>\n<p><strong>De manera \u201cTelem\u00e0tica\u201d (necessari certificat digital), <\/strong>a traves de la Seu Electr\u00f2nica de l&#8217;Ajuntament:<\/p>\n<p><\/p>\n<p style=\"text-align: center;\"><a class=\"externo\" title=\"Tr\u00e1mite autorizaci\u00f3n evento deportivos. Enlace externo\" href=\"https:\/\/santapola.sedelectronica.es\/catalog\/t\/737b9621-053e-446f-a1d4-58c688cb22c8\" target=\"_blank\" rel=\"noopener\">Anar al tr\u00e0mit<\/a><\/p>\n<p><\/p>\n<p>Si no disposa de certificat digital pot obtindre-ho en l&#8217;Ag\u00e8ncia de Desenvolupament Local.<\/p>\n<p><\/p>\n<p><strong>De manera \u201cPresencial\u201d:<\/strong><\/p>\n<p><\/p>\n<p>Pot descarregar, emplenar i entregar signada en esports el seg\u00fcent document:<\/p>\n<p><\/p>\n<p style=\"padding-left: 40px;\"><a class=\"pdf\" title=\"Autroizaci\u00f3n para eventos. Archivo pdf\" href=\"\/wp-content\/uploads\/bsk-pdf-manager\/2018\/04\/DECLARACION-RESPONSABLE-PDF-RELL-1.pdf\" target=\"_blank\" rel=\"noopener\">Sol\u00b7licitud d&#8217;autoritzaci\u00f3 per a Esdeveniments Esportius<\/a><\/p>\n<p><\/p>\n<p>Es notificar\u00e0 l&#8217;autoritzaci\u00f3 o no del sol\u00b7licitat. En cas d&#8217;autoritzar-se, quan corresponga pagament per l&#8217;\u00fas d&#8217;instal\u00b7lacions, s&#8217;adjuntar\u00e0 liquidaci\u00f3. La c\u00f2pia de la liquidaci\u00f3 es presentar\u00e0 en el Negociat d&#8217;Esports.<\/p>\n<p><\/p>\n<p>La c\u00f2pia de l&#8217;interessat es presentar\u00e0 al conserge de la instal\u00b7laci\u00f3 esportiva sol\u00b7licitada abans de l&#8217;\u00fas d&#8217;aquesta.<\/p>\n<p>[\/et_pb_tab][\/et_pb_tabs][\/et_pb_column][et_pb_column type=&#8221;1_4&#8243; module_class=&#8221;col-ancho-total&#8221; admin_label=&#8221;Columna 2&#8243; _builder_version=&#8221;4.20.0&#8243; custom_padding=&#8221;|||&#8221; global_colors_info=&#8221;{}&#8221; custom_padding__hover=&#8221;|||&#8221;][et_pb_text content_last_edited=&#8221;off|desktop&#8221; admin_label=&#8221;T\u00edtulo %22Te interesa&#8230;%22&#8243; _builder_version=&#8221;4.24.2&#8243; _module_preset=&#8221;default&#8221; text_font=&#8221;|600|||||||&#8221; text_text_color=&#8221;#124159&#8243; text_font_size=&#8221;150%&#8221; text_line_height=&#8221;1.8em&#8221; header_text_color=&#8221;#123159&#8243; header_2_font=&#8221;|600|||||||&#8221; header_2_text_color=&#8221;#124159&#8243; header_2_font_size=&#8221;22px&#8221; custom_margin=&#8221;0px||30px||false|false&#8221; custom_padding=&#8221;0px||0px|||&#8221; border_width_bottom=&#8221;1px&#8221; border_color_bottom=&#8221;rgba(18,65,89,0.45)&#8221; global_colors_info=&#8221;{}&#8221;]<\/p>\n<p>Te interesa&#8230;<\/p>\n<p>[\/et_pb_text][et_pb_blurb title=&#8221;Reservar instal\u00b7lacions&#8221; image_icon_background_color=&#8221;RGBA(255,255,255,0)&#8221; image=&#8221;https:\/\/santapola.es\/wp-content\/uploads\/2023\/09\/reservaplay-logo.png&#8221; image_icon_width=&#8221;80%&#8221; image_icon_width_tablet=&#8221;75%&#8221; image_icon_width_phone=&#8221;75%&#8221; image_icon_width_last_edited=&#8221;on|phone&#8221; admin_label=&#8221;Reservar instalaciones&#8221; _builder_version=&#8221;4.21.0&#8243; _module_preset=&#8221;default&#8221; header_font=&#8221;|600|||||||&#8221; header_text_align=&#8221;left&#8221; header_text_color=&#8221;#124159&#8243; header_font_size=&#8221;125%&#8221; header_line_height=&#8221;1.3em&#8221; image_icon_custom_margin=&#8221;10px||-10px||false|false&#8221; image_icon_custom_padding=&#8221;||||false|false&#8221; custom_margin=&#8221;||15px||false|false&#8221; custom_margin_tablet=&#8221;||30px||false|false&#8221; custom_margin_phone=&#8221;||30px||false|false&#8221; custom_margin_last_edited=&#8221;on|tablet&#8221; custom_padding=&#8221;15px|15px|15px|20px|false|false&#8221; custom_css_blurb_title=&#8221;border-bottom:1px solid rgba(18,65,89,0.45);||margin-bottom:15px;&#8221; border_width_all=&#8221;1px&#8221; border_color_all=&#8221;#E9F0F6&#8243; border_color_all_image=&#8221;RGBA(255,255,255,0)&#8221; border_color_bottom_image=&#8221;#0C71C3&#8243; box_shadow_style=&#8221;preset2&#8243; global_colors_info=&#8221;%91%93&#8243;]<\/p>\n<p style=\"text-align: left;\">Pots reservar en l\u00ednia les nostres instal\u00b7lacions esportives:<\/p>\n<p><\/p>\n<p style=\"text-align: left;\"><a class=\"externo\" title=\"Web de reservas. Enlace externo\" href=\"https:\/\/santapola.reservaplay.com\" target=\"_blank\" rel=\"noopener\">Reserva <strong>ac\u00ed<\/strong><\/a><\/p>\n<p><\/p>\n<p style=\"text-align: left;\"><a class=\"externo\" title=\"Disponibilidad instalaciones deportivas. Enlace externo\" href=\"https:\/\/santapola.reservaplay.com\/reserves\/cal_week.php?guest=1\" target=\"_blank\" rel=\"noopener\">Veure <strong>disponibilitat<\/strong><\/a><\/p>\n<p><\/p>\n<p style=\"text-align: left;\"><a class=\"externo\" title=\"Inscripci\u00f3n actividades. Enlace externo\" href=\"https:\/\/santapola.reservaplay.com\/view\/reserves\/actividades\" target=\"_blank\" rel=\"noopener\">Inscripci\u00f3 <strong>Activitats<\/strong><\/a><\/p>\n<p>[\/et_pb_blurb][\/et_pb_column][\/et_pb_row][\/et_pb_section]<\/p>\n","protected":false},"excerpt":{"rendered":"<p>Esports<span><span><a href=\"https:\/\/santapola.es\/ca\/\">Inici<\/a><\/span><\/span>Subvencions a entitats esportives locals 2025Extracte BOP &#8211; Subvenci\u00f3 Programes esportius &#8220;Lligues&#8221;Bases de convocat\u00f2ria &#8211; Subvenci\u00f3 Programes esportius &#8220;Lligues&#8221;Annex. Sol\u00b7licitud i models &#8211; Subvenci\u00f3 Programes esportius &#8220;Lligues&#8221;Declaraci\u00f3 responsable compliments d&#8217;objectiusExtracte BOP &#8211; Subvenci\u00f3 Programes esportius &#8220;Capacitats diferents&#8221;Bases de convocat\u00f2ria &#8211; Subvenci\u00f3 Programes esportius &#8220;Capacitats diferents&#8221;Annex. Sol\u00b7licitud i models &#8211; Subvenci\u00f3 Programes esportius &#8220;Capacitats diferents&#8221;Declaraci\u00f3 responsable [&hellip;]<\/p>\n","protected":false},"author":95,"featured_media":0,"parent":34215,"menu_order":0,"comment_status":"closed","ping_status":"closed","template":"","meta":{"_et_pb_use_builder":"on","_et_pb_old_content":"","_et_gb_content_width":"","footnotes":""},"class_list":["post-34277","page","type-page","status-publish","hentry"],"yoast_head":"<!-- This site is optimized with the Yoast SEO plugin v27.4 - https:\/\/yoast.com\/product\/yoast-seo-wordpress\/ -->\n<title>Esports - Ajuntament de Santa Pola<\/title>\n<meta name=\"robots\" content=\"index, follow, max-snippet:-1, max-image-preview:large, max-video-preview:-1\" \/>\n<link rel=\"canonical\" href=\"https:\/\/santapola.es\/ca\/arees\/esports\/\" \/>\n<meta property=\"og:locale\" content=\"ca_ES\" \/>\n<meta property=\"og:type\" content=\"article\" \/>\n<meta property=\"og:title\" content=\"Esports - Ajuntament de Santa Pola\" \/>\n<meta property=\"og:description\" content=\"EsportsSubvencions a entitats esportives locals 2025Extracte BOP - Subvenci\u00f3 Programes esportius &quot;Lligues&quot;Bases de convocat\u00f2ria - Subvenci\u00f3 Programes esportius &quot;Lligues&quot;Annex. Sol\u00b7licitud i models - Subvenci\u00f3 Programes esportius &quot;Lligues&quot;Declaraci\u00f3 responsable compliments d&#039;objectiusExtracte BOP - Subvenci\u00f3 Programes esportius &quot;Capacitats diferents&quot;Bases de convocat\u00f2ria - Subvenci\u00f3 Programes esportius &quot;Capacitats diferents&quot;Annex. Sol\u00b7licitud i models - Subvenci\u00f3 Programes esportius &quot;Capacitats diferents&quot;Declaraci\u00f3 responsable [&hellip;]\" \/>\n<meta property=\"og:url\" content=\"https:\/\/santapola.es\/ca\/arees\/esports\/\" \/>\n<meta property=\"og:site_name\" content=\"Ajuntament de Santa Pola\" \/>\n<meta property=\"article:publisher\" content=\"https:\/\/www.facebook.com\/AyuntamientoSantaPola\/\" \/>\n<meta property=\"article:modified_time\" content=\"2025-09-15T11:32:08+00:00\" \/>\n<meta name=\"twitter:card\" content=\"summary_large_image\" \/>\n<meta name=\"twitter:site\" content=\"@SantaPolaAyunt\" \/>\n<script type=\"application\/ld+json\" class=\"yoast-schema-graph\">{\"@context\":\"https:\\\/\\\/schema.org\",\"@graph\":[{\"@type\":\"WebPage\",\"@id\":\"https:\\\/\\\/santapola.es\\\/ca\\\/arees\\\/esports\\\/\",\"url\":\"https:\\\/\\\/santapola.es\\\/ca\\\/arees\\\/esports\\\/\",\"name\":\"Esports - Ajuntament de Santa Pola\",\"isPartOf\":{\"@id\":\"https:\\\/\\\/santapola.es\\\/ca\\\/#website\"},\"datePublished\":\"2023-09-25T10:03:14+00:00\",\"dateModified\":\"2025-09-15T11:32:08+00:00\",\"breadcrumb\":{\"@id\":\"https:\\\/\\\/santapola.es\\\/ca\\\/arees\\\/esports\\\/#breadcrumb\"},\"inLanguage\":\"ca\",\"potentialAction\":[{\"@type\":\"ReadAction\",\"target\":[\"https:\\\/\\\/santapola.es\\\/ca\\\/arees\\\/esports\\\/\"]}]},{\"@type\":\"BreadcrumbList\",\"@id\":\"https:\\\/\\\/santapola.es\\\/ca\\\/arees\\\/esports\\\/#breadcrumb\",\"itemListElement\":[{\"@type\":\"ListItem\",\"position\":1,\"name\":\"Inici\",\"item\":\"https:\\\/\\\/santapola.es\\\/ca\\\/\"},{\"@type\":\"ListItem\",\"position\":2,\"name\":\"\u00c0rees\",\"item\":\"https:\\\/\\\/santapola.es\\\/ca\\\/areas-municipales\\\/\"},{\"@type\":\"ListItem\",\"position\":3,\"name\":\"Esports\"}]},{\"@type\":\"WebSite\",\"@id\":\"https:\\\/\\\/santapola.es\\\/ca\\\/#website\",\"url\":\"https:\\\/\\\/santapola.es\\\/ca\\\/\",\"name\":\"Ayuntamiento de Santa Pola\",\"description\":\"Web de l'Ajuntament de Santa Pola\",\"potentialAction\":[{\"@type\":\"SearchAction\",\"target\":{\"@type\":\"EntryPoint\",\"urlTemplate\":\"https:\\\/\\\/santapola.es\\\/ca\\\/?s={search_term_string}\"},\"query-input\":{\"@type\":\"PropertyValueSpecification\",\"valueRequired\":true,\"valueName\":\"search_term_string\"}}],\"inLanguage\":\"ca\"}]}<\/script>\n<!-- \/ Yoast SEO plugin. -->","yoast_head_json":{"title":"Esports - Ajuntament de Santa Pola","robots":{"index":"index","follow":"follow","max-snippet":"max-snippet:-1","max-image-preview":"max-image-preview:large","max-video-preview":"max-video-preview:-1"},"canonical":"https:\/\/santapola.es\/ca\/arees\/esports\/","og_locale":"ca_ES","og_type":"article","og_title":"Esports - Ajuntament de Santa Pola","og_description":"EsportsSubvencions a entitats esportives locals 2025Extracte BOP - Subvenci\u00f3 Programes esportius \"Lligues\"Bases de convocat\u00f2ria - Subvenci\u00f3 Programes esportius \"Lligues\"Annex. Sol\u00b7licitud i models - Subvenci\u00f3 Programes esportius \"Lligues\"Declaraci\u00f3 responsable compliments d'objectiusExtracte BOP - Subvenci\u00f3 Programes esportius \"Capacitats diferents\"Bases de convocat\u00f2ria - Subvenci\u00f3 Programes esportius \"Capacitats diferents\"Annex. Sol\u00b7licitud i models - Subvenci\u00f3 Programes esportius \"Capacitats diferents\"Declaraci\u00f3 responsable [&hellip;]","og_url":"https:\/\/santapola.es\/ca\/arees\/esports\/","og_site_name":"Ajuntament de Santa Pola","article_publisher":"https:\/\/www.facebook.com\/AyuntamientoSantaPola\/","article_modified_time":"2025-09-15T11:32:08+00:00","twitter_card":"summary_large_image","twitter_site":"@SantaPolaAyunt","schema":{"@context":"https:\/\/schema.org","@graph":[{"@type":"WebPage","@id":"https:\/\/santapola.es\/ca\/arees\/esports\/","url":"https:\/\/santapola.es\/ca\/arees\/esports\/","name":"Esports - Ajuntament de Santa Pola","isPartOf":{"@id":"https:\/\/santapola.es\/ca\/#website"},"datePublished":"2023-09-25T10:03:14+00:00","dateModified":"2025-09-15T11:32:08+00:00","breadcrumb":{"@id":"https:\/\/santapola.es\/ca\/arees\/esports\/#breadcrumb"},"inLanguage":"ca","potentialAction":[{"@type":"ReadAction","target":["https:\/\/santapola.es\/ca\/arees\/esports\/"]}]},{"@type":"BreadcrumbList","@id":"https:\/\/santapola.es\/ca\/arees\/esports\/#breadcrumb","itemListElement":[{"@type":"ListItem","position":1,"name":"Inici","item":"https:\/\/santapola.es\/ca\/"},{"@type":"ListItem","position":2,"name":"\u00c0rees","item":"https:\/\/santapola.es\/ca\/areas-municipales\/"},{"@type":"ListItem","position":3,"name":"Esports"}]},{"@type":"WebSite","@id":"https:\/\/santapola.es\/ca\/#website","url":"https:\/\/santapola.es\/ca\/","name":"Ayuntamiento de Santa Pola","description":"Web de l'Ajuntament de Santa Pola","potentialAction":[{"@type":"SearchAction","target":{"@type":"EntryPoint","urlTemplate":"https:\/\/santapola.es\/ca\/?s={search_term_string}"},"query-input":{"@type":"PropertyValueSpecification","valueRequired":true,"valueName":"search_term_string"}}],"inLanguage":"ca"}]}},"_links":{"self":[{"href":"https:\/\/santapola.es\/ca\/wp-json\/wp\/v2\/pages\/34277","targetHints":{"allow":["GET"]}}],"collection":[{"href":"https:\/\/santapola.es\/ca\/wp-json\/wp\/v2\/pages"}],"about":[{"href":"https:\/\/santapola.es\/ca\/wp-json\/wp\/v2\/types\/page"}],"author":[{"embeddable":true,"href":"https:\/\/santapola.es\/ca\/wp-json\/wp\/v2\/users\/95"}],"replies":[{"embeddable":true,"href":"https:\/\/santapola.es\/ca\/wp-json\/wp\/v2\/comments?post=34277"}],"version-history":[{"count":0,"href":"https:\/\/santapola.es\/ca\/wp-json\/wp\/v2\/pages\/34277\/revisions"}],"up":[{"embeddable":true,"href":"https:\/\/santapola.es\/ca\/wp-json\/wp\/v2\/pages\/34215"}],"wp:attachment":[{"href":"https:\/\/santapola.es\/ca\/wp-json\/wp\/v2\/media?parent=34277"}],"curies":[{"name":"wp","href":"https:\/\/api.w.org\/{rel}","templated":true}]}}