{"id":34251,"date":"2023-09-22T12:18:14","date_gmt":"2023-09-22T10:18:14","guid":{"rendered":"https:\/\/www.desarrollo.santapola.es\/arees\/cultura\/"},"modified":"2025-05-27T13:10:53","modified_gmt":"2025-05-27T11:10:53","slug":"cultura","status":"publish","type":"page","link":"https:\/\/santapola.es\/ca\/arees\/cultura\/","title":{"rendered":"Cultura"},"content":{"rendered":"<p>[et_pb_section fb_built=&#8221;1&#8243; disabled_on=&#8221;off|off|off&#8221; admin_label=&#8221;Secci\u00f3n fondo cabecera&#8221; _builder_version=&#8221;4.21.0&#8243; _module_preset=&#8221;default&#8221; background_image=&#8221;https:\/\/santapola.es\/wp-content\/uploads\/2017\/03\/DSC38162.jpg&#8221; background_position=&#8221;center_left&#8221; background_horizontal_offset=&#8221;0%&#8221; height=&#8221;250px&#8221; custom_css_main_element=&#8221;display: flex;||justify-content: center;&#8221; global_colors_info=&#8221;{}&#8221;][et_pb_row admin_label=&#8221;Fila cap\u00e7alera&#8221; _builder_version=&#8221;4.20.0&#8243; _module_preset=&#8221;c058b923-922c-4136-ad09-c0e7a4d225ab&#8221; background_color=&#8221;RGBA(255,255,255,0)&#8221; global_colors_info=&#8221;{}&#8221;][et_pb_column type=&#8221;4_4&#8243; _builder_version=&#8221;4.20.0&#8243; _module_preset=&#8221;default&#8221; global_colors_info=&#8221;{}&#8221;][et_pb_text content_last_edited=&#8221;off|desktop&#8221; admin_label=&#8221;Texto t\u00edtulo de cabecera&#8221; _builder_version=&#8221;4.24.2&#8243; _module_preset=&#8221;default&#8221; text_font=&#8221;|600|||||||&#8221; text_text_color=&#8221;#FFFFFF&#8221; text_font_size=&#8221;550%&#8221; text_line_height=&#8221;0.9em&#8221; background_color=&#8221;RGBA(255,255,255,0)&#8221; text_orientation=&#8221;center&#8221; text_font_size_tablet=&#8221;500%&#8221; text_font_size_phone=&#8221;400%&#8221; text_font_size_last_edited=&#8221;on|phone&#8221; text_line_height_tablet=&#8221;0.9em&#8221; text_line_height_phone=&#8221;0.9em&#8221; text_line_height_last_edited=&#8221;off|desktop&#8221; text_text_shadow_style=&#8221;preset2&#8243; text_text_shadow_color=&#8221;#000000&#8243; global_colors_info=&#8221;{}&#8221;]<\/p>\n<p>Cultura<\/p>\n<p>[\/et_pb_text][\/et_pb_column][\/et_pb_row][\/et_pb_section][et_pb_section fb_built=&#8221;1&#8243; inner_shadow=&#8221;on&#8221; custom_padding_last_edited=&#8221;on|desktop&#8221; admin_label=&#8221;Secci\u00f3n cuerpo P\u00e1gina principal&#8221; _builder_version=&#8221;4.20.0&#8243; background_color=&#8221;#ffffff&#8221; width=&#8221;100%&#8221; custom_margin=&#8221;-5px||||false|false&#8221; custom_margin_tablet=&#8221;-5px||||false|false&#8221; custom_margin_phone=&#8221;-5px||||false|false&#8221; custom_margin_last_edited=&#8221;on|phone&#8221; custom_padding=&#8221;0px|0px|50px|0px|false|false&#8221; custom_padding_tablet=&#8221;0px|0|50px|0|false|false&#8221; custom_padding_phone=&#8221;|0|50px|0|false|false&#8221; custom_css_main_element=&#8221;display:flex;||flex-wrap:wrap;&#8221; transparent_background=&#8221;off&#8221; make_fullwidth=&#8221;off&#8221; use_custom_width=&#8221;off&#8221; width_unit=&#8221;on&#8221; custom_width_px=&#8221;1080px&#8221; custom_width_percent=&#8221;80%&#8221; global_colors_info=&#8221;{}&#8221;][et_pb_row column_structure=&#8221;1_3,1_3,1_3&#8243; use_custom_gutter=&#8221;on&#8221; gutter_width=&#8221;2&#8243; make_equal=&#8221;on&#8221; admin_label=&#8221;Fila enlla\u00e7os destacats&#8221; _builder_version=&#8221;4.24.2&#8243; _module_preset=&#8221;_initial&#8221; width=&#8221;100%&#8221; width_tablet=&#8221;80%&#8221; width_phone=&#8221;80%&#8221; width_last_edited=&#8221;on|tablet&#8221; max_width=&#8221;65%&#8221; max_width_tablet=&#8221;80%&#8221; max_width_phone=&#8221;80%&#8221; max_width_last_edited=&#8221;on|desktop&#8221; custom_margin=&#8221;25px||15px||false|false&#8221; custom_margin_tablet=&#8221;5px|auto||auto|false|false&#8221; custom_margin_phone=&#8221;5px|auto||auto|false|false&#8221; custom_padding=&#8221;5px|0px|5px|0px|false|false&#8221; make_fullwidth=&#8221;on&#8221; use_custom_width=&#8221;off&#8221; width_unit=&#8221;off&#8221; custom_width_px=&#8221;1080px&#8221; custom_width_percent=&#8221;80%&#8221; global_colors_info=&#8221;{}&#8221; custom_css_main_element_last_edited=&#8221;on|phone&#8221; custom_css_main_element_phone=&#8221;order:3;&#8221;][et_pb_column type=&#8221;1_3&#8243; admin_label=&#8221;Columna 1&#8243; _builder_version=&#8221;4.21.0&#8243; background_enable_image=&#8221;off&#8221; background_position=&#8221;bottom_right&#8221; custom_padding=&#8221;|||&#8221; global_colors_info=&#8221;{}&#8221; custom_padding__hover=&#8221;|||&#8221;][et_pb_blurb image_icon_background_color=&#8221;RGBA(255,255,255,0)&#8221; image_icon_width=&#8221;65%&#8221; admin_label=&#8221;Enlace Aviva Santa Pola&#8221; _builder_version=&#8221;4.24.2&#8243; _module_preset=&#8221;2f4a4509-8466-474e-b9a0-72eccd871d6d&#8221; header_level=&#8221;h3&#8243; header_font=&#8221;Raleway|600|||||||&#8221; header_text_align=&#8221;center&#8221; header_text_color=&#8221;#124159&#8243; header_font_size=&#8221;15px&#8221; body_font=&#8221;Raleway||||&#8221; body_text_color=&#8221;#124159&#8243; body_font_size=&#8221;12px&#8221; background_image=&#8221;https:\/\/santapola.es\/wp-content\/uploads\/2023\/07\/Aviva.jpg&#8221; background_size=&#8221;contain&#8221; image_icon_custom_margin=&#8221;||||false|false&#8221; image_icon_custom_margin_last_edited=&#8221;off|desktop&#8221; image_icon_custom_padding=&#8221;0px|12px||12px|false|false&#8221; text_orientation=&#8221;center&#8221; module_alignment=&#8221;center&#8221; height=&#8221;190px&#8221; custom_margin=&#8221;||||false|false&#8221; custom_padding=&#8221;0px|5px|10px|5px|false|false&#8221; animation=&#8221;off&#8221; link_option_url=&#8221;https:\/\/avivasantapola.wordpress.com\/&#8221; link_option_url_new_window=&#8221;on&#8221; custom_css_blurb_title=&#8221;||&#8221; border_width_all=&#8221;1px&#8221; border_color_all=&#8221;rgba(18,65,89,0.45)&#8221; border_radii_image=&#8221;on|0%|0%|0%|0%&#8221; border_width_all_image=&#8221;0px&#8221; border_color_all_image=&#8221;RGBA(255,255,255,0)&#8221; box_shadow_style=&#8221;preset2&#8243; use_border_color=&#8221;off&#8221; border_color=&#8221;#ffffff&#8221; border_width=&#8221;1px&#8221; border_style=&#8221;solid&#8221; image_max_width=&#8221;none&#8221; icon_font_size=&#8221;68px&#8221; use_circle=&#8221;on&#8221; use_circle_border=&#8221;on&#8221; circle_border_color=&#8221;#749db2&#8243; circle_color=&#8221;#124159&#8243; global_colors_info=&#8221;%91%93&#8243;][\/et_pb_blurb][et_pb_blurb image_icon_background_color=&#8221;RGBA(255,255,255,0)&#8221; image_icon_width=&#8221;65%&#8221; admin_label=&#8221;Enlace Biblioteca Central&#8221; _builder_version=&#8221;4.21.0&#8243; _module_preset=&#8221;2f4a4509-8466-474e-b9a0-72eccd871d6d&#8221; header_level=&#8221;h3&#8243; header_font=&#8221;Raleway|600|||||||&#8221; header_text_align=&#8221;center&#8221; header_text_color=&#8221;#124159&#8243; header_font_size=&#8221;15px&#8221; body_font=&#8221;Raleway||||&#8221; body_text_color=&#8221;#124159&#8243; body_font_size=&#8221;12px&#8221; background_image=&#8221;https:\/\/santapola.es\/wp-content\/uploads\/2023\/07\/Biblio-Central.jpg&#8221; background_size=&#8221;contain&#8221; image_icon_custom_margin=&#8221;||||false|false&#8221; image_icon_custom_margin_last_edited=&#8221;off|desktop&#8221; image_icon_custom_padding=&#8221;0px|12px||12px|false|false&#8221; text_orientation=&#8221;center&#8221; module_alignment=&#8221;center&#8221; height=&#8221;190px&#8221; custom_margin=&#8221;||||false|false&#8221; custom_padding=&#8221;0px|5px|10px|5px|false|false&#8221; animation=&#8221;off&#8221; link_option_url=&#8221;https:\/\/biblioteques.wordpress.com\/&#8221; link_option_url_new_window=&#8221;on&#8221; custom_css_blurb_title=&#8221;||&#8221; border_width_all=&#8221;1px&#8221; border_color_all=&#8221;rgba(18,65,89,0.45)&#8221; border_radii_image=&#8221;on|0%|0%|0%|0%&#8221; border_width_all_image=&#8221;0px&#8221; border_color_all_image=&#8221;RGBA(255,255,255,0)&#8221; box_shadow_style=&#8221;preset2&#8243; use_border_color=&#8221;off&#8221; border_color=&#8221;#ffffff&#8221; border_width=&#8221;1px&#8221; border_style=&#8221;solid&#8221; image_max_width=&#8221;none&#8221; icon_font_size=&#8221;68px&#8221; use_circle=&#8221;on&#8221; use_circle_border=&#8221;on&#8221; circle_border_color=&#8221;#749db2&#8243; circle_color=&#8221;#124159&#8243; global_colors_info=&#8221;%91%93&#8243;][\/et_pb_blurb][\/et_pb_column][et_pb_column type=&#8221;1_3&#8243; admin_label=&#8221;Columna 2&#8243; _builder_version=&#8221;4.21.0&#8243; background_enable_image=&#8221;off&#8221; background_position=&#8221;bottom_right&#8221; custom_padding=&#8221;|||&#8221; global_colors_info=&#8221;{}&#8221; custom_padding__hover=&#8221;|||&#8221;][et_pb_blurb image_icon_background_color=&#8221;RGBA(255,255,255,0)&#8221; image_icon_width=&#8221;65%&#8221; admin_label=&#8221;Enlace Casa de la Cultura&#8221; _builder_version=&#8221;4.21.0&#8243; _module_preset=&#8221;2f4a4509-8466-474e-b9a0-72eccd871d6d&#8221; header_level=&#8221;h3&#8243; header_font=&#8221;Raleway|600|||||||&#8221; header_text_align=&#8221;center&#8221; header_text_color=&#8221;#124159&#8243; header_font_size=&#8221;15px&#8221; body_font=&#8221;Raleway||||&#8221; body_text_color=&#8221;#124159&#8243; body_font_size=&#8221;12px&#8221; background_image=&#8221;https:\/\/santapola.es\/wp-content\/uploads\/2023\/07\/Logo-casa-cultura.jpg&#8221; background_size=&#8221;contain&#8221; image_icon_custom_margin=&#8221;||||false|false&#8221; image_icon_custom_margin_last_edited=&#8221;off|desktop&#8221; image_icon_custom_padding=&#8221;0px|12px||12px|false|false&#8221; text_orientation=&#8221;center&#8221; module_alignment=&#8221;center&#8221; height=&#8221;190px&#8221; custom_margin=&#8221;||||false|false&#8221; custom_padding=&#8221;0px|5px|10px|5px|false|false&#8221; animation=&#8221;off&#8221; link_option_url=&#8221;https:\/\/culturasantapola.es\/&#8221; link_option_url_new_window=&#8221;on&#8221; custom_css_blurb_title=&#8221;||&#8221; border_width_all=&#8221;1px&#8221; border_color_all=&#8221;rgba(18,65,89,0.45)&#8221; border_radii_image=&#8221;on|0%|0%|0%|0%&#8221; border_width_all_image=&#8221;0px&#8221; border_color_all_image=&#8221;RGBA(255,255,255,0)&#8221; box_shadow_style=&#8221;preset2&#8243; use_border_color=&#8221;off&#8221; border_color=&#8221;#ffffff&#8221; border_width=&#8221;1px&#8221; border_style=&#8221;solid&#8221; image_max_width=&#8221;none&#8221; icon_font_size=&#8221;68px&#8221; use_circle=&#8221;on&#8221; use_circle_border=&#8221;on&#8221; circle_border_color=&#8221;#749db2&#8243; circle_color=&#8221;#124159&#8243; global_colors_info=&#8221;%91%93&#8243;][\/et_pb_blurb][et_pb_blurb image_icon_background_color=&#8221;RGBA(255,255,255,0)&#8221; image_icon_width=&#8221;65%&#8221; admin_label=&#8221;Enlace Biblioteca Infantil&#8221; _builder_version=&#8221;4.21.0&#8243; _module_preset=&#8221;2f4a4509-8466-474e-b9a0-72eccd871d6d&#8221; header_level=&#8221;h3&#8243; header_font=&#8221;Raleway|600|||||||&#8221; header_text_align=&#8221;center&#8221; header_text_color=&#8221;#124159&#8243; header_font_size=&#8221;15px&#8221; body_font=&#8221;Raleway||||&#8221; body_text_color=&#8221;#124159&#8243; body_font_size=&#8221;12px&#8221; background_image=&#8221;https:\/\/santapola.es\/wp-content\/uploads\/2023\/07\/Biblio-Infantil.jpg&#8221; background_size=&#8221;contain&#8221; image_icon_custom_margin=&#8221;||||false|false&#8221; image_icon_custom_margin_last_edited=&#8221;off|desktop&#8221; image_icon_custom_padding=&#8221;0px|12px||12px|false|false&#8221; text_orientation=&#8221;center&#8221; module_alignment=&#8221;center&#8221; height=&#8221;190px&#8221; custom_margin=&#8221;||||false|false&#8221; custom_padding=&#8221;0px|5px|10px|5px|false|false&#8221; animation=&#8221;off&#8221; link_option_url=&#8221;https:\/\/www.facebook.com\/santapolabibliotecainfantil\/&#8221; link_option_url_new_window=&#8221;on&#8221; custom_css_blurb_title=&#8221;||&#8221; border_width_all=&#8221;1px&#8221; border_color_all=&#8221;rgba(18,65,89,0.45)&#8221; border_radii_image=&#8221;on|0%|0%|0%|0%&#8221; border_width_all_image=&#8221;0px&#8221; border_color_all_image=&#8221;RGBA(255,255,255,0)&#8221; box_shadow_style=&#8221;preset2&#8243; use_border_color=&#8221;off&#8221; border_color=&#8221;#ffffff&#8221; border_width=&#8221;1px&#8221; border_style=&#8221;solid&#8221; image_max_width=&#8221;none&#8221; icon_font_size=&#8221;68px&#8221; use_circle=&#8221;on&#8221; use_circle_border=&#8221;on&#8221; circle_border_color=&#8221;#749db2&#8243; circle_color=&#8221;#124159&#8243; global_colors_info=&#8221;%91%93&#8243;][\/et_pb_blurb][\/et_pb_column][et_pb_column type=&#8221;1_3&#8243; admin_label=&#8221;Columna 3&#8243; _builder_version=&#8221;4.21.0&#8243; background_enable_image=&#8221;off&#8221; background_position=&#8221;bottom_right&#8221; custom_padding=&#8221;|||&#8221; global_colors_info=&#8221;{}&#8221; custom_padding__hover=&#8221;|||&#8221;][et_pb_blurb image_icon_background_color=&#8221;RGBA(255,255,255,0)&#8221; image_icon_width=&#8221;65%&#8221; admin_label=&#8221;Enlace Museo del Mar&#8221; _builder_version=&#8221;4.21.0&#8243; _module_preset=&#8221;2f4a4509-8466-474e-b9a0-72eccd871d6d&#8221; header_level=&#8221;h3&#8243; header_font=&#8221;Raleway|600|||||||&#8221; header_text_align=&#8221;center&#8221; header_text_color=&#8221;#124159&#8243; header_font_size=&#8221;15px&#8221; body_font=&#8221;Raleway||||&#8221; body_text_color=&#8221;#124159&#8243; body_font_size=&#8221;12px&#8221; background_image=&#8221;https:\/\/santapola.es\/wp-content\/uploads\/2023\/07\/Museo-Mar.jpg&#8221; background_size=&#8221;contain&#8221; image_icon_custom_margin=&#8221;||||false|false&#8221; image_icon_custom_margin_last_edited=&#8221;off|desktop&#8221; image_icon_custom_padding=&#8221;0px|12px||12px|false|false&#8221; text_orientation=&#8221;center&#8221; module_alignment=&#8221;center&#8221; height=&#8221;190px&#8221; custom_margin=&#8221;||||false|false&#8221; custom_padding=&#8221;0px|5px|10px|5px|false|false&#8221; animation=&#8221;off&#8221; link_option_url=&#8221;https:\/\/museodelmarsantapola.com\/&#8221; link_option_url_new_window=&#8221;on&#8221; custom_css_blurb_image=&#8221;margin-bottom: 0px;&#8221; custom_css_blurb_title=&#8221;margin-top:-25px;||&#8221; border_width_all=&#8221;1px&#8221; border_color_all=&#8221;rgba(18,65,89,0.45)&#8221; border_radii_image=&#8221;on|0%|0%|0%|0%&#8221; border_width_all_image=&#8221;0px&#8221; border_color_all_image=&#8221;RGBA(255,255,255,0)&#8221; box_shadow_style=&#8221;preset2&#8243; use_border_color=&#8221;off&#8221; border_color=&#8221;#ffffff&#8221; border_width=&#8221;1px&#8221; border_style=&#8221;solid&#8221; image_max_width=&#8221;none&#8221; icon_font_size=&#8221;68px&#8221; use_circle=&#8221;on&#8221; use_circle_border=&#8221;on&#8221; circle_border_color=&#8221;#749db2&#8243; circle_color=&#8221;#124159&#8243; global_colors_info=&#8221;%91%93&#8243;][\/et_pb_blurb][et_pb_blurb image_icon_background_color=&#8221;RGBA(255,255,255,0)&#8221; image_icon_width=&#8221;65%&#8221; admin_label=&#8221;Enlace biblioteca Internacional&#8221; _builder_version=&#8221;4.24.2&#8243; _module_preset=&#8221;2f4a4509-8466-474e-b9a0-72eccd871d6d&#8221; header_level=&#8221;h3&#8243; header_font=&#8221;Raleway|600|||||||&#8221; header_text_align=&#8221;center&#8221; header_text_color=&#8221;#124159&#8243; header_font_size=&#8221;15px&#8221; body_font=&#8221;Raleway||||&#8221; body_text_color=&#8221;#124159&#8243; body_font_size=&#8221;12px&#8221; background_image=&#8221;https:\/\/santapola.es\/wp-content\/uploads\/2023\/07\/Biblio-Internacional.jpg&#8221; background_size=&#8221;contain&#8221; image_icon_custom_margin=&#8221;||||false|false&#8221; image_icon_custom_margin_last_edited=&#8221;off|desktop&#8221; image_icon_custom_padding=&#8221;0px|12px||12px|false|false&#8221; text_orientation=&#8221;center&#8221; module_alignment=&#8221;center&#8221; height=&#8221;190px&#8221; custom_margin=&#8221;||||false|false&#8221; custom_padding=&#8221;0px|5px|10px|5px|false|false&#8221; animation=&#8221;off&#8221; link_option_url=&#8221;https:\/\/www.facebook.com\/bibliointernacionalsantapolagranalacant\/&#8221; link_option_url_new_window=&#8221;on&#8221; custom_css_blurb_title=&#8221;||&#8221; border_width_all=&#8221;1px&#8221; border_color_all=&#8221;rgba(18,65,89,0.45)&#8221; border_radii_image=&#8221;on|0%|0%|0%|0%&#8221; border_width_all_image=&#8221;0px&#8221; border_color_all_image=&#8221;RGBA(255,255,255,0)&#8221; box_shadow_style=&#8221;preset2&#8243; use_border_color=&#8221;off&#8221; border_color=&#8221;#ffffff&#8221; border_width=&#8221;1px&#8221; border_style=&#8221;solid&#8221; image_max_width=&#8221;none&#8221; icon_font_size=&#8221;68px&#8221; use_circle=&#8221;on&#8221; use_circle_border=&#8221;on&#8221; circle_border_color=&#8221;#749db2&#8243; circle_color=&#8221;#124159&#8243; global_colors_info=&#8221;%91%93&#8243;][\/et_pb_blurb][\/et_pb_column][\/et_pb_row][et_pb_row column_structure=&#8221;1_2,1_2&#8243; make_equal=&#8221;on&#8221; admin_label=&#8221;Fila contenedor botones con enlace&#8221; _builder_version=&#8221;4.24.2&#8243; _module_preset=&#8221;_initial&#8221; width=&#8221;100%&#8221; width_last_edited=&#8221;off|phone&#8221; max_width=&#8221;65%&#8221; max_width_tablet=&#8221;80%&#8221; max_width_phone=&#8221;80%&#8221; max_width_last_edited=&#8221;on|phone&#8221; custom_margin=&#8221;15px|auto|15px|auto|false|false&#8221; custom_margin_tablet=&#8221;|auto||auto|false|false&#8221; custom_margin_phone=&#8221;|auto||auto|false|false&#8221; custom_margin_last_edited=&#8221;on|desktop&#8221; custom_padding=&#8221;||||false|false&#8221; custom_css_main_element=&#8221;padding:5px 0;&#8221; make_fullwidth=&#8221;on&#8221; use_custom_width=&#8221;off&#8221; width_unit=&#8221;off&#8221; custom_width_px=&#8221;1080px&#8221; custom_width_percent=&#8221;80%&#8221; global_colors_info=&#8221;{}&#8221; custom_css_main_element_last_edited=&#8221;on|phone&#8221; custom_css_main_element_phone=&#8221;order: 4;||padding-top:0px;||padding-bottom:0px;&#8221; custom_css_main_element_tablet=&#8221;padding:5px 0;&#8221;][et_pb_column type=&#8221;1_2&#8243; _builder_version=&#8221;4.20.0&#8243; _module_preset=&#8221;default&#8221; custom_padding=&#8221;||||false|false&#8221; global_colors_info=&#8221;{}&#8221;][et_pb_button button_url=&#8221;https:\/\/cultura.gva.es\/es\/web\/patrimonio-cultural-y-museos\/inventario-general&#8221; url_new_window=&#8221;on&#8221; button_text=&#8221;Inventario General del Patrimonio Cultural Valenciano&#8221; button_alignment=&#8221;center&#8221; admin_label=&#8221;Bot\u00f3n Inventario Patrimonio Cultural&#8221; _builder_version=&#8221;4.21.0&#8243; _module_preset=&#8221;default&#8221; custom_button=&#8221;on&#8221; button_text_size=&#8221;115%&#8221; button_text_color=&#8221;#124159&#8243; button_border_width=&#8221;1px&#8221; button_border_color=&#8221;RGBA(18,65,89,0.45)&#8221; button_border_radius=&#8221;0px&#8221; button_font=&#8221;||||||||&#8221; button_icon=&#8221;&#xe078;||divi||400&#8243; button_icon_color=&#8221;#6997bf&#8221; button_icon_placement=&#8221;left&#8221; button_on_hover=&#8221;off&#8221; custom_margin=&#8221;||||false|false&#8221; custom_padding=&#8221;15px||15px||false|false&#8221; custom_padding_tablet=&#8221;15px||15px||false|false&#8221; custom_padding_phone=&#8221;15px||15px||false|false&#8221; custom_padding_last_edited=&#8221;on|desktop&#8221; custom_css_main_element=&#8221;width:100%;&#8221; box_shadow_style=&#8221;preset3&#8243; global_colors_info=&#8221;{}&#8221;][\/et_pb_button][\/et_pb_column][et_pb_column type=&#8221;1_2&#8243; _builder_version=&#8221;4.20.0&#8243; _module_preset=&#8221;default&#8221; custom_padding=&#8221;||||false|false&#8221; custom_css_main_element=&#8221;margin-bottom:10px!important;&#8221; global_colors_info=&#8221;{}&#8221;][et_pb_button button_url=&#8221;https:\/\/cultura.gva.es\/es\/web\/patrimonio-cultural-y-museos\/otros-inventarios-sectoriales-no-incluidos-en-el-igpcv&#8221; url_new_window=&#8221;on&#8221; button_text=&#8221;Altres inventaris sectorials no inclosos en el IGPCV&#8221; button_alignment=&#8221;center&#8221; admin_label=&#8221;Bot\u00f3n Otros inventarios sectoriales&#8221; _builder_version=&#8221;4.21.0&#8243; _module_preset=&#8221;default&#8221; custom_button=&#8221;on&#8221; button_text_size=&#8221;115%&#8221; button_text_color=&#8221;#124159&#8243; button_border_width=&#8221;1px&#8221; button_border_color=&#8221;RGBA(18,65,89,0.45)&#8221; button_border_radius=&#8221;0px&#8221; button_letter_spacing=&#8221;0px&#8221; button_font=&#8221;||||||||&#8221; button_icon=&#8221;&#xe078;||divi||400&#8243; button_icon_color=&#8221;#6997bf&#8221; button_icon_placement=&#8221;left&#8221; button_on_hover=&#8221;off&#8221; custom_margin=&#8221;||||false|false&#8221; custom_padding=&#8221;15px||15px||false|false&#8221; custom_css_main_element=&#8221;width:100%;&#8221; box_shadow_style=&#8221;preset3&#8243; global_colors_info=&#8221;{}&#8221;][\/et_pb_button][\/et_pb_column][\/et_pb_row][et_pb_row admin_label=&#8221;Fila contenidor Migas de pan&#8221; _builder_version=&#8221;4.20.0&#8243; _module_preset=&#8221;_initial&#8221; width_tablet=&#8221;&#8221; width_phone=&#8221;&#8221; width_last_edited=&#8221;on|phone&#8221; max_width=&#8221;65%&#8221; max_width_tablet=&#8221;80%&#8221; max_width_phone=&#8221;80%&#8221; max_width_last_edited=&#8221;on|desktop&#8221; custom_margin=&#8221;15px|auto|0px|auto|false|false&#8221; custom_margin_tablet=&#8221;5px|auto|0px|auto|false|false&#8221; custom_margin_phone=&#8221;15px|auto|0px|auto|false|false&#8221; custom_padding=&#8221;0px||0px||false|false&#8221; make_fullwidth=&#8221;on&#8221; use_custom_width=&#8221;off&#8221; width_unit=&#8221;off&#8221; custom_width_px=&#8221;1080px&#8221; custom_width_percent=&#8221;80%&#8221; global_colors_info=&#8221;{}&#8221; custom_css_main_element_last_edited=&#8221;on|desktop&#8221; custom_css_main_element_phone=&#8221;order:1;&#8221;][et_pb_column type=&#8221;4_4&#8243; admin_label=&#8221;Columna 1&#8243; _builder_version=&#8221;4.20.0&#8243; custom_padding=&#8221;|||&#8221; global_colors_info=&#8221;{}&#8221; custom_padding__hover=&#8221;|||&#8221;][et_pb_code admin_label=&#8221;Migas de pan&#8221; _builder_version=&#8221;4.20.0&#8243; _module_preset=&#8221;default&#8221; custom_margin=&#8221;||||false|false&#8221; custom_padding=&#8221;||||false|false&#8221; global_colors_info=&#8221;{}&#8221;]<pee><span><span><a href=\"https:\/\/santapola.es\/ca\/\">Inici<\/a><\/span><\/span><\/pee>[\/et_pb_code][\/et_pb_column][\/et_pb_row][et_pb_row column_structure=&#8221;3_4,1_4&#8243; column_padding_mobile=&#8221;on&#8221; admin_label=&#8221;Fila contenidor contingut Principal&#8221; _builder_version=&#8221;4.24.2&#8243; _module_preset=&#8221;_initial&#8221; background_size=&#8221;initial&#8221; background_position=&#8221;top_left&#8221; background_repeat=&#8221;repeat&#8221; width=&#8221;100%&#8221; width_tablet=&#8221;80%&#8221; width_phone=&#8221;80%&#8221; width_last_edited=&#8221;on|desktop&#8221; max_width=&#8221;65%&#8221; max_width_tablet=&#8221;80%&#8221; max_width_phone=&#8221;80%&#8221; max_width_last_edited=&#8221;on|tablet&#8221; custom_margin=&#8221;0px|auto|15px|auto|false|false&#8221; custom_margin_tablet=&#8221;|auto|15px|auto|false|false&#8221; custom_margin_phone=&#8221;|auto|15px|auto|false|false&#8221; custom_margin_last_edited=&#8221;on|phone&#8221; custom_padding=&#8221;10px|15px|0px|0px|false|false&#8221; make_fullwidth=&#8221;on&#8221; use_custom_width=&#8221;off&#8221; width_unit=&#8221;off&#8221; custom_width_px=&#8221;1080px&#8221; custom_width_percent=&#8221;80%&#8221; global_colors_info=&#8221;{}&#8221; custom_css_main_element__hover_enabled=&#8221;off|desktop&#8221; custom_css_main_element_last_edited=&#8221;on|phone&#8221; custom_css_main_element_phone=&#8221;order:2;&#8221;][et_pb_column type=&#8221;3_4&#8243; module_class=&#8221;col-ancho-total&#8221; admin_label=&#8221;Columna 1&#8243; _builder_version=&#8221;4.24.2&#8243; custom_padding=&#8221;||25px||false|false&#8221; global_colors_info=&#8221;{}&#8221; custom_padding__hover=&#8221;|||&#8221; custom_css_main_element_last_edited=&#8221;on|phone&#8221; custom_css_main_element_phone=&#8221; margin-bottom: 0px;&#8221;][et_pb_text content_last_edited=&#8221;off|desktop&#8221; admin_label=&#8221;T\u00edtulo. Sant Jordi&#8221; _builder_version=&#8221;4.24.2&#8243; _module_preset=&#8221;default&#8221; text_font=&#8221;|600|||||||&#8221; text_text_color=&#8221;#124159&#8243; text_font_size=&#8221;150%&#8221; text_line_height=&#8221;1.8em&#8221; header_text_color=&#8221;#123159&#8243; header_2_font=&#8221;|600|||||||&#8221; header_2_text_color=&#8221;#124159&#8243; header_2_font_size=&#8221;22px&#8221; custom_margin=&#8221;0px||30px||false|false&#8221; custom_padding=&#8221;0px||0px|||&#8221; border_width_bottom=&#8221;1px&#8221; border_color_bottom=&#8221;rgba(18,65,89,0.45)&#8221; global_colors_info=&#8221;{}&#8221;]<\/p>\n<p>Sant Jordi 2024<\/p>\n<p>[\/et_pb_text][et_pb_tabs active_tab_background_color=&#8221;#2c67a5&#8243; inactive_tab_background_color=&#8221;#E9F0F6&#8243; active_tab_text_color=&#8221;#FFFFFF&#8221; admin_label=&#8221;Pesta\u00f1as Sant Jordi 2024&#8243; _builder_version=&#8221;4.24.2&#8243; _module_preset=&#8221;e82c1aeb-ddd6-4eb3-8c81-191420891355&#8243; tab_text_color=&#8221;#124159&#8243; tab_font_size=&#8221;100%&#8221; display_conditions=&#8221;W10=&#8221; border_radii=&#8221;on|4px|4px|4px|4px&#8221; box_shadow_style=&#8221;preset3&#8243; global_colors_info=&#8221;%91%93&#8243;][et_pb_tab title=&#8221;XXX Certamen Escolar de Literatura Valenciana&#8221; _builder_version=&#8221;4.24.2&#8243; _module_preset=&#8221;default&#8221; global_colors_info=&#8221;{}&#8221;]<\/p>\n<p><a class=\"pdf\" title=\"Bases Santa Jordi. Archivo pdf\" href=\"\/..\/wp-content\/uploads\/2024\/02\/2024-Bases-SantJordi.pdf\" target=\"_blank\" rel=\"noopener\">Descarregar bases del concurs<\/a><\/p>\n<p>[\/et_pb_tab][\/et_pb_tabs][et_pb_text content_last_edited=&#8221;off|desktop&#8221; admin_label=&#8221;T\u00edtulo %22Instalaciones%22&#8243; _builder_version=&#8221;4.24.2&#8243; _module_preset=&#8221;default&#8221; text_font=&#8221;|600|||||||&#8221; text_text_color=&#8221;#124159&#8243; text_font_size=&#8221;150%&#8221; text_line_height=&#8221;1.8em&#8221; header_text_color=&#8221;#123159&#8243; header_2_font=&#8221;|600|||||||&#8221; header_2_text_color=&#8221;#124159&#8243; header_2_font_size=&#8221;22px&#8221; custom_margin=&#8221;0px||30px||false|false&#8221; custom_padding=&#8221;0px||0px|||&#8221; border_width_bottom=&#8221;1px&#8221; border_color_bottom=&#8221;rgba(18,65,89,0.45)&#8221; global_colors_info=&#8221;{}&#8221;]<\/p>\n<p>Instal\u00b7lacions<\/p>\n<p>[\/et_pb_text][et_pb_tabs active_tab_background_color=&#8221;#2c67a5&#8243; inactive_tab_background_color=&#8221;#E9F0F6&#8243; active_tab_text_color=&#8221;#FFFFFF&#8221; admin_label=&#8221;Pesta\u00f1as informaci\u00f3n sobre las instalaciones de cultura&#8221; _builder_version=&#8221;4.24.2&#8243; _module_preset=&#8221;e82c1aeb-ddd6-4eb3-8c81-191420891355&#8243; tab_text_color=&#8221;#124159&#8243; tab_font_size=&#8221;100%&#8221; display_conditions=&#8221;W10=&#8221; border_radii=&#8221;on|4px|4px|4px|4px&#8221; box_shadow_style=&#8221;preset3&#8243; global_colors_info=&#8221;%91%93&#8243;][et_pb_tab title=&#8221;Aquarium&#8221; _builder_version=&#8221;4.24.2&#8243; _module_preset=&#8221;default&#8221; global_colors_info=&#8221;{}&#8221;]<\/p>\n<p>Seu externa del Museu de la Mar, el Aquarium Santa Pola, \u00e9s l&#8217;aquari <strong> m\u00e9s antic de la Comunitat Valenciana<\/strong> i posseeix 9 grans aquaris. <strong>Actualment la seua entrada \u00e9s gratu\u00efta.<\/strong><\/p>\n<p>Les seues instal\u00b7lacions estan dedicades a mostrar part de la fauna i flora de la mar Mediterr\u00e0nia, sent aix\u00ed un important instrument educatiu i d&#8217;oci que dona a con\u00e9ixer el nostre entorn mar\u00edtim m\u00e9s pr\u00f2xim (la badia de Santa Pola i l&#8217;illa de Tabarca). L&#8217;aigua es capta directament de la mar, i previ tractament s&#8217;impulsa als aquaris.<\/p>\n<p>La idea de mantindre peixos en captivitat \u00e9s antiqu\u00edssima. A Roma, Gr\u00e8cia, i sobretot, a Orient ja es mantenien algunes esp\u00e8cies, com a esbarjo o com a reserves alimentoses, utilitzant per a aix\u00f2 instal\u00b7lacions en roquers costaners, en estanys, albuferes o entrades de la mar naturals.<\/p>\n<p>La majoria de les esp\u00e8cies que recull l&#8217;aquari han sigut donades pels mariners de Santa Pola.<\/p>\n<p><img loading=\"lazy\" decoding=\"async\" class=\"wp-image-21499 alignnone size-full\" style=\"display: block; margin-left: auto; margin-right: auto;\" src=\"\/..\/wp-content\/uploads\/2023\/09\/logo-aquarium-peq.png\" alt=\"\" width=\"217\" height=\"176\" \/><\/p>\n<p>[\/et_pb_tab][et_pb_tab title=&#8221;Aviva&#8221; _builder_version=&#8221;4.21.0&#8243; _module_preset=&#8221;default&#8221; global_colors_info=&#8221;{}&#8221;]<\/p>\n<p>Aviva Santa Pola comen\u00e7a a funcionar en 2003. El Ple de l&#8217;Ajuntament de Santa Pola del dia 29 d&#8217;agost de 2003 aprova per unanimitat la creaci\u00f3 de l&#8217;Oficina <strong> d&#8217;\u00das i Promoci\u00f3 del Valenci\u00e0.<\/strong><\/p>\n<p>Aquesta entitat forma part de la Xarxa Aviva. L&#8217;Ajuntament, des del 9 de juny de 2010, t\u00e9 signat el protocol d&#8217;acord de col\u00b7laboraci\u00f3 amb la Conselleria d&#8217;Educaci\u00f3 i l&#8217;Acad\u00e8mia Valenciana de la Llengua. A m\u00e9s, des de desembre de 2019, est\u00e0 adherit en la Xarxa P\u00fablica de Serveis Ling\u00fc\u00edstics Valencians.<\/p>\n<p>Aviva Santa Pola dep\u00e9n de la Regidoria de Normalitzaci\u00f3 Ling\u00fc\u00edstica de l&#8217;Ajuntament de Santa Pola, integrada actualment en cultura, i t\u00e9 com a objectiu fonamental servir de mitj\u00e0 per a <strong>aplicar el marc legal, en les actuacions municipals, en mat\u00e8ria ling\u00fc\u00edstica.<\/strong><\/p>\n<p>[\/et_pb_tab][et_pb_tab title=&#8221;Barco Museu &#8211; Esteban Gonz\u00e1lez&#8221; _builder_version=&#8221;4.21.0&#8243; _module_preset=&#8221;default&#8221; global_colors_info=&#8221;{}&#8221;]<\/p>\n<p>L&#8217;Esteban Gonz\u00e1lez \u00e9s un <strong>vaixell-museu<\/strong> en el qual es<strong> recrea l&#8217;aut\u00e8ntica<\/strong> i genu\u00efna <strong>vida a bord dels pescadors de Santa Pola.<\/strong><\/p>\n<p>Est\u00e0 situat en els voltants de l&#8217;Ajuntament, en la Pla\u00e7a Constituci\u00f3.<\/p>\n<p>Els visitants podran gaudir d&#8217;una visita guiada, accedint a les parts m\u00e9s importants de l&#8217;embarcaci\u00f3. Donant a con\u00e9ixer l&#8217;art de pesca m\u00e9s rellevant en el municipi, com \u00e9s la pesca d&#8217;arrossegament. La vida a bord i la vida en terra i la seua import\u00e0ncia per al desenvolupament econ\u00f2mic i social del municipi.<\/p>\n<p>[\/et_pb_tab][et_pb_tab title=&#8221;Biblioteques&#8221; _builder_version=&#8221;4.24.2&#8243; _module_preset=&#8221;default&#8221; global_colors_info=&#8221;{}&#8221;]<\/p>\n<p>Les Biblioteques en el nostre municipi s\u00f3n concebudes com un xicotet punt de trobada i dinamitzaci\u00f3 cultural, comprom\u00e9s i en\u00e8rgic. Mostra d&#8217;aix\u00f2 s\u00f3n les nombroses iniciatives que en elles es duen a terme.<\/p>\n<p>A Santa Pola comptem amb tres Biblioteques municipals:<\/p>\n<p><a class=\"externo\" title=\"Biblioteca central. Enlace externo\" href=\"https:\/\/biblioteques.wordpress.com\/\" target=\"_blank\" rel=\"noopener\">Biblioteca central<\/a>, situada a la Casa de la Cultura. (Tlf: Tlf: 96 669 27 73)<\/p>\n<p><a class=\"externo\" title=\"Biblioteca infantil. Enlace externo\" href=\"https:\/\/www.facebook.com\/santapolabibliotecainfantil\/\" target=\"_blank\" rel=\"noopener\">Biblioteca infantil<\/a>, situada en el Centre C\u00edvic i Social. (Tfl: 96 669 40 08)<\/p>\n<p><a class=\"externo\" title=\"Biblioteca internacional. Enlace Externo\" href=\"https:\/\/www.facebook.com\/bibliointernacionalsantapolagranalacant\/\" target=\"_blank\" rel=\"noopener\">Biblioteca Internacional Santa Pola<\/a>, que es troba en Gran Alacant, Avinguda Escandin\u00e0via, 31. (Tlf: 966 69 71 10)<\/p>\n<p>Pots consultar els diferents horaris de les biblioteques i sales d&#8217;estudi <a class=\"externo\" title=\"Horarios bibliotecas. Enlace externo\" href=\"https:\/\/biblioteques.wordpress.com\/contacto\/\" target=\"_blank\" rel=\"noopener\">ac\u00ed.<\/a><\/p>\n<p>[\/et_pb_tab][et_pb_tab title=&#8221;Casa de Cultura&#8221; _builder_version=&#8221;4.21.0&#8243; _module_preset=&#8221;default&#8221; hover_enabled=&#8221;0&#8243; global_colors_info=&#8221;{}&#8221; sticky_enabled=&#8221;0&#8243;]<\/p>\n<p>La Casa de Cultura va ser<strong> inaugurada l&#8217;any 1983.<\/strong> Concebuda com una <strong>instal\u00b7laci\u00f3 cultural polivalent<\/strong>, i de car\u00e0cter din\u00e0mic, ha anat evolucionant al llarg dels anys, de tal mode que s&#8217;ha ampliat, redistribu\u00eft, renovat i millorat, amb equipaments que s&#8217;han anat adaptant als diferents usos de les sales, i sempre amb un funcionament concorde a les necessitats del servei cultural que es presta als ciutadans.<\/p>\n<p>\u00c9s un <strong>espai cultural obert,<\/strong> en ell s&#8217;han desenvolupat nombrosos projectes com ara congressos internacionals, festivals, trobades\u2026, activitats que han superat la infraestructura cultural i han eixit al carrer i a altres espais com s\u00f3n les exposicions, el teatre, els concerts, els congressos, la sarsuela\u2026.<\/p>\n<p>S&#8217;ha convertit en l&#8217;enclavament <strong> fonamental en la celebraci\u00f3 dels esdeveniments m\u00e9s destacats de la conviv\u00e8ncia de Santa Pola<\/strong>, iniciatives solid\u00e0ries, tradicions, commemoracions, actes festius\u2026.<\/p>\n<p>Ha sigut un <strong>referent quant a la convocat\u00f2ria de cursos i tallers<\/strong>, amb una programaci\u00f3 cont\u00ednua des que s&#8217;inicie el seu funcionament, cursos d&#8217;idiomes que abasten tots els nivells i inclouen totes les edats, i tallers d&#8217;arts pl\u00e0stiques que donen llit a les aficions i inquietuds, permeten el desenvolupament creatiu personal, i han elevat considerablement el nivell art\u00edstic en la poblaci\u00f3.<\/p>\n<p>[\/et_pb_tab][et_pb_tab title=&#8221;Museu de la Mar&#8221; _builder_version=&#8221;4.21.0&#8243; _module_preset=&#8221;default&#8221; global_colors_info=&#8221;{}&#8221;]<\/p>\n<p>El Museu de la Mar, amb el seu <strong>sede central situada al Castell-Fortalesa<\/strong>, \u00e9s el lloc on es conserva i protegeix la mem\u00f2ria d&#8217;aquest poble mariner. En ell, t&#8217;endinsar\u00e0s en el passat hist\u00f2ric, els oficis tradicionals ara desapareguts i els costums ancestrals d&#8217;un poble mariner.<\/p>\n<p>La Fortalesa, que continua complint el seu paper de defensa, ens defensa de l&#8217;oblit. Hui \u00e9s, com sempre va ser, lloc de trobada i centre f\u00edsic i espiritual d&#8217;aquesta urbs marinera.<\/p>\n<p><strong>Exposicions permanents:<\/strong><\/p>\n<ul>\n<li style=\"list-style-type: none;\">\n<ul>\n<li>Hist\u00f2ria i Etnografia de la mar i la pesca.<\/li>\n<li>Etnografia de la M\u00fasica i la Mar.<\/li>\n<li>Hist\u00f2ria i Arqueologia<\/li>\n<\/ul>\n<\/li>\n<\/ul>\n<p>[\/et_pb_tab][\/et_pb_tabs][\/et_pb_column][et_pb_column type=&#8221;1_4&#8243; module_class=&#8221;col-ancho-total&#8221; admin_label=&#8221;Columna 2&#8243; _builder_version=&#8221;4.20.0&#8243; custom_padding=&#8221;|||&#8221; global_colors_info=&#8221;{}&#8221; custom_padding__hover=&#8221;|||&#8221;][et_pb_text content_last_edited=&#8221;off|desktop&#8221; admin_label=&#8221;T\u00edtulo %22Te interesa&#8230;%22&#8243; _builder_version=&#8221;4.24.2&#8243; _module_preset=&#8221;default&#8221; text_font=&#8221;|600|||||||&#8221; text_text_color=&#8221;#124159&#8243; text_font_size=&#8221;150%&#8221; text_line_height=&#8221;1.8em&#8221; header_text_color=&#8221;#123159&#8243; header_2_font=&#8221;|600|||||||&#8221; header_2_text_color=&#8221;#124159&#8243; header_2_font_size=&#8221;22px&#8221; custom_margin=&#8221;0px||30px||false|false&#8221; custom_padding=&#8221;0px||0px|||&#8221; border_width_bottom=&#8221;1px&#8221; border_color_bottom=&#8221;rgba(18,65,89,0.45)&#8221; global_colors_info=&#8221;{}&#8221;]<\/p>\n<p>T&#8217;interessa&#8230;<\/p>\n<p>[\/et_pb_text][et_pb_toggle title=&#8221;Sol\u00b7licitud d&#039;usos d&#039;Espais P\u00fablics&#8221; open=&#8221;on&#8221; open_toggle_background_color=&#8221;#E9F0F6&#8243; closed_toggle_text_color=&#8221;#124159&#8243; closed_toggle_background_color=&#8221;#E9F0F6&#8243; icon_color=&#8221;#124159&#8243; open_icon_color=&#8221;#0C71C3&#8243; admin_label=&#8221;Bloque %22Solicitud de usos de Espacios P\u00fablicos%22&#8243; _builder_version=&#8221;4.24.3&#8243; _module_preset=&#8221;default&#8221; title_text_color=&#8221;#124159&#8243; title_font=&#8221;|600|||||||&#8221; title_text_align=&#8221;left&#8221; title_font_size=&#8221;115%&#8221; title_line_height=&#8221;1.4em&#8221; closed_title_font=&#8221;|600|||||||&#8221; closed_title_font_size=&#8221;115%&#8221; text_orientation=&#8221;center&#8221; hover_enabled=&#8221;0&#8243; custom_css_toggle_content=&#8221;border-top:1px solid rgba(18,65,89,0.45);||margin-top:10px;&#8221; box_shadow_style=&#8221;preset2&#8243; global_colors_info=&#8221;{}&#8221; sticky_enabled=&#8221;0&#8243;]<\/p>\n<p style=\"text-align: center;\"><strong>De manera &#8220;Telem\u00e0tica&#8221;:<br \/><\/strong> (necessari signatura digital)<\/p>\n<p style=\"text-align: center;\">A trav\u00e9s de la Seu Electr\u00f2nica de l&#8217;Ajuntament:<\/p>\n<p style=\"text-align: center;\"><a class=\"externo\" title=\"Formulario de solicitud. Enlace Externo\" href=\"https:\/\/santapola.sedelectronica.es\/catalog\/t\/729f14fd-1463-4d8b-9ce7-c9e70bb5ba64\" target=\"_blank\" rel=\"noopener\">Formulari de sol\u00b7licitud<\/a><\/p>\n<p style=\"text-align: center;\">Pot obtindre el seu certificat digital en l&#8217;ADL<\/p>\n<p>[\/et_pb_toggle][\/et_pb_column][\/et_pb_row][\/et_pb_section]<\/p>\n","protected":false},"excerpt":{"rendered":"<p>Cultura<span><span><a href=\"https:\/\/santapola.es\/ca\/\">Inici<\/a><\/span><\/span>Sant Jordi 2024Descarregar bases del concursInstal\u00b7lacionsSeu externa del Museu de la Mar, el Aquarium Santa Pola, \u00e9s l&#8217;aquari m\u00e9s antic de la Comunitat Valenciana i posseeix 9 grans aquaris. Actualment la seua entrada \u00e9s gratu\u00efta. Les seues instal\u00b7lacions estan dedicades a mostrar part de la fauna i flora de la mar Mediterr\u00e0nia, sent aix\u00ed un [&hellip;]<\/p>\n","protected":false},"author":95,"featured_media":0,"parent":34215,"menu_order":0,"comment_status":"closed","ping_status":"closed","template":"","meta":{"_et_pb_use_builder":"on","_et_pb_old_content":"","_et_gb_content_width":"","footnotes":""},"class_list":["post-34251","page","type-page","status-publish","hentry"],"yoast_head":"<!-- This site is optimized with the Yoast SEO plugin v27.4 - https:\/\/yoast.com\/product\/yoast-seo-wordpress\/ -->\n<title>Cultura - Ajuntament de Santa Pola<\/title>\n<meta name=\"robots\" content=\"index, follow, max-snippet:-1, max-image-preview:large, max-video-preview:-1\" \/>\n<link rel=\"canonical\" href=\"https:\/\/santapola.es\/ca\/arees\/cultura\/\" \/>\n<meta property=\"og:locale\" content=\"ca_ES\" \/>\n<meta property=\"og:type\" content=\"article\" \/>\n<meta property=\"og:title\" content=\"Cultura - Ajuntament de Santa Pola\" \/>\n<meta property=\"og:description\" content=\"CulturaSant Jordi 2024Descarregar bases del concursInstal\u00b7lacionsSeu externa del Museu de la Mar, el Aquarium Santa Pola, \u00e9s l&#039;aquari m\u00e9s antic de la Comunitat Valenciana i posseeix 9 grans aquaris. Actualment la seua entrada \u00e9s gratu\u00efta. Les seues instal\u00b7lacions estan dedicades a mostrar part de la fauna i flora de la mar Mediterr\u00e0nia, sent aix\u00ed un [&hellip;]\" \/>\n<meta property=\"og:url\" content=\"https:\/\/santapola.es\/ca\/arees\/cultura\/\" \/>\n<meta property=\"og:site_name\" content=\"Ajuntament de Santa Pola\" \/>\n<meta property=\"article:publisher\" content=\"https:\/\/www.facebook.com\/AyuntamientoSantaPola\/\" \/>\n<meta property=\"article:modified_time\" content=\"2025-05-27T11:10:53+00:00\" \/>\n<meta name=\"twitter:card\" content=\"summary_large_image\" \/>\n<meta name=\"twitter:site\" content=\"@SantaPolaAyunt\" \/>\n<script type=\"application\/ld+json\" class=\"yoast-schema-graph\">{\"@context\":\"https:\\\/\\\/schema.org\",\"@graph\":[{\"@type\":\"WebPage\",\"@id\":\"https:\\\/\\\/santapola.es\\\/ca\\\/arees\\\/cultura\\\/\",\"url\":\"https:\\\/\\\/santapola.es\\\/ca\\\/arees\\\/cultura\\\/\",\"name\":\"Cultura - Ajuntament de Santa Pola\",\"isPartOf\":{\"@id\":\"https:\\\/\\\/santapola.es\\\/ca\\\/#website\"},\"datePublished\":\"2023-09-22T10:18:14+00:00\",\"dateModified\":\"2025-05-27T11:10:53+00:00\",\"breadcrumb\":{\"@id\":\"https:\\\/\\\/santapola.es\\\/ca\\\/arees\\\/cultura\\\/#breadcrumb\"},\"inLanguage\":\"ca\",\"potentialAction\":[{\"@type\":\"ReadAction\",\"target\":[\"https:\\\/\\\/santapola.es\\\/ca\\\/arees\\\/cultura\\\/\"]}]},{\"@type\":\"BreadcrumbList\",\"@id\":\"https:\\\/\\\/santapola.es\\\/ca\\\/arees\\\/cultura\\\/#breadcrumb\",\"itemListElement\":[{\"@type\":\"ListItem\",\"position\":1,\"name\":\"Inici\",\"item\":\"https:\\\/\\\/santapola.es\\\/ca\\\/\"},{\"@type\":\"ListItem\",\"position\":2,\"name\":\"\u00c0rees\",\"item\":\"https:\\\/\\\/santapola.es\\\/ca\\\/areas-municipales\\\/\"},{\"@type\":\"ListItem\",\"position\":3,\"name\":\"Cultura\"}]},{\"@type\":\"WebSite\",\"@id\":\"https:\\\/\\\/santapola.es\\\/ca\\\/#website\",\"url\":\"https:\\\/\\\/santapola.es\\\/ca\\\/\",\"name\":\"Ayuntamiento de Santa Pola\",\"description\":\"Web de l'Ajuntament de Santa Pola\",\"potentialAction\":[{\"@type\":\"SearchAction\",\"target\":{\"@type\":\"EntryPoint\",\"urlTemplate\":\"https:\\\/\\\/santapola.es\\\/ca\\\/?s={search_term_string}\"},\"query-input\":{\"@type\":\"PropertyValueSpecification\",\"valueRequired\":true,\"valueName\":\"search_term_string\"}}],\"inLanguage\":\"ca\"}]}<\/script>\n<!-- \/ Yoast SEO plugin. -->","yoast_head_json":{"title":"Cultura - Ajuntament de Santa Pola","robots":{"index":"index","follow":"follow","max-snippet":"max-snippet:-1","max-image-preview":"max-image-preview:large","max-video-preview":"max-video-preview:-1"},"canonical":"https:\/\/santapola.es\/ca\/arees\/cultura\/","og_locale":"ca_ES","og_type":"article","og_title":"Cultura - Ajuntament de Santa Pola","og_description":"CulturaSant Jordi 2024Descarregar bases del concursInstal\u00b7lacionsSeu externa del Museu de la Mar, el Aquarium Santa Pola, \u00e9s l'aquari m\u00e9s antic de la Comunitat Valenciana i posseeix 9 grans aquaris. Actualment la seua entrada \u00e9s gratu\u00efta. Les seues instal\u00b7lacions estan dedicades a mostrar part de la fauna i flora de la mar Mediterr\u00e0nia, sent aix\u00ed un [&hellip;]","og_url":"https:\/\/santapola.es\/ca\/arees\/cultura\/","og_site_name":"Ajuntament de Santa Pola","article_publisher":"https:\/\/www.facebook.com\/AyuntamientoSantaPola\/","article_modified_time":"2025-05-27T11:10:53+00:00","twitter_card":"summary_large_image","twitter_site":"@SantaPolaAyunt","schema":{"@context":"https:\/\/schema.org","@graph":[{"@type":"WebPage","@id":"https:\/\/santapola.es\/ca\/arees\/cultura\/","url":"https:\/\/santapola.es\/ca\/arees\/cultura\/","name":"Cultura - Ajuntament de Santa Pola","isPartOf":{"@id":"https:\/\/santapola.es\/ca\/#website"},"datePublished":"2023-09-22T10:18:14+00:00","dateModified":"2025-05-27T11:10:53+00:00","breadcrumb":{"@id":"https:\/\/santapola.es\/ca\/arees\/cultura\/#breadcrumb"},"inLanguage":"ca","potentialAction":[{"@type":"ReadAction","target":["https:\/\/santapola.es\/ca\/arees\/cultura\/"]}]},{"@type":"BreadcrumbList","@id":"https:\/\/santapola.es\/ca\/arees\/cultura\/#breadcrumb","itemListElement":[{"@type":"ListItem","position":1,"name":"Inici","item":"https:\/\/santapola.es\/ca\/"},{"@type":"ListItem","position":2,"name":"\u00c0rees","item":"https:\/\/santapola.es\/ca\/areas-municipales\/"},{"@type":"ListItem","position":3,"name":"Cultura"}]},{"@type":"WebSite","@id":"https:\/\/santapola.es\/ca\/#website","url":"https:\/\/santapola.es\/ca\/","name":"Ayuntamiento de Santa Pola","description":"Web de l'Ajuntament de Santa Pola","potentialAction":[{"@type":"SearchAction","target":{"@type":"EntryPoint","urlTemplate":"https:\/\/santapola.es\/ca\/?s={search_term_string}"},"query-input":{"@type":"PropertyValueSpecification","valueRequired":true,"valueName":"search_term_string"}}],"inLanguage":"ca"}]}},"_links":{"self":[{"href":"https:\/\/santapola.es\/ca\/wp-json\/wp\/v2\/pages\/34251","targetHints":{"allow":["GET"]}}],"collection":[{"href":"https:\/\/santapola.es\/ca\/wp-json\/wp\/v2\/pages"}],"about":[{"href":"https:\/\/santapola.es\/ca\/wp-json\/wp\/v2\/types\/page"}],"author":[{"embeddable":true,"href":"https:\/\/santapola.es\/ca\/wp-json\/wp\/v2\/users\/95"}],"replies":[{"embeddable":true,"href":"https:\/\/santapola.es\/ca\/wp-json\/wp\/v2\/comments?post=34251"}],"version-history":[{"count":0,"href":"https:\/\/santapola.es\/ca\/wp-json\/wp\/v2\/pages\/34251\/revisions"}],"up":[{"embeddable":true,"href":"https:\/\/santapola.es\/ca\/wp-json\/wp\/v2\/pages\/34215"}],"wp:attachment":[{"href":"https:\/\/santapola.es\/ca\/wp-json\/wp\/v2\/media?parent=34251"}],"curies":[{"name":"wp","href":"https:\/\/api.w.org\/{rel}","templated":true}]}}