{"version":"1.0","provider_name":"Ajuntament de Santa Pola","provider_url":"https:\/\/santapola.es\/ca\/","author_name":"Jos\u00e9 Juan L\u00f3pez Lafuente","author_url":"https:\/\/santapola.es\/ca\/author\/jjuan-lopez\/","title":"El ayuntamiento modifica la ordenanza municipal de circulaci\u00f3n para regular el uso de los veh\u00edculos de movilidad personal - Ajuntament de Santa Pola","type":"rich","width":600,"height":338,"html":"<blockquote class=\"wp-embedded-content\" data-secret=\"xRhcsNfobT\"><a href=\"https:\/\/santapola.es\/ca\/ordenanza-municipal-de-circulacion-vehiculos-de-movilidad-personal\/\">El ayuntamiento modifica la ordenanza municipal de circulaci\u00f3n para regular el uso de los veh\u00edculos de movilidad personal<\/a><\/blockquote><iframe sandbox=\"allow-scripts\" security=\"restricted\" src=\"https:\/\/santapola.es\/ca\/ordenanza-municipal-de-circulacion-vehiculos-de-movilidad-personal\/embed\/#?secret=xRhcsNfobT\" width=\"600\" height=\"338\" title=\"&#8220;El ayuntamiento modifica la ordenanza municipal de circulaci\u00f3n para regular el uso de los veh\u00edculos de movilidad personal&#8221; &#8212; Ajuntament de Santa Pola\" data-secret=\"xRhcsNfobT\" frameborder=\"0\" marginwidth=\"0\" marginheight=\"0\" scrolling=\"no\" class=\"wp-embedded-content\"><\/iframe><script type=\"text\/javascript\">\n\/* <![CDATA[ *\/\n\/*! This file is auto-generated *\/\n!function(d,l){\"use strict\";l.querySelector&&d.addEventListener&&\"undefined\"!=typeof URL&&(d.wp=d.wp||{},d.wp.receiveEmbedMessage||(d.wp.receiveEmbedMessage=function(e){var t=e.data;if((t||t.secret||t.message||t.value)&&!\/[^a-zA-Z0-9]\/.test(t.secret)){for(var s,r,n,a=l.querySelectorAll('iframe[data-secret=\"'+t.secret+'\"]'),o=l.querySelectorAll('blockquote[data-secret=\"'+t.secret+'\"]'),c=new RegExp(\"^https?:$\",\"i\"),i=0;i<o.length;i++)o[i].style.display=\"none\";for(i=0;i<a.length;i++)s=a[i],e.source===s.contentWindow&&(s.removeAttribute(\"style\"),\"height\"===t.message?(1e3<(r=parseInt(t.value,10))?r=1e3:~~r<200&&(r=200),s.height=r):\"link\"===t.message&&(r=new URL(s.getAttribute(\"src\")),n=new URL(t.value),c.test(n.protocol))&&n.host===r.host&&l.activeElement===s&&(d.top.location.href=t.value))}},d.addEventListener(\"message\",d.wp.receiveEmbedMessage,!1),l.addEventListener(\"DOMContentLoaded\",function(){for(var e,t,s=l.querySelectorAll(\"iframe.wp-embedded-content\"),r=0;r<s.length;r++)(t=(e=s[r]).getAttribute(\"data-secret\"))||(t=Math.random().toString(36).substring(2,12),e.src+=\"#?secret=\"+t,e.setAttribute(\"data-secret\",t)),e.contentWindow.postMessage({message:\"ready\",secret:t},\"*\")},!1)))}(window,document);\n\/\/# sourceURL=https:\/\/santapola.es\/wp-includes\/js\/wp-embed.min.js\n\/* ]]> *\/\n<\/script>\n","thumbnail_url":"https:\/\/santapola.es\/wp-content\/uploads\/2023\/07\/Patinete-Electrico.jpg","thumbnail_width":1200,"thumbnail_height":800,"description":"La Concejal\u00eda de Tr\u00e1fico adapta la normativa ante la proliferaci\u00f3n de los patinetes el\u00e9ctricos y la necesidad de regular su uso a nivel municipal. Los usuarios deber\u00e1n portar siempre casco, no podr\u00e1n transportar viajeros y la velocidad m\u00e1xima no rebasar\u00e1 los 25 km\/h en el mejor de los casos. Debido a la proliferaci\u00f3n de los [&hellip;]"}