{"version":"1.0","provider_name":"Ajuntament de Santa Pola","provider_url":"https:\/\/santapola.es\/ca\/","author_name":"Usuario Gen\u00e9rico Web","author_url":"https:\/\/santapola.es\/ca\/author\/generico\/","title":"Campa\u00f1a y actividades conmemoraci\u00f3n 25N - Ajuntament de Santa Pola","type":"rich","width":600,"height":338,"html":"<blockquote class=\"wp-embedded-content\" data-secret=\"yQmnaupJkv\"><a href=\"https:\/\/santapola.es\/ca\/campana-y-actividades-conmemoracion-25n\/\">Campa\u00f1a y actividades conmemoraci\u00f3n 25N<\/a><\/blockquote><iframe sandbox=\"allow-scripts\" security=\"restricted\" src=\"https:\/\/santapola.es\/ca\/campana-y-actividades-conmemoracion-25n\/embed\/#?secret=yQmnaupJkv\" width=\"600\" height=\"338\" title=\"&#8220;Campa\u00f1a y actividades conmemoraci\u00f3n 25N&#8221; &#8212; Ajuntament de Santa Pola\" data-secret=\"yQmnaupJkv\" frameborder=\"0\" marginwidth=\"0\" marginheight=\"0\" scrolling=\"no\" class=\"wp-embedded-content\"><\/iframe><script type=\"text\/javascript\">\n\/* <![CDATA[ *\/\n\/*! This file is auto-generated *\/\n!function(d,l){\"use strict\";l.querySelector&&d.addEventListener&&\"undefined\"!=typeof URL&&(d.wp=d.wp||{},d.wp.receiveEmbedMessage||(d.wp.receiveEmbedMessage=function(e){var t=e.data;if((t||t.secret||t.message||t.value)&&!\/[^a-zA-Z0-9]\/.test(t.secret)){for(var s,r,n,a=l.querySelectorAll('iframe[data-secret=\"'+t.secret+'\"]'),o=l.querySelectorAll('blockquote[data-secret=\"'+t.secret+'\"]'),c=new RegExp(\"^https?:$\",\"i\"),i=0;i<o.length;i++)o[i].style.display=\"none\";for(i=0;i<a.length;i++)s=a[i],e.source===s.contentWindow&&(s.removeAttribute(\"style\"),\"height\"===t.message?(1e3<(r=parseInt(t.value,10))?r=1e3:~~r<200&&(r=200),s.height=r):\"link\"===t.message&&(r=new URL(s.getAttribute(\"src\")),n=new URL(t.value),c.test(n.protocol))&&n.host===r.host&&l.activeElement===s&&(d.top.location.href=t.value))}},d.addEventListener(\"message\",d.wp.receiveEmbedMessage,!1),l.addEventListener(\"DOMContentLoaded\",function(){for(var e,t,s=l.querySelectorAll(\"iframe.wp-embedded-content\"),r=0;r<s.length;r++)(t=(e=s[r]).getAttribute(\"data-secret\"))||(t=Math.random().toString(36).substring(2,12),e.src+=\"#?secret=\"+t,e.setAttribute(\"data-secret\",t)),e.contentWindow.postMessage({message:\"ready\",secret:t},\"*\")},!1)))}(window,document);\n\/\/# sourceURL=https:\/\/santapola.es\/wp-includes\/js\/wp-embed.min.js\n\/* ]]> *\/\n<\/script>\n","description":"El Ayuntamiento de Santa Pola, a trav\u00e9s de su Concejal\u00eda de Igualdad, organiza la siguiente programaci\u00f3n de actividades para conmemorar y sensibilizar por el D\u00eda Internacional de la Eliminaci\u00f3n de la Violencia contra la Mujer, que se celebra anualmente el 25 de noviembre para denunciar la discriminaci\u00f3n por g\u00e9nero, ejercida por hombres hacia mujeres en [&hellip;]","thumbnail_url":"https:\/\/santapola.es\/wp-content\/uploads\/2021\/11\/2021_25N_santapola-699x1024.jpg"}